{"id":127798,"date":"2022-09-01T14:59:04","date_gmt":"2022-09-01T17:59:04","guid":{"rendered":"https:\/\/bestcars.uol.com.br\/bc\/?page_id=127798"},"modified":"2025-09-17T14:00:46","modified_gmt":"2025-09-17T17:00:46","slug":"auto-livraria","status":"publish","type":"page","link":"https:\/\/autolivraria.com.br\/bc\/","title":{"rendered":"Auto Livraria | Livros, revistas, quadros, cat\u00e1logos e cole\u00e7\u00f5es com qualidade"},"content":{"rendered":"\t\t<div data-elementor-type=\"wp-page\" data-elementor-id=\"127798\" class=\"elementor elementor-127798\">\n\t\t\t\t\t\t<section class=\"elementor-section elementor-top-section elementor-element elementor-element-eb1596a elementor-section-boxed elementor-section-height-default elementor-section-height-default\" data-id=\"eb1596a\" data-element_type=\"section\">\n\t\t\t\t\t\t<div class=\"elementor-container elementor-column-gap-default\">\n\t\t\t\t\t<div class=\"elementor-column elementor-col-100 elementor-top-column elementor-element elementor-element-69f1877\" data-id=\"69f1877\" data-element_type=\"column\">\n\t\t\t<div class=\"elementor-widget-wrap elementor-element-populated\">\n\t\t\t\t\t\t<div class=\"elementor-element elementor-element-427e8ab elementor-grid-2 elementor-grid-tablet-2 elementor-grid-mobile-1 elementor-posts--thumbnail-top elementor-widget elementor-widget-posts\" data-id=\"427e8ab\" data-element_type=\"widget\" data-settings=\"{&quot;classic_row_gap&quot;:{&quot;unit&quot;:&quot;px&quot;,&quot;size&quot;:30,&quot;sizes&quot;:[]},&quot;classic_columns&quot;:&quot;2&quot;,&quot;classic_columns_tablet&quot;:&quot;2&quot;,&quot;classic_columns_mobile&quot;:&quot;1&quot;}\" data-widget_type=\"posts.classic\">\n\t\t\t\t<div class=\"elementor-widget-container\">\n\t\t\t\t\t<div class=\"elementor-posts-container elementor-posts elementor-posts--skin-classic elementor-grid\">\n\t\t\t\t<article class=\"elementor-post elementor-grid-item post-132116 post type-post status-publish format-standard has-post-thumbnail hentry category-al-volkswagen category-quadros-decorativos tag-auto-livraria tag-carros-do-passado tag-passat tag-passat-gts-pointer tag-passat-ts tag-quadros-volkswagen tag-quadros-decorativos tag-volkswagen\">\n\t\t\t\t<a class=\"elementor-post__thumbnail__link\" href=\"https:\/\/autolivraria.com.br\/bc\/auto-livraria\/al-volkswagen\/quadros-decorativos-vw-passat-ls-lse-ts-gts-pointer\/\" >\n\t\t\t<div class=\"elementor-post__thumbnail\"><img fetchpriority=\"high\" decoding=\"async\" width=\"750\" height=\"500\" src=\"https:\/\/autolivraria.com.br\/bc\/wp-content\/uploads\/2025\/09\/Passat-750x500.jpg\" class=\"attachment-large size-large wp-image-155347\" alt=\"\" srcset=\"https:\/\/autolivraria.com.br\/bc\/wp-content\/uploads\/2025\/09\/Passat-750x500.jpg 750w, https:\/\/autolivraria.com.br\/bc\/wp-content\/uploads\/2025\/09\/Passat-370x247.jpg 370w, https:\/\/autolivraria.com.br\/bc\/wp-content\/uploads\/2025\/09\/Passat-150x100.jpg 150w, https:\/\/autolivraria.com.br\/bc\/wp-content\/uploads\/2025\/09\/Passat-330x220.jpg 330w, https:\/\/autolivraria.com.br\/bc\/wp-content\/uploads\/2025\/09\/Passat-420x280.jpg 420w, https:\/\/autolivraria.com.br\/bc\/wp-content\/uploads\/2025\/09\/Passat-510x340.jpg 510w, https:\/\/autolivraria.com.br\/bc\/wp-content\/uploads\/2025\/09\/Passat.jpg 1024w\" sizes=\"(max-width: 750px) 100vw, 750px\" \/><\/div>\n\t\t<\/a>\n\t\t\t\t<div class=\"elementor-post__text\">\n\t\t\t\t<h3 class=\"elementor-post__title\">\n\t\t\t<a href=\"https:\/\/autolivraria.com.br\/bc\/auto-livraria\/al-volkswagen\/quadros-decorativos-vw-passat-ls-lse-ts-gts-pointer\/\" >\n\t\t\t\tPassat: quadros do Volkswagen que causou uma revolu\u00e7\u00e3o\t\t\t<\/a>\n\t\t<\/h3>\n\t\t\t\t<div class=\"elementor-post__excerpt\">\n\t\t\t<p>Coloque na parede o Passat nacional com propagandas e mat\u00e9rias de 1974 a 1988 &#8211; a partir de R$ 109<\/p>\n\t\t<\/div>\n\t\t\t\t<\/div>\n\t\t\t\t<\/article>\n\t\t\t\t<article class=\"elementor-post elementor-grid-item post-132268 post type-post status-publish format-standard has-post-thumbnail hentry category-al-chevrolet tag-auto-livraria tag-caravan tag-carros-do-passado tag-comodoro tag-diplomata tag-opala tag-revista-quatro-rodas tag-revistas-nacionais\">\n\t\t\t\t<a class=\"elementor-post__thumbnail__link\" href=\"https:\/\/autolivraria.com.br\/bc\/auto-livraria\/al-chevrolet\/revistas-quatro-rodas-opala-comodoro-diplomata-caravan\/\" >\n\t\t\t<div class=\"elementor-post__thumbnail\"><img decoding=\"async\" width=\"750\" height=\"500\" data-src=\"https:\/\/autolivraria.com.br\/bc\/wp-content\/uploads\/2025\/04\/Opala-3-750x500.jpg\" class=\"attachment-large size-large wp-image-150797 lazyload\" alt=\"\" data-srcset=\"https:\/\/autolivraria.com.br\/bc\/wp-content\/uploads\/2025\/04\/Opala-3-750x500.jpg 750w, https:\/\/autolivraria.com.br\/bc\/wp-content\/uploads\/2025\/04\/Opala-3-370x247.jpg 370w, https:\/\/autolivraria.com.br\/bc\/wp-content\/uploads\/2025\/04\/Opala-3.jpg 1024w\" data-sizes=\"(max-width: 750px) 100vw, 750px\" src=\"data:image\/svg+xml;base64,PHN2ZyB3aWR0aD0iMSIgaGVpZ2h0PSIxIiB4bWxucz0iaHR0cDovL3d3dy53My5vcmcvMjAwMC9zdmciPjwvc3ZnPg==\" style=\"--smush-placeholder-width: 750px; --smush-placeholder-aspect-ratio: 750\/500;\" \/><\/div>\n\t\t<\/a>\n\t\t\t\t<div class=\"elementor-post__text\">\n\t\t\t\t<h3 class=\"elementor-post__title\">\n\t\t\t<a href=\"https:\/\/autolivraria.com.br\/bc\/auto-livraria\/al-chevrolet\/revistas-quatro-rodas-opala-comodoro-diplomata-caravan\/\" >\n\t\t\t\tChevrolet Opala e Caravan: revistas com modelos 1980 a 1984\t\t\t<\/a>\n\t\t<\/h3>\n\t\t\t\t<div class=\"elementor-post__excerpt\">\n\t\t\t<p>Quatro Rodas com testes e comparativos de vers\u00f5es de quatro e seis cilindros &#8211; a partir de R$ 29<\/p>\n\t\t<\/div>\n\t\t\t\t<\/div>\n\t\t\t\t<\/article>\n\t\t\t\t<\/div>\n\t\t\t\t<\/div>\n\t\t\t\t<\/div>\n\t\t\t\t<div class=\"elementor-element elementor-element-4644598 elementor-grid-4 elementor-grid-tablet-2 elementor-grid-mobile-1 elementor-posts--thumbnail-top elementor-widget elementor-widget-posts\" data-id=\"4644598\" data-element_type=\"widget\" data-settings=\"{&quot;classic_row_gap&quot;:{&quot;unit&quot;:&quot;px&quot;,&quot;size&quot;:30,&quot;sizes&quot;:[]},&quot;classic_columns&quot;:&quot;4&quot;,&quot;classic_columns_tablet&quot;:&quot;2&quot;,&quot;classic_columns_mobile&quot;:&quot;1&quot;}\" data-widget_type=\"posts.classic\">\n\t\t\t\t<div class=\"elementor-widget-container\">\n\t\t\t\t\t<div class=\"elementor-posts-container elementor-posts elementor-posts--skin-classic elementor-grid\">\n\t\t\t\t<article class=\"elementor-post elementor-grid-item post-148328 post type-post status-publish format-standard has-post-thumbnail hentry category-revista-quatro-rodas tag-125-ml tag-adamo tag-alfa-romeo-2300 tag-amazonas tag-auto-livraria tag-avallone tag-bandeirante tag-belina tag-bianco tag-brasilia tag-caravan tag-carros-do-passado tag-cb-360 tag-cb-500-f tag-cg-125 tag-charger tag-chevette tag-chevette-gp tag-corcel tag-dardo tag-emerson-fittipaldi tag-fiat-147 tag-galaxie tag-gurgel tag-jeep-willys tag-jeg tag-karmann-ghia-tc tag-landau tag-magnum tag-maverick tag-maverick-gt tag-miura tag-mp-lafer tag-opala tag-passat tag-passat-ts tag-polara tag-puma-gtb tag-puma-gte tag-puma-gts tag-rd-350 tag-revista-quatro-rodas tag-revistas-nacionais tag-rural tag-sm tag-sp2 tag-suzuki-gt-550 tag-tt-125 tag-variant tag-ventura tag-veraneio tag-x12\">\n\t\t\t\t<a class=\"elementor-post__thumbnail__link\" href=\"https:\/\/autolivraria.com.br\/bc\/auto-livraria\/revistas-nacionais\/revista-quatro-rodas\/revistas-quatro-rodas-1975-1976-1977-1978-1979\/\" >\n\t\t\t<div class=\"elementor-post__thumbnail\"><img decoding=\"async\" width=\"370\" height=\"247\" data-src=\"https:\/\/autolivraria.com.br\/bc\/wp-content\/uploads\/2025\/02\/Quatro-Rodas-2-370x247.jpg\" class=\"attachment-medium size-medium wp-image-151970 lazyload\" alt=\"\" data-srcset=\"https:\/\/autolivraria.com.br\/bc\/wp-content\/uploads\/2025\/02\/Quatro-Rodas-2-370x247.jpg 370w, https:\/\/autolivraria.com.br\/bc\/wp-content\/uploads\/2025\/02\/Quatro-Rodas-2-750x500.jpg 750w, https:\/\/autolivraria.com.br\/bc\/wp-content\/uploads\/2025\/02\/Quatro-Rodas-2.jpg 1024w\" data-sizes=\"(max-width: 370px) 100vw, 370px\" src=\"data:image\/svg+xml;base64,PHN2ZyB3aWR0aD0iMSIgaGVpZ2h0PSIxIiB4bWxucz0iaHR0cDovL3d3dy53My5vcmcvMjAwMC9zdmciPjwvc3ZnPg==\" style=\"--smush-placeholder-width: 370px; --smush-placeholder-aspect-ratio: 370\/247;\" \/><\/div>\n\t\t<\/a>\n\t\t\t\t<div class=\"elementor-post__text\">\n\t\t\t\t<h3 class=\"elementor-post__title\">\n\t\t\t<a href=\"https:\/\/autolivraria.com.br\/bc\/auto-livraria\/revistas-nacionais\/revista-quatro-rodas\/revistas-quatro-rodas-1975-1976-1977-1978-1979\/\" >\n\t\t\t\tQuatro Rodas de 1975 a 1979: Opala, Landau, Dodge, 147 e mais\t\t\t<\/a>\n\t\t<\/h3>\n\t\t\t\t<div class=\"elementor-post__excerpt\">\n\t\t\t<p>Grandes carros e motos em testes, corridas e edi\u00e7\u00f5es especiais dos anos 1970 &#8211; a partir de R$ 19<\/p>\n\t\t<\/div>\n\t\t\t\t<\/div>\n\t\t\t\t<\/article>\n\t\t\t\t<article class=\"elementor-post elementor-grid-item post-155050 post type-post status-publish format-standard has-post-thumbnail hentry category-al-scania tag-auto-livraria tag-caminhao tag-caminhoes-do-passado tag-manuais-e-catalogos tag-catalogos-scania tag-scania\">\n\t\t\t\t<a class=\"elementor-post__thumbnail__link\" href=\"https:\/\/autolivraria.com.br\/bc\/auto-livraria\/al-scania\/scania-caminhoes-l76-ls76-catalogos-folders\/\" >\n\t\t\t<div class=\"elementor-post__thumbnail\"><img decoding=\"async\" width=\"370\" height=\"247\" data-src=\"https:\/\/autolivraria.com.br\/bc\/wp-content\/uploads\/2026\/08\/Scania-L76-4-370x247.jpg\" class=\"attachment-medium size-medium wp-image-155057 lazyload\" alt=\"\" data-srcset=\"https:\/\/autolivraria.com.br\/bc\/wp-content\/uploads\/2026\/08\/Scania-L76-4-370x247.jpg 370w, https:\/\/autolivraria.com.br\/bc\/wp-content\/uploads\/2026\/08\/Scania-L76-4-750x500.jpg 750w, https:\/\/autolivraria.com.br\/bc\/wp-content\/uploads\/2026\/08\/Scania-L76-4-150x100.jpg 150w, https:\/\/autolivraria.com.br\/bc\/wp-content\/uploads\/2026\/08\/Scania-L76-4-330x220.jpg 330w, https:\/\/autolivraria.com.br\/bc\/wp-content\/uploads\/2026\/08\/Scania-L76-4-420x280.jpg 420w, https:\/\/autolivraria.com.br\/bc\/wp-content\/uploads\/2026\/08\/Scania-L76-4-510x340.jpg 510w, https:\/\/autolivraria.com.br\/bc\/wp-content\/uploads\/2026\/08\/Scania-L76-4.jpg 1024w\" data-sizes=\"(max-width: 370px) 100vw, 370px\" src=\"data:image\/svg+xml;base64,PHN2ZyB3aWR0aD0iMSIgaGVpZ2h0PSIxIiB4bWxucz0iaHR0cDovL3d3dy53My5vcmcvMjAwMC9zdmciPjwvc3ZnPg==\" style=\"--smush-placeholder-width: 370px; --smush-placeholder-aspect-ratio: 370\/247;\" \/><\/div>\n\t\t<\/a>\n\t\t\t\t<div class=\"elementor-post__text\">\n\t\t\t\t<h3 class=\"elementor-post__title\">\n\t\t\t<a href=\"https:\/\/autolivraria.com.br\/bc\/auto-livraria\/al-scania\/scania-caminhoes-l76-ls76-catalogos-folders\/\" >\n\t\t\t\tScania: cat\u00e1logos dos caminh\u00f5es L76 e LS76 da s\u00e9rie &#8220;Jacar\u00e9&#8221;\t\t\t<\/a>\n\t\t<\/h3>\n\t\t\t\t<div class=\"elementor-post__excerpt\">\n\t\t\t<p>Muitos dados t\u00e9cnicos sobre os pesados que marcaram presen\u00e7a nos anos 60 e 70 &#8211; a partir de R$ 149<\/p>\n\t\t<\/div>\n\t\t\t\t<\/div>\n\t\t\t\t<\/article>\n\t\t\t\t<article class=\"elementor-post elementor-grid-item post-131512 post type-post status-publish format-standard has-post-thumbnail hentry category-al-motos tag-auto-livraria tag-cbr-1100-xx-super-blackbird tag-cbr-600-f tag-cbr-600-rr tag-dt-200 tag-ducati tag-fat-boy tag-gsx-1300-hayabusa tag-gsx-r-1000 tag-harley-davidson tag-honda-motos tag-k-1200-r tag-kawasaki tag-ninja-650-r tag-revista-motociclismo tag-revistas-nacionais tag-rocket tag-shadow-750 tag-suzuki-motos tag-triumph tag-yamaha tag-yzf-r1 tag-yzf-r6 tag-zx-6r\">\n\t\t\t\t<a class=\"elementor-post__thumbnail__link\" href=\"https:\/\/autolivraria.com.br\/bc\/auto-livraria\/al-motos\/revistas-motociclismo\/\" >\n\t\t\t<div class=\"elementor-post__thumbnail\"><img decoding=\"async\" width=\"370\" height=\"247\" data-src=\"https:\/\/autolivraria.com.br\/bc\/wp-content\/uploads\/2026\/12\/Motociclismo-370x247.jpg\" class=\"attachment-medium size-medium wp-image-155192 lazyload\" alt=\"\" data-srcset=\"https:\/\/autolivraria.com.br\/bc\/wp-content\/uploads\/2026\/12\/Motociclismo-370x247.jpg 370w, https:\/\/autolivraria.com.br\/bc\/wp-content\/uploads\/2026\/12\/Motociclismo-750x500.jpg 750w, https:\/\/autolivraria.com.br\/bc\/wp-content\/uploads\/2026\/12\/Motociclismo-150x100.jpg 150w, https:\/\/autolivraria.com.br\/bc\/wp-content\/uploads\/2026\/12\/Motociclismo-330x220.jpg 330w, https:\/\/autolivraria.com.br\/bc\/wp-content\/uploads\/2026\/12\/Motociclismo-420x280.jpg 420w, https:\/\/autolivraria.com.br\/bc\/wp-content\/uploads\/2026\/12\/Motociclismo-510x340.jpg 510w, https:\/\/autolivraria.com.br\/bc\/wp-content\/uploads\/2026\/12\/Motociclismo.jpg 1024w\" data-sizes=\"(max-width: 370px) 100vw, 370px\" src=\"data:image\/svg+xml;base64,PHN2ZyB3aWR0aD0iMSIgaGVpZ2h0PSIxIiB4bWxucz0iaHR0cDovL3d3dy53My5vcmcvMjAwMC9zdmciPjwvc3ZnPg==\" style=\"--smush-placeholder-width: 370px; --smush-placeholder-aspect-ratio: 370\/247;\" \/><\/div>\n\t\t<\/a>\n\t\t\t\t<div class=\"elementor-post__text\">\n\t\t\t\t<h3 class=\"elementor-post__title\">\n\t\t\t<a href=\"https:\/\/autolivraria.com.br\/bc\/auto-livraria\/al-motos\/revistas-motociclismo\/\" >\n\t\t\t\tMotociclismo: revistas com grandes motos do mundo todo\t\t\t<\/a>\n\t\t<\/h3>\n\t\t\t\t<div class=\"elementor-post__excerpt\">\n\t\t\t<p>Edi\u00e7\u00f5es desde os anos 90 com motos esportivas, custom, uso-misto e outras &#8211; a partir de R$ 29<\/p>\n\t\t<\/div>\n\t\t\t\t<\/div>\n\t\t\t\t<\/article>\n\t\t\t\t<article class=\"elementor-post elementor-grid-item post-128714 post type-post status-publish format-standard has-post-thumbnail hentry category-al-dkw-vemag category-quadros-decorativos tag-auto-livraria tag-belcar tag-candango tag-carros-do-passado tag-dkw tag-dkw-vemag tag-fissore tag-quadros-dkw-vemag tag-quadros-decorativos tag-vemaguet\">\n\t\t\t\t<a class=\"elementor-post__thumbnail__link\" href=\"https:\/\/autolivraria.com.br\/bc\/auto-livraria\/al-dkw-vemag\/quadros-propagandas-dkw-belcar-vemaguet-fissore-candango\/\" >\n\t\t\t<div class=\"elementor-post__thumbnail\"><img decoding=\"async\" width=\"370\" height=\"247\" data-src=\"https:\/\/autolivraria.com.br\/bc\/wp-content\/uploads\/2023\/02\/DKW-370x247.jpg\" class=\"attachment-medium size-medium wp-image-136842 lazyload\" alt=\"\" data-srcset=\"https:\/\/autolivraria.com.br\/bc\/wp-content\/uploads\/2023\/02\/DKW-370x247.jpg 370w, https:\/\/autolivraria.com.br\/bc\/wp-content\/uploads\/2023\/02\/DKW-750x500.jpg 750w, https:\/\/autolivraria.com.br\/bc\/wp-content\/uploads\/2023\/02\/DKW.jpg 1024w\" data-sizes=\"(max-width: 370px) 100vw, 370px\" src=\"data:image\/svg+xml;base64,PHN2ZyB3aWR0aD0iMSIgaGVpZ2h0PSIxIiB4bWxucz0iaHR0cDovL3d3dy53My5vcmcvMjAwMC9zdmciPjwvc3ZnPg==\" style=\"--smush-placeholder-width: 370px; --smush-placeholder-aspect-ratio: 370\/247;\" \/><\/div>\n\t\t<\/a>\n\t\t\t\t<div class=\"elementor-post__text\">\n\t\t\t\t<h3 class=\"elementor-post__title\">\n\t\t\t<a href=\"https:\/\/autolivraria.com.br\/bc\/auto-livraria\/al-dkw-vemag\/quadros-propagandas-dkw-belcar-vemaguet-fissore-candango\/\" >\n\t\t\t\tDKW-Vemag: quadros com Belcar, Vemaguet, Fissore e Candango\t\t\t<\/a>\n\t\t<\/h3>\n\t\t\t\t<div class=\"elementor-post__excerpt\">\n\t\t\t<p>Quadros decorativos com an\u00fancios e mat\u00e9rias da linha em revistas da \u00e9poca &#8211; a partir de R$ 109<\/p>\n\t\t<\/div>\n\t\t\t\t<\/div>\n\t\t\t\t<\/article>\n\t\t\t\t<\/div>\n\t\t\t\t<\/div>\n\t\t\t\t<\/div>\n\t\t\t\t\t<\/div>\n\t\t<\/div>\n\t\t\t\t\t<\/div>\n\t\t<\/section>\n\t\t\t\t<section class=\"elementor-section elementor-top-section elementor-element elementor-element-aea606b elementor-section-boxed elementor-section-height-default elementor-section-height-default\" data-id=\"aea606b\" data-element_type=\"section\">\n\t\t\t\t\t\t<div class=\"elementor-container elementor-column-gap-default\">\n\t\t\t\t\t<div class=\"elementor-column elementor-col-100 elementor-top-column elementor-element elementor-element-c7a1aa4\" data-id=\"c7a1aa4\" data-element_type=\"column\">\n\t\t\t<div class=\"elementor-widget-wrap elementor-element-populated\">\n\t\t\t\t\t\t<section class=\"elementor-section elementor-inner-section elementor-element elementor-element-04561ad elementor-section-boxed elementor-section-height-default elementor-section-height-default\" data-id=\"04561ad\" data-element_type=\"section\" data-settings=\"{&quot;background_background&quot;:&quot;classic&quot;}\">\n\t\t\t\t\t\t<div class=\"elementor-container elementor-column-gap-default\">\n\t\t\t\t\t<div class=\"elementor-column elementor-col-33 elementor-inner-column elementor-element elementor-element-812db68\" data-id=\"812db68\" data-element_type=\"column\">\n\t\t\t<div class=\"elementor-widget-wrap elementor-element-populated\">\n\t\t\t\t\t\t<div class=\"elementor-element elementor-element-1d6365f elementor-widget elementor-widget-text-editor\" data-id=\"1d6365f\" data-element_type=\"widget\" data-widget_type=\"text-editor.default\">\n\t\t\t\t<div class=\"elementor-widget-container\">\n\t\t\t\t\t\t\t<p>Quem gosta de carros, motos, \u00f4nibus e caminh\u00f5es n\u00e3o se contenta em ler sobre eles na internet: livros, revistas, cat\u00e1logos e quadros decorativos trazem informa\u00e7\u00e3o e entretenimento.<\/p>\t\t\t\t\t\t<\/div>\n\t\t\t\t<\/div>\n\t\t\t\t\t<\/div>\n\t\t<\/div>\n\t\t\t\t<div class=\"elementor-column elementor-col-33 elementor-inner-column elementor-element elementor-element-6319cdc\" data-id=\"6319cdc\" data-element_type=\"column\">\n\t\t\t<div class=\"elementor-widget-wrap elementor-element-populated\">\n\t\t\t\t\t\t<div class=\"elementor-element elementor-element-f72d751 elementor-widget elementor-widget-text-editor\" data-id=\"f72d751\" data-element_type=\"widget\" data-widget_type=\"text-editor.default\">\n\t\t\t\t<div class=\"elementor-widget-container\">\n\t\t\t\t\t\t\t<p>Na\u00a0<strong>Auto Livraria\u00a0<\/strong>voc\u00ea encontra itens de literatura e decora\u00e7\u00e3o raros com variedade, pre\u00e7o justo, atendimento pessoal e a qualidade que voc\u00ea reconhece, desde 1997, no site\u00a0<strong>Best Cars<\/strong>.<\/p>\t\t\t\t\t\t<\/div>\n\t\t\t\t<\/div>\n\t\t\t\t\t<\/div>\n\t\t<\/div>\n\t\t\t\t<div class=\"elementor-column elementor-col-33 elementor-inner-column elementor-element elementor-element-48eafb4\" data-id=\"48eafb4\" data-element_type=\"column\">\n\t\t\t<div class=\"elementor-widget-wrap elementor-element-populated\">\n\t\t\t\t\t\t<div class=\"elementor-element elementor-element-4aa85be elementor-widget elementor-widget-text-editor\" data-id=\"4aa85be\" data-element_type=\"widget\" data-widget_type=\"text-editor.default\">\n\t\t\t\t<div class=\"elementor-widget-container\">\n\t\t\t\t\t\t\t<p>N\u00e3o perca as novidades: cadastre-se no <a href=\"https:\/\/autolivraria.com.br\/bc\/inscricao-no-boletim-da-auto-livraria\/\">boletim por e-mail<\/a> e no <a href=\"https:\/\/whatsapp.com\/channel\/0029Va9r2n7AzNbrUw4W7Q2B\">canal no Whatsapp<\/a> e siga-nos no <a href=\"https:\/\/www.youtube.com\/@autolivrariabestcars\">Youtube<\/a>.<\/p><p>Boas compras na\u00a0<strong>Auto Livraria<\/strong>!<\/p>\t\t\t\t\t\t<\/div>\n\t\t\t\t<\/div>\n\t\t\t\t\t<\/div>\n\t\t<\/div>\n\t\t\t\t\t<\/div>\n\t\t<\/section>\n\t\t\t\t\t<\/div>\n\t\t<\/div>\n\t\t\t\t\t<\/div>\n\t\t<\/section>\n\t\t\t\t<section class=\"elementor-section elementor-top-section elementor-element elementor-element-484f2bc elementor-section-boxed elementor-section-height-default elementor-section-height-default\" data-id=\"484f2bc\" data-element_type=\"section\">\n\t\t\t\t\t\t<div class=\"elementor-container elementor-column-gap-default\">\n\t\t\t\t\t<div class=\"elementor-column elementor-col-100 elementor-top-column elementor-element elementor-element-84d8fe5\" data-id=\"84d8fe5\" data-element_type=\"column\">\n\t\t\t<div class=\"elementor-widget-wrap elementor-element-populated\">\n\t\t\t\t\t\t<section class=\"elementor-section elementor-inner-section elementor-element elementor-element-5ce2272 elementor-section-boxed elementor-section-height-default elementor-section-height-default\" data-id=\"5ce2272\" data-element_type=\"section\">\n\t\t\t\t\t\t<div class=\"elementor-container elementor-column-gap-default\">\n\t\t\t\t\t<div class=\"elementor-column elementor-col-50 elementor-inner-column elementor-element elementor-element-abb7f2e\" data-id=\"abb7f2e\" data-element_type=\"column\">\n\t\t\t<div class=\"elementor-widget-wrap elementor-element-populated\">\n\t\t\t\t\t\t<div class=\"elementor-element elementor-element-82ee256 elementor-align-left elementor-widget elementor-widget-button\" data-id=\"82ee256\" data-element_type=\"widget\" data-widget_type=\"button.default\">\n\t\t\t\t<div class=\"elementor-widget-container\">\n\t\t\t\t\t\t\t<div class=\"elementor-button-wrapper\">\n\t\t\t\t\t<a class=\"elementor-button elementor-button-link elementor-size-md\" href=\"https:\/\/autolivraria.com.br\/bc\/razoes-para-voce-comprar-na-auto-livraria\/\">\n\t\t\t\t\t\t<span class=\"elementor-button-content-wrapper\">\n\t\t\t\t\t\t<span class=\"elementor-button-icon\">\n\t\t\t\t<i aria-hidden=\"true\" class=\"fas fa-angle-right\"><\/i>\t\t\t<\/span>\n\t\t\t\t\t\t\t\t\t<span class=\"elementor-button-text\">POR QUE COMPRAR AQUI<\/span>\n\t\t\t\t\t<\/span>\n\t\t\t\t\t<\/a>\n\t\t\t\t<\/div>\n\t\t\t\t\t\t<\/div>\n\t\t\t\t<\/div>\n\t\t\t\t<div class=\"elementor-element elementor-element-b37eb4b elementor-align-left elementor-widget elementor-widget-button\" data-id=\"b37eb4b\" data-element_type=\"widget\" data-widget_type=\"button.default\">\n\t\t\t\t<div class=\"elementor-widget-container\">\n\t\t\t\t\t\t\t<div class=\"elementor-button-wrapper\">\n\t\t\t\t\t<a class=\"elementor-button elementor-button-link elementor-size-md\" href=\"https:\/\/autolivraria.com.br\/bc\/como-comprar-na-auto-livraria\/\">\n\t\t\t\t\t\t<span class=\"elementor-button-content-wrapper\">\n\t\t\t\t\t\t<span class=\"elementor-button-icon\">\n\t\t\t\t<i aria-hidden=\"true\" class=\"fas fa-angle-right\"><\/i>\t\t\t<\/span>\n\t\t\t\t\t\t\t\t\t<span class=\"elementor-button-text\">COMO COMPRAR<\/span>\n\t\t\t\t\t<\/span>\n\t\t\t\t\t<\/a>\n\t\t\t\t<\/div>\n\t\t\t\t\t\t<\/div>\n\t\t\t\t<\/div>\n\t\t\t\t<div class=\"elementor-element elementor-element-d6b1774 elementor-align-left elementor-widget elementor-widget-button\" data-id=\"d6b1774\" data-element_type=\"widget\" data-widget_type=\"button.default\">\n\t\t\t\t<div class=\"elementor-widget-container\">\n\t\t\t\t\t\t\t<div class=\"elementor-button-wrapper\">\n\t\t\t\t\t<a class=\"elementor-button elementor-button-link elementor-size-md\" href=\"https:\/\/autolivraria.com.br\/bc\/quem-somos-auto-livraria\/\">\n\t\t\t\t\t\t<span class=\"elementor-button-content-wrapper\">\n\t\t\t\t\t\t<span class=\"elementor-button-icon\">\n\t\t\t\t<i aria-hidden=\"true\" class=\"fas fa-angle-right\"><\/i>\t\t\t<\/span>\n\t\t\t\t\t\t\t\t\t<span class=\"elementor-button-text\">QUEM SOMOS<\/span>\n\t\t\t\t\t<\/span>\n\t\t\t\t\t<\/a>\n\t\t\t\t<\/div>\n\t\t\t\t\t\t<\/div>\n\t\t\t\t<\/div>\n\t\t\t\t\t<\/div>\n\t\t<\/div>\n\t\t\t\t<div class=\"elementor-column elementor-col-50 elementor-inner-column elementor-element elementor-element-a0f5d2a\" data-id=\"a0f5d2a\" data-element_type=\"column\">\n\t\t\t<div class=\"elementor-widget-wrap elementor-element-populated\">\n\t\t\t\t\t\t<div class=\"elementor-element elementor-element-da03242 elementor-align-left elementor-widget elementor-widget-button\" data-id=\"da03242\" data-element_type=\"widget\" data-widget_type=\"button.default\">\n\t\t\t\t<div class=\"elementor-widget-container\">\n\t\t\t\t\t\t\t<div class=\"elementor-button-wrapper\">\n\t\t\t\t\t<a class=\"elementor-button elementor-button-link elementor-size-md\" href=\"https:\/\/autolivraria.com.br\/bc\/inscricao-no-boletim-da-auto-livraria\/\">\n\t\t\t\t\t\t<span class=\"elementor-button-content-wrapper\">\n\t\t\t\t\t\t<span class=\"elementor-button-icon\">\n\t\t\t\t<i aria-hidden=\"true\" class=\"fas fa-angle-right\"><\/i>\t\t\t<\/span>\n\t\t\t\t\t\t\t\t\t<span class=\"elementor-button-text\">NOVIDADES POR E-MAIL<\/span>\n\t\t\t\t\t<\/span>\n\t\t\t\t\t<\/a>\n\t\t\t\t<\/div>\n\t\t\t\t\t\t<\/div>\n\t\t\t\t<\/div>\n\t\t\t\t<div class=\"elementor-element elementor-element-97f5f28 elementor-align-left elementor-widget elementor-widget-button\" data-id=\"97f5f28\" data-element_type=\"widget\" data-widget_type=\"button.default\">\n\t\t\t\t<div class=\"elementor-widget-container\">\n\t\t\t\t\t\t\t<div class=\"elementor-button-wrapper\">\n\t\t\t\t\t<a class=\"elementor-button elementor-button-link elementor-size-md\" href=\"https:\/\/whatsapp.com\/channel\/0029Va9r2n7AzNbrUw4W7Q2B\">\n\t\t\t\t\t\t<span class=\"elementor-button-content-wrapper\">\n\t\t\t\t\t\t<span class=\"elementor-button-icon\">\n\t\t\t\t<i aria-hidden=\"true\" class=\"fas fa-angle-right\"><\/i>\t\t\t<\/span>\n\t\t\t\t\t\t\t\t\t<span class=\"elementor-button-text\">CANAL DE WHATSAPP<\/span>\n\t\t\t\t\t<\/span>\n\t\t\t\t\t<\/a>\n\t\t\t\t<\/div>\n\t\t\t\t\t\t<\/div>\n\t\t\t\t<\/div>\n\t\t\t\t<div class=\"elementor-element elementor-element-08e71da elementor-align-left elementor-widget elementor-widget-button\" data-id=\"08e71da\" data-element_type=\"widget\" data-widget_type=\"button.default\">\n\t\t\t\t<div class=\"elementor-widget-container\">\n\t\t\t\t\t\t\t<div class=\"elementor-button-wrapper\">\n\t\t\t\t\t<a class=\"elementor-button elementor-button-link elementor-size-md\" href=\"https:\/\/autolivraria.com.br\/bc\/contato-com-a-auto-livraria\/\">\n\t\t\t\t\t\t<span class=\"elementor-button-content-wrapper\">\n\t\t\t\t\t\t<span class=\"elementor-button-icon\">\n\t\t\t\t<i aria-hidden=\"true\" class=\"fas fa-angle-right\"><\/i>\t\t\t<\/span>\n\t\t\t\t\t\t\t\t\t<span class=\"elementor-button-text\">VENDER OU DOAR: ESCREVA-NOS<\/span>\n\t\t\t\t\t<\/span>\n\t\t\t\t\t<\/a>\n\t\t\t\t<\/div>\n\t\t\t\t\t\t<\/div>\n\t\t\t\t<\/div>\n\t\t\t\t\t<\/div>\n\t\t<\/div>\n\t\t\t\t\t<\/div>\n\t\t<\/section>\n\t\t\t\t\t<\/div>\n\t\t<\/div>\n\t\t\t\t\t<\/div>\n\t\t<\/section>\n\t\t\t\t<section class=\"elementor-section elementor-top-section elementor-element elementor-element-2365ac1 elementor-section-boxed elementor-section-height-default elementor-section-height-default\" data-id=\"2365ac1\" data-element_type=\"section\">\n\t\t\t\t\t\t<div class=\"elementor-container elementor-column-gap-default\">\n\t\t\t\t\t<div class=\"elementor-column elementor-col-100 elementor-top-column elementor-element elementor-element-4382b22\" data-id=\"4382b22\" data-element_type=\"column\" data-settings=\"{&quot;background_background&quot;:&quot;classic&quot;}\">\n\t\t\t<div class=\"elementor-widget-wrap elementor-element-populated\">\n\t\t\t\t\t\t<section class=\"elementor-section elementor-inner-section elementor-element elementor-element-bcc4b50 elementor-section-content-middle elementor-section-boxed elementor-section-height-default elementor-section-height-default\" data-id=\"bcc4b50\" data-element_type=\"section\">\n\t\t\t\t\t\t<div class=\"elementor-container elementor-column-gap-default\">\n\t\t\t\t\t<div class=\"elementor-column elementor-col-33 elementor-inner-column elementor-element elementor-element-32fce57\" data-id=\"32fce57\" data-element_type=\"column\">\n\t\t\t<div class=\"elementor-widget-wrap elementor-element-populated\">\n\t\t\t\t\t\t<div class=\"elementor-element elementor-element-536c49b elementor-align-left elementor-widget elementor-widget-button\" data-id=\"536c49b\" data-element_type=\"widget\" data-widget_type=\"button.default\">\n\t\t\t\t<div class=\"elementor-widget-container\">\n\t\t\t\t\t\t\t<div class=\"elementor-button-wrapper\">\n\t\t\t\t\t<a class=\"elementor-button elementor-button-link elementor-size-lg\" href=\"https:\/\/autolivraria.com.br\/bc\/tag\/livros\">\n\t\t\t\t\t\t<span class=\"elementor-button-content-wrapper\">\n\t\t\t\t\t\t\t\t\t<span class=\"elementor-button-text\">LIVROS<\/span>\n\t\t\t\t\t<\/span>\n\t\t\t\t\t<\/a>\n\t\t\t\t<\/div>\n\t\t\t\t\t\t<\/div>\n\t\t\t\t<\/div>\n\t\t\t\t\t<\/div>\n\t\t<\/div>\n\t\t\t\t<div class=\"elementor-column elementor-col-66 elementor-inner-column elementor-element elementor-element-3610121\" data-id=\"3610121\" data-element_type=\"column\">\n\t\t\t<div class=\"elementor-widget-wrap elementor-element-populated\">\n\t\t\t\t\t\t<div class=\"elementor-element elementor-element-e77545b elementor-widget elementor-widget-heading\" data-id=\"e77545b\" data-element_type=\"widget\" data-widget_type=\"heading.default\">\n\t\t\t\t<div class=\"elementor-widget-container\">\n\t\t\t<h3 class=\"elementor-heading-title elementor-size-default\">Hist\u00f3rias, galerias e curiosidades em grandes obras<\/h3>\t\t<\/div>\n\t\t\t\t<\/div>\n\t\t\t\t\t<\/div>\n\t\t<\/div>\n\t\t\t\t\t<\/div>\n\t\t<\/section>\n\t\t\t\t<div class=\"elementor-element elementor-element-121316f elementor-grid-3 elementor-grid-tablet-2 elementor-grid-mobile-1 elementor-posts--thumbnail-top elementor-widget elementor-widget-posts\" data-id=\"121316f\" data-element_type=\"widget\" data-settings=\"{&quot;classic_row_gap&quot;:{&quot;unit&quot;:&quot;px&quot;,&quot;size&quot;:30,&quot;sizes&quot;:[]},&quot;classic_columns&quot;:&quot;3&quot;,&quot;classic_columns_tablet&quot;:&quot;2&quot;,&quot;classic_columns_mobile&quot;:&quot;1&quot;}\" data-widget_type=\"posts.classic\">\n\t\t\t\t<div class=\"elementor-widget-container\">\n\t\t\t\t\t<div class=\"elementor-posts-container elementor-posts elementor-posts--skin-classic elementor-grid\">\n\t\t\t\t<article class=\"elementor-post elementor-grid-item post-143395 post type-post status-publish format-standard has-post-thumbnail hentry category-al-motos tag-auto-livraria tag-electra-glide tag-harley-davidson tag-livros tag-motos-2 tag-motos-do-passado tag-sportster\">\n\t\t\t\t<a class=\"elementor-post__thumbnail__link\" href=\"https:\/\/autolivraria.com.br\/bc\/auto-livraria\/al-motos\/livro-harley-davidson-a-way-of-life\/\" >\n\t\t\t<div class=\"elementor-post__thumbnail\"><img decoding=\"async\" width=\"370\" height=\"518\" data-src=\"https:\/\/autolivraria.com.br\/bc\/wp-content\/uploads\/2023\/06\/Harley-1-370x518.jpg\" class=\"attachment-medium size-medium wp-image-143397 lazyload\" alt=\"\" data-srcset=\"https:\/\/autolivraria.com.br\/bc\/wp-content\/uploads\/2023\/06\/Harley-1-370x518.jpg 370w, https:\/\/autolivraria.com.br\/bc\/wp-content\/uploads\/2023\/06\/Harley-1-360x504.jpg 360w, https:\/\/autolivraria.com.br\/bc\/wp-content\/uploads\/2023\/06\/Harley-1.jpg 500w\" data-sizes=\"(max-width: 370px) 100vw, 370px\" src=\"data:image\/svg+xml;base64,PHN2ZyB3aWR0aD0iMSIgaGVpZ2h0PSIxIiB4bWxucz0iaHR0cDovL3d3dy53My5vcmcvMjAwMC9zdmciPjwvc3ZnPg==\" style=\"--smush-placeholder-width: 370px; --smush-placeholder-aspect-ratio: 370\/518;\" \/><\/div>\n\t\t<\/a>\n\t\t\t\t<div class=\"elementor-post__text\">\n\t\t\t\t<h3 class=\"elementor-post__title\">\n\t\t\t<a href=\"https:\/\/autolivraria.com.br\/bc\/auto-livraria\/al-motos\/livro-harley-davidson-a-way-of-life\/\" >\n\t\t\t\tHarley-Davidson: livro com a hist\u00f3ria das grandes motos\t\t\t<\/a>\n\t\t<\/h3>\n\t\t\t\t<div class=\"elementor-post__excerpt\">\n\t\t\t<p>Mais de 300 p\u00e1ginas com sua trajet\u00f3ria, o museu da marca e motos customizadas &#8211; R$ 399<\/p>\n\t\t<\/div>\n\t\t\t\t<\/div>\n\t\t\t\t<\/article>\n\t\t\t\t<article class=\"elementor-post elementor-grid-item post-130762 post type-post status-publish format-standard has-post-thumbnail hentry category-al-scania tag-auto-livraria tag-caminhao tag-caminhoes-do-passado tag-carros-do-passado tag-livros tag-onibus tag-scania\">\n\t\t\t\t<a class=\"elementor-post__thumbnail__link\" href=\"https:\/\/autolivraria.com.br\/bc\/auto-livraria\/al-scania\/scania-livro-com-caminhoes-onibus-carros-e-ate-tanques-de-guerra\/\" >\n\t\t\t<div class=\"elementor-post__thumbnail\"><img decoding=\"async\" width=\"340\" height=\"244\" data-src=\"https:\/\/autolivraria.com.br\/bc\/wp-content\/uploads\/2021\/02\/Desfile-Scania-8-340x244.jpg\" class=\"attachment-medium size-medium wp-image-124899 lazyload\" alt=\"\" data-srcset=\"https:\/\/autolivraria.com.br\/bc\/wp-content\/uploads\/2021\/02\/Desfile-Scania-8-340x244.jpg 340w, https:\/\/autolivraria.com.br\/bc\/wp-content\/uploads\/2021\/02\/Desfile-Scania-8-120x86.jpg 120w, https:\/\/autolivraria.com.br\/bc\/wp-content\/uploads\/2021\/02\/Desfile-Scania-8-350x250.jpg 350w, https:\/\/autolivraria.com.br\/bc\/wp-content\/uploads\/2021\/02\/Desfile-Scania-8.jpg 696w\" data-sizes=\"(max-width: 340px) 100vw, 340px\" src=\"data:image\/svg+xml;base64,PHN2ZyB3aWR0aD0iMSIgaGVpZ2h0PSIxIiB4bWxucz0iaHR0cDovL3d3dy53My5vcmcvMjAwMC9zdmciPjwvc3ZnPg==\" style=\"--smush-placeholder-width: 340px; --smush-placeholder-aspect-ratio: 340\/244;\" \/><\/div>\n\t\t<\/a>\n\t\t\t\t<div class=\"elementor-post__text\">\n\t\t\t\t<h3 class=\"elementor-post__title\">\n\t\t\t<a href=\"https:\/\/autolivraria.com.br\/bc\/auto-livraria\/al-scania\/scania-livro-com-caminhoes-onibus-carros-e-ate-tanques-de-guerra\/\" >\n\t\t\t\tScania: livro com 100 anos de caminh\u00f5es, \u00f4nibus e outros ve\u00edculos\t\t\t<\/a>\n\t\t<\/h3>\n\t\t\t\t<div class=\"elementor-post__excerpt\">\n\t\t\t<p>Obra sobre a hist\u00f3ria da empresa e sua cole\u00e7\u00e3o, que inclui o primeiro modelo vendido no Brasil &#8211; R$ 179<\/p>\n\t\t<\/div>\n\t\t\t\t<\/div>\n\t\t\t\t<\/article>\n\t\t\t\t<article class=\"elementor-post elementor-grid-item post-152951 post type-post status-publish format-standard has-post-thumbnail hentry category-al-chevrolet tag-auto-livraria tag-bel-air tag-buick tag-cadillac tag-caminhoes-do-passado tag-carros-do-passado tag-chevrolet tag-corvette tag-general-motors tag-gmc tag-holden tag-livros tag-oldsmobile tag-onibus tag-pontiac\">\n\t\t\t\t<a class=\"elementor-post__thumbnail__link\" href=\"https:\/\/autolivraria.com.br\/bc\/auto-livraria\/al-chevrolet\/livro-general-motors-75-anos\/\" >\n\t\t\t<div class=\"elementor-post__thumbnail\"><img decoding=\"async\" width=\"370\" height=\"222\" data-src=\"https:\/\/autolivraria.com.br\/bc\/wp-content\/uploads\/2025\/10\/GM-75-13-370x222.jpg\" class=\"attachment-medium size-medium wp-image-152952 lazyload\" alt=\"\" data-srcset=\"https:\/\/autolivraria.com.br\/bc\/wp-content\/uploads\/2025\/10\/GM-75-13-370x222.jpg 370w, https:\/\/autolivraria.com.br\/bc\/wp-content\/uploads\/2025\/10\/GM-75-13.jpg 750w\" data-sizes=\"(max-width: 370px) 100vw, 370px\" src=\"data:image\/svg+xml;base64,PHN2ZyB3aWR0aD0iMSIgaGVpZ2h0PSIxIiB4bWxucz0iaHR0cDovL3d3dy53My5vcmcvMjAwMC9zdmciPjwvc3ZnPg==\" style=\"--smush-placeholder-width: 370px; --smush-placeholder-aspect-ratio: 370\/222;\" \/><\/div>\n\t\t<\/a>\n\t\t\t\t<div class=\"elementor-post__text\">\n\t\t\t\t<h3 class=\"elementor-post__title\">\n\t\t\t<a href=\"https:\/\/autolivraria.com.br\/bc\/auto-livraria\/al-chevrolet\/livro-general-motors-75-anos\/\" >\n\t\t\t\tGM, 75 Years: livro com a hist\u00f3ria da General Motors at\u00e9 os anos 80\t\t\t<\/a>\n\t\t<\/h3>\n\t\t\t\t<div class=\"elementor-post__excerpt\">\n\t\t\t<p>Rara obra de 1983 conta a hist\u00f3ria da corpora\u00e7\u00e3o americana e de suas marcas de carros, caminh\u00f5es e \u00f4nibus &#8211; R$ 299<\/p>\n\t\t<\/div>\n\t\t\t\t<\/div>\n\t\t\t\t<\/article>\n\t\t\t\t<\/div>\n\t\t\t\t<\/div>\n\t\t\t\t<\/div>\n\t\t\t\t<div class=\"elementor-element elementor-element-b958905 elementor-align-center elementor-widget elementor-widget-button\" data-id=\"b958905\" data-element_type=\"widget\" data-widget_type=\"button.default\">\n\t\t\t\t<div class=\"elementor-widget-container\">\n\t\t\t\t\t\t\t<div class=\"elementor-button-wrapper\">\n\t\t\t\t\t<a class=\"elementor-button elementor-button-link elementor-size-sm\" href=\"https:\/\/autolivraria.com.br\/bc\/tag\/livros\">\n\t\t\t\t\t\t<span class=\"elementor-button-content-wrapper\">\n\t\t\t\t\t\t<span class=\"elementor-button-icon\">\n\t\t\t\t<i aria-hidden=\"true\" class=\"fas fa-angle-right\"><\/i>\t\t\t<\/span>\n\t\t\t\t\t\t\t\t\t<span class=\"elementor-button-text\">TODOS OS LIVROS<\/span>\n\t\t\t\t\t<\/span>\n\t\t\t\t\t<\/a>\n\t\t\t\t<\/div>\n\t\t\t\t\t\t<\/div>\n\t\t\t\t<\/div>\n\t\t\t\t\t<\/div>\n\t\t<\/div>\n\t\t\t\t\t<\/div>\n\t\t<\/section>\n\t\t\t\t<section class=\"elementor-section elementor-top-section elementor-element elementor-element-68f368c elementor-section-boxed elementor-section-height-default elementor-section-height-default\" data-id=\"68f368c\" data-element_type=\"section\" data-settings=\"{&quot;background_background&quot;:&quot;classic&quot;}\">\n\t\t\t\t\t\t<div class=\"elementor-container elementor-column-gap-default\">\n\t\t\t\t\t<div class=\"elementor-column elementor-col-100 elementor-top-column elementor-element elementor-element-a03292f\" data-id=\"a03292f\" data-element_type=\"column\">\n\t\t\t<div class=\"elementor-widget-wrap elementor-element-populated\">\n\t\t\t\t\t\t<section class=\"elementor-section elementor-inner-section elementor-element elementor-element-c4a3321 elementor-section-content-middle elementor-section-boxed elementor-section-height-default elementor-section-height-default\" data-id=\"c4a3321\" data-element_type=\"section\">\n\t\t\t\t\t\t<div class=\"elementor-container elementor-column-gap-default\">\n\t\t\t\t\t<div class=\"elementor-column elementor-col-33 elementor-inner-column elementor-element elementor-element-0801acd\" data-id=\"0801acd\" data-element_type=\"column\">\n\t\t\t<div class=\"elementor-widget-wrap elementor-element-populated\">\n\t\t\t\t\t\t<div class=\"elementor-element elementor-element-08f97b8 elementor-align-left elementor-widget elementor-widget-button\" data-id=\"08f97b8\" data-element_type=\"widget\" data-widget_type=\"button.default\">\n\t\t\t\t<div class=\"elementor-widget-container\">\n\t\t\t\t\t\t\t<div class=\"elementor-button-wrapper\">\n\t\t\t\t\t<a class=\"elementor-button elementor-button-link elementor-size-lg\" href=\"https:\/\/autolivraria.com.br\/bc\/category\/revistas-nacionais\/\">\n\t\t\t\t\t\t<span class=\"elementor-button-content-wrapper\">\n\t\t\t\t\t\t\t\t\t<span class=\"elementor-button-text\">REVISTAS NACIONAIS<\/span>\n\t\t\t\t\t<\/span>\n\t\t\t\t\t<\/a>\n\t\t\t\t<\/div>\n\t\t\t\t\t\t<\/div>\n\t\t\t\t<\/div>\n\t\t\t\t\t<\/div>\n\t\t<\/div>\n\t\t\t\t<div class=\"elementor-column elementor-col-66 elementor-inner-column elementor-element elementor-element-78470ef\" data-id=\"78470ef\" data-element_type=\"column\">\n\t\t\t<div class=\"elementor-widget-wrap elementor-element-populated\">\n\t\t\t\t\t\t<div class=\"elementor-element elementor-element-7e62b81 elementor-widget elementor-widget-heading\" data-id=\"7e62b81\" data-element_type=\"widget\" data-widget_type=\"heading.default\">\n\t\t\t\t<div class=\"elementor-widget-container\">\n\t\t\t<h3 class=\"elementor-heading-title elementor-size-default\">Um acervo incompar\u00e1vel sobre autom\u00f3veis e motos<\/h3>\t\t<\/div>\n\t\t\t\t<\/div>\n\t\t\t\t\t<\/div>\n\t\t<\/div>\n\t\t\t\t\t<\/div>\n\t\t<\/section>\n\t\t\t\t<div class=\"elementor-element elementor-element-3a41767 elementor-grid-3 elementor-grid-tablet-2 elementor-grid-mobile-1 elementor-posts--thumbnail-top elementor-widget elementor-widget-posts\" data-id=\"3a41767\" data-element_type=\"widget\" data-settings=\"{&quot;classic_row_gap&quot;:{&quot;unit&quot;:&quot;px&quot;,&quot;size&quot;:30,&quot;sizes&quot;:[]},&quot;classic_columns&quot;:&quot;3&quot;,&quot;classic_columns_tablet&quot;:&quot;2&quot;,&quot;classic_columns_mobile&quot;:&quot;1&quot;}\" data-widget_type=\"posts.classic\">\n\t\t\t\t<div class=\"elementor-widget-container\">\n\t\t\t\t\t<div class=\"elementor-posts-container elementor-posts elementor-posts--skin-classic elementor-grid\">\n\t\t\t\t<article class=\"elementor-post elementor-grid-item post-148328 post type-post status-publish format-standard has-post-thumbnail hentry category-revista-quatro-rodas tag-125-ml tag-adamo tag-alfa-romeo-2300 tag-amazonas tag-auto-livraria tag-avallone tag-bandeirante tag-belina tag-bianco tag-brasilia tag-caravan tag-carros-do-passado tag-cb-360 tag-cb-500-f tag-cg-125 tag-charger tag-chevette tag-chevette-gp tag-corcel tag-dardo tag-emerson-fittipaldi tag-fiat-147 tag-galaxie tag-gurgel tag-jeep-willys tag-jeg tag-karmann-ghia-tc tag-landau tag-magnum tag-maverick tag-maverick-gt tag-miura tag-mp-lafer tag-opala tag-passat tag-passat-ts tag-polara tag-puma-gtb tag-puma-gte tag-puma-gts tag-rd-350 tag-revista-quatro-rodas tag-revistas-nacionais tag-rural tag-sm tag-sp2 tag-suzuki-gt-550 tag-tt-125 tag-variant tag-ventura tag-veraneio tag-x12\">\n\t\t\t\t<a class=\"elementor-post__thumbnail__link\" href=\"https:\/\/autolivraria.com.br\/bc\/auto-livraria\/revistas-nacionais\/revista-quatro-rodas\/revistas-quatro-rodas-1975-1976-1977-1978-1979\/\" >\n\t\t\t<div class=\"elementor-post__thumbnail\"><img decoding=\"async\" width=\"370\" height=\"247\" data-src=\"https:\/\/autolivraria.com.br\/bc\/wp-content\/uploads\/2025\/02\/Quatro-Rodas-2-370x247.jpg\" class=\"attachment-medium size-medium wp-image-151970 lazyload\" alt=\"\" data-srcset=\"https:\/\/autolivraria.com.br\/bc\/wp-content\/uploads\/2025\/02\/Quatro-Rodas-2-370x247.jpg 370w, https:\/\/autolivraria.com.br\/bc\/wp-content\/uploads\/2025\/02\/Quatro-Rodas-2-750x500.jpg 750w, https:\/\/autolivraria.com.br\/bc\/wp-content\/uploads\/2025\/02\/Quatro-Rodas-2.jpg 1024w\" data-sizes=\"(max-width: 370px) 100vw, 370px\" src=\"data:image\/svg+xml;base64,PHN2ZyB3aWR0aD0iMSIgaGVpZ2h0PSIxIiB4bWxucz0iaHR0cDovL3d3dy53My5vcmcvMjAwMC9zdmciPjwvc3ZnPg==\" style=\"--smush-placeholder-width: 370px; --smush-placeholder-aspect-ratio: 370\/247;\" \/><\/div>\n\t\t<\/a>\n\t\t\t\t<div class=\"elementor-post__text\">\n\t\t\t\t<h3 class=\"elementor-post__title\">\n\t\t\t<a href=\"https:\/\/autolivraria.com.br\/bc\/auto-livraria\/revistas-nacionais\/revista-quatro-rodas\/revistas-quatro-rodas-1975-1976-1977-1978-1979\/\" >\n\t\t\t\tQuatro Rodas de 1975 a 1979: Opala, Landau, Dodge, 147 e mais\t\t\t<\/a>\n\t\t<\/h3>\n\t\t\t\t<div class=\"elementor-post__excerpt\">\n\t\t\t<p>Grandes carros e motos em testes, corridas e edi\u00e7\u00f5es especiais dos anos 1970 &#8211; a partir de R$ 19<\/p>\n\t\t<\/div>\n\t\t\t\t<\/div>\n\t\t\t\t<\/article>\n\t\t\t\t<article class=\"elementor-post elementor-grid-item post-155195 post type-post status-publish format-standard has-post-thumbnail hentry category-al-volkswagen category-outras-revistas-nacionais tag-amarok tag-auto-livraria tag-beetle tag-bora tag-carros-do-passado tag-fox tag-fusca tag-jetta tag-jetta-highline-tsi tag-kombi tag-parati tag-passat-cc tag-passat-tsi tag-revistas-nacionais tag-saveiro tag-sp2 tag-touareg tag-volkswagen tag-voyage\">\n\t\t\t\t<a class=\"elementor-post__thumbnail__link\" href=\"https:\/\/autolivraria.com.br\/bc\/auto-livraria\/al-volkswagen\/revistas-volkswagen-noticias\/\" >\n\t\t\t<div class=\"elementor-post__thumbnail\"><img decoding=\"async\" width=\"370\" height=\"247\" data-src=\"https:\/\/autolivraria.com.br\/bc\/wp-content\/uploads\/2026\/08\/VW-Oficina-370x247.jpg\" class=\"attachment-medium size-medium wp-image-155264 lazyload\" alt=\"\" data-srcset=\"https:\/\/autolivraria.com.br\/bc\/wp-content\/uploads\/2026\/08\/VW-Oficina-370x247.jpg 370w, https:\/\/autolivraria.com.br\/bc\/wp-content\/uploads\/2026\/08\/VW-Oficina-750x500.jpg 750w, https:\/\/autolivraria.com.br\/bc\/wp-content\/uploads\/2026\/08\/VW-Oficina-150x100.jpg 150w, https:\/\/autolivraria.com.br\/bc\/wp-content\/uploads\/2026\/08\/VW-Oficina-330x220.jpg 330w, https:\/\/autolivraria.com.br\/bc\/wp-content\/uploads\/2026\/08\/VW-Oficina-420x280.jpg 420w, https:\/\/autolivraria.com.br\/bc\/wp-content\/uploads\/2026\/08\/VW-Oficina-510x340.jpg 510w, https:\/\/autolivraria.com.br\/bc\/wp-content\/uploads\/2026\/08\/VW-Oficina.jpg 1024w\" data-sizes=\"(max-width: 370px) 100vw, 370px\" src=\"data:image\/svg+xml;base64,PHN2ZyB3aWR0aD0iMSIgaGVpZ2h0PSIxIiB4bWxucz0iaHR0cDovL3d3dy53My5vcmcvMjAwMC9zdmciPjwvc3ZnPg==\" style=\"--smush-placeholder-width: 370px; --smush-placeholder-aspect-ratio: 370\/247;\" \/><\/div>\n\t\t<\/a>\n\t\t\t\t<div class=\"elementor-post__text\">\n\t\t\t\t<h3 class=\"elementor-post__title\">\n\t\t\t<a href=\"https:\/\/autolivraria.com.br\/bc\/auto-livraria\/al-volkswagen\/revistas-volkswagen-noticias\/\" >\n\t\t\t\tVolkswagen Not\u00edcias: revistas com lan\u00e7amentos marcantes da empresa\t\t\t<\/a>\n\t\t<\/h3>\n\t\t\t\t<div class=\"elementor-post__excerpt\">\n\t\t\t<p>Edi\u00e7\u00f5es da pr\u00f3pria VW com Kombi Last Edition, Passat CC, Amarok e outros &#8211; a partir de R$ 39<\/p>\n\t\t<\/div>\n\t\t\t\t<\/div>\n\t\t\t\t<\/article>\n\t\t\t\t<article class=\"elementor-post elementor-grid-item post-117094 post type-post status-publish format-standard has-post-thumbnail hentry category-outras-revistas-nacionais tag-auto-livraria tag-carros-do-passado tag-revistas-nacionais tag-salao-de-sao-paulo tag-salao-do-automovel\">\n\t\t\t\t<a class=\"elementor-post__thumbnail__link\" href=\"https:\/\/autolivraria.com.br\/bc\/auto-livraria\/revistas-nacionais\/outras-revistas-nacionais\/catalogos-salao-automovel-sao-paulo\/\" >\n\t\t\t<div class=\"elementor-post__thumbnail\"><img decoding=\"async\" width=\"370\" height=\"247\" data-src=\"https:\/\/autolivraria.com.br\/bc\/wp-content\/uploads\/2025\/08\/Salao-370x247.jpg\" class=\"attachment-medium size-medium wp-image-155149 lazyload\" alt=\"\" data-srcset=\"https:\/\/autolivraria.com.br\/bc\/wp-content\/uploads\/2025\/08\/Salao-370x247.jpg 370w, https:\/\/autolivraria.com.br\/bc\/wp-content\/uploads\/2025\/08\/Salao-750x500.jpg 750w, https:\/\/autolivraria.com.br\/bc\/wp-content\/uploads\/2025\/08\/Salao-150x100.jpg 150w, https:\/\/autolivraria.com.br\/bc\/wp-content\/uploads\/2025\/08\/Salao-330x220.jpg 330w, https:\/\/autolivraria.com.br\/bc\/wp-content\/uploads\/2025\/08\/Salao-420x280.jpg 420w, https:\/\/autolivraria.com.br\/bc\/wp-content\/uploads\/2025\/08\/Salao-510x340.jpg 510w, https:\/\/autolivraria.com.br\/bc\/wp-content\/uploads\/2025\/08\/Salao.jpg 1024w\" data-sizes=\"(max-width: 370px) 100vw, 370px\" src=\"data:image\/svg+xml;base64,PHN2ZyB3aWR0aD0iMSIgaGVpZ2h0PSIxIiB4bWxucz0iaHR0cDovL3d3dy53My5vcmcvMjAwMC9zdmciPjwvc3ZnPg==\" style=\"--smush-placeholder-width: 370px; --smush-placeholder-aspect-ratio: 370\/247;\" \/><\/div>\n\t\t<\/a>\n\t\t\t\t<div class=\"elementor-post__text\">\n\t\t\t\t<h3 class=\"elementor-post__title\">\n\t\t\t<a href=\"https:\/\/autolivraria.com.br\/bc\/auto-livraria\/revistas-nacionais\/outras-revistas-nacionais\/catalogos-salao-automovel-sao-paulo\/\" >\n\t\t\t\tSal\u00e3o do Autom\u00f3vel: cat\u00e1logos oficiais com os carros de cada ano\t\t\t<\/a>\n\t\t<\/h3>\n\t\t\t\t<div class=\"elementor-post__excerpt\">\n\t\t\t<p>Conhe\u00e7a ou relembre as novidades de cada edi\u00e7\u00e3o e a evolu\u00e7\u00e3o do mercado &#8211; R$ 79 cada<\/p>\n\t\t<\/div>\n\t\t\t\t<\/div>\n\t\t\t\t<\/article>\n\t\t\t\t<article class=\"elementor-post elementor-grid-item post-119809 post type-post status-publish format-standard has-post-thumbnail hentry category-revista-quatro-rodas tag-alfa-romeo-2300 tag-auto-livraria tag-belina tag-brasilia tag-carros-do-passado tag-charger tag-chevette tag-corcel tag-corcel-gt tag-dart tag-dodge-1800 tag-furia tag-galaxie tag-harley-davidson tag-karmann-ghia tag-karmann-ghia-tc tag-landau tag-maverick tag-maverick-gt tag-opala tag-puma tag-puma-gtb tag-puma-gte tag-rd-50 tag-revista-quatro-rodas tag-revistas-nacionais tag-sp2 tag-tl tag-variant tag-vw-sp2 tag-xavante\">\n\t\t\t\t<a class=\"elementor-post__thumbnail__link\" href=\"https:\/\/autolivraria.com.br\/bc\/auto-livraria\/revistas-nacionais\/revista-quatro-rodas\/revistas-quatro-rodas-1970-1971-1972-1973-1974\/\" >\n\t\t\t<div class=\"elementor-post__thumbnail\"><img decoding=\"async\" width=\"370\" height=\"247\" data-src=\"https:\/\/autolivraria.com.br\/bc\/wp-content\/uploads\/2025\/12\/Quatro-Rodas-370x247.jpg\" class=\"attachment-medium size-medium wp-image-153593 lazyload\" alt=\"\" data-srcset=\"https:\/\/autolivraria.com.br\/bc\/wp-content\/uploads\/2025\/12\/Quatro-Rodas-370x247.jpg 370w, https:\/\/autolivraria.com.br\/bc\/wp-content\/uploads\/2025\/12\/Quatro-Rodas-750x500.jpg 750w, https:\/\/autolivraria.com.br\/bc\/wp-content\/uploads\/2025\/12\/Quatro-Rodas-150x100.jpg 150w, https:\/\/autolivraria.com.br\/bc\/wp-content\/uploads\/2025\/12\/Quatro-Rodas-330x220.jpg 330w, https:\/\/autolivraria.com.br\/bc\/wp-content\/uploads\/2025\/12\/Quatro-Rodas-420x280.jpg 420w, https:\/\/autolivraria.com.br\/bc\/wp-content\/uploads\/2025\/12\/Quatro-Rodas-510x340.jpg 510w, https:\/\/autolivraria.com.br\/bc\/wp-content\/uploads\/2025\/12\/Quatro-Rodas.jpg 1024w\" data-sizes=\"(max-width: 370px) 100vw, 370px\" src=\"data:image\/svg+xml;base64,PHN2ZyB3aWR0aD0iMSIgaGVpZ2h0PSIxIiB4bWxucz0iaHR0cDovL3d3dy53My5vcmcvMjAwMC9zdmciPjwvc3ZnPg==\" style=\"--smush-placeholder-width: 370px; --smush-placeholder-aspect-ratio: 370\/247;\" \/><\/div>\n\t\t<\/a>\n\t\t\t\t<div class=\"elementor-post__text\">\n\t\t\t\t<h3 class=\"elementor-post__title\">\n\t\t\t<a href=\"https:\/\/autolivraria.com.br\/bc\/auto-livraria\/revistas-nacionais\/revista-quatro-rodas\/revistas-quatro-rodas-1970-1971-1972-1973-1974\/\" >\n\t\t\t\tQuatro Rodas de 1970 a 1974: SP2, &#8220;Bizorr\u00e3o&#8221;, Opala, Charger e mais\t\t\t<\/a>\n\t\t<\/h3>\n\t\t\t\t<div class=\"elementor-post__excerpt\">\n\t\t\t<p>Revistas Quatro Rodas com testes, turismo, corridas e carros marcantes dos anos 70 &#8211; a partir de R$ 19<\/p>\n\t\t<\/div>\n\t\t\t\t<\/div>\n\t\t\t\t<\/article>\n\t\t\t\t<article class=\"elementor-post elementor-grid-item post-119297 post type-post status-publish format-standard has-post-thumbnail hentry category-revista-quatro-rodas tag-aero-willys tag-auto-livraria tag-belcar tag-carros-do-passado tag-corcel tag-corcel-gt tag-dart tag-democrata tag-dkw tag-f-100 tag-fissore tag-fnm-2000 tag-fnm-2150 tag-fusca tag-galaxie tag-gurgel tag-interlagos tag-itamaraty tag-kombi tag-mustang tag-onca tag-opala tag-puma-gt tag-puma-gt4r tag-revista-quatro-rodas tag-revistas-nacionais tag-rural tag-variant tag-veraneio tag-vw-1600-l\">\n\t\t\t\t<a class=\"elementor-post__thumbnail__link\" href=\"https:\/\/autolivraria.com.br\/bc\/auto-livraria\/revistas-nacionais\/revista-quatro-rodas\/revistas-quatro-rodas-1965-1966-1967-1968-1969\/\" >\n\t\t\t<div class=\"elementor-post__thumbnail\"><img decoding=\"async\" width=\"370\" height=\"247\" data-src=\"https:\/\/autolivraria.com.br\/bc\/wp-content\/uploads\/2025\/03\/Quatro-Rodas-1-370x247.jpg\" class=\"attachment-medium size-medium wp-image-153811 lazyload\" alt=\"\" data-srcset=\"https:\/\/autolivraria.com.br\/bc\/wp-content\/uploads\/2025\/03\/Quatro-Rodas-1-370x247.jpg 370w, https:\/\/autolivraria.com.br\/bc\/wp-content\/uploads\/2025\/03\/Quatro-Rodas-1-750x500.jpg 750w, https:\/\/autolivraria.com.br\/bc\/wp-content\/uploads\/2025\/03\/Quatro-Rodas-1-150x100.jpg 150w, https:\/\/autolivraria.com.br\/bc\/wp-content\/uploads\/2025\/03\/Quatro-Rodas-1-330x220.jpg 330w, https:\/\/autolivraria.com.br\/bc\/wp-content\/uploads\/2025\/03\/Quatro-Rodas-1-420x280.jpg 420w, https:\/\/autolivraria.com.br\/bc\/wp-content\/uploads\/2025\/03\/Quatro-Rodas-1-510x340.jpg 510w, https:\/\/autolivraria.com.br\/bc\/wp-content\/uploads\/2025\/03\/Quatro-Rodas-1.jpg 1024w\" data-sizes=\"(max-width: 370px) 100vw, 370px\" src=\"data:image\/svg+xml;base64,PHN2ZyB3aWR0aD0iMSIgaGVpZ2h0PSIxIiB4bWxucz0iaHR0cDovL3d3dy53My5vcmcvMjAwMC9zdmciPjwvc3ZnPg==\" style=\"--smush-placeholder-width: 370px; --smush-placeholder-aspect-ratio: 370\/247;\" \/><\/div>\n\t\t<\/a>\n\t\t\t\t<div class=\"elementor-post__text\">\n\t\t\t\t<h3 class=\"elementor-post__title\">\n\t\t\t<a href=\"https:\/\/autolivraria.com.br\/bc\/auto-livraria\/revistas-nacionais\/revista-quatro-rodas\/revistas-quatro-rodas-1965-1966-1967-1968-1969\/\" >\n\t\t\t\tQuatro Rodas de 1965 a 1969: Galaxie, Opala, Dart, Fusca e mais\t\t\t<\/a>\n\t\t<\/h3>\n\t\t\t\t<div class=\"elementor-post__excerpt\">\n\t\t\t<p>Edi\u00e7\u00f5es com testes de carros memor\u00e1veis, mat\u00e9rias de turismo, segredos e servi\u00e7o &#8211; a partir de R$ 19<\/p>\n\t\t<\/div>\n\t\t\t\t<\/div>\n\t\t\t\t<\/article>\n\t\t\t\t<article class=\"elementor-post elementor-grid-item post-154437 post type-post status-publish format-standard has-post-thumbnail hentry category-revista-quatro-rodas tag-442 tag-300c tag-820 tag-360-modena tag-821 tag-911-turbo tag-a3 tag-a4 tag-alfa-romeo-147 tag-alfa-romeo-156 tag-astra tag-auto-livraria tag-blazer tag-bora tag-brava tag-carros-do-passado tag-cayenne tag-celta tag-chamonix tag-civic tag-classe-a tag-corolla tag-corsa tag-courier tag-defender tag-ecosport tag-explorer tag-f-250 tag-fiesta tag-fit tag-focus tag-fox tag-frontier tag-gol-turbo tag-golf tag-golf-gti tag-grand-cherokee tag-hilux tag-hilux-sw4 tag-ka tag-ka-xr tag-l200 tag-lancer-evolution tag-marea tag-marea-turbo tag-palio tag-palio-weekend tag-parati tag-passat tag-polo tag-pt-cruiser tag-quantum tag-range-rover tag-ranger tag-revista-quatro-rodas tag-revistas-nacionais tag-s-type tag-s10 tag-s80 tag-scenic tag-stilo tag-strada tag-vectra tag-xsara\">\n\t\t\t\t<a class=\"elementor-post__thumbnail__link\" href=\"https:\/\/autolivraria.com.br\/bc\/auto-livraria\/revistas-nacionais\/revista-quatro-rodas\/revistas-quatro-rodas-2000-2001-2002-2003-2004\/\" >\n\t\t\t<div class=\"elementor-post__thumbnail\"><img decoding=\"async\" width=\"370\" height=\"247\" data-src=\"https:\/\/autolivraria.com.br\/bc\/wp-content\/uploads\/2026\/12\/Quatro-Rodas-370x247.jpg\" class=\"attachment-medium size-medium wp-image-154561 lazyload\" alt=\"\" data-srcset=\"https:\/\/autolivraria.com.br\/bc\/wp-content\/uploads\/2026\/12\/Quatro-Rodas-370x247.jpg 370w, https:\/\/autolivraria.com.br\/bc\/wp-content\/uploads\/2026\/12\/Quatro-Rodas-750x500.jpg 750w, https:\/\/autolivraria.com.br\/bc\/wp-content\/uploads\/2026\/12\/Quatro-Rodas-150x100.jpg 150w, https:\/\/autolivraria.com.br\/bc\/wp-content\/uploads\/2026\/12\/Quatro-Rodas-330x220.jpg 330w, https:\/\/autolivraria.com.br\/bc\/wp-content\/uploads\/2026\/12\/Quatro-Rodas-420x280.jpg 420w, https:\/\/autolivraria.com.br\/bc\/wp-content\/uploads\/2026\/12\/Quatro-Rodas-510x340.jpg 510w, https:\/\/autolivraria.com.br\/bc\/wp-content\/uploads\/2026\/12\/Quatro-Rodas.jpg 1024w\" data-sizes=\"(max-width: 370px) 100vw, 370px\" src=\"data:image\/svg+xml;base64,PHN2ZyB3aWR0aD0iMSIgaGVpZ2h0PSIxIiB4bWxucz0iaHR0cDovL3d3dy53My5vcmcvMjAwMC9zdmciPjwvc3ZnPg==\" style=\"--smush-placeholder-width: 370px; --smush-placeholder-aspect-ratio: 370\/247;\" \/><\/div>\n\t\t<\/a>\n\t\t\t\t<div class=\"elementor-post__text\">\n\t\t\t\t<h3 class=\"elementor-post__title\">\n\t\t\t<a href=\"https:\/\/autolivraria.com.br\/bc\/auto-livraria\/revistas-nacionais\/revista-quatro-rodas\/revistas-quatro-rodas-2000-2001-2002-2003-2004\/\" >\n\t\t\t\tQuatro Rodas 2000 a 2004: Vectra, Golf, Stilo, Ecosport e muito mais\t\t\t<\/a>\n\t\t<\/h3>\n\t\t\t\t<div class=\"elementor-post__excerpt\">\n\t\t\t<p>Revistas com carros nacionais e importados e hist\u00f3rias de modelos antigos &#8211; a partir de R$ 15<\/p>\n\t\t<\/div>\n\t\t\t\t<\/div>\n\t\t\t\t<\/article>\n\t\t\t\t<\/div>\n\t\t\t\t<\/div>\n\t\t\t\t<\/div>\n\t\t\t\t<div class=\"elementor-element elementor-element-02602a8 elementor-align-center elementor-widget elementor-widget-button\" data-id=\"02602a8\" data-element_type=\"widget\" data-widget_type=\"button.default\">\n\t\t\t\t<div class=\"elementor-widget-container\">\n\t\t\t\t\t\t\t<div class=\"elementor-button-wrapper\">\n\t\t\t\t\t<a class=\"elementor-button elementor-button-link elementor-size-sm\" href=\"https:\/\/autolivraria.com.br\/bc\/category\/revistas-nacionais\/\">\n\t\t\t\t\t\t<span class=\"elementor-button-content-wrapper\">\n\t\t\t\t\t\t<span class=\"elementor-button-icon\">\n\t\t\t\t<i aria-hidden=\"true\" class=\"fas fa-angle-right\"><\/i>\t\t\t<\/span>\n\t\t\t\t\t\t\t\t\t<span class=\"elementor-button-text\">TODAS AS REVISTAS NACIONAIS<\/span>\n\t\t\t\t\t<\/span>\n\t\t\t\t\t<\/a>\n\t\t\t\t<\/div>\n\t\t\t\t\t\t<\/div>\n\t\t\t\t<\/div>\n\t\t\t\t\t<\/div>\n\t\t<\/div>\n\t\t\t\t\t<\/div>\n\t\t<\/section>\n\t\t\t\t<section class=\"elementor-section elementor-top-section elementor-element elementor-element-d27e577 elementor-section-boxed elementor-section-height-default elementor-section-height-default\" data-id=\"d27e577\" data-element_type=\"section\">\n\t\t\t\t\t\t<div class=\"elementor-container elementor-column-gap-default\">\n\t\t\t\t\t<div class=\"elementor-column elementor-col-100 elementor-top-column elementor-element elementor-element-4485605\" data-id=\"4485605\" data-element_type=\"column\" data-settings=\"{&quot;background_background&quot;:&quot;classic&quot;}\">\n\t\t\t<div class=\"elementor-widget-wrap elementor-element-populated\">\n\t\t\t\t\t\t<section class=\"elementor-section elementor-inner-section elementor-element elementor-element-e66e971 elementor-section-content-middle elementor-section-boxed elementor-section-height-default elementor-section-height-default\" data-id=\"e66e971\" data-element_type=\"section\">\n\t\t\t\t\t\t<div class=\"elementor-container elementor-column-gap-default\">\n\t\t\t\t\t<div class=\"elementor-column elementor-col-33 elementor-inner-column elementor-element elementor-element-7a46e55\" data-id=\"7a46e55\" data-element_type=\"column\">\n\t\t\t<div class=\"elementor-widget-wrap elementor-element-populated\">\n\t\t\t\t\t\t<div class=\"elementor-element elementor-element-8620483 elementor-align-left elementor-widget elementor-widget-button\" data-id=\"8620483\" data-element_type=\"widget\" data-widget_type=\"button.default\">\n\t\t\t\t<div class=\"elementor-widget-container\">\n\t\t\t\t\t\t\t<div class=\"elementor-button-wrapper\">\n\t\t\t\t\t<a class=\"elementor-button elementor-button-link elementor-size-lg\" href=\"https:\/\/autolivraria.com.br\/bc\/category\/auto-livraria\/quadros-decorativos\/\">\n\t\t\t\t\t\t<span class=\"elementor-button-content-wrapper\">\n\t\t\t\t\t\t\t\t\t<span class=\"elementor-button-text\">QUADROS DECORATIVOS<\/span>\n\t\t\t\t\t<\/span>\n\t\t\t\t\t<\/a>\n\t\t\t\t<\/div>\n\t\t\t\t\t\t<\/div>\n\t\t\t\t<\/div>\n\t\t\t\t\t<\/div>\n\t\t<\/div>\n\t\t\t\t<div class=\"elementor-column elementor-col-66 elementor-inner-column elementor-element elementor-element-4a64af6\" data-id=\"4a64af6\" data-element_type=\"column\">\n\t\t\t<div class=\"elementor-widget-wrap elementor-element-populated\">\n\t\t\t\t\t\t<div class=\"elementor-element elementor-element-a0e406d elementor-widget elementor-widget-heading\" data-id=\"a0e406d\" data-element_type=\"widget\" data-widget_type=\"heading.default\">\n\t\t\t\t<div class=\"elementor-widget-container\">\n\t\t\t<h3 class=\"elementor-heading-title elementor-size-default\">Suas paix\u00f5es na parede de casa, escrit\u00f3rio ou garagem\u200b<\/h3>\t\t<\/div>\n\t\t\t\t<\/div>\n\t\t\t\t\t<\/div>\n\t\t<\/div>\n\t\t\t\t\t<\/div>\n\t\t<\/section>\n\t\t\t\t<div class=\"elementor-element elementor-element-f71f726 elementor-grid-3 elementor-grid-tablet-2 elementor-grid-mobile-1 elementor-posts--thumbnail-top elementor-widget elementor-widget-posts\" data-id=\"f71f726\" data-element_type=\"widget\" data-settings=\"{&quot;classic_row_gap&quot;:{&quot;unit&quot;:&quot;px&quot;,&quot;size&quot;:30,&quot;sizes&quot;:[]},&quot;classic_columns&quot;:&quot;3&quot;,&quot;classic_columns_tablet&quot;:&quot;2&quot;,&quot;classic_columns_mobile&quot;:&quot;1&quot;}\" data-widget_type=\"posts.classic\">\n\t\t\t\t<div class=\"elementor-widget-container\">\n\t\t\t\t\t<div class=\"elementor-posts-container elementor-posts elementor-posts--skin-classic elementor-grid\">\n\t\t\t\t<article class=\"elementor-post elementor-grid-item post-132116 post type-post status-publish format-standard has-post-thumbnail hentry category-al-volkswagen category-quadros-decorativos tag-auto-livraria tag-carros-do-passado tag-passat tag-passat-gts-pointer tag-passat-ts tag-quadros-volkswagen tag-quadros-decorativos tag-volkswagen\">\n\t\t\t\t<a class=\"elementor-post__thumbnail__link\" href=\"https:\/\/autolivraria.com.br\/bc\/auto-livraria\/al-volkswagen\/quadros-decorativos-vw-passat-ls-lse-ts-gts-pointer\/\" >\n\t\t\t<div class=\"elementor-post__thumbnail\"><img decoding=\"async\" width=\"370\" height=\"247\" data-src=\"https:\/\/autolivraria.com.br\/bc\/wp-content\/uploads\/2025\/09\/Passat-370x247.jpg\" class=\"attachment-medium size-medium wp-image-155347 lazyload\" alt=\"\" data-srcset=\"https:\/\/autolivraria.com.br\/bc\/wp-content\/uploads\/2025\/09\/Passat-370x247.jpg 370w, https:\/\/autolivraria.com.br\/bc\/wp-content\/uploads\/2025\/09\/Passat-750x500.jpg 750w, https:\/\/autolivraria.com.br\/bc\/wp-content\/uploads\/2025\/09\/Passat-150x100.jpg 150w, https:\/\/autolivraria.com.br\/bc\/wp-content\/uploads\/2025\/09\/Passat-330x220.jpg 330w, https:\/\/autolivraria.com.br\/bc\/wp-content\/uploads\/2025\/09\/Passat-420x280.jpg 420w, https:\/\/autolivraria.com.br\/bc\/wp-content\/uploads\/2025\/09\/Passat-510x340.jpg 510w, https:\/\/autolivraria.com.br\/bc\/wp-content\/uploads\/2025\/09\/Passat.jpg 1024w\" data-sizes=\"(max-width: 370px) 100vw, 370px\" src=\"data:image\/svg+xml;base64,PHN2ZyB3aWR0aD0iMSIgaGVpZ2h0PSIxIiB4bWxucz0iaHR0cDovL3d3dy53My5vcmcvMjAwMC9zdmciPjwvc3ZnPg==\" style=\"--smush-placeholder-width: 370px; --smush-placeholder-aspect-ratio: 370\/247;\" \/><\/div>\n\t\t<\/a>\n\t\t\t\t<div class=\"elementor-post__text\">\n\t\t\t\t<h3 class=\"elementor-post__title\">\n\t\t\t<a href=\"https:\/\/autolivraria.com.br\/bc\/auto-livraria\/al-volkswagen\/quadros-decorativos-vw-passat-ls-lse-ts-gts-pointer\/\" >\n\t\t\t\tPassat: quadros do Volkswagen que causou uma revolu\u00e7\u00e3o\t\t\t<\/a>\n\t\t<\/h3>\n\t\t\t\t<div class=\"elementor-post__excerpt\">\n\t\t\t<p>Coloque na parede o Passat nacional com propagandas e mat\u00e9rias de 1974 a 1988 &#8211; a partir de R$ 109<\/p>\n\t\t<\/div>\n\t\t\t\t<\/div>\n\t\t\t\t<\/article>\n\t\t\t\t<article class=\"elementor-post elementor-grid-item post-128714 post type-post status-publish format-standard has-post-thumbnail hentry category-al-dkw-vemag category-quadros-decorativos tag-auto-livraria tag-belcar tag-candango tag-carros-do-passado tag-dkw tag-dkw-vemag tag-fissore tag-quadros-dkw-vemag tag-quadros-decorativos tag-vemaguet\">\n\t\t\t\t<a class=\"elementor-post__thumbnail__link\" href=\"https:\/\/autolivraria.com.br\/bc\/auto-livraria\/al-dkw-vemag\/quadros-propagandas-dkw-belcar-vemaguet-fissore-candango\/\" >\n\t\t\t<div class=\"elementor-post__thumbnail\"><img decoding=\"async\" width=\"370\" height=\"247\" data-src=\"https:\/\/autolivraria.com.br\/bc\/wp-content\/uploads\/2023\/02\/DKW-370x247.jpg\" class=\"attachment-medium size-medium wp-image-136842 lazyload\" alt=\"\" data-srcset=\"https:\/\/autolivraria.com.br\/bc\/wp-content\/uploads\/2023\/02\/DKW-370x247.jpg 370w, https:\/\/autolivraria.com.br\/bc\/wp-content\/uploads\/2023\/02\/DKW-750x500.jpg 750w, https:\/\/autolivraria.com.br\/bc\/wp-content\/uploads\/2023\/02\/DKW.jpg 1024w\" data-sizes=\"(max-width: 370px) 100vw, 370px\" src=\"data:image\/svg+xml;base64,PHN2ZyB3aWR0aD0iMSIgaGVpZ2h0PSIxIiB4bWxucz0iaHR0cDovL3d3dy53My5vcmcvMjAwMC9zdmciPjwvc3ZnPg==\" style=\"--smush-placeholder-width: 370px; --smush-placeholder-aspect-ratio: 370\/247;\" \/><\/div>\n\t\t<\/a>\n\t\t\t\t<div class=\"elementor-post__text\">\n\t\t\t\t<h3 class=\"elementor-post__title\">\n\t\t\t<a href=\"https:\/\/autolivraria.com.br\/bc\/auto-livraria\/al-dkw-vemag\/quadros-propagandas-dkw-belcar-vemaguet-fissore-candango\/\" >\n\t\t\t\tDKW-Vemag: quadros com Belcar, Vemaguet, Fissore e Candango\t\t\t<\/a>\n\t\t<\/h3>\n\t\t\t\t<div class=\"elementor-post__excerpt\">\n\t\t\t<p>Quadros decorativos com an\u00fancios e mat\u00e9rias da linha em revistas da \u00e9poca &#8211; a partir de R$ 109<\/p>\n\t\t<\/div>\n\t\t\t\t<\/div>\n\t\t\t\t<\/article>\n\t\t\t\t<article class=\"elementor-post elementor-grid-item post-131795 post type-post status-publish format-standard has-post-thumbnail hentry category-al-mitsubishi category-quadros-decorativos tag-4x4 tag-auto-livraria tag-carros-do-passado tag-l200 tag-l200-gls tag-l200-outdoor tag-l200-savana tag-l200-sport tag-l200-triton tag-mitsubishi tag-picape tag-quadros-mitsubishi tag-quadros-decorativos\">\n\t\t\t\t<a class=\"elementor-post__thumbnail__link\" href=\"https:\/\/autolivraria.com.br\/bc\/auto-livraria\/al-mitsubishi\/quadros-decorativos-mitsubishi-l200-triton-outdoor-sport\/\" >\n\t\t\t<div class=\"elementor-post__thumbnail\"><img decoding=\"async\" width=\"370\" height=\"247\" data-src=\"https:\/\/autolivraria.com.br\/bc\/wp-content\/uploads\/2025\/10\/L200-370x247.jpg\" class=\"attachment-medium size-medium wp-image-155145 lazyload\" alt=\"\" data-srcset=\"https:\/\/autolivraria.com.br\/bc\/wp-content\/uploads\/2025\/10\/L200-370x247.jpg 370w, https:\/\/autolivraria.com.br\/bc\/wp-content\/uploads\/2025\/10\/L200-750x500.jpg 750w, https:\/\/autolivraria.com.br\/bc\/wp-content\/uploads\/2025\/10\/L200-150x100.jpg 150w, https:\/\/autolivraria.com.br\/bc\/wp-content\/uploads\/2025\/10\/L200-330x220.jpg 330w, https:\/\/autolivraria.com.br\/bc\/wp-content\/uploads\/2025\/10\/L200-420x280.jpg 420w, https:\/\/autolivraria.com.br\/bc\/wp-content\/uploads\/2025\/10\/L200-510x340.jpg 510w, https:\/\/autolivraria.com.br\/bc\/wp-content\/uploads\/2025\/10\/L200.jpg 1024w\" data-sizes=\"(max-width: 370px) 100vw, 370px\" src=\"data:image\/svg+xml;base64,PHN2ZyB3aWR0aD0iMSIgaGVpZ2h0PSIxIiB4bWxucz0iaHR0cDovL3d3dy53My5vcmcvMjAwMC9zdmciPjwvc3ZnPg==\" style=\"--smush-placeholder-width: 370px; --smush-placeholder-aspect-ratio: 370\/247;\" \/><\/div>\n\t\t<\/a>\n\t\t\t\t<div class=\"elementor-post__text\">\n\t\t\t\t<h3 class=\"elementor-post__title\">\n\t\t\t<a href=\"https:\/\/autolivraria.com.br\/bc\/auto-livraria\/al-mitsubishi\/quadros-decorativos-mitsubishi-l200-triton-outdoor-sport\/\" >\n\t\t\t\tMitsubishi L200: quadros decorativos da picape em v\u00e1rias gera\u00e7\u00f5es\t\t\t<\/a>\n\t\t<\/h3>\n\t\t\t\t<div class=\"elementor-post__excerpt\">\n\t\t\t<p>Propagandas e mat\u00e9rias da &#8220;quadrada&#8221;, Sport, Triton e outras em quadros de dois formatos &#8211; a partir de R$ 109<\/p>\n\t\t<\/div>\n\t\t\t\t<\/div>\n\t\t\t\t<\/article>\n\t\t\t\t<\/div>\n\t\t\t\t<\/div>\n\t\t\t\t<\/div>\n\t\t\t\t<div class=\"elementor-element elementor-element-07182cc elementor-grid-4 elementor-grid-tablet-2 elementor-grid-mobile-1 elementor-posts--thumbnail-top elementor-widget elementor-widget-posts\" data-id=\"07182cc\" data-element_type=\"widget\" data-settings=\"{&quot;classic_row_gap&quot;:{&quot;unit&quot;:&quot;px&quot;,&quot;size&quot;:30,&quot;sizes&quot;:[]},&quot;classic_columns&quot;:&quot;4&quot;,&quot;classic_columns_tablet&quot;:&quot;2&quot;,&quot;classic_columns_mobile&quot;:&quot;1&quot;}\" data-widget_type=\"posts.classic\">\n\t\t\t\t<div class=\"elementor-widget-container\">\n\t\t\t\t\t<div class=\"elementor-posts-container elementor-posts elementor-posts--skin-classic elementor-grid\">\n\t\t\t\t<article class=\"elementor-post elementor-grid-item post-148925 post type-post status-publish format-standard has-post-thumbnail hentry category-al-motos category-quadros-decorativos tag-auto-livraria tag-cb-125 tag-cb-50 tag-cb-750 tag-honda-motos tag-motos-2 tag-motos-do-passado tag-quadros-honda-motos tag-quadros-decorativos\">\n\t\t\t\t<a class=\"elementor-post__thumbnail__link\" href=\"https:\/\/autolivraria.com.br\/bc\/auto-livraria\/al-motos\/honda-cb50-cb350-cb750f-quadros-decorativos\/\" >\n\t\t\t<div class=\"elementor-post__thumbnail\"><img decoding=\"async\" width=\"370\" height=\"247\" data-src=\"https:\/\/autolivraria.com.br\/bc\/wp-content\/uploads\/2024\/12\/Honda-imp-370x247.jpg\" class=\"attachment-medium size-medium wp-image-152431 lazyload\" alt=\"\" data-srcset=\"https:\/\/autolivraria.com.br\/bc\/wp-content\/uploads\/2024\/12\/Honda-imp-370x247.jpg 370w, https:\/\/autolivraria.com.br\/bc\/wp-content\/uploads\/2024\/12\/Honda-imp-750x500.jpg 750w, https:\/\/autolivraria.com.br\/bc\/wp-content\/uploads\/2024\/12\/Honda-imp-150x100.jpg 150w, https:\/\/autolivraria.com.br\/bc\/wp-content\/uploads\/2024\/12\/Honda-imp-330x220.jpg 330w, https:\/\/autolivraria.com.br\/bc\/wp-content\/uploads\/2024\/12\/Honda-imp-420x280.jpg 420w, https:\/\/autolivraria.com.br\/bc\/wp-content\/uploads\/2024\/12\/Honda-imp-510x340.jpg 510w, https:\/\/autolivraria.com.br\/bc\/wp-content\/uploads\/2024\/12\/Honda-imp.jpg 1024w\" data-sizes=\"(max-width: 370px) 100vw, 370px\" src=\"data:image\/svg+xml;base64,PHN2ZyB3aWR0aD0iMSIgaGVpZ2h0PSIxIiB4bWxucz0iaHR0cDovL3d3dy53My5vcmcvMjAwMC9zdmciPjwvc3ZnPg==\" style=\"--smush-placeholder-width: 370px; --smush-placeholder-aspect-ratio: 370\/247;\" \/><\/div>\n\t\t<\/a>\n\t\t\t\t<div class=\"elementor-post__text\">\n\t\t\t\t<h3 class=\"elementor-post__title\">\n\t\t\t<a href=\"https:\/\/autolivraria.com.br\/bc\/auto-livraria\/al-motos\/honda-cb50-cb350-cb750f-quadros-decorativos\/\" >\n\t\t\t\tHonda: quadros com CB 50, CB 750 Four e outras motos antigas\t\t\t<\/a>\n\t\t<\/h3>\n\t\t\t\t<div class=\"elementor-post__excerpt\">\n\t\t\t<p>Modelos importados dos anos 70 em quadros decorativos com propagandas e mat\u00e9rias &#8211; a partir de R$ 109<\/p>\n\t\t<\/div>\n\t\t\t\t<\/div>\n\t\t\t\t<\/article>\n\t\t\t\t<article class=\"elementor-post elementor-grid-item post-141589 post type-post status-publish format-standard has-post-thumbnail hentry category-al-outras-marcas category-quadros-decorativos tag-auto-livraria tag-carajas tag-carro-fora-de-serie tag-carros-do-passado tag-gurgel tag-quadros-outras-marcas tag-quadros-decorativos tag-supermini tag-x12 tag-xavante\">\n\t\t\t\t<a class=\"elementor-post__thumbnail__link\" href=\"https:\/\/autolivraria.com.br\/bc\/auto-livraria\/al-outras-marcas\/gurgel-x12-xavante-carajas-br800-supermini\/\" >\n\t\t\t<div class=\"elementor-post__thumbnail\"><img decoding=\"async\" width=\"370\" height=\"247\" data-src=\"https:\/\/autolivraria.com.br\/bc\/wp-content\/uploads\/2023\/05\/Gurgel-370x247.jpg\" class=\"attachment-medium size-medium wp-image-141604 lazyload\" alt=\"\" data-srcset=\"https:\/\/autolivraria.com.br\/bc\/wp-content\/uploads\/2023\/05\/Gurgel-370x247.jpg 370w, https:\/\/autolivraria.com.br\/bc\/wp-content\/uploads\/2023\/05\/Gurgel-750x500.jpg 750w, https:\/\/autolivraria.com.br\/bc\/wp-content\/uploads\/2023\/05\/Gurgel.jpg 1024w\" data-sizes=\"(max-width: 370px) 100vw, 370px\" src=\"data:image\/svg+xml;base64,PHN2ZyB3aWR0aD0iMSIgaGVpZ2h0PSIxIiB4bWxucz0iaHR0cDovL3d3dy53My5vcmcvMjAwMC9zdmciPjwvc3ZnPg==\" style=\"--smush-placeholder-width: 370px; --smush-placeholder-aspect-ratio: 370\/247;\" \/><\/div>\n\t\t<\/a>\n\t\t\t\t<div class=\"elementor-post__text\">\n\t\t\t\t<h3 class=\"elementor-post__title\">\n\t\t\t<a href=\"https:\/\/autolivraria.com.br\/bc\/auto-livraria\/al-outras-marcas\/gurgel-x12-xavante-carajas-br800-supermini\/\" >\n\t\t\t\tGurgel: X-12, Caraj\u00e1s, BR-800 e outros em quadros decorativos\t\t\t<\/a>\n\t\t<\/h3>\n\t\t\t\t<div class=\"elementor-post__excerpt\">\n\t\t\t<p>Quadros decorativos com carros e jipes de uma empresa 100% brasileira &#8211; a partir de R$ 109<\/p>\n\t\t<\/div>\n\t\t\t\t<\/div>\n\t\t\t\t<\/article>\n\t\t\t\t<article class=\"elementor-post elementor-grid-item post-154811 post type-post status-publish format-standard has-post-thumbnail hentry category-al-volkswagen category-quadros-decorativos tag-auto-livraria tag-carros-do-passado tag-polo tag-polo-gti tag-polo-highline tag-quadros-volkswagen tag-quadros-decorativos tag-virtus tag-volkswagen\">\n\t\t\t\t<a class=\"elementor-post__thumbnail__link\" href=\"https:\/\/autolivraria.com.br\/bc\/auto-livraria\/al-volkswagen\/volkswagen-polo-virtus-quadros-propagandas\/\" >\n\t\t\t<div class=\"elementor-post__thumbnail\"><img decoding=\"async\" width=\"370\" height=\"247\" data-src=\"https:\/\/autolivraria.com.br\/bc\/wp-content\/uploads\/2026\/12\/Polo-370x247.jpg\" class=\"attachment-medium size-medium wp-image-154821 lazyload\" alt=\"\" data-srcset=\"https:\/\/autolivraria.com.br\/bc\/wp-content\/uploads\/2026\/12\/Polo-370x247.jpg 370w, https:\/\/autolivraria.com.br\/bc\/wp-content\/uploads\/2026\/12\/Polo-750x500.jpg 750w, https:\/\/autolivraria.com.br\/bc\/wp-content\/uploads\/2026\/12\/Polo-150x100.jpg 150w, https:\/\/autolivraria.com.br\/bc\/wp-content\/uploads\/2026\/12\/Polo-330x220.jpg 330w, https:\/\/autolivraria.com.br\/bc\/wp-content\/uploads\/2026\/12\/Polo-420x280.jpg 420w, https:\/\/autolivraria.com.br\/bc\/wp-content\/uploads\/2026\/12\/Polo-510x340.jpg 510w, https:\/\/autolivraria.com.br\/bc\/wp-content\/uploads\/2026\/12\/Polo.jpg 1024w\" data-sizes=\"(max-width: 370px) 100vw, 370px\" src=\"data:image\/svg+xml;base64,PHN2ZyB3aWR0aD0iMSIgaGVpZ2h0PSIxIiB4bWxucz0iaHR0cDovL3d3dy53My5vcmcvMjAwMC9zdmciPjwvc3ZnPg==\" style=\"--smush-placeholder-width: 370px; --smush-placeholder-aspect-ratio: 370\/247;\" \/><\/div>\n\t\t<\/a>\n\t\t\t\t<div class=\"elementor-post__text\">\n\t\t\t\t<h3 class=\"elementor-post__title\">\n\t\t\t<a href=\"https:\/\/autolivraria.com.br\/bc\/auto-livraria\/al-volkswagen\/volkswagen-polo-virtus-quadros-propagandas\/\" >\n\t\t\t\tVW Polo: quadros decorativos com duas gera\u00e7\u00f5es e o Virtus\t\t\t<\/a>\n\t\t<\/h3>\n\t\t\t\t<div class=\"elementor-post__excerpt\">\n\t\t\t<p>Quadros grandes com Polo hatch, GTI, Sedan e Virtus em mat\u00e9rias e propagandas &#8211; a partir de R$ 109<\/p>\n\t\t<\/div>\n\t\t\t\t<\/div>\n\t\t\t\t<\/article>\n\t\t\t\t<article class=\"elementor-post elementor-grid-item post-130703 post type-post status-publish format-standard has-post-thumbnail hentry category-al-ford category-quadros-decorativos tag-auto-livraria tag-carros-do-passado tag-ford-3 tag-picape tag-quadros-ford tag-quadros-decorativos tag-ranger tag-ranger-limited tag-ranger-sport tag-ranger-xlt\">\n\t\t\t\t<a class=\"elementor-post__thumbnail__link\" href=\"https:\/\/autolivraria.com.br\/bc\/auto-livraria\/al-ford\/ford-ranger-quadros-decorativos\/\" >\n\t\t\t<div class=\"elementor-post__thumbnail\"><img decoding=\"async\" width=\"370\" height=\"247\" data-src=\"https:\/\/autolivraria.com.br\/bc\/wp-content\/uploads\/2026\/08\/Ranger-370x247.jpg\" class=\"attachment-medium size-medium wp-image-154947 lazyload\" alt=\"\" data-srcset=\"https:\/\/autolivraria.com.br\/bc\/wp-content\/uploads\/2026\/08\/Ranger-370x247.jpg 370w, https:\/\/autolivraria.com.br\/bc\/wp-content\/uploads\/2026\/08\/Ranger-750x500.jpg 750w, https:\/\/autolivraria.com.br\/bc\/wp-content\/uploads\/2026\/08\/Ranger-150x100.jpg 150w, https:\/\/autolivraria.com.br\/bc\/wp-content\/uploads\/2026\/08\/Ranger-330x220.jpg 330w, https:\/\/autolivraria.com.br\/bc\/wp-content\/uploads\/2026\/08\/Ranger-420x280.jpg 420w, https:\/\/autolivraria.com.br\/bc\/wp-content\/uploads\/2026\/08\/Ranger-510x340.jpg 510w, https:\/\/autolivraria.com.br\/bc\/wp-content\/uploads\/2026\/08\/Ranger.jpg 1024w\" data-sizes=\"(max-width: 370px) 100vw, 370px\" src=\"data:image\/svg+xml;base64,PHN2ZyB3aWR0aD0iMSIgaGVpZ2h0PSIxIiB4bWxucz0iaHR0cDovL3d3dy53My5vcmcvMjAwMC9zdmciPjwvc3ZnPg==\" style=\"--smush-placeholder-width: 370px; --smush-placeholder-aspect-ratio: 370\/247;\" \/><\/div>\n\t\t<\/a>\n\t\t\t\t<div class=\"elementor-post__text\">\n\t\t\t\t<h3 class=\"elementor-post__title\">\n\t\t\t<a href=\"https:\/\/autolivraria.com.br\/bc\/auto-livraria\/al-ford\/ford-ranger-quadros-decorativos\/\" >\n\t\t\t\tFord Ranger: quadros com 25 anos de hist\u00f3ria da picape\t\t\t<\/a>\n\t\t<\/h3>\n\t\t\t\t<div class=\"elementor-post__excerpt\">\n\t\t\t<p>Quadros decorativos com propagandas e mat\u00e9rias de \u00e9poca desde os anos 90 &#8211; a partir de R$ 109<\/p>\n\t\t<\/div>\n\t\t\t\t<\/div>\n\t\t\t\t<\/article>\n\t\t\t\t<\/div>\n\t\t\t\t<\/div>\n\t\t\t\t<\/div>\n\t\t\t\t<div class=\"elementor-element elementor-element-6b063f5 elementor-align-center elementor-widget elementor-widget-button\" data-id=\"6b063f5\" data-element_type=\"widget\" data-widget_type=\"button.default\">\n\t\t\t\t<div class=\"elementor-widget-container\">\n\t\t\t\t\t\t\t<div class=\"elementor-button-wrapper\">\n\t\t\t\t\t<a class=\"elementor-button elementor-button-link elementor-size-sm\" href=\"https:\/\/autolivraria.com.br\/bc\/category\/auto-livraria\/quadros-decorativos\/\">\n\t\t\t\t\t\t<span class=\"elementor-button-content-wrapper\">\n\t\t\t\t\t\t<span class=\"elementor-button-icon\">\n\t\t\t\t<i aria-hidden=\"true\" class=\"fas fa-angle-right\"><\/i>\t\t\t<\/span>\n\t\t\t\t\t\t\t\t\t<span class=\"elementor-button-text\">TODOS OS QUADROS DECORATIVOS<\/span>\n\t\t\t\t\t<\/span>\n\t\t\t\t\t<\/a>\n\t\t\t\t<\/div>\n\t\t\t\t\t\t<\/div>\n\t\t\t\t<\/div>\n\t\t\t\t\t<\/div>\n\t\t<\/div>\n\t\t\t\t\t<\/div>\n\t\t<\/section>\n\t\t\t\t<section class=\"elementor-section elementor-top-section elementor-element elementor-element-f067415 elementor-section-boxed elementor-section-height-default elementor-section-height-default\" data-id=\"f067415\" data-element_type=\"section\" data-settings=\"{&quot;background_background&quot;:&quot;classic&quot;}\">\n\t\t\t\t\t\t<div class=\"elementor-container elementor-column-gap-default\">\n\t\t\t\t\t<div class=\"elementor-column elementor-col-100 elementor-top-column elementor-element elementor-element-968783c\" data-id=\"968783c\" data-element_type=\"column\" data-settings=\"{&quot;background_background&quot;:&quot;classic&quot;}\">\n\t\t\t<div class=\"elementor-widget-wrap elementor-element-populated\">\n\t\t\t\t\t\t<section class=\"elementor-section elementor-inner-section elementor-element elementor-element-ab46373 elementor-section-content-middle elementor-section-boxed elementor-section-height-default elementor-section-height-default\" data-id=\"ab46373\" data-element_type=\"section\">\n\t\t\t\t\t\t<div class=\"elementor-container elementor-column-gap-default\">\n\t\t\t\t\t<div class=\"elementor-column elementor-col-33 elementor-inner-column elementor-element elementor-element-62b2710\" data-id=\"62b2710\" data-element_type=\"column\">\n\t\t\t<div class=\"elementor-widget-wrap elementor-element-populated\">\n\t\t\t\t\t\t<div class=\"elementor-element elementor-element-e3dba65 elementor-align-left elementor-widget elementor-widget-button\" data-id=\"e3dba65\" data-element_type=\"widget\" data-widget_type=\"button.default\">\n\t\t\t\t<div class=\"elementor-widget-container\">\n\t\t\t\t\t\t\t<div class=\"elementor-button-wrapper\">\n\t\t\t\t\t<a class=\"elementor-button elementor-button-link elementor-size-lg\" href=\"https:\/\/bestcars.com.br\/bc\/category\/revistas-importadas\/\">\n\t\t\t\t\t\t<span class=\"elementor-button-content-wrapper\">\n\t\t\t\t\t\t\t\t\t<span class=\"elementor-button-text\">REVISTAS IMPORTADAS<\/span>\n\t\t\t\t\t<\/span>\n\t\t\t\t\t<\/a>\n\t\t\t\t<\/div>\n\t\t\t\t\t\t<\/div>\n\t\t\t\t<\/div>\n\t\t\t\t\t<\/div>\n\t\t<\/div>\n\t\t\t\t<div class=\"elementor-column elementor-col-66 elementor-inner-column elementor-element elementor-element-9b02f63\" data-id=\"9b02f63\" data-element_type=\"column\">\n\t\t\t<div class=\"elementor-widget-wrap elementor-element-populated\">\n\t\t\t\t\t\t<div class=\"elementor-element elementor-element-e7795d3 elementor-widget elementor-widget-heading\" data-id=\"e7795d3\" data-element_type=\"widget\" data-widget_type=\"heading.default\">\n\t\t\t\t<div class=\"elementor-widget-container\">\n\t\t\t<h3 class=\"elementor-heading-title elementor-size-default\">Grandes carros em publica\u00e7\u00f5es de renome mundial\u200b<\/h3>\t\t<\/div>\n\t\t\t\t<\/div>\n\t\t\t\t\t<\/div>\n\t\t<\/div>\n\t\t\t\t\t<\/div>\n\t\t<\/section>\n\t\t\t\t<div class=\"elementor-element elementor-element-33755dc elementor-grid-3 elementor-grid-tablet-2 elementor-grid-mobile-1 elementor-posts--thumbnail-top elementor-widget elementor-widget-posts\" data-id=\"33755dc\" data-element_type=\"widget\" data-settings=\"{&quot;classic_row_gap&quot;:{&quot;unit&quot;:&quot;px&quot;,&quot;size&quot;:30,&quot;sizes&quot;:[]},&quot;classic_columns&quot;:&quot;3&quot;,&quot;classic_columns_tablet&quot;:&quot;2&quot;,&quot;classic_columns_mobile&quot;:&quot;1&quot;}\" data-widget_type=\"posts.classic\">\n\t\t\t\t<div class=\"elementor-widget-container\">\n\t\t\t\t\t<div class=\"elementor-posts-container elementor-posts elementor-posts--skin-classic elementor-grid\">\n\t\t\t\t<article class=\"elementor-post elementor-grid-item post-146869 post type-post status-publish format-standard has-post-thumbnail hentry category-revistas-importadas tag-456 tag-auto-livraria tag-boxster tag-charger tag-corvette tag-ferrari tag-golf-gti tag-grand-cherokee-srt tag-mini-john-cooper-works tag-mustang tag-porsche tag-revista-car-and-driver tag-revista-road-track tag-revistas-importadas tag-serie-3 tag-veyron tag-viper tag-x5 tag-z3\">\n\t\t\t\t<a class=\"elementor-post__thumbnail__link\" href=\"https:\/\/autolivraria.com.br\/bc\/auto-livraria\/revistas-importadas\/revistas-americanas-car-driver-road-track\/\" >\n\t\t\t<div class=\"elementor-post__thumbnail\"><img decoding=\"async\" width=\"370\" height=\"247\" data-src=\"https:\/\/autolivraria.com.br\/bc\/wp-content\/uploads\/2024\/05\/Car-and-Driver-370x247.jpg\" class=\"attachment-medium size-medium wp-image-146898 lazyload\" alt=\"\" data-srcset=\"https:\/\/autolivraria.com.br\/bc\/wp-content\/uploads\/2024\/05\/Car-and-Driver-370x247.jpg 370w, https:\/\/autolivraria.com.br\/bc\/wp-content\/uploads\/2024\/05\/Car-and-Driver-750x500.jpg 750w, https:\/\/autolivraria.com.br\/bc\/wp-content\/uploads\/2024\/05\/Car-and-Driver.jpg 1024w\" data-sizes=\"(max-width: 370px) 100vw, 370px\" src=\"data:image\/svg+xml;base64,PHN2ZyB3aWR0aD0iMSIgaGVpZ2h0PSIxIiB4bWxucz0iaHR0cDovL3d3dy53My5vcmcvMjAwMC9zdmciPjwvc3ZnPg==\" style=\"--smush-placeholder-width: 370px; --smush-placeholder-aspect-ratio: 370\/247;\" \/><\/div>\n\t\t<\/a>\n\t\t\t\t<div class=\"elementor-post__text\">\n\t\t\t\t<h3 class=\"elementor-post__title\">\n\t\t\t<a href=\"https:\/\/autolivraria.com.br\/bc\/auto-livraria\/revistas-importadas\/revistas-americanas-car-driver-road-track\/\" >\n\t\t\t\tAmericanas: Car and Driver e Road &amp; Track desde os anos 90\t\t\t<\/a>\n\t\t<\/h3>\n\t\t\t\t<div class=\"elementor-post__excerpt\">\n\t\t\t<p>Edi\u00e7\u00f5es em ingl\u00eas com grandes esportivos, SUVs e carros de luxo &#8211; a partir de R$ 19<\/p>\n\t\t<\/div>\n\t\t\t\t<\/div>\n\t\t\t\t<\/article>\n\t\t\t\t<article class=\"elementor-post elementor-grid-item post-152685 post type-post status-publish format-standard has-post-thumbnail hentry category-revistas-importadas tag-300-sl tag-alfa-romeo tag-aston-martin tag-bentley tag-corvette tag-countach tag-dauphine tag-ferrari tag-golf-gti tag-gt40 tag-kombi tag-mercedes-benz tag-opel tag-revista-motor-classico tag-revistas-importadas tag-xk-120\">\n\t\t\t\t<a class=\"elementor-post__thumbnail__link\" href=\"https:\/\/autolivraria.com.br\/bc\/auto-livraria\/revistas-importadas\/revistas-motor-classico-carros-antigos\/\" >\n\t\t\t<div class=\"elementor-post__thumbnail\"><img decoding=\"async\" width=\"370\" height=\"247\" data-src=\"https:\/\/autolivraria.com.br\/bc\/wp-content\/uploads\/2025\/09\/Motor-Classico-370x247.jpg\" class=\"attachment-medium size-medium wp-image-152722 lazyload\" alt=\"\" data-srcset=\"https:\/\/autolivraria.com.br\/bc\/wp-content\/uploads\/2025\/09\/Motor-Classico-370x247.jpg 370w, https:\/\/autolivraria.com.br\/bc\/wp-content\/uploads\/2025\/09\/Motor-Classico-750x500.jpg 750w, https:\/\/autolivraria.com.br\/bc\/wp-content\/uploads\/2025\/09\/Motor-Classico-150x100.jpg 150w, https:\/\/autolivraria.com.br\/bc\/wp-content\/uploads\/2025\/09\/Motor-Classico-330x220.jpg 330w, https:\/\/autolivraria.com.br\/bc\/wp-content\/uploads\/2025\/09\/Motor-Classico-420x280.jpg 420w, https:\/\/autolivraria.com.br\/bc\/wp-content\/uploads\/2025\/09\/Motor-Classico-510x340.jpg 510w, https:\/\/autolivraria.com.br\/bc\/wp-content\/uploads\/2025\/09\/Motor-Classico.jpg 1024w\" data-sizes=\"(max-width: 370px) 100vw, 370px\" src=\"data:image\/svg+xml;base64,PHN2ZyB3aWR0aD0iMSIgaGVpZ2h0PSIxIiB4bWxucz0iaHR0cDovL3d3dy53My5vcmcvMjAwMC9zdmciPjwvc3ZnPg==\" style=\"--smush-placeholder-width: 370px; --smush-placeholder-aspect-ratio: 370\/247;\" \/><\/div>\n\t\t<\/a>\n\t\t\t\t<div class=\"elementor-post__text\">\n\t\t\t\t<h3 class=\"elementor-post__title\">\n\t\t\t<a href=\"https:\/\/autolivraria.com.br\/bc\/auto-livraria\/revistas-importadas\/revistas-motor-classico-carros-antigos\/\" >\n\t\t\t\tMotor Cl\u00e1ssico: revistas portuguesas com grandes autom\u00f3veis antigos\t\t\t<\/a>\n\t\t<\/h3>\n\t\t\t\t<div class=\"elementor-post__excerpt\">\n\t\t\t<p>Do Mini ao Mercedes 600, hist\u00f3rias e avalia\u00e7\u00f5es de muitos carros memor\u00e1veis &#8211; a partir de R$ 19<\/p>\n\t\t<\/div>\n\t\t\t\t<\/div>\n\t\t\t\t<\/article>\n\t\t\t\t<article class=\"elementor-post elementor-grid-item post-134067 post type-post status-publish format-standard has-post-thumbnail hentry category-revistas-importadas tag-124-spider tag-288-gto tag-456 tag-alfa-romeo tag-aston-martin tag-austin-healey tag-auto-livraria tag-carros-do-passado tag-corvette tag-daytona tag-db4 tag-esprit tag-f40 tag-f50 tag-ferrari tag-ferrari-308 tag-isetta tag-jaguar tag-land-rover tag-lotus tag-m1 tag-maserati tag-mg tag-quattro tag-revistas-importadas tag-triumph\">\n\t\t\t\t<a class=\"elementor-post__thumbnail__link\" href=\"https:\/\/autolivraria.com.br\/bc\/auto-livraria\/revistas-importadas\/revistas-inglesas-classic-cars-sports-car\/\" >\n\t\t\t<div class=\"elementor-post__thumbnail\"><img decoding=\"async\" width=\"370\" height=\"266\" data-src=\"https:\/\/autolivraria.com.br\/bc\/wp-content\/uploads\/2022\/08\/Thoroughbred-and-Classic-Cars-1998-01-a-370x266.jpg\" class=\"attachment-medium size-medium wp-image-134089 lazyload\" alt=\"\" data-srcset=\"https:\/\/autolivraria.com.br\/bc\/wp-content\/uploads\/2022\/08\/Thoroughbred-and-Classic-Cars-1998-01-a-370x266.jpg 370w, https:\/\/autolivraria.com.br\/bc\/wp-content\/uploads\/2022\/08\/Thoroughbred-and-Classic-Cars-1998-01-a-120x86.jpg 120w, https:\/\/autolivraria.com.br\/bc\/wp-content\/uploads\/2022\/08\/Thoroughbred-and-Classic-Cars-1998-01-a.jpg 696w\" data-sizes=\"(max-width: 370px) 100vw, 370px\" src=\"data:image\/svg+xml;base64,PHN2ZyB3aWR0aD0iMSIgaGVpZ2h0PSIxIiB4bWxucz0iaHR0cDovL3d3dy53My5vcmcvMjAwMC9zdmciPjwvc3ZnPg==\" style=\"--smush-placeholder-width: 370px; --smush-placeholder-aspect-ratio: 370\/266;\" \/><\/div>\n\t\t<\/a>\n\t\t\t\t<div class=\"elementor-post__text\">\n\t\t\t\t<h3 class=\"elementor-post__title\">\n\t\t\t<a href=\"https:\/\/autolivraria.com.br\/bc\/auto-livraria\/revistas-importadas\/revistas-inglesas-classic-cars-sports-car\/\" >\n\t\t\t\tThoroughbred &amp; Classic Cars: antigos em tradicional revista inglesa\t\t\t<\/a>\n\t\t<\/h3>\n\t\t\t\t<div class=\"elementor-post__excerpt\">\n\t\t\t<p>Edi\u00e7\u00f5es dos anos 1990 da publica\u00e7\u00e3o brit\u00e2nica sobre carros do passado &#8211; a partir de R$ 19<\/p>\n\t\t<\/div>\n\t\t\t\t<\/div>\n\t\t\t\t<\/article>\n\t\t\t\t<\/div>\n\t\t\t\t<\/div>\n\t\t\t\t<\/div>\n\t\t\t\t<div class=\"elementor-element elementor-element-3f88ee6 elementor-align-center elementor-widget elementor-widget-button\" data-id=\"3f88ee6\" data-element_type=\"widget\" data-widget_type=\"button.default\">\n\t\t\t\t<div class=\"elementor-widget-container\">\n\t\t\t\t\t\t\t<div class=\"elementor-button-wrapper\">\n\t\t\t\t\t<a class=\"elementor-button elementor-button-link elementor-size-sm\" href=\"https:\/\/bestcars.com.br\/bc\/category\/revistas-importadas\/\">\n\t\t\t\t\t\t<span class=\"elementor-button-content-wrapper\">\n\t\t\t\t\t\t<span class=\"elementor-button-icon\">\n\t\t\t\t<i aria-hidden=\"true\" class=\"fas fa-angle-right\"><\/i>\t\t\t<\/span>\n\t\t\t\t\t\t\t\t\t<span class=\"elementor-button-text\">TODAS AS REVISTAS IMPORTADAS<\/span>\n\t\t\t\t\t<\/span>\n\t\t\t\t\t<\/a>\n\t\t\t\t<\/div>\n\t\t\t\t\t\t<\/div>\n\t\t\t\t<\/div>\n\t\t\t\t\t<\/div>\n\t\t<\/div>\n\t\t\t\t\t<\/div>\n\t\t<\/section>\n\t\t\t\t<section class=\"elementor-section elementor-top-section elementor-element elementor-element-27f2c57 elementor-section-boxed elementor-section-height-default elementor-section-height-default\" data-id=\"27f2c57\" data-element_type=\"section\" data-settings=\"{&quot;background_background&quot;:&quot;classic&quot;}\">\n\t\t\t\t\t\t<div class=\"elementor-container elementor-column-gap-default\">\n\t\t\t\t\t<div class=\"elementor-column elementor-col-100 elementor-top-column elementor-element elementor-element-8098490\" data-id=\"8098490\" data-element_type=\"column\">\n\t\t\t<div class=\"elementor-widget-wrap elementor-element-populated\">\n\t\t\t\t\t\t<div class=\"elementor-element elementor-element-717fb12 elementor-widget elementor-widget-spacer\" data-id=\"717fb12\" data-element_type=\"widget\" data-widget_type=\"spacer.default\">\n\t\t\t\t<div class=\"elementor-widget-container\">\n\t\t\t\t\t<div class=\"elementor-spacer\">\n\t\t\t<div class=\"elementor-spacer-inner\"><\/div>\n\t\t<\/div>\n\t\t\t\t<\/div>\n\t\t\t\t<\/div>\n\t\t\t\t<section class=\"elementor-section elementor-inner-section elementor-element elementor-element-3f02baf elementor-section-content-middle elementor-section-boxed elementor-section-height-default elementor-section-height-default\" data-id=\"3f02baf\" data-element_type=\"section\">\n\t\t\t\t\t\t<div class=\"elementor-container elementor-column-gap-default\">\n\t\t\t\t\t<div class=\"elementor-column elementor-col-100 elementor-inner-column elementor-element elementor-element-0c12bfb\" data-id=\"0c12bfb\" data-element_type=\"column\">\n\t\t\t<div class=\"elementor-widget-wrap elementor-element-populated\">\n\t\t\t\t\t\t<div class=\"elementor-element elementor-element-b4a84d0 elementor-align-left elementor-widget elementor-widget-button\" data-id=\"b4a84d0\" data-element_type=\"widget\" data-widget_type=\"button.default\">\n\t\t\t\t<div class=\"elementor-widget-container\">\n\t\t\t\t\t\t\t<div class=\"elementor-button-wrapper\">\n\t\t\t\t\t<a class=\"elementor-button elementor-button-link elementor-size-lg\" href=\"https:\/\/autolivraria.com.br\/bc\/category\/al-alfa-romeo\/\">\n\t\t\t\t\t\t<span class=\"elementor-button-content-wrapper\">\n\t\t\t\t\t\t\t\t\t<span class=\"elementor-button-text\">ALFA ROMEO E FNM<\/span>\n\t\t\t\t\t<\/span>\n\t\t\t\t\t<\/a>\n\t\t\t\t<\/div>\n\t\t\t\t\t\t<\/div>\n\t\t\t\t<\/div>\n\t\t\t\t\t<\/div>\n\t\t<\/div>\n\t\t\t\t\t<\/div>\n\t\t<\/section>\n\t\t\t\t<div class=\"elementor-element elementor-element-1f9ed96 elementor-grid-3 elementor-grid-tablet-2 elementor-grid-mobile-1 elementor-posts--thumbnail-top elementor-widget elementor-widget-posts\" data-id=\"1f9ed96\" data-element_type=\"widget\" data-settings=\"{&quot;classic_row_gap&quot;:{&quot;unit&quot;:&quot;px&quot;,&quot;size&quot;:30,&quot;sizes&quot;:[]},&quot;classic_columns&quot;:&quot;3&quot;,&quot;classic_columns_tablet&quot;:&quot;2&quot;,&quot;classic_columns_mobile&quot;:&quot;1&quot;}\" data-widget_type=\"posts.classic\">\n\t\t\t\t<div class=\"elementor-widget-container\">\n\t\t\t\t\t<div class=\"elementor-posts-container elementor-posts elementor-posts--skin-classic elementor-grid\">\n\t\t\t\t<article class=\"elementor-post elementor-grid-item post-128731 post type-post status-publish format-standard has-post-thumbnail hentry category-al-alfa-romeo category-quadros-decorativos tag-alfa-romeo tag-auto-livraria tag-caminhao tag-caminhoes-do-passado tag-carros-do-passado tag-fnm tag-fnm-2000 tag-fnm-2150 tag-propagandas-antigas tag-quadros-alfa-romeo tag-quadros-decorativos\">\n\t\t\t\t<a class=\"elementor-post__thumbnail__link\" href=\"https:\/\/autolivraria.com.br\/bc\/auto-livraria\/al-alfa-romeo\/quadros-propagandas-fnm-2000-jk-2150-onca-caminhoes\/\" >\n\t\t\t<div class=\"elementor-post__thumbnail\"><img decoding=\"async\" width=\"370\" height=\"247\" data-src=\"https:\/\/autolivraria.com.br\/bc\/wp-content\/uploads\/2023\/06\/FNM-370x247.jpg\" class=\"attachment-medium size-medium wp-image-148218 lazyload\" alt=\"\" data-srcset=\"https:\/\/autolivraria.com.br\/bc\/wp-content\/uploads\/2023\/06\/FNM-370x247.jpg 370w, https:\/\/autolivraria.com.br\/bc\/wp-content\/uploads\/2023\/06\/FNM-750x500.jpg 750w, https:\/\/autolivraria.com.br\/bc\/wp-content\/uploads\/2023\/06\/FNM.jpg 1024w\" data-sizes=\"(max-width: 370px) 100vw, 370px\" src=\"data:image\/svg+xml;base64,PHN2ZyB3aWR0aD0iMSIgaGVpZ2h0PSIxIiB4bWxucz0iaHR0cDovL3d3dy53My5vcmcvMjAwMC9zdmciPjwvc3ZnPg==\" style=\"--smush-placeholder-width: 370px; --smush-placeholder-aspect-ratio: 370\/247;\" \/><\/div>\n\t\t<\/a>\n\t\t\t\t<div class=\"elementor-post__text\">\n\t\t\t\t<h3 class=\"elementor-post__title\">\n\t\t\t<a href=\"https:\/\/autolivraria.com.br\/bc\/auto-livraria\/al-alfa-romeo\/quadros-propagandas-fnm-2000-jk-2150-onca-caminhoes\/\" >\n\t\t\t\tFNM: quadros com sed\u00e3s 2000 e 2150, On\u00e7a e os caminh\u00f5es\t\t\t<\/a>\n\t\t<\/h3>\n\t\t\t\t<div class=\"elementor-post__excerpt\">\n\t\t\t<p>Quadros decorativos com carros e caminh\u00f5es FNM em an\u00fancios e mat\u00e9rias de revistas &#8211; a partir de R$ 109<\/p>\n\t\t<\/div>\n\t\t\t\t<\/div>\n\t\t\t\t<\/article>\n\t\t\t\t<article class=\"elementor-post elementor-grid-item post-125170 post type-post status-publish format-standard has-post-thumbnail hentry category-al-alfa-romeo tag-alfa-romeo tag-auto-livraria tag-carros-do-passado tag-fnm tag-fnm-2000 tag-fnm-2150 tag-revista-quatro-rodas tag-revistas-nacionais\">\n\t\t\t\t<a class=\"elementor-post__thumbnail__link\" href=\"https:\/\/autolivraria.com.br\/bc\/auto-livraria\/al-alfa-romeo\/fnm-2000-jk-timb-2150-revistas\/\" >\n\t\t\t<div class=\"elementor-post__thumbnail\"><img decoding=\"async\" width=\"370\" height=\"247\" data-src=\"https:\/\/autolivraria.com.br\/bc\/wp-content\/uploads\/2026\/12\/FNM-370x247.jpg\" class=\"attachment-medium size-medium wp-image-154117 lazyload\" alt=\"\" data-srcset=\"https:\/\/autolivraria.com.br\/bc\/wp-content\/uploads\/2026\/12\/FNM-370x247.jpg 370w, https:\/\/autolivraria.com.br\/bc\/wp-content\/uploads\/2026\/12\/FNM-750x500.jpg 750w, https:\/\/autolivraria.com.br\/bc\/wp-content\/uploads\/2026\/12\/FNM-150x100.jpg 150w, https:\/\/autolivraria.com.br\/bc\/wp-content\/uploads\/2026\/12\/FNM-330x220.jpg 330w, https:\/\/autolivraria.com.br\/bc\/wp-content\/uploads\/2026\/12\/FNM-420x280.jpg 420w, https:\/\/autolivraria.com.br\/bc\/wp-content\/uploads\/2026\/12\/FNM-510x340.jpg 510w, https:\/\/autolivraria.com.br\/bc\/wp-content\/uploads\/2026\/12\/FNM.jpg 800w\" data-sizes=\"(max-width: 370px) 100vw, 370px\" src=\"data:image\/svg+xml;base64,PHN2ZyB3aWR0aD0iMSIgaGVpZ2h0PSIxIiB4bWxucz0iaHR0cDovL3d3dy53My5vcmcvMjAwMC9zdmciPjwvc3ZnPg==\" style=\"--smush-placeholder-width: 370px; --smush-placeholder-aspect-ratio: 370\/247;\" \/><\/div>\n\t\t<\/a>\n\t\t\t\t<div class=\"elementor-post__text\">\n\t\t\t\t<h3 class=\"elementor-post__title\">\n\t\t\t<a href=\"https:\/\/autolivraria.com.br\/bc\/auto-livraria\/al-alfa-romeo\/fnm-2000-jk-timb-2150-revistas\/\" >\n\t\t\t\tFNM 2000 JK, Timb e 2150: primeiro &#8220;Alfa&#8221; brasileiro em revistas\t\t\t<\/a>\n\t\t<\/h3>\n\t\t\t\t<div class=\"elementor-post__excerpt\">\n\t\t\t<p>Quatro Rodas, Classic Cars e Classic Show com o sed\u00e3 nacional de origem Alfa Romeo  &#8211; a partir de R$ 19<\/p>\n\t\t<\/div>\n\t\t\t\t<\/div>\n\t\t\t\t<\/article>\n\t\t\t\t<article class=\"elementor-post elementor-grid-item post-129701 post type-post status-publish format-standard has-post-thumbnail hentry category-al-alfa-romeo category-quadros-decorativos tag-alfa-145 tag-alfa-155 tag-alfa-romeo tag-alfa-romeo-156 tag-alfa-romeo-164 tag-alfa-romeo-166 tag-auto-livraria tag-carros-do-passado tag-quadros-alfa-romeo tag-quadros-decorativos tag-spider\">\n\t\t\t\t<a class=\"elementor-post__thumbnail__link\" href=\"https:\/\/autolivraria.com.br\/bc\/auto-livraria\/al-alfa-romeo\/quadros-decorativos-alfa-romeo-145-155-156-164-spider\/\" >\n\t\t\t<div class=\"elementor-post__thumbnail\"><img decoding=\"async\" width=\"370\" height=\"247\" data-src=\"https:\/\/autolivraria.com.br\/bc\/wp-content\/uploads\/2023\/08\/Alfa-Romeo-1-370x247.jpg\" class=\"attachment-medium size-medium wp-image-146611 lazyload\" alt=\"\" data-srcset=\"https:\/\/autolivraria.com.br\/bc\/wp-content\/uploads\/2023\/08\/Alfa-Romeo-1-370x247.jpg 370w, https:\/\/autolivraria.com.br\/bc\/wp-content\/uploads\/2023\/08\/Alfa-Romeo-1-750x500.jpg 750w, https:\/\/autolivraria.com.br\/bc\/wp-content\/uploads\/2023\/08\/Alfa-Romeo-1.jpg 1024w\" data-sizes=\"(max-width: 370px) 100vw, 370px\" src=\"data:image\/svg+xml;base64,PHN2ZyB3aWR0aD0iMSIgaGVpZ2h0PSIxIiB4bWxucz0iaHR0cDovL3d3dy53My5vcmcvMjAwMC9zdmciPjwvc3ZnPg==\" style=\"--smush-placeholder-width: 370px; --smush-placeholder-aspect-ratio: 370\/247;\" \/><\/div>\n\t\t<\/a>\n\t\t\t\t<div class=\"elementor-post__text\">\n\t\t\t\t<h3 class=\"elementor-post__title\">\n\t\t\t<a href=\"https:\/\/autolivraria.com.br\/bc\/auto-livraria\/al-alfa-romeo\/quadros-decorativos-alfa-romeo-145-155-156-164-spider\/\" >\n\t\t\t\tAlfa Romeo: quadros com 145, 155, 156, 164, 166 e Spider\t\t\t<\/a>\n\t\t<\/h3>\n\t\t\t\t<div class=\"elementor-post__excerpt\">\n\t\t\t<p>Quadros decorativos com propagandas e mat\u00e9rias dos modelos italianos dos anos 90 e 2000 &#8211; a partir de R$ 109<\/p>\n\t\t<\/div>\n\t\t\t\t<\/div>\n\t\t\t\t<\/article>\n\t\t\t\t<\/div>\n\t\t\t\t<\/div>\n\t\t\t\t<\/div>\n\t\t\t\t<div class=\"elementor-element elementor-element-6ef7025 elementor-align-center elementor-widget elementor-widget-button\" data-id=\"6ef7025\" data-element_type=\"widget\" data-widget_type=\"button.default\">\n\t\t\t\t<div class=\"elementor-widget-container\">\n\t\t\t\t\t\t\t<div class=\"elementor-button-wrapper\">\n\t\t\t\t\t<a class=\"elementor-button elementor-button-link elementor-size-sm\" href=\"https:\/\/autolivraria.com.br\/bc\/category\/al-alfa-romeo\/\">\n\t\t\t\t\t\t<span class=\"elementor-button-content-wrapper\">\n\t\t\t\t\t\t<span class=\"elementor-button-icon\">\n\t\t\t\t<i aria-hidden=\"true\" class=\"fas fa-angle-right\"><\/i>\t\t\t<\/span>\n\t\t\t\t\t\t\t\t\t<span class=\"elementor-button-text\">TUDO DE ALFA ROMEO E FNM<\/span>\n\t\t\t\t\t<\/span>\n\t\t\t\t\t<\/a>\n\t\t\t\t<\/div>\n\t\t\t\t\t\t<\/div>\n\t\t\t\t<\/div>\n\t\t\t\t<div class=\"elementor-element elementor-element-3d16c2f elementor-widget elementor-widget-spacer\" data-id=\"3d16c2f\" data-element_type=\"widget\" data-widget_type=\"spacer.default\">\n\t\t\t\t<div class=\"elementor-widget-container\">\n\t\t\t\t\t<div class=\"elementor-spacer\">\n\t\t\t<div class=\"elementor-spacer-inner\"><\/div>\n\t\t<\/div>\n\t\t\t\t<\/div>\n\t\t\t\t<\/div>\n\t\t\t\t\t<\/div>\n\t\t<\/div>\n\t\t\t\t\t<\/div>\n\t\t<\/section>\n\t\t\t\t<section class=\"elementor-section elementor-top-section elementor-element elementor-element-01edc1d elementor-section-boxed elementor-section-height-default elementor-section-height-default\" data-id=\"01edc1d\" data-element_type=\"section\" data-settings=\"{&quot;background_background&quot;:&quot;classic&quot;}\">\n\t\t\t\t\t\t<div class=\"elementor-container elementor-column-gap-default\">\n\t\t\t\t\t<div class=\"elementor-column elementor-col-100 elementor-top-column elementor-element elementor-element-e5431dd\" data-id=\"e5431dd\" data-element_type=\"column\">\n\t\t\t<div class=\"elementor-widget-wrap elementor-element-populated\">\n\t\t\t\t\t\t<div class=\"elementor-element elementor-element-2243d7f elementor-widget elementor-widget-spacer\" data-id=\"2243d7f\" data-element_type=\"widget\" data-widget_type=\"spacer.default\">\n\t\t\t\t<div class=\"elementor-widget-container\">\n\t\t\t\t\t<div class=\"elementor-spacer\">\n\t\t\t<div class=\"elementor-spacer-inner\"><\/div>\n\t\t<\/div>\n\t\t\t\t<\/div>\n\t\t\t\t<\/div>\n\t\t\t\t<section class=\"elementor-section elementor-inner-section elementor-element elementor-element-9476ee6 elementor-section-content-middle elementor-section-boxed elementor-section-height-default elementor-section-height-default\" data-id=\"9476ee6\" data-element_type=\"section\">\n\t\t\t\t\t\t<div class=\"elementor-container elementor-column-gap-default\">\n\t\t\t\t\t<div class=\"elementor-column elementor-col-100 elementor-inner-column elementor-element elementor-element-801c733\" data-id=\"801c733\" data-element_type=\"column\">\n\t\t\t<div class=\"elementor-widget-wrap elementor-element-populated\">\n\t\t\t\t\t\t<div class=\"elementor-element elementor-element-c44a63a elementor-align-left elementor-widget elementor-widget-button\" data-id=\"c44a63a\" data-element_type=\"widget\" data-widget_type=\"button.default\">\n\t\t\t\t<div class=\"elementor-widget-container\">\n\t\t\t\t\t\t\t<div class=\"elementor-button-wrapper\">\n\t\t\t\t\t<a class=\"elementor-button elementor-button-link elementor-size-lg\" href=\"https:\/\/autolivraria.com.br\/bc\/category\/al-audi\/\">\n\t\t\t\t\t\t<span class=\"elementor-button-content-wrapper\">\n\t\t\t\t\t\t\t\t\t<span class=\"elementor-button-text\">AUDI<\/span>\n\t\t\t\t\t<\/span>\n\t\t\t\t\t<\/a>\n\t\t\t\t<\/div>\n\t\t\t\t\t\t<\/div>\n\t\t\t\t<\/div>\n\t\t\t\t\t<\/div>\n\t\t<\/div>\n\t\t\t\t\t<\/div>\n\t\t<\/section>\n\t\t\t\t<div class=\"elementor-element elementor-element-61fc828 elementor-grid-3 elementor-grid-tablet-2 elementor-grid-mobile-1 elementor-posts--thumbnail-top elementor-widget elementor-widget-posts\" data-id=\"61fc828\" data-element_type=\"widget\" data-settings=\"{&quot;classic_row_gap&quot;:{&quot;unit&quot;:&quot;px&quot;,&quot;size&quot;:30,&quot;sizes&quot;:[]},&quot;classic_columns&quot;:&quot;3&quot;,&quot;classic_columns_tablet&quot;:&quot;2&quot;,&quot;classic_columns_mobile&quot;:&quot;1&quot;}\" data-widget_type=\"posts.classic\">\n\t\t\t\t<div class=\"elementor-widget-container\">\n\t\t\t\t\t<div class=\"elementor-posts-container elementor-posts elementor-posts--skin-classic elementor-grid\">\n\t\t\t\t<article class=\"elementor-post elementor-grid-item post-132808 post type-post status-publish format-standard has-post-thumbnail hentry category-al-audi tag-a3 tag-audi tag-auto-livraria tag-carros-do-passado tag-revista-quatro-rodas tag-revistas-nacionais\">\n\t\t\t\t<a class=\"elementor-post__thumbnail__link\" href=\"https:\/\/autolivraria.com.br\/bc\/auto-livraria\/al-audi\/audi-a3-turbo-revistas-quatro-rodas-2\/\" >\n\t\t\t<div class=\"elementor-post__thumbnail\"><img decoding=\"async\" width=\"370\" height=\"247\" data-src=\"https:\/\/autolivraria.com.br\/bc\/wp-content\/uploads\/2025\/03\/A3-370x247.jpg\" class=\"attachment-medium size-medium wp-image-153927 lazyload\" alt=\"\" data-srcset=\"https:\/\/autolivraria.com.br\/bc\/wp-content\/uploads\/2025\/03\/A3-370x247.jpg 370w, https:\/\/autolivraria.com.br\/bc\/wp-content\/uploads\/2025\/03\/A3-750x500.jpg 750w, https:\/\/autolivraria.com.br\/bc\/wp-content\/uploads\/2025\/03\/A3-150x100.jpg 150w, https:\/\/autolivraria.com.br\/bc\/wp-content\/uploads\/2025\/03\/A3-330x220.jpg 330w, https:\/\/autolivraria.com.br\/bc\/wp-content\/uploads\/2025\/03\/A3-420x280.jpg 420w, https:\/\/autolivraria.com.br\/bc\/wp-content\/uploads\/2025\/03\/A3-510x340.jpg 510w, https:\/\/autolivraria.com.br\/bc\/wp-content\/uploads\/2025\/03\/A3.jpg 1024w\" data-sizes=\"(max-width: 370px) 100vw, 370px\" src=\"data:image\/svg+xml;base64,PHN2ZyB3aWR0aD0iMSIgaGVpZ2h0PSIxIiB4bWxucz0iaHR0cDovL3d3dy53My5vcmcvMjAwMC9zdmciPjwvc3ZnPg==\" style=\"--smush-placeholder-width: 370px; --smush-placeholder-aspect-ratio: 370\/247;\" \/><\/div>\n\t\t<\/a>\n\t\t\t\t<div class=\"elementor-post__text\">\n\t\t\t\t<h3 class=\"elementor-post__title\">\n\t\t\t<a href=\"https:\/\/autolivraria.com.br\/bc\/auto-livraria\/al-audi\/audi-a3-turbo-revistas-quatro-rodas-2\/\" >\n\t\t\t\tAudi A3: revistas com testes de vers\u00f5es turbo e aspirada\t\t\t<\/a>\n\t\t<\/h3>\n\t\t\t\t<div class=\"elementor-post__excerpt\">\n\t\t\t<p>Quatro Rodas com avalia\u00e7\u00f5es do A3 com dois motores, nacional e importado &#8211; a partir de R$ 29<\/p>\n\t\t<\/div>\n\t\t\t\t<\/div>\n\t\t\t\t<\/article>\n\t\t\t\t<article class=\"elementor-post elementor-grid-item post-144800 post type-post status-publish format-standard has-post-thumbnail hentry category-al-audi category-quadros-decorativos tag-a1 tag-a3 tag-a3-sportback tag-a4 tag-a6 tag-a8 tag-audi tag-audi-100 tag-auto-livraria tag-carros-do-passado tag-q5 tag-quadros-audi tag-quadros-decorativos\">\n\t\t\t\t<a class=\"elementor-post__thumbnail__link\" href=\"https:\/\/autolivraria.com.br\/bc\/auto-livraria\/al-audi\/quadros-decorativos-audi-a1-a3-a4-a6-a8-q5\/\" >\n\t\t\t<div class=\"elementor-post__thumbnail\"><img decoding=\"async\" width=\"370\" height=\"247\" data-src=\"https:\/\/autolivraria.com.br\/bc\/wp-content\/uploads\/2023\/08\/Audi-370x247.jpg\" class=\"attachment-medium size-medium wp-image-144097 lazyload\" alt=\"\" data-srcset=\"https:\/\/autolivraria.com.br\/bc\/wp-content\/uploads\/2023\/08\/Audi-370x247.jpg 370w, https:\/\/autolivraria.com.br\/bc\/wp-content\/uploads\/2023\/08\/Audi-750x500.jpg 750w, https:\/\/autolivraria.com.br\/bc\/wp-content\/uploads\/2023\/08\/Audi.jpg 1024w\" data-sizes=\"(max-width: 370px) 100vw, 370px\" src=\"data:image\/svg+xml;base64,PHN2ZyB3aWR0aD0iMSIgaGVpZ2h0PSIxIiB4bWxucz0iaHR0cDovL3d3dy53My5vcmcvMjAwMC9zdmciPjwvc3ZnPg==\" style=\"--smush-placeholder-width: 370px; --smush-placeholder-aspect-ratio: 370\/247;\" \/><\/div>\n\t\t<\/a>\n\t\t\t\t<div class=\"elementor-post__text\">\n\t\t\t\t<h3 class=\"elementor-post__title\">\n\t\t\t<a href=\"https:\/\/autolivraria.com.br\/bc\/auto-livraria\/al-audi\/quadros-decorativos-audi-a1-a3-a4-a6-a8-q5\/\" >\n\t\t\t\tAudi: quadros com A3, A4, A6 e outros modelos\t\t\t<\/a>\n\t\t<\/h3>\n\t\t\t\t<div class=\"elementor-post__excerpt\">\n\t\t\t<p>Quadros decorativos com modelos e gera\u00e7\u00f5es variadas da marca das argolas &#8211; a partir de R$ 69<\/p>\n\t\t<\/div>\n\t\t\t\t<\/div>\n\t\t\t\t<\/article>\n\t\t\t\t<article class=\"elementor-post elementor-grid-item post-132959 post type-post status-publish format-standard has-post-thumbnail hentry category-al-audi category-quadros-decorativos tag-audi tag-audi-tt tag-auto-livraria tag-carros-do-passado tag-quadros-audi tag-quadros-decorativos tag-r8 tag-r8-spyder tag-rs2-avant tag-rs6-avant tag-s3-sportback tag-s6\">\n\t\t\t\t<a class=\"elementor-post__thumbnail__link\" href=\"https:\/\/autolivraria.com.br\/bc\/auto-livraria\/al-audi\/quadros-decorativos-audi-s3-rs2-s4-s6-rs6\/\" >\n\t\t\t<div class=\"elementor-post__thumbnail\"><img decoding=\"async\" width=\"370\" height=\"247\" data-src=\"https:\/\/autolivraria.com.br\/bc\/wp-content\/uploads\/2022\/06\/Audi-370x247.jpg\" class=\"attachment-medium size-medium wp-image-132972 lazyload\" alt=\"\" data-srcset=\"https:\/\/autolivraria.com.br\/bc\/wp-content\/uploads\/2022\/06\/Audi-370x247.jpg 370w, https:\/\/autolivraria.com.br\/bc\/wp-content\/uploads\/2022\/06\/Audi-750x500.jpg 750w, https:\/\/autolivraria.com.br\/bc\/wp-content\/uploads\/2022\/06\/Audi.jpg 1024w\" data-sizes=\"(max-width: 370px) 100vw, 370px\" src=\"data:image\/svg+xml;base64,PHN2ZyB3aWR0aD0iMSIgaGVpZ2h0PSIxIiB4bWxucz0iaHR0cDovL3d3dy53My5vcmcvMjAwMC9zdmciPjwvc3ZnPg==\" style=\"--smush-placeholder-width: 370px; --smush-placeholder-aspect-ratio: 370\/247;\" \/><\/div>\n\t\t<\/a>\n\t\t\t\t<div class=\"elementor-post__text\">\n\t\t\t\t<h3 class=\"elementor-post__title\">\n\t\t\t<a href=\"https:\/\/autolivraria.com.br\/bc\/auto-livraria\/al-audi\/quadros-decorativos-audi-s3-rs2-s4-s6-rs6\/\" >\n\t\t\t\tAudi: RS2 Avant, TT, R8 e outros esportivos em quadros\t\t\t<\/a>\n\t\t<\/h3>\n\t\t\t\t<div class=\"elementor-post__excerpt\">\n\t\t\t<p>Quadros decorativos com p\u00f4steres, propagandas e mat\u00e9rias dos alem\u00e3es de alto desempenho &#8211; a partir de R$ 119<\/p>\n\t\t<\/div>\n\t\t\t\t<\/div>\n\t\t\t\t<\/article>\n\t\t\t\t<\/div>\n\t\t\t\t<\/div>\n\t\t\t\t<\/div>\n\t\t\t\t<div class=\"elementor-element elementor-element-73690d2 elementor-align-center elementor-widget elementor-widget-button\" data-id=\"73690d2\" data-element_type=\"widget\" data-widget_type=\"button.default\">\n\t\t\t\t<div class=\"elementor-widget-container\">\n\t\t\t\t\t\t\t<div class=\"elementor-button-wrapper\">\n\t\t\t\t\t<a class=\"elementor-button elementor-button-link elementor-size-sm\" href=\"https:\/\/autolivraria.com.br\/bc\/category\/al-audi\/\">\n\t\t\t\t\t\t<span class=\"elementor-button-content-wrapper\">\n\t\t\t\t\t\t<span class=\"elementor-button-icon\">\n\t\t\t\t<i aria-hidden=\"true\" class=\"fas fa-angle-right\"><\/i>\t\t\t<\/span>\n\t\t\t\t\t\t\t\t\t<span class=\"elementor-button-text\">TUDO DE AUDI<\/span>\n\t\t\t\t\t<\/span>\n\t\t\t\t\t<\/a>\n\t\t\t\t<\/div>\n\t\t\t\t\t\t<\/div>\n\t\t\t\t<\/div>\n\t\t\t\t<div class=\"elementor-element elementor-element-ba20095 elementor-widget elementor-widget-spacer\" data-id=\"ba20095\" data-element_type=\"widget\" data-widget_type=\"spacer.default\">\n\t\t\t\t<div class=\"elementor-widget-container\">\n\t\t\t\t\t<div class=\"elementor-spacer\">\n\t\t\t<div class=\"elementor-spacer-inner\"><\/div>\n\t\t<\/div>\n\t\t\t\t<\/div>\n\t\t\t\t<\/div>\n\t\t\t\t\t<\/div>\n\t\t<\/div>\n\t\t\t\t\t<\/div>\n\t\t<\/section>\n\t\t\t\t<section class=\"elementor-section elementor-top-section elementor-element elementor-element-858503b elementor-section-boxed elementor-section-height-default elementor-section-height-default\" data-id=\"858503b\" data-element_type=\"section\" data-settings=\"{&quot;background_background&quot;:&quot;classic&quot;}\">\n\t\t\t\t\t\t<div class=\"elementor-container elementor-column-gap-default\">\n\t\t\t\t\t<div class=\"elementor-column elementor-col-100 elementor-top-column elementor-element elementor-element-df16c8d\" data-id=\"df16c8d\" data-element_type=\"column\">\n\t\t\t<div class=\"elementor-widget-wrap elementor-element-populated\">\n\t\t\t\t\t\t<section class=\"elementor-section elementor-inner-section elementor-element elementor-element-00d84e9 elementor-section-content-middle elementor-section-boxed elementor-section-height-default elementor-section-height-default\" data-id=\"00d84e9\" data-element_type=\"section\">\n\t\t\t\t\t\t<div class=\"elementor-container elementor-column-gap-default\">\n\t\t\t\t\t<div class=\"elementor-column elementor-col-100 elementor-inner-column elementor-element elementor-element-d510c4b\" data-id=\"d510c4b\" data-element_type=\"column\">\n\t\t\t<div class=\"elementor-widget-wrap elementor-element-populated\">\n\t\t\t\t\t\t<div class=\"elementor-element elementor-element-2b4f01f elementor-align-left elementor-widget elementor-widget-button\" data-id=\"2b4f01f\" data-element_type=\"widget\" data-widget_type=\"button.default\">\n\t\t\t\t<div class=\"elementor-widget-container\">\n\t\t\t\t\t\t\t<div class=\"elementor-button-wrapper\">\n\t\t\t\t\t<a class=\"elementor-button elementor-button-link elementor-size-lg\" href=\"https:\/\/autolivraria.com.br\/bc\/category\/al-bmw\/\">\n\t\t\t\t\t\t<span class=\"elementor-button-content-wrapper\">\n\t\t\t\t\t\t\t\t\t<span class=\"elementor-button-text\">BMW E MINI<\/span>\n\t\t\t\t\t<\/span>\n\t\t\t\t\t<\/a>\n\t\t\t\t<\/div>\n\t\t\t\t\t\t<\/div>\n\t\t\t\t<\/div>\n\t\t\t\t\t<\/div>\n\t\t<\/div>\n\t\t\t\t\t<\/div>\n\t\t<\/section>\n\t\t\t\t<div class=\"elementor-element elementor-element-1cce0c9 elementor-grid-3 elementor-grid-tablet-2 elementor-grid-mobile-1 elementor-posts--thumbnail-top elementor-widget elementor-widget-posts\" data-id=\"1cce0c9\" data-element_type=\"widget\" data-settings=\"{&quot;classic_row_gap&quot;:{&quot;unit&quot;:&quot;px&quot;,&quot;size&quot;:30,&quot;sizes&quot;:[]},&quot;classic_columns&quot;:&quot;3&quot;,&quot;classic_columns_tablet&quot;:&quot;2&quot;,&quot;classic_columns_mobile&quot;:&quot;1&quot;}\" data-widget_type=\"posts.classic\">\n\t\t\t\t<div class=\"elementor-widget-container\">\n\t\t\t\t\t<div class=\"elementor-posts-container elementor-posts elementor-posts--skin-classic elementor-grid\">\n\t\t\t\t<article class=\"elementor-post elementor-grid-item post-136020 post type-post status-publish format-standard has-post-thumbnail hentry category-al-bmw tag-118i tag-120i tag-135i tag-auto-livraria tag-bmw tag-carros-do-passado tag-revista-carro tag-revista-quatro-rodas tag-revistas-nacionais tag-serie-1\">\n\t\t\t\t<a class=\"elementor-post__thumbnail__link\" href=\"https:\/\/autolivraria.com.br\/bc\/auto-livraria\/al-bmw\/revistas-bmw-serie1-118i-120i-130i-135i\/\" >\n\t\t\t<div class=\"elementor-post__thumbnail\"><img decoding=\"async\" width=\"370\" height=\"247\" data-src=\"https:\/\/autolivraria.com.br\/bc\/wp-content\/uploads\/2026\/12\/BMW-1-370x247.jpg\" class=\"attachment-medium size-medium wp-image-154411 lazyload\" alt=\"\" data-srcset=\"https:\/\/autolivraria.com.br\/bc\/wp-content\/uploads\/2026\/12\/BMW-1-370x247.jpg 370w, https:\/\/autolivraria.com.br\/bc\/wp-content\/uploads\/2026\/12\/BMW-1-750x500.jpg 750w, https:\/\/autolivraria.com.br\/bc\/wp-content\/uploads\/2026\/12\/BMW-1-150x100.jpg 150w, https:\/\/autolivraria.com.br\/bc\/wp-content\/uploads\/2026\/12\/BMW-1-330x220.jpg 330w, https:\/\/autolivraria.com.br\/bc\/wp-content\/uploads\/2026\/12\/BMW-1-420x280.jpg 420w, https:\/\/autolivraria.com.br\/bc\/wp-content\/uploads\/2026\/12\/BMW-1-510x340.jpg 510w, https:\/\/autolivraria.com.br\/bc\/wp-content\/uploads\/2026\/12\/BMW-1.jpg 800w\" data-sizes=\"(max-width: 370px) 100vw, 370px\" src=\"data:image\/svg+xml;base64,PHN2ZyB3aWR0aD0iMSIgaGVpZ2h0PSIxIiB4bWxucz0iaHR0cDovL3d3dy53My5vcmcvMjAwMC9zdmciPjwvc3ZnPg==\" style=\"--smush-placeholder-width: 370px; --smush-placeholder-aspect-ratio: 370\/247;\" \/><\/div>\n\t\t<\/a>\n\t\t\t\t<div class=\"elementor-post__text\">\n\t\t\t\t<h3 class=\"elementor-post__title\">\n\t\t\t<a href=\"https:\/\/autolivraria.com.br\/bc\/auto-livraria\/al-bmw\/revistas-bmw-serie1-118i-120i-130i-135i\/\" >\n\t\t\t\tS\u00e9rie 1: revistas com testes do BMW que abriu um segmento\t\t\t<\/a>\n\t\t<\/h3>\n\t\t\t\t<div class=\"elementor-post__excerpt\">\n\t\t\t<p>Carro e Quatro Rodas com testes de 118i, 120i, 120i Cabriolet e 135i Coupe &#8211; a partir de R$ 19<\/p>\n\t\t<\/div>\n\t\t\t\t<\/div>\n\t\t\t\t<\/article>\n\t\t\t\t<article class=\"elementor-post elementor-grid-item post-129585 post type-post status-publish format-standard has-post-thumbnail hentry category-al-bmw category-quadros-decorativos tag-320i tag-325i tag-328i tag-335i tag-auto-livraria tag-bmw tag-carros-do-passado tag-m3 tag-quadros-bmw tag-quadros-decorativos tag-serie-3\">\n\t\t\t\t<a class=\"elementor-post__thumbnail__link\" href=\"https:\/\/autolivraria.com.br\/bc\/auto-livraria\/al-bmw\/bmw-serie3-e21-e30-e36-e46-e90-f30-g20-quadros-decorativos\/\" >\n\t\t\t<div class=\"elementor-post__thumbnail\"><img decoding=\"async\" width=\"370\" height=\"247\" data-src=\"https:\/\/autolivraria.com.br\/bc\/wp-content\/uploads\/2023\/11\/BMW-3-370x247.jpg\" class=\"attachment-medium size-medium wp-image-145766 lazyload\" alt=\"\" data-srcset=\"https:\/\/autolivraria.com.br\/bc\/wp-content\/uploads\/2023\/11\/BMW-3-370x247.jpg 370w, https:\/\/autolivraria.com.br\/bc\/wp-content\/uploads\/2023\/11\/BMW-3-750x500.jpg 750w, https:\/\/autolivraria.com.br\/bc\/wp-content\/uploads\/2023\/11\/BMW-3.jpg 1024w\" data-sizes=\"(max-width: 370px) 100vw, 370px\" src=\"data:image\/svg+xml;base64,PHN2ZyB3aWR0aD0iMSIgaGVpZ2h0PSIxIiB4bWxucz0iaHR0cDovL3d3dy53My5vcmcvMjAwMC9zdmciPjwvc3ZnPg==\" style=\"--smush-placeholder-width: 370px; --smush-placeholder-aspect-ratio: 370\/247;\" \/><\/div>\n\t\t<\/a>\n\t\t\t\t<div class=\"elementor-post__text\">\n\t\t\t\t<h3 class=\"elementor-post__title\">\n\t\t\t<a href=\"https:\/\/autolivraria.com.br\/bc\/auto-livraria\/al-bmw\/bmw-serie3-e21-e30-e36-e46-e90-f30-g20-quadros-decorativos\/\" >\n\t\t\t\tBMW: quadros decorativos de diversas gera\u00e7\u00f5es do S\u00e9rie 3\t\t\t<\/a>\n\t\t<\/h3>\n\t\t\t\t<div class=\"elementor-post__excerpt\">\n\t\t\t<p>Do E21 ao G30, v\u00e1rias op\u00e7\u00f5es da linha em quadros com propagandas e mat\u00e9rias &#8211; a partir de R$ 109<\/p>\n\t\t<\/div>\n\t\t\t\t<\/div>\n\t\t\t\t<\/article>\n\t\t\t\t<article class=\"elementor-post elementor-grid-item post-154414 post type-post status-publish format-standard has-post-thumbnail hentry category-al-bmw tag-auto-livraria tag-bmw tag-bmw-503 tag-bmw-507 tag-carros-do-passado tag-m3 tag-m5 tag-revista-quatro-rodas tag-revistas-nacionais tag-serie-6 tag-serie-8\">\n\t\t\t\t<a class=\"elementor-post__thumbnail__link\" href=\"https:\/\/autolivraria.com.br\/bc\/auto-livraria\/al-bmw\/bmw-historia-revistas\/\" >\n\t\t\t<div class=\"elementor-post__thumbnail\"><img decoding=\"async\" width=\"370\" height=\"247\" data-src=\"https:\/\/autolivraria.com.br\/bc\/wp-content\/uploads\/2026\/07\/BMW-370x247.jpg\" class=\"attachment-medium size-medium wp-image-154420 lazyload\" alt=\"\" data-srcset=\"https:\/\/autolivraria.com.br\/bc\/wp-content\/uploads\/2026\/07\/BMW-370x247.jpg 370w, https:\/\/autolivraria.com.br\/bc\/wp-content\/uploads\/2026\/07\/BMW-750x500.jpg 750w, https:\/\/autolivraria.com.br\/bc\/wp-content\/uploads\/2026\/07\/BMW-150x100.jpg 150w, https:\/\/autolivraria.com.br\/bc\/wp-content\/uploads\/2026\/07\/BMW-330x220.jpg 330w, https:\/\/autolivraria.com.br\/bc\/wp-content\/uploads\/2026\/07\/BMW-420x280.jpg 420w, https:\/\/autolivraria.com.br\/bc\/wp-content\/uploads\/2026\/07\/BMW-510x340.jpg 510w, https:\/\/autolivraria.com.br\/bc\/wp-content\/uploads\/2026\/07\/BMW.jpg 800w\" data-sizes=\"(max-width: 370px) 100vw, 370px\" src=\"data:image\/svg+xml;base64,PHN2ZyB3aWR0aD0iMSIgaGVpZ2h0PSIxIiB4bWxucz0iaHR0cDovL3d3dy53My5vcmcvMjAwMC9zdmciPjwvc3ZnPg==\" style=\"--smush-placeholder-width: 370px; --smush-placeholder-aspect-ratio: 370\/247;\" \/><\/div>\n\t\t<\/a>\n\t\t\t\t<div class=\"elementor-post__text\">\n\t\t\t\t<h3 class=\"elementor-post__title\">\n\t\t\t<a href=\"https:\/\/autolivraria.com.br\/bc\/auto-livraria\/al-bmw\/bmw-historia-revistas\/\" >\n\t\t\t\tBMW: revistas com M3, M5, 850 e outros marcos de sua hist\u00f3ria\t\t\t<\/a>\n\t\t<\/h3>\n\t\t\t\t<div class=\"elementor-post__excerpt\">\n\t\t\t<p>Revistas com sed\u00e3s, cup\u00eas e convers\u00edveis de relevo na trajet\u00f3ria da marca &#8211; a partir de R$ 29<\/p>\n\t\t<\/div>\n\t\t\t\t<\/div>\n\t\t\t\t<\/article>\n\t\t\t\t<\/div>\n\t\t\t\t<\/div>\n\t\t\t\t<\/div>\n\t\t\t\t<div class=\"elementor-element elementor-element-2c68747 elementor-align-center elementor-widget elementor-widget-button\" data-id=\"2c68747\" data-element_type=\"widget\" data-widget_type=\"button.default\">\n\t\t\t\t<div class=\"elementor-widget-container\">\n\t\t\t\t\t\t\t<div class=\"elementor-button-wrapper\">\n\t\t\t\t\t<a class=\"elementor-button elementor-button-link elementor-size-sm\" href=\"https:\/\/autolivraria.com.br\/bc\/category\/al-bmw\/\">\n\t\t\t\t\t\t<span class=\"elementor-button-content-wrapper\">\n\t\t\t\t\t\t<span class=\"elementor-button-icon\">\n\t\t\t\t<i aria-hidden=\"true\" class=\"fas fa-angle-right\"><\/i>\t\t\t<\/span>\n\t\t\t\t\t\t\t\t\t<span class=\"elementor-button-text\">TUDO DE BMW E MINI<\/span>\n\t\t\t\t\t<\/span>\n\t\t\t\t\t<\/a>\n\t\t\t\t<\/div>\n\t\t\t\t\t\t<\/div>\n\t\t\t\t<\/div>\n\t\t\t\t<div class=\"elementor-element elementor-element-774a22c elementor-widget elementor-widget-spacer\" data-id=\"774a22c\" data-element_type=\"widget\" data-widget_type=\"spacer.default\">\n\t\t\t\t<div class=\"elementor-widget-container\">\n\t\t\t\t\t<div class=\"elementor-spacer\">\n\t\t\t<div class=\"elementor-spacer-inner\"><\/div>\n\t\t<\/div>\n\t\t\t\t<\/div>\n\t\t\t\t<\/div>\n\t\t\t\t\t<\/div>\n\t\t<\/div>\n\t\t\t\t\t<\/div>\n\t\t<\/section>\n\t\t\t\t<section class=\"elementor-section elementor-top-section elementor-element elementor-element-8abf838 elementor-section-boxed elementor-section-height-default elementor-section-height-default\" data-id=\"8abf838\" data-element_type=\"section\" data-settings=\"{&quot;background_background&quot;:&quot;classic&quot;}\">\n\t\t\t\t\t\t<div class=\"elementor-container elementor-column-gap-default\">\n\t\t\t\t\t<div class=\"elementor-column elementor-col-100 elementor-top-column elementor-element elementor-element-33f82f9\" data-id=\"33f82f9\" data-element_type=\"column\">\n\t\t\t<div class=\"elementor-widget-wrap elementor-element-populated\">\n\t\t\t\t\t\t<section class=\"elementor-section elementor-inner-section elementor-element elementor-element-a1cc904 elementor-section-content-middle elementor-section-boxed elementor-section-height-default elementor-section-height-default\" data-id=\"a1cc904\" data-element_type=\"section\">\n\t\t\t\t\t\t<div class=\"elementor-container elementor-column-gap-default\">\n\t\t\t\t\t<div class=\"elementor-column elementor-col-100 elementor-inner-column elementor-element elementor-element-68a3a7c\" data-id=\"68a3a7c\" data-element_type=\"column\">\n\t\t\t<div class=\"elementor-widget-wrap elementor-element-populated\">\n\t\t\t\t\t\t<div class=\"elementor-element elementor-element-11bc4d4 elementor-align-left elementor-widget elementor-widget-button\" data-id=\"11bc4d4\" data-element_type=\"widget\" data-widget_type=\"button.default\">\n\t\t\t\t<div class=\"elementor-widget-container\">\n\t\t\t\t\t\t\t<div class=\"elementor-button-wrapper\">\n\t\t\t\t\t<a class=\"elementor-button elementor-button-link elementor-size-lg\" href=\"https:\/\/autolivraria.com.br\/bc\/category\/al-chevrolet\/\">\n\t\t\t\t\t\t<span class=\"elementor-button-content-wrapper\">\n\t\t\t\t\t\t\t\t\t<span class=\"elementor-button-text\">CHEVROLET \/ GENERAL MOTORS<\/span>\n\t\t\t\t\t<\/span>\n\t\t\t\t\t<\/a>\n\t\t\t\t<\/div>\n\t\t\t\t\t\t<\/div>\n\t\t\t\t<\/div>\n\t\t\t\t\t<\/div>\n\t\t<\/div>\n\t\t\t\t\t<\/div>\n\t\t<\/section>\n\t\t\t\t<div class=\"elementor-element elementor-element-2a5e4c4 elementor-grid-3 elementor-grid-tablet-2 elementor-grid-mobile-1 elementor-posts--thumbnail-top elementor-widget elementor-widget-posts\" data-id=\"2a5e4c4\" data-element_type=\"widget\" data-settings=\"{&quot;classic_row_gap&quot;:{&quot;unit&quot;:&quot;px&quot;,&quot;size&quot;:30,&quot;sizes&quot;:[]},&quot;classic_columns&quot;:&quot;3&quot;,&quot;classic_columns_tablet&quot;:&quot;2&quot;,&quot;classic_columns_mobile&quot;:&quot;1&quot;}\" data-widget_type=\"posts.classic\">\n\t\t\t\t<div class=\"elementor-widget-container\">\n\t\t\t\t\t<div class=\"elementor-posts-container elementor-posts elementor-posts--skin-classic elementor-grid\">\n\t\t\t\t<article class=\"elementor-post elementor-grid-item post-132268 post type-post status-publish format-standard has-post-thumbnail hentry category-al-chevrolet tag-auto-livraria tag-caravan tag-carros-do-passado tag-comodoro tag-diplomata tag-opala tag-revista-quatro-rodas tag-revistas-nacionais\">\n\t\t\t\t<a class=\"elementor-post__thumbnail__link\" href=\"https:\/\/autolivraria.com.br\/bc\/auto-livraria\/al-chevrolet\/revistas-quatro-rodas-opala-comodoro-diplomata-caravan\/\" >\n\t\t\t<div class=\"elementor-post__thumbnail\"><img decoding=\"async\" width=\"370\" height=\"247\" data-src=\"https:\/\/autolivraria.com.br\/bc\/wp-content\/uploads\/2025\/04\/Opala-3-370x247.jpg\" class=\"attachment-medium size-medium wp-image-150797 lazyload\" alt=\"\" data-srcset=\"https:\/\/autolivraria.com.br\/bc\/wp-content\/uploads\/2025\/04\/Opala-3-370x247.jpg 370w, https:\/\/autolivraria.com.br\/bc\/wp-content\/uploads\/2025\/04\/Opala-3-750x500.jpg 750w, https:\/\/autolivraria.com.br\/bc\/wp-content\/uploads\/2025\/04\/Opala-3.jpg 1024w\" data-sizes=\"(max-width: 370px) 100vw, 370px\" src=\"data:image\/svg+xml;base64,PHN2ZyB3aWR0aD0iMSIgaGVpZ2h0PSIxIiB4bWxucz0iaHR0cDovL3d3dy53My5vcmcvMjAwMC9zdmciPjwvc3ZnPg==\" style=\"--smush-placeholder-width: 370px; --smush-placeholder-aspect-ratio: 370\/247;\" \/><\/div>\n\t\t<\/a>\n\t\t\t\t<div class=\"elementor-post__text\">\n\t\t\t\t<h3 class=\"elementor-post__title\">\n\t\t\t<a href=\"https:\/\/autolivraria.com.br\/bc\/auto-livraria\/al-chevrolet\/revistas-quatro-rodas-opala-comodoro-diplomata-caravan\/\" >\n\t\t\t\tChevrolet Opala e Caravan: revistas com modelos 1980 a 1984\t\t\t<\/a>\n\t\t<\/h3>\n\t\t\t\t<div class=\"elementor-post__excerpt\">\n\t\t\t<p>Quatro Rodas com testes e comparativos de vers\u00f5es de quatro e seis cilindros &#8211; a partir de R$ 29<\/p>\n\t\t<\/div>\n\t\t\t\t<\/div>\n\t\t\t\t<\/article>\n\t\t\t\t<article class=\"elementor-post elementor-grid-item post-132159 post type-post status-publish format-standard has-post-thumbnail hentry category-al-chevrolet tag-auto-livraria tag-caravan tag-caravan-diplomata tag-carros-do-passado tag-chevrolet tag-revista-quatro-rodas tag-revistas-nacionais\">\n\t\t\t\t<a class=\"elementor-post__thumbnail__link\" href=\"https:\/\/autolivraria.com.br\/bc\/auto-livraria\/al-chevrolet\/caravan-diplomata-revistas\/\" >\n\t\t\t<div class=\"elementor-post__thumbnail\"><img decoding=\"async\" width=\"370\" height=\"247\" data-src=\"https:\/\/autolivraria.com.br\/bc\/wp-content\/uploads\/2026\/12\/Caravan-370x247.jpg\" class=\"attachment-medium size-medium wp-image-154185 lazyload\" alt=\"\" data-srcset=\"https:\/\/autolivraria.com.br\/bc\/wp-content\/uploads\/2026\/12\/Caravan-370x247.jpg 370w, https:\/\/autolivraria.com.br\/bc\/wp-content\/uploads\/2026\/12\/Caravan-750x500.jpg 750w, https:\/\/autolivraria.com.br\/bc\/wp-content\/uploads\/2026\/12\/Caravan-150x100.jpg 150w, https:\/\/autolivraria.com.br\/bc\/wp-content\/uploads\/2026\/12\/Caravan-330x220.jpg 330w, https:\/\/autolivraria.com.br\/bc\/wp-content\/uploads\/2026\/12\/Caravan-420x280.jpg 420w, https:\/\/autolivraria.com.br\/bc\/wp-content\/uploads\/2026\/12\/Caravan-510x340.jpg 510w, https:\/\/autolivraria.com.br\/bc\/wp-content\/uploads\/2026\/12\/Caravan.jpg 1024w\" data-sizes=\"(max-width: 370px) 100vw, 370px\" src=\"data:image\/svg+xml;base64,PHN2ZyB3aWR0aD0iMSIgaGVpZ2h0PSIxIiB4bWxucz0iaHR0cDovL3d3dy53My5vcmcvMjAwMC9zdmciPjwvc3ZnPg==\" style=\"--smush-placeholder-width: 370px; --smush-placeholder-aspect-ratio: 370\/247;\" \/><\/div>\n\t\t<\/a>\n\t\t\t\t<div class=\"elementor-post__text\">\n\t\t\t\t<h3 class=\"elementor-post__title\">\n\t\t\t<a href=\"https:\/\/autolivraria.com.br\/bc\/auto-livraria\/al-chevrolet\/caravan-diplomata-revistas\/\" >\n\t\t\t\tCaravan Diplomata: revistas com a perua de luxo da Chevrolet\t\t\t<\/a>\n\t\t<\/h3>\n\t\t\t\t<div class=\"elementor-post__excerpt\">\n\t\t\t<p>Quatro Rodas com avalia\u00e7\u00e3o, comparativos e hist\u00f3ria da perua requintada &#8211; a partir de R$ 29<\/p>\n\t\t<\/div>\n\t\t\t\t<\/div>\n\t\t\t\t<\/article>\n\t\t\t\t<article class=\"elementor-post elementor-grid-item post-136104 post type-post status-publish format-standard has-post-thumbnail hentry category-al-chevrolet tag-auto-livraria tag-carros-do-passado tag-chevrolet tag-monza tag-monza-sle tag-revista-quatro-rodas tag-revistas-nacionais\">\n\t\t\t\t<a class=\"elementor-post__thumbnail__link\" href=\"https:\/\/autolivraria.com.br\/bc\/auto-livraria\/al-chevrolet\/chevrolet-monza-1982-1983-1984-revistas\/\" >\n\t\t\t<div class=\"elementor-post__thumbnail\"><img decoding=\"async\" width=\"370\" height=\"247\" data-src=\"https:\/\/autolivraria.com.br\/bc\/wp-content\/uploads\/2025\/01\/Monza-370x247.jpg\" class=\"attachment-medium size-medium wp-image-154319 lazyload\" alt=\"\" data-srcset=\"https:\/\/autolivraria.com.br\/bc\/wp-content\/uploads\/2025\/01\/Monza-370x247.jpg 370w, https:\/\/autolivraria.com.br\/bc\/wp-content\/uploads\/2025\/01\/Monza-750x500.jpg 750w, https:\/\/autolivraria.com.br\/bc\/wp-content\/uploads\/2025\/01\/Monza-150x100.jpg 150w, https:\/\/autolivraria.com.br\/bc\/wp-content\/uploads\/2025\/01\/Monza-330x220.jpg 330w, https:\/\/autolivraria.com.br\/bc\/wp-content\/uploads\/2025\/01\/Monza-420x280.jpg 420w, https:\/\/autolivraria.com.br\/bc\/wp-content\/uploads\/2025\/01\/Monza-510x340.jpg 510w, https:\/\/autolivraria.com.br\/bc\/wp-content\/uploads\/2025\/01\/Monza.jpg 800w\" data-sizes=\"(max-width: 370px) 100vw, 370px\" src=\"data:image\/svg+xml;base64,PHN2ZyB3aWR0aD0iMSIgaGVpZ2h0PSIxIiB4bWxucz0iaHR0cDovL3d3dy53My5vcmcvMjAwMC9zdmciPjwvc3ZnPg==\" style=\"--smush-placeholder-width: 370px; --smush-placeholder-aspect-ratio: 370\/247;\" \/><\/div>\n\t\t<\/a>\n\t\t\t\t<div class=\"elementor-post__text\">\n\t\t\t\t<h3 class=\"elementor-post__title\">\n\t\t\t<a href=\"https:\/\/autolivraria.com.br\/bc\/auto-livraria\/al-chevrolet\/chevrolet-monza-1982-1983-1984-revistas\/\" >\n\t\t\t\tMonza: 10 revistas com os primeiros anos do Chevrolet m\u00e9dio\t\t\t<\/a>\n\t\t<\/h3>\n\t\t\t\t<div class=\"elementor-post__excerpt\">\n\t\t\t<p>Quatro Rodas com testes de hatch e sed\u00e3 entre 1982 e 1984 &#8211; a partir de R$ 29<\/p>\n\t\t<\/div>\n\t\t\t\t<\/div>\n\t\t\t\t<\/article>\n\t\t\t\t<\/div>\n\t\t\t\t<\/div>\n\t\t\t\t<\/div>\n\t\t\t\t<div class=\"elementor-element elementor-element-9802a8f elementor-align-center elementor-widget elementor-widget-button\" data-id=\"9802a8f\" data-element_type=\"widget\" data-widget_type=\"button.default\">\n\t\t\t\t<div class=\"elementor-widget-container\">\n\t\t\t\t\t\t\t<div class=\"elementor-button-wrapper\">\n\t\t\t\t\t<a class=\"elementor-button elementor-button-link elementor-size-sm\" href=\"https:\/\/autolivraria.com.br\/bc\/category\/al-chevrolet\/\">\n\t\t\t\t\t\t<span class=\"elementor-button-content-wrapper\">\n\t\t\t\t\t\t<span class=\"elementor-button-icon\">\n\t\t\t\t<i aria-hidden=\"true\" class=\"fas fa-angle-right\"><\/i>\t\t\t<\/span>\n\t\t\t\t\t\t\t\t\t<span class=\"elementor-button-text\">TUDO DE CHEVROLET\/GM<\/span>\n\t\t\t\t\t<\/span>\n\t\t\t\t\t<\/a>\n\t\t\t\t<\/div>\n\t\t\t\t\t\t<\/div>\n\t\t\t\t<\/div>\n\t\t\t\t<div class=\"elementor-element elementor-element-efab90b elementor-widget elementor-widget-spacer\" data-id=\"efab90b\" data-element_type=\"widget\" data-widget_type=\"spacer.default\">\n\t\t\t\t<div class=\"elementor-widget-container\">\n\t\t\t\t\t<div class=\"elementor-spacer\">\n\t\t\t<div class=\"elementor-spacer-inner\"><\/div>\n\t\t<\/div>\n\t\t\t\t<\/div>\n\t\t\t\t<\/div>\n\t\t\t\t\t<\/div>\n\t\t<\/div>\n\t\t\t\t\t<\/div>\n\t\t<\/section>\n\t\t\t\t<section class=\"elementor-section elementor-top-section elementor-element elementor-element-9b445ad elementor-section-boxed elementor-section-height-default elementor-section-height-default\" data-id=\"9b445ad\" data-element_type=\"section\" data-settings=\"{&quot;background_background&quot;:&quot;classic&quot;}\">\n\t\t\t\t\t\t<div class=\"elementor-container elementor-column-gap-default\">\n\t\t\t\t\t<div class=\"elementor-column elementor-col-100 elementor-top-column elementor-element elementor-element-979aae7\" data-id=\"979aae7\" data-element_type=\"column\">\n\t\t\t<div class=\"elementor-widget-wrap elementor-element-populated\">\n\t\t\t\t\t\t<section class=\"elementor-section elementor-inner-section elementor-element elementor-element-2ad2ae4 elementor-section-content-middle elementor-section-boxed elementor-section-height-default elementor-section-height-default\" data-id=\"2ad2ae4\" data-element_type=\"section\">\n\t\t\t\t\t\t<div class=\"elementor-container elementor-column-gap-default\">\n\t\t\t\t\t<div class=\"elementor-column elementor-col-100 elementor-inner-column elementor-element elementor-element-cb60e9f\" data-id=\"cb60e9f\" data-element_type=\"column\">\n\t\t\t<div class=\"elementor-widget-wrap elementor-element-populated\">\n\t\t\t\t\t\t<div class=\"elementor-element elementor-element-9eff04f elementor-align-left elementor-widget elementor-widget-button\" data-id=\"9eff04f\" data-element_type=\"widget\" data-widget_type=\"button.default\">\n\t\t\t\t<div class=\"elementor-widget-container\">\n\t\t\t\t\t\t\t<div class=\"elementor-button-wrapper\">\n\t\t\t\t\t<a class=\"elementor-button elementor-button-link elementor-size-lg\" href=\"https:\/\/autolivraria.com.br\/bc\/category\/al-chrysler-dodge-jeep\/\">\n\t\t\t\t\t\t<span class=\"elementor-button-content-wrapper\">\n\t\t\t\t\t\t\t\t\t<span class=\"elementor-button-text\">CHRYSLER, DODGE E JEEP<\/span>\n\t\t\t\t\t<\/span>\n\t\t\t\t\t<\/a>\n\t\t\t\t<\/div>\n\t\t\t\t\t\t<\/div>\n\t\t\t\t<\/div>\n\t\t\t\t\t<\/div>\n\t\t<\/div>\n\t\t\t\t\t<\/div>\n\t\t<\/section>\n\t\t\t\t<div class=\"elementor-element elementor-element-a68a3d2 elementor-grid-3 elementor-grid-tablet-2 elementor-grid-mobile-1 elementor-posts--thumbnail-top elementor-widget elementor-widget-posts\" data-id=\"a68a3d2\" data-element_type=\"widget\" data-settings=\"{&quot;classic_row_gap&quot;:{&quot;unit&quot;:&quot;px&quot;,&quot;size&quot;:30,&quot;sizes&quot;:[]},&quot;classic_columns&quot;:&quot;3&quot;,&quot;classic_columns_tablet&quot;:&quot;2&quot;,&quot;classic_columns_mobile&quot;:&quot;1&quot;}\" data-widget_type=\"posts.classic\">\n\t\t\t\t<div class=\"elementor-widget-container\">\n\t\t\t\t\t<div class=\"elementor-posts-container elementor-posts elementor-posts--skin-classic elementor-grid\">\n\t\t\t\t<article class=\"elementor-post elementor-grid-item post-129191 post type-post status-publish format-standard has-post-thumbnail hentry category-al-chrysler-dodge-jeep category-quadros-decorativos tag-auto-livraria tag-carros-do-passado tag-charger tag-dart tag-dodge tag-dodge-e-jeep tag-magnum tag-quadros-chrysler tag-quadros-decorativos\">\n\t\t\t\t<a class=\"elementor-post__thumbnail__link\" href=\"https:\/\/autolivraria.com.br\/bc\/auto-livraria\/al-chrysler-dodge-jeep\/quadros-decorativos-dodge-charger-dart-magnum-lebaron\/\" >\n\t\t\t<div class=\"elementor-post__thumbnail\"><img decoding=\"async\" width=\"370\" height=\"247\" data-src=\"https:\/\/autolivraria.com.br\/bc\/wp-content\/uploads\/2024\/06\/Dodge-370x247.jpg\" class=\"attachment-medium size-medium wp-image-149546 lazyload\" alt=\"\" data-srcset=\"https:\/\/autolivraria.com.br\/bc\/wp-content\/uploads\/2024\/06\/Dodge-370x247.jpg 370w, https:\/\/autolivraria.com.br\/bc\/wp-content\/uploads\/2024\/06\/Dodge-750x500.jpg 750w, https:\/\/autolivraria.com.br\/bc\/wp-content\/uploads\/2024\/06\/Dodge.jpg 1024w\" data-sizes=\"(max-width: 370px) 100vw, 370px\" src=\"data:image\/svg+xml;base64,PHN2ZyB3aWR0aD0iMSIgaGVpZ2h0PSIxIiB4bWxucz0iaHR0cDovL3d3dy53My5vcmcvMjAwMC9zdmciPjwvc3ZnPg==\" style=\"--smush-placeholder-width: 370px; --smush-placeholder-aspect-ratio: 370\/247;\" \/><\/div>\n\t\t<\/a>\n\t\t\t\t<div class=\"elementor-post__text\">\n\t\t\t\t<h3 class=\"elementor-post__title\">\n\t\t\t<a href=\"https:\/\/autolivraria.com.br\/bc\/auto-livraria\/al-chrysler-dodge-jeep\/quadros-decorativos-dodge-charger-dart-magnum-lebaron\/\" >\n\t\t\t\tDodge: quadros decorativos com Charger, Dart e outros V8\t\t\t<\/a>\n\t\t<\/h3>\n\t\t\t\t<div class=\"elementor-post__excerpt\">\n\t\t\t<p>Sed\u00e3s e cup\u00eas em quadros decorativos com propagandas e mat\u00e9rias originais &#8211; a partir de R$ 119<\/p>\n\t\t<\/div>\n\t\t\t\t<\/div>\n\t\t\t\t<\/article>\n\t\t\t\t<article class=\"elementor-post elementor-grid-item post-150620 post type-post status-publish format-standard has-post-thumbnail hentry category-al-chrysler-dodge-jeep tag-auto-livraria tag-carros-do-passado tag-manuais-e-catalogos tag-catalogos-chrysler tag-charger tag-dart tag-dodge tag-dodge-e-jeep tag-lebaron tag-magnum tag-polara\">\n\t\t\t\t<a class=\"elementor-post__thumbnail__link\" href=\"https:\/\/autolivraria.com.br\/bc\/auto-livraria\/al-chrysler-dodge-jeep\/dodge-1979-charger-dart-magnum-lebaron-encarte-folder\/\" >\n\t\t\t<div class=\"elementor-post__thumbnail\"><img decoding=\"async\" width=\"370\" height=\"266\" data-src=\"https:\/\/autolivraria.com.br\/bc\/wp-content\/uploads\/2025\/01\/Dodge-1979-4-370x266.jpg\" class=\"attachment-medium size-medium wp-image-150626 lazyload\" alt=\"\" data-srcset=\"https:\/\/autolivraria.com.br\/bc\/wp-content\/uploads\/2025\/01\/Dodge-1979-4-370x266.jpg 370w, https:\/\/autolivraria.com.br\/bc\/wp-content\/uploads\/2025\/01\/Dodge-1979-4-120x86.jpg 120w, https:\/\/autolivraria.com.br\/bc\/wp-content\/uploads\/2025\/01\/Dodge-1979-4.jpg 696w\" data-sizes=\"(max-width: 370px) 100vw, 370px\" src=\"data:image\/svg+xml;base64,PHN2ZyB3aWR0aD0iMSIgaGVpZ2h0PSIxIiB4bWxucz0iaHR0cDovL3d3dy53My5vcmcvMjAwMC9zdmciPjwvc3ZnPg==\" style=\"--smush-placeholder-width: 370px; --smush-placeholder-aspect-ratio: 370\/266;\" \/><\/div>\n\t\t<\/a>\n\t\t\t\t<div class=\"elementor-post__text\">\n\t\t\t\t<h3 class=\"elementor-post__title\">\n\t\t\t<a href=\"https:\/\/autolivraria.com.br\/bc\/auto-livraria\/al-chrysler-dodge-jeep\/dodge-1979-charger-dart-magnum-lebaron-encarte-folder\/\" >\n\t\t\t\tDodge 1979: cat\u00e1logo com Charger, Magnum, Le Baron e outros\t\t\t<\/a>\n\t\t<\/h3>\n\t\t\t\t<div class=\"elementor-post__excerpt\">\n\t\t\t<p>Encarte mostra o novo estilo da linha Chrysler daquele ano; inclui Dart e Polara &#8211; R$ 199<\/p>\n\t\t<\/div>\n\t\t\t\t<\/div>\n\t\t\t\t<\/article>\n\t\t\t\t<article class=\"elementor-post elementor-grid-item post-131929 post type-post status-publish format-standard has-post-thumbnail hentry category-al-chrysler-dodge-jeep tag-auto-livraria tag-carros-do-passado tag-charger tag-dodge tag-revista-quatro-rodas tag-revistas-nacionais tag-v8\">\n\t\t\t\t<a class=\"elementor-post__thumbnail__link\" href=\"https:\/\/autolivraria.com.br\/bc\/auto-livraria\/al-chrysler-dodge-jeep\/dodge-charger-rt-revistas\/\" >\n\t\t\t<div class=\"elementor-post__thumbnail\"><img decoding=\"async\" width=\"370\" height=\"247\" data-src=\"https:\/\/autolivraria.com.br\/bc\/wp-content\/uploads\/2022\/06\/Charger-370x247.jpg\" class=\"attachment-medium size-medium wp-image-153483 lazyload\" alt=\"\" data-srcset=\"https:\/\/autolivraria.com.br\/bc\/wp-content\/uploads\/2022\/06\/Charger-370x247.jpg 370w, https:\/\/autolivraria.com.br\/bc\/wp-content\/uploads\/2022\/06\/Charger-750x500.jpg 750w, https:\/\/autolivraria.com.br\/bc\/wp-content\/uploads\/2022\/06\/Charger-150x100.jpg 150w, https:\/\/autolivraria.com.br\/bc\/wp-content\/uploads\/2022\/06\/Charger-330x220.jpg 330w, https:\/\/autolivraria.com.br\/bc\/wp-content\/uploads\/2022\/06\/Charger-420x280.jpg 420w, https:\/\/autolivraria.com.br\/bc\/wp-content\/uploads\/2022\/06\/Charger-510x340.jpg 510w, https:\/\/autolivraria.com.br\/bc\/wp-content\/uploads\/2022\/06\/Charger.jpg 800w\" data-sizes=\"(max-width: 370px) 100vw, 370px\" src=\"data:image\/svg+xml;base64,PHN2ZyB3aWR0aD0iMSIgaGVpZ2h0PSIxIiB4bWxucz0iaHR0cDovL3d3dy53My5vcmcvMjAwMC9zdmciPjwvc3ZnPg==\" style=\"--smush-placeholder-width: 370px; --smush-placeholder-aspect-ratio: 370\/247;\" \/><\/div>\n\t\t<\/a>\n\t\t\t\t<div class=\"elementor-post__text\">\n\t\t\t\t<h3 class=\"elementor-post__title\">\n\t\t\t<a href=\"https:\/\/autolivraria.com.br\/bc\/auto-livraria\/al-chrysler-dodge-jeep\/dodge-charger-rt-revistas\/\" >\n\t\t\t\tCharger R\/T: revistas com o mais esportivo dos Dodges\t\t\t<\/a>\n\t\t<\/h3>\n\t\t\t\t<div class=\"elementor-post__excerpt\">\n\t\t\t<p>Quatro Rodas com testes de \u00e9poca e edi\u00e7\u00f5es variadas com hist\u00f3rias &#8211; a partir de R$ 29<\/p>\n\t\t<\/div>\n\t\t\t\t<\/div>\n\t\t\t\t<\/article>\n\t\t\t\t<\/div>\n\t\t\t\t<\/div>\n\t\t\t\t<\/div>\n\t\t\t\t<div class=\"elementor-element elementor-element-171400b elementor-align-center elementor-widget elementor-widget-button\" data-id=\"171400b\" data-element_type=\"widget\" data-widget_type=\"button.default\">\n\t\t\t\t<div class=\"elementor-widget-container\">\n\t\t\t\t\t\t\t<div class=\"elementor-button-wrapper\">\n\t\t\t\t\t<a class=\"elementor-button elementor-button-link elementor-size-sm\" href=\"https:\/\/autolivraria.com.br\/bc\/category\/al-chrysler-dodge-jeep\/\">\n\t\t\t\t\t\t<span class=\"elementor-button-content-wrapper\">\n\t\t\t\t\t\t<span class=\"elementor-button-icon\">\n\t\t\t\t<i aria-hidden=\"true\" class=\"fas fa-angle-right\"><\/i>\t\t\t<\/span>\n\t\t\t\t\t\t\t\t\t<span class=\"elementor-button-text\">TUDO DE CHRYSLER, DODGE E JEEP<\/span>\n\t\t\t\t\t<\/span>\n\t\t\t\t\t<\/a>\n\t\t\t\t<\/div>\n\t\t\t\t\t\t<\/div>\n\t\t\t\t<\/div>\n\t\t\t\t<div class=\"elementor-element elementor-element-52500dc elementor-widget elementor-widget-spacer\" data-id=\"52500dc\" data-element_type=\"widget\" data-widget_type=\"spacer.default\">\n\t\t\t\t<div class=\"elementor-widget-container\">\n\t\t\t\t\t<div class=\"elementor-spacer\">\n\t\t\t<div class=\"elementor-spacer-inner\"><\/div>\n\t\t<\/div>\n\t\t\t\t<\/div>\n\t\t\t\t<\/div>\n\t\t\t\t\t<\/div>\n\t\t<\/div>\n\t\t\t\t\t<\/div>\n\t\t<\/section>\n\t\t\t\t<section class=\"elementor-section elementor-top-section elementor-element elementor-element-31fc7e5 elementor-section-boxed elementor-section-height-default elementor-section-height-default\" data-id=\"31fc7e5\" data-element_type=\"section\" data-settings=\"{&quot;background_background&quot;:&quot;classic&quot;}\">\n\t\t\t\t\t\t<div class=\"elementor-container elementor-column-gap-default\">\n\t\t\t\t\t<div class=\"elementor-column elementor-col-100 elementor-top-column elementor-element elementor-element-4c73790\" data-id=\"4c73790\" data-element_type=\"column\">\n\t\t\t<div class=\"elementor-widget-wrap elementor-element-populated\">\n\t\t\t\t\t\t<section class=\"elementor-section elementor-inner-section elementor-element elementor-element-0e2156f elementor-section-boxed elementor-section-height-default elementor-section-height-default\" data-id=\"0e2156f\" data-element_type=\"section\">\n\t\t\t\t\t\t<div class=\"elementor-container elementor-column-gap-default\">\n\t\t\t\t\t<div class=\"elementor-column elementor-col-100 elementor-inner-column elementor-element elementor-element-8372a06\" data-id=\"8372a06\" data-element_type=\"column\">\n\t\t\t<div class=\"elementor-widget-wrap elementor-element-populated\">\n\t\t\t\t\t\t<div class=\"elementor-element elementor-element-d8fc784 elementor-align-left elementor-widget elementor-widget-button\" data-id=\"d8fc784\" data-element_type=\"widget\" data-widget_type=\"button.default\">\n\t\t\t\t<div class=\"elementor-widget-container\">\n\t\t\t\t\t\t\t<div class=\"elementor-button-wrapper\">\n\t\t\t\t\t<a class=\"elementor-button elementor-button-link elementor-size-lg\" href=\"https:\/\/autolivraria.com.br\/bc\/category\/al-citroen\/\">\n\t\t\t\t\t\t<span class=\"elementor-button-content-wrapper\">\n\t\t\t\t\t\t\t\t\t<span class=\"elementor-button-text\">CITRO\u00cbN<\/span>\n\t\t\t\t\t<\/span>\n\t\t\t\t\t<\/a>\n\t\t\t\t<\/div>\n\t\t\t\t\t\t<\/div>\n\t\t\t\t<\/div>\n\t\t\t\t\t<\/div>\n\t\t<\/div>\n\t\t\t\t\t<\/div>\n\t\t<\/section>\n\t\t\t\t<div class=\"elementor-element elementor-element-deeb018 elementor-grid-3 elementor-grid-tablet-2 elementor-grid-mobile-1 elementor-posts--thumbnail-top elementor-widget elementor-widget-posts\" data-id=\"deeb018\" data-element_type=\"widget\" data-settings=\"{&quot;classic_row_gap&quot;:{&quot;unit&quot;:&quot;px&quot;,&quot;size&quot;:30,&quot;sizes&quot;:[]},&quot;classic_columns&quot;:&quot;3&quot;,&quot;classic_columns_tablet&quot;:&quot;2&quot;,&quot;classic_columns_mobile&quot;:&quot;1&quot;}\" data-widget_type=\"posts.classic\">\n\t\t\t\t<div class=\"elementor-widget-container\">\n\t\t\t\t\t<div class=\"elementor-posts-container elementor-posts elementor-posts--skin-classic elementor-grid\">\n\t\t\t\t<article class=\"elementor-post elementor-grid-item post-126992 post type-post status-publish format-standard has-post-thumbnail hentry category-al-citroen tag-auto-livraria tag-c3 tag-c3-exclusive tag-c3-xtr tag-c5 tag-carros-do-passado tag-manuais-e-catalogos tag-catalogos-outras-marcas tag-citroen tag-xantia tag-xantia-break tag-xsara\">\n\t\t\t\t<a class=\"elementor-post__thumbnail__link\" href=\"https:\/\/autolivraria.com.br\/bc\/auto-livraria\/al-citroen\/citroen-xsara-vts-xantia-c3-c5-zx-xm-catalogos-folders\/\" >\n\t\t\t<div class=\"elementor-post__thumbnail\"><img decoding=\"async\" width=\"340\" height=\"244\" data-src=\"https:\/\/autolivraria.com.br\/bc\/wp-content\/uploads\/2021\/04\/Xantia-2a-340x244.jpg\" class=\"attachment-medium size-medium wp-image-127007 lazyload\" alt=\"\" data-srcset=\"https:\/\/autolivraria.com.br\/bc\/wp-content\/uploads\/2021\/04\/Xantia-2a-340x244.jpg 340w, https:\/\/autolivraria.com.br\/bc\/wp-content\/uploads\/2021\/04\/Xantia-2a-120x86.jpg 120w, https:\/\/autolivraria.com.br\/bc\/wp-content\/uploads\/2021\/04\/Xantia-2a-350x250.jpg 350w, https:\/\/autolivraria.com.br\/bc\/wp-content\/uploads\/2021\/04\/Xantia-2a.jpg 696w\" data-sizes=\"(max-width: 340px) 100vw, 340px\" src=\"data:image\/svg+xml;base64,PHN2ZyB3aWR0aD0iMSIgaGVpZ2h0PSIxIiB4bWxucz0iaHR0cDovL3d3dy53My5vcmcvMjAwMC9zdmciPjwvc3ZnPg==\" style=\"--smush-placeholder-width: 340px; --smush-placeholder-aspect-ratio: 340\/244;\" \/><\/div>\n\t\t<\/a>\n\t\t\t\t<div class=\"elementor-post__text\">\n\t\t\t\t<h3 class=\"elementor-post__title\">\n\t\t\t<a href=\"https:\/\/autolivraria.com.br\/bc\/auto-livraria\/al-citroen\/citroen-xsara-vts-xantia-c3-c5-zx-xm-catalogos-folders\/\" >\n\t\t\t\tCitro\u00ebn: Xsara, Xantia, C3, C5 e outros em cat\u00e1logos\t\t\t<\/a>\n\t\t<\/h3>\n\t\t\t\t<div class=\"elementor-post__excerpt\">\n\t\t\t<p>Prospectos em portugu\u00eas com modelos de uma marca de inova\u00e7\u00e3o e grande estabilidade &#8211; a partir de R$ 49<\/p>\n\t\t<\/div>\n\t\t\t\t<\/div>\n\t\t\t\t<\/article>\n\t\t\t\t<article class=\"elementor-post elementor-grid-item post-134146 post type-post status-publish format-standard has-post-thumbnail hentry category-al-citroen category-quadros-decorativos tag-auto-livraria tag-c3 tag-c4 tag-c4-lounge tag-c4-vtr tag-carros-do-passado tag-citroen tag-ds3 tag-quadros-outras-marcas tag-quadros-decorativos tag-xantia tag-xsara tag-zx\">\n\t\t\t\t<a class=\"elementor-post__thumbnail__link\" href=\"https:\/\/autolivraria.com.br\/bc\/auto-livraria\/al-citroen\/quadros-decorativos-citroen-ax-c3-ds3-zx-xsara-c4-xantia\/\" >\n\t\t\t<div class=\"elementor-post__thumbnail\"><img decoding=\"async\" width=\"370\" height=\"247\" data-src=\"https:\/\/autolivraria.com.br\/bc\/wp-content\/uploads\/2024\/08\/Citroen-370x247.jpg\" class=\"attachment-medium size-medium wp-image-153409 lazyload\" alt=\"\" data-srcset=\"https:\/\/autolivraria.com.br\/bc\/wp-content\/uploads\/2024\/08\/Citroen-370x247.jpg 370w, https:\/\/autolivraria.com.br\/bc\/wp-content\/uploads\/2024\/08\/Citroen-750x500.jpg 750w, https:\/\/autolivraria.com.br\/bc\/wp-content\/uploads\/2024\/08\/Citroen-150x100.jpg 150w, https:\/\/autolivraria.com.br\/bc\/wp-content\/uploads\/2024\/08\/Citroen-330x220.jpg 330w, https:\/\/autolivraria.com.br\/bc\/wp-content\/uploads\/2024\/08\/Citroen-420x280.jpg 420w, https:\/\/autolivraria.com.br\/bc\/wp-content\/uploads\/2024\/08\/Citroen-510x340.jpg 510w, https:\/\/autolivraria.com.br\/bc\/wp-content\/uploads\/2024\/08\/Citroen.jpg 1024w\" data-sizes=\"(max-width: 370px) 100vw, 370px\" src=\"data:image\/svg+xml;base64,PHN2ZyB3aWR0aD0iMSIgaGVpZ2h0PSIxIiB4bWxucz0iaHR0cDovL3d3dy53My5vcmcvMjAwMC9zdmciPjwvc3ZnPg==\" style=\"--smush-placeholder-width: 370px; --smush-placeholder-aspect-ratio: 370\/247;\" \/><\/div>\n\t\t<\/a>\n\t\t\t\t<div class=\"elementor-post__text\">\n\t\t\t\t<h3 class=\"elementor-post__title\">\n\t\t\t<a href=\"https:\/\/autolivraria.com.br\/bc\/auto-livraria\/al-citroen\/quadros-decorativos-citroen-ax-c3-ds3-zx-xsara-c4-xantia\/\" >\n\t\t\t\tCitro\u00ebn: quadros com ZX, C4 VTR, DS3, Xantia e outros\t\t\t<\/a>\n\t\t<\/h3>\n\t\t\t\t<div class=\"elementor-post__excerpt\">\n\t\t\t<p>Quadros com propagandas e mat\u00e9rias originais de v\u00e1rios modelos desde os anos 90 &#8211; a partir de R$ 109<\/p>\n\t\t<\/div>\n\t\t\t\t<\/div>\n\t\t\t\t<\/article>\n\t\t\t\t<article class=\"elementor-post elementor-grid-item post-133732 post type-post status-publish format-standard has-post-thumbnail hentry category-al-citroen tag-auto-livraria tag-carros-do-passado tag-citroen tag-ds3 tag-revista-auto-esporte tag-revista-carro tag-revista-quatro-rodas tag-revistas-nacionais\">\n\t\t\t\t<a class=\"elementor-post__thumbnail__link\" href=\"https:\/\/autolivraria.com.br\/bc\/auto-livraria\/al-citroen\/citroen-ds3-revistas\/\" >\n\t\t\t<div class=\"elementor-post__thumbnail\"><img decoding=\"async\" width=\"370\" height=\"266\" data-src=\"https:\/\/autolivraria.com.br\/bc\/wp-content\/uploads\/2022\/07\/DS3-QR-631-370x266.jpg\" class=\"attachment-medium size-medium wp-image-133733 lazyload\" alt=\"\" data-srcset=\"https:\/\/autolivraria.com.br\/bc\/wp-content\/uploads\/2022\/07\/DS3-QR-631-370x266.jpg 370w, https:\/\/autolivraria.com.br\/bc\/wp-content\/uploads\/2022\/07\/DS3-QR-631-120x86.jpg 120w, https:\/\/autolivraria.com.br\/bc\/wp-content\/uploads\/2022\/07\/DS3-QR-631.jpg 696w\" data-sizes=\"(max-width: 370px) 100vw, 370px\" src=\"data:image\/svg+xml;base64,PHN2ZyB3aWR0aD0iMSIgaGVpZ2h0PSIxIiB4bWxucz0iaHR0cDovL3d3dy53My5vcmcvMjAwMC9zdmciPjwvc3ZnPg==\" style=\"--smush-placeholder-width: 370px; --smush-placeholder-aspect-ratio: 370\/266;\" \/><\/div>\n\t\t<\/a>\n\t\t\t\t<div class=\"elementor-post__text\">\n\t\t\t\t<h3 class=\"elementor-post__title\">\n\t\t\t<a href=\"https:\/\/autolivraria.com.br\/bc\/auto-livraria\/al-citroen\/citroen-ds3-revistas\/\" >\n\t\t\t\tDS3: revistas com um Citro\u00ebn pequeno e apimentado\t\t\t<\/a>\n\t\t<\/h3>\n\t\t\t\t<div class=\"elementor-post__excerpt\">\n\t\t\t<p>Auto Esporte, Carro e Quatro Rodas com teste e comparativos do pequeno hatch &#8211; R$ 29 cada<\/p>\n\t\t<\/div>\n\t\t\t\t<\/div>\n\t\t\t\t<\/article>\n\t\t\t\t<\/div>\n\t\t\t\t<\/div>\n\t\t\t\t<\/div>\n\t\t\t\t<div class=\"elementor-element elementor-element-7f2c360 elementor-align-center elementor-widget elementor-widget-button\" data-id=\"7f2c360\" data-element_type=\"widget\" data-widget_type=\"button.default\">\n\t\t\t\t<div class=\"elementor-widget-container\">\n\t\t\t\t\t\t\t<div class=\"elementor-button-wrapper\">\n\t\t\t\t\t<a class=\"elementor-button elementor-button-link elementor-size-sm\" href=\"https:\/\/autolivraria.com.br\/bc\/category\/al-citroen\/\">\n\t\t\t\t\t\t<span class=\"elementor-button-content-wrapper\">\n\t\t\t\t\t\t<span class=\"elementor-button-icon\">\n\t\t\t\t<i aria-hidden=\"true\" class=\"fas fa-angle-right\"><\/i>\t\t\t<\/span>\n\t\t\t\t\t\t\t\t\t<span class=\"elementor-button-text\">TUDO DE CITRO\u00cbN<\/span>\n\t\t\t\t\t<\/span>\n\t\t\t\t\t<\/a>\n\t\t\t\t<\/div>\n\t\t\t\t\t\t<\/div>\n\t\t\t\t<\/div>\n\t\t\t\t<div class=\"elementor-element elementor-element-807c184 elementor-widget elementor-widget-spacer\" data-id=\"807c184\" data-element_type=\"widget\" data-widget_type=\"spacer.default\">\n\t\t\t\t<div class=\"elementor-widget-container\">\n\t\t\t\t\t<div class=\"elementor-spacer\">\n\t\t\t<div class=\"elementor-spacer-inner\"><\/div>\n\t\t<\/div>\n\t\t\t\t<\/div>\n\t\t\t\t<\/div>\n\t\t\t\t\t<\/div>\n\t\t<\/div>\n\t\t\t\t\t<\/div>\n\t\t<\/section>\n\t\t\t\t<section class=\"elementor-section elementor-top-section elementor-element elementor-element-fa1929b elementor-section-boxed elementor-section-height-default elementor-section-height-default\" data-id=\"fa1929b\" data-element_type=\"section\" data-settings=\"{&quot;background_background&quot;:&quot;classic&quot;}\">\n\t\t\t\t\t\t<div class=\"elementor-container elementor-column-gap-default\">\n\t\t\t\t\t<div class=\"elementor-column elementor-col-100 elementor-top-column elementor-element elementor-element-3109b94\" data-id=\"3109b94\" data-element_type=\"column\">\n\t\t\t<div class=\"elementor-widget-wrap elementor-element-populated\">\n\t\t\t\t\t\t<section class=\"elementor-section elementor-inner-section elementor-element elementor-element-9e87dd0 elementor-section-boxed elementor-section-height-default elementor-section-height-default\" data-id=\"9e87dd0\" data-element_type=\"section\">\n\t\t\t\t\t\t<div class=\"elementor-container elementor-column-gap-default\">\n\t\t\t\t\t<div class=\"elementor-column elementor-col-100 elementor-inner-column elementor-element elementor-element-ed51836\" data-id=\"ed51836\" data-element_type=\"column\">\n\t\t\t<div class=\"elementor-widget-wrap elementor-element-populated\">\n\t\t\t\t\t\t<div class=\"elementor-element elementor-element-fd9a611 elementor-align-left elementor-widget elementor-widget-button\" data-id=\"fd9a611\" data-element_type=\"widget\" data-widget_type=\"button.default\">\n\t\t\t\t<div class=\"elementor-widget-container\">\n\t\t\t\t\t\t\t<div class=\"elementor-button-wrapper\">\n\t\t\t\t\t<a class=\"elementor-button elementor-button-link elementor-size-lg\" href=\"https:\/\/autolivraria.com.br\/bc\/category\/al-dkw-vemag\/\">\n\t\t\t\t\t\t<span class=\"elementor-button-content-wrapper\">\n\t\t\t\t\t\t\t\t\t<span class=\"elementor-button-text\">DKW-VEMAG<\/span>\n\t\t\t\t\t<\/span>\n\t\t\t\t\t<\/a>\n\t\t\t\t<\/div>\n\t\t\t\t\t\t<\/div>\n\t\t\t\t<\/div>\n\t\t\t\t\t<\/div>\n\t\t<\/div>\n\t\t\t\t\t<\/div>\n\t\t<\/section>\n\t\t\t\t<div class=\"elementor-element elementor-element-e2c0844 elementor-grid-3 elementor-grid-tablet-2 elementor-grid-mobile-1 elementor-posts--thumbnail-top elementor-widget elementor-widget-posts\" data-id=\"e2c0844\" data-element_type=\"widget\" data-settings=\"{&quot;classic_row_gap&quot;:{&quot;unit&quot;:&quot;px&quot;,&quot;size&quot;:30,&quot;sizes&quot;:[]},&quot;classic_columns&quot;:&quot;3&quot;,&quot;classic_columns_tablet&quot;:&quot;2&quot;,&quot;classic_columns_mobile&quot;:&quot;1&quot;}\" data-widget_type=\"posts.classic\">\n\t\t\t\t<div class=\"elementor-widget-container\">\n\t\t\t\t\t<div class=\"elementor-posts-container elementor-posts elementor-posts--skin-classic elementor-grid\">\n\t\t\t\t<article class=\"elementor-post elementor-grid-item post-128714 post type-post status-publish format-standard has-post-thumbnail hentry category-al-dkw-vemag category-quadros-decorativos tag-auto-livraria tag-belcar tag-candango tag-carros-do-passado tag-dkw tag-dkw-vemag tag-fissore tag-quadros-dkw-vemag tag-quadros-decorativos tag-vemaguet\">\n\t\t\t\t<a class=\"elementor-post__thumbnail__link\" href=\"https:\/\/autolivraria.com.br\/bc\/auto-livraria\/al-dkw-vemag\/quadros-propagandas-dkw-belcar-vemaguet-fissore-candango\/\" >\n\t\t\t<div class=\"elementor-post__thumbnail\"><img decoding=\"async\" width=\"370\" height=\"247\" data-src=\"https:\/\/autolivraria.com.br\/bc\/wp-content\/uploads\/2023\/02\/DKW-370x247.jpg\" class=\"attachment-medium size-medium wp-image-136842 lazyload\" alt=\"\" data-srcset=\"https:\/\/autolivraria.com.br\/bc\/wp-content\/uploads\/2023\/02\/DKW-370x247.jpg 370w, https:\/\/autolivraria.com.br\/bc\/wp-content\/uploads\/2023\/02\/DKW-750x500.jpg 750w, https:\/\/autolivraria.com.br\/bc\/wp-content\/uploads\/2023\/02\/DKW.jpg 1024w\" data-sizes=\"(max-width: 370px) 100vw, 370px\" src=\"data:image\/svg+xml;base64,PHN2ZyB3aWR0aD0iMSIgaGVpZ2h0PSIxIiB4bWxucz0iaHR0cDovL3d3dy53My5vcmcvMjAwMC9zdmciPjwvc3ZnPg==\" style=\"--smush-placeholder-width: 370px; --smush-placeholder-aspect-ratio: 370\/247;\" \/><\/div>\n\t\t<\/a>\n\t\t\t\t<div class=\"elementor-post__text\">\n\t\t\t\t<h3 class=\"elementor-post__title\">\n\t\t\t<a href=\"https:\/\/autolivraria.com.br\/bc\/auto-livraria\/al-dkw-vemag\/quadros-propagandas-dkw-belcar-vemaguet-fissore-candango\/\" >\n\t\t\t\tDKW-Vemag: quadros com Belcar, Vemaguet, Fissore e Candango\t\t\t<\/a>\n\t\t<\/h3>\n\t\t\t\t<div class=\"elementor-post__excerpt\">\n\t\t\t<p>Quadros decorativos com an\u00fancios e mat\u00e9rias da linha em revistas da \u00e9poca &#8211; a partir de R$ 109<\/p>\n\t\t<\/div>\n\t\t\t\t<\/div>\n\t\t\t\t<\/article>\n\t\t\t\t<article class=\"elementor-post elementor-grid-item post-128747 post type-post status-publish format-standard has-post-thumbnail hentry category-al-dkw-vemag tag-auto-livraria tag-belcar tag-carros-do-passado tag-dkw tag-dkw-vemag tag-fissore tag-revista-quatro-rodas tag-revistas-nacionais tag-vemaguet\">\n\t\t\t\t<a class=\"elementor-post__thumbnail__link\" href=\"https:\/\/autolivraria.com.br\/bc\/auto-livraria\/al-dkw-vemag\/revistas-dkw-vemag-belcar-vemaguet-fissore\/\" >\n\t\t\t<div class=\"elementor-post__thumbnail\"><img decoding=\"async\" width=\"370\" height=\"247\" data-src=\"https:\/\/autolivraria.com.br\/bc\/wp-content\/uploads\/2025\/12\/DKW-370x247.jpg\" class=\"attachment-medium size-medium wp-image-153161 lazyload\" alt=\"\" data-srcset=\"https:\/\/autolivraria.com.br\/bc\/wp-content\/uploads\/2025\/12\/DKW-370x247.jpg 370w, https:\/\/autolivraria.com.br\/bc\/wp-content\/uploads\/2025\/12\/DKW-150x100.jpg 150w, https:\/\/autolivraria.com.br\/bc\/wp-content\/uploads\/2025\/12\/DKW-330x220.jpg 330w, https:\/\/autolivraria.com.br\/bc\/wp-content\/uploads\/2025\/12\/DKW-420x280.jpg 420w, https:\/\/autolivraria.com.br\/bc\/wp-content\/uploads\/2025\/12\/DKW-510x340.jpg 510w, https:\/\/autolivraria.com.br\/bc\/wp-content\/uploads\/2025\/12\/DKW.jpg 750w\" data-sizes=\"(max-width: 370px) 100vw, 370px\" src=\"data:image\/svg+xml;base64,PHN2ZyB3aWR0aD0iMSIgaGVpZ2h0PSIxIiB4bWxucz0iaHR0cDovL3d3dy53My5vcmcvMjAwMC9zdmciPjwvc3ZnPg==\" style=\"--smush-placeholder-width: 370px; --smush-placeholder-aspect-ratio: 370\/247;\" \/><\/div>\n\t\t<\/a>\n\t\t\t\t<div class=\"elementor-post__text\">\n\t\t\t\t<h3 class=\"elementor-post__title\">\n\t\t\t<a href=\"https:\/\/autolivraria.com.br\/bc\/auto-livraria\/al-dkw-vemag\/revistas-dkw-vemag-belcar-vemaguet-fissore\/\" >\n\t\t\t\tDKW: revistas com Belcar, Vemaguet, Fissore e mais\t\t\t<\/a>\n\t\t<\/h3>\n\t\t\t\t<div class=\"elementor-post__excerpt\">\n\t\t\t<p>Quatro Rodas e Classic Show com hist\u00f3rias de modelos dois-tempos da marca alem\u00e3 &#8211; a partir de R$ 19<\/p>\n\t\t<\/div>\n\t\t\t\t<\/div>\n\t\t\t\t<\/article>\n\t\t\t\t<\/div>\n\t\t\t\t<\/div>\n\t\t\t\t<\/div>\n\t\t\t\t<div class=\"elementor-element elementor-element-5b66669 elementor-align-center elementor-widget elementor-widget-button\" data-id=\"5b66669\" data-element_type=\"widget\" data-widget_type=\"button.default\">\n\t\t\t\t<div class=\"elementor-widget-container\">\n\t\t\t\t\t\t\t<div class=\"elementor-button-wrapper\">\n\t\t\t\t\t<a class=\"elementor-button elementor-button-link elementor-size-sm\" href=\"https:\/\/autolivraria.com.br\/bc\/category\/al-dkw-vemag\/\">\n\t\t\t\t\t\t<span class=\"elementor-button-content-wrapper\">\n\t\t\t\t\t\t<span class=\"elementor-button-icon\">\n\t\t\t\t<i aria-hidden=\"true\" class=\"fas fa-angle-right\"><\/i>\t\t\t<\/span>\n\t\t\t\t\t\t\t\t\t<span class=\"elementor-button-text\">TUDO DE DKW-VEMAG<\/span>\n\t\t\t\t\t<\/span>\n\t\t\t\t\t<\/a>\n\t\t\t\t<\/div>\n\t\t\t\t\t\t<\/div>\n\t\t\t\t<\/div>\n\t\t\t\t<div class=\"elementor-element elementor-element-492a7be elementor-widget elementor-widget-spacer\" data-id=\"492a7be\" data-element_type=\"widget\" data-widget_type=\"spacer.default\">\n\t\t\t\t<div class=\"elementor-widget-container\">\n\t\t\t\t\t<div class=\"elementor-spacer\">\n\t\t\t<div class=\"elementor-spacer-inner\"><\/div>\n\t\t<\/div>\n\t\t\t\t<\/div>\n\t\t\t\t<\/div>\n\t\t\t\t\t<\/div>\n\t\t<\/div>\n\t\t\t\t\t<\/div>\n\t\t<\/section>\n\t\t\t\t<section class=\"elementor-section elementor-top-section elementor-element elementor-element-96267f0 elementor-section-boxed elementor-section-height-default elementor-section-height-default\" data-id=\"96267f0\" data-element_type=\"section\" data-settings=\"{&quot;background_background&quot;:&quot;classic&quot;}\">\n\t\t\t\t\t\t<div class=\"elementor-container elementor-column-gap-default\">\n\t\t\t\t\t<div class=\"elementor-column elementor-col-100 elementor-top-column elementor-element elementor-element-f785b24\" data-id=\"f785b24\" data-element_type=\"column\">\n\t\t\t<div class=\"elementor-widget-wrap elementor-element-populated\">\n\t\t\t\t\t\t<section class=\"elementor-section elementor-inner-section elementor-element elementor-element-8a5811c elementor-section-boxed elementor-section-height-default elementor-section-height-default\" data-id=\"8a5811c\" data-element_type=\"section\">\n\t\t\t\t\t\t<div class=\"elementor-container elementor-column-gap-default\">\n\t\t\t\t\t<div class=\"elementor-column elementor-col-100 elementor-inner-column elementor-element elementor-element-0e1aa42\" data-id=\"0e1aa42\" data-element_type=\"column\">\n\t\t\t<div class=\"elementor-widget-wrap elementor-element-populated\">\n\t\t\t\t\t\t<div class=\"elementor-element elementor-element-f1da6ce elementor-align-left elementor-widget elementor-widget-button\" data-id=\"f1da6ce\" data-element_type=\"widget\" data-widget_type=\"button.default\">\n\t\t\t\t<div class=\"elementor-widget-container\">\n\t\t\t\t\t\t\t<div class=\"elementor-button-wrapper\">\n\t\t\t\t\t<a class=\"elementor-button elementor-button-link elementor-size-lg\" href=\"https:\/\/autolivraria.com.br\/bc\/category\/al-ferrari\/\">\n\t\t\t\t\t\t<span class=\"elementor-button-content-wrapper\">\n\t\t\t\t\t\t\t\t\t<span class=\"elementor-button-text\">FERRARI<\/span>\n\t\t\t\t\t<\/span>\n\t\t\t\t\t<\/a>\n\t\t\t\t<\/div>\n\t\t\t\t\t\t<\/div>\n\t\t\t\t<\/div>\n\t\t\t\t\t<\/div>\n\t\t<\/div>\n\t\t\t\t\t<\/div>\n\t\t<\/section>\n\t\t\t\t<div class=\"elementor-element elementor-element-d0382b3 elementor-grid-3 elementor-grid-tablet-2 elementor-grid-mobile-1 elementor-posts--thumbnail-top elementor-widget elementor-widget-posts\" data-id=\"d0382b3\" data-element_type=\"widget\" data-settings=\"{&quot;classic_row_gap&quot;:{&quot;unit&quot;:&quot;px&quot;,&quot;size&quot;:30,&quot;sizes&quot;:[]},&quot;classic_columns&quot;:&quot;3&quot;,&quot;classic_columns_tablet&quot;:&quot;2&quot;,&quot;classic_columns_mobile&quot;:&quot;1&quot;}\" data-widget_type=\"posts.classic\">\n\t\t\t\t<div class=\"elementor-widget-container\">\n\t\t\t\t\t<div class=\"elementor-posts-container elementor-posts elementor-posts--skin-classic elementor-grid\">\n\t\t\t\t<article class=\"elementor-post elementor-grid-item post-145849 post type-post status-publish format-standard has-post-thumbnail hentry category-al-ferrari tag-auto-livraria tag-berlinetta-boxer tag-carros-do-passado tag-daytona tag-dino tag-ferrari tag-ferrari-365 tag-revista-quatro-rodas tag-revistas-nacionais\">\n\t\t\t\t<a class=\"elementor-post__thumbnail__link\" href=\"https:\/\/autolivraria.com.br\/bc\/auto-livraria\/al-ferrari\/ferrari-daytona-berlinetta-boxer-dino-revistas\/\" >\n\t\t\t<div class=\"elementor-post__thumbnail\"><img decoding=\"async\" width=\"370\" height=\"266\" data-src=\"https:\/\/autolivraria.com.br\/bc\/wp-content\/uploads\/2023\/12\/Ferrari-Daytona-370x266.jpg\" class=\"attachment-medium size-medium wp-image-145854 lazyload\" alt=\"\" data-srcset=\"https:\/\/autolivraria.com.br\/bc\/wp-content\/uploads\/2023\/12\/Ferrari-Daytona-370x266.jpg 370w, https:\/\/autolivraria.com.br\/bc\/wp-content\/uploads\/2023\/12\/Ferrari-Daytona-120x86.jpg 120w, https:\/\/autolivraria.com.br\/bc\/wp-content\/uploads\/2023\/12\/Ferrari-Daytona.jpg 696w\" data-sizes=\"(max-width: 370px) 100vw, 370px\" src=\"data:image\/svg+xml;base64,PHN2ZyB3aWR0aD0iMSIgaGVpZ2h0PSIxIiB4bWxucz0iaHR0cDovL3d3dy53My5vcmcvMjAwMC9zdmciPjwvc3ZnPg==\" style=\"--smush-placeholder-width: 370px; --smush-placeholder-aspect-ratio: 370\/266;\" \/><\/div>\n\t\t<\/a>\n\t\t\t\t<div class=\"elementor-post__text\">\n\t\t\t\t<h3 class=\"elementor-post__title\">\n\t\t\t<a href=\"https:\/\/autolivraria.com.br\/bc\/auto-livraria\/al-ferrari\/ferrari-daytona-berlinetta-boxer-dino-revistas\/\" >\n\t\t\t\tFerrari: revistas com Boxer, Daytona e outros esportivos\t\t\t<\/a>\n\t\t<\/h3>\n\t\t\t\t<div class=\"elementor-post__excerpt\">\n\t\t\t<p>Grandes carros esporte da marca na se\u00e7\u00e3o de hist\u00f3rias da Quatro Rodas &#8211; R$ 29 cada<\/p>\n\t\t<\/div>\n\t\t\t\t<\/div>\n\t\t\t\t<\/article>\n\t\t\t\t<article class=\"elementor-post elementor-grid-item post-147325 post type-post status-publish format-standard has-post-thumbnail hentry category-al-ferrari tag-auto-livraria tag-manuais-e-catalogos tag-catalogos-ferrari tag-ferrari\">\n\t\t\t\t<a class=\"elementor-post__thumbnail__link\" href=\"https:\/\/autolivraria.com.br\/bc\/auto-livraria\/al-ferrari\/catalogo-folder-ferrari-fabrica-maranello-fiorano\/\" >\n\t\t\t<div class=\"elementor-post__thumbnail\"><img decoding=\"async\" width=\"370\" height=\"266\" data-src=\"https:\/\/autolivraria.com.br\/bc\/wp-content\/uploads\/2024\/07\/Ferrari-1985-5-370x266.jpg\" class=\"attachment-medium size-medium wp-image-147326 lazyload\" alt=\"\" data-srcset=\"https:\/\/autolivraria.com.br\/bc\/wp-content\/uploads\/2024\/07\/Ferrari-1985-5-370x266.jpg 370w, https:\/\/autolivraria.com.br\/bc\/wp-content\/uploads\/2024\/07\/Ferrari-1985-5-120x86.jpg 120w, https:\/\/autolivraria.com.br\/bc\/wp-content\/uploads\/2024\/07\/Ferrari-1985-5.jpg 696w\" data-sizes=\"(max-width: 370px) 100vw, 370px\" src=\"data:image\/svg+xml;base64,PHN2ZyB3aWR0aD0iMSIgaGVpZ2h0PSIxIiB4bWxucz0iaHR0cDovL3d3dy53My5vcmcvMjAwMC9zdmciPjwvc3ZnPg==\" style=\"--smush-placeholder-width: 370px; --smush-placeholder-aspect-ratio: 370\/266;\" \/><\/div>\n\t\t<\/a>\n\t\t\t\t<div class=\"elementor-post__text\">\n\t\t\t\t<h3 class=\"elementor-post__title\">\n\t\t\t<a href=\"https:\/\/autolivraria.com.br\/bc\/auto-livraria\/al-ferrari\/catalogo-folder-ferrari-fabrica-maranello-fiorano\/\" >\n\t\t\t\tFerrari: cat\u00e1logo dos anos 80 sobre a f\u00e1brica de Maranello\t\t\t<\/a>\n\t\t<\/h3>\n\t\t\t\t<div class=\"elementor-post__excerpt\">\n\t\t\t<p>Prospecto original de 1985 em quatro idiomas sobre a f\u00e1brica e a pista de Fiorano &#8211; R$ 179<\/p>\n\t\t<\/div>\n\t\t\t\t<\/div>\n\t\t\t\t<\/article>\n\t\t\t\t<article class=\"elementor-post elementor-grid-item post-115497 post type-post status-publish format-standard has-post-thumbnail hentry category-al-ferrari tag-auto-livraria tag-carros-do-passado tag-manuais-e-catalogos tag-catalogos-ferrari tag-ferrari tag-ferrari-365 tag-supercarros tag-v12\">\n\t\t\t\t<a class=\"elementor-post__thumbnail__link\" href=\"https:\/\/autolivraria.com.br\/bc\/auto-livraria\/al-ferrari\/ferrari-catalogos-de-330-365-berlinetta-boxer-dino-e-mais\/\" >\n\t\t\t<div class=\"elementor-post__thumbnail\"><img decoding=\"async\" width=\"340\" height=\"244\" data-src=\"https:\/\/autolivraria.com.br\/bc\/wp-content\/uploads\/2020\/07\/Ferrari-365-GT4-1-340x244.jpg\" class=\"attachment-medium size-medium wp-image-115510 lazyload\" alt=\"\" data-srcset=\"https:\/\/autolivraria.com.br\/bc\/wp-content\/uploads\/2020\/07\/Ferrari-365-GT4-1-340x244.jpg 340w, https:\/\/autolivraria.com.br\/bc\/wp-content\/uploads\/2020\/07\/Ferrari-365-GT4-1.jpg 696w\" data-sizes=\"(max-width: 340px) 100vw, 340px\" src=\"data:image\/svg+xml;base64,PHN2ZyB3aWR0aD0iMSIgaGVpZ2h0PSIxIiB4bWxucz0iaHR0cDovL3d3dy53My5vcmcvMjAwMC9zdmciPjwvc3ZnPg==\" style=\"--smush-placeholder-width: 340px; --smush-placeholder-aspect-ratio: 340\/244;\" \/><\/div>\n\t\t<\/a>\n\t\t\t\t<div class=\"elementor-post__text\">\n\t\t\t\t<h3 class=\"elementor-post__title\">\n\t\t\t<a href=\"https:\/\/autolivraria.com.br\/bc\/auto-livraria\/al-ferrari\/ferrari-catalogos-de-330-365-berlinetta-boxer-dino-e-mais\/\" >\n\t\t\t\tFerrari: cat\u00e1logo raro do esportivo 365 GT4 2+2 dos anos 70\t\t\t<\/a>\n\t\t<\/h3>\n\t\t\t\t<div class=\"elementor-post__excerpt\">\n\t\t\t<p>Prospecto do Ferrari 365 GT4 2+2, um dos cl\u00e1ssicos da marca do cavalo empinado &#8211; R$ 149<\/p>\n\t\t<\/div>\n\t\t\t\t<\/div>\n\t\t\t\t<\/article>\n\t\t\t\t<\/div>\n\t\t\t\t<\/div>\n\t\t\t\t<\/div>\n\t\t\t\t<div class=\"elementor-element elementor-element-d47dbef elementor-align-center elementor-widget elementor-widget-button\" data-id=\"d47dbef\" data-element_type=\"widget\" data-widget_type=\"button.default\">\n\t\t\t\t<div class=\"elementor-widget-container\">\n\t\t\t\t\t\t\t<div class=\"elementor-button-wrapper\">\n\t\t\t\t\t<a class=\"elementor-button elementor-button-link elementor-size-sm\" href=\"https:\/\/autolivraria.com.br\/bc\/category\/al-ferrari\/\">\n\t\t\t\t\t\t<span class=\"elementor-button-content-wrapper\">\n\t\t\t\t\t\t<span class=\"elementor-button-icon\">\n\t\t\t\t<i aria-hidden=\"true\" class=\"fas fa-angle-right\"><\/i>\t\t\t<\/span>\n\t\t\t\t\t\t\t\t\t<span class=\"elementor-button-text\">TUDO DE FERRARI<\/span>\n\t\t\t\t\t<\/span>\n\t\t\t\t\t<\/a>\n\t\t\t\t<\/div>\n\t\t\t\t\t\t<\/div>\n\t\t\t\t<\/div>\n\t\t\t\t<div class=\"elementor-element elementor-element-d8e58bb elementor-widget elementor-widget-spacer\" data-id=\"d8e58bb\" data-element_type=\"widget\" data-widget_type=\"spacer.default\">\n\t\t\t\t<div class=\"elementor-widget-container\">\n\t\t\t\t\t<div class=\"elementor-spacer\">\n\t\t\t<div class=\"elementor-spacer-inner\"><\/div>\n\t\t<\/div>\n\t\t\t\t<\/div>\n\t\t\t\t<\/div>\n\t\t\t\t\t<\/div>\n\t\t<\/div>\n\t\t\t\t\t<\/div>\n\t\t<\/section>\n\t\t\t\t<section class=\"elementor-section elementor-top-section elementor-element elementor-element-cb7ae61 elementor-section-boxed elementor-section-height-default elementor-section-height-default\" data-id=\"cb7ae61\" data-element_type=\"section\" data-settings=\"{&quot;background_background&quot;:&quot;classic&quot;}\">\n\t\t\t\t\t\t<div class=\"elementor-container elementor-column-gap-default\">\n\t\t\t\t\t<div class=\"elementor-column elementor-col-100 elementor-top-column elementor-element elementor-element-0cd2ea9\" data-id=\"0cd2ea9\" data-element_type=\"column\">\n\t\t\t<div class=\"elementor-widget-wrap elementor-element-populated\">\n\t\t\t\t\t\t<section class=\"elementor-section elementor-inner-section elementor-element elementor-element-158bc39 elementor-section-boxed elementor-section-height-default elementor-section-height-default\" data-id=\"158bc39\" data-element_type=\"section\">\n\t\t\t\t\t\t<div class=\"elementor-container elementor-column-gap-default\">\n\t\t\t\t\t<div class=\"elementor-column elementor-col-100 elementor-inner-column elementor-element elementor-element-80c77f7\" data-id=\"80c77f7\" data-element_type=\"column\">\n\t\t\t<div class=\"elementor-widget-wrap elementor-element-populated\">\n\t\t\t\t\t\t<div class=\"elementor-element elementor-element-033e612 elementor-align-left elementor-widget elementor-widget-button\" data-id=\"033e612\" data-element_type=\"widget\" data-widget_type=\"button.default\">\n\t\t\t\t<div class=\"elementor-widget-container\">\n\t\t\t\t\t\t\t<div class=\"elementor-button-wrapper\">\n\t\t\t\t\t<a class=\"elementor-button elementor-button-link elementor-size-lg\" href=\"https:\/\/autolivraria.com.br\/bc\/category\/al-fiat\/\">\n\t\t\t\t\t\t<span class=\"elementor-button-content-wrapper\">\n\t\t\t\t\t\t\t\t\t<span class=\"elementor-button-text\">FIAT<\/span>\n\t\t\t\t\t<\/span>\n\t\t\t\t\t<\/a>\n\t\t\t\t<\/div>\n\t\t\t\t\t\t<\/div>\n\t\t\t\t<\/div>\n\t\t\t\t\t<\/div>\n\t\t<\/div>\n\t\t\t\t\t<\/div>\n\t\t<\/section>\n\t\t\t\t<div class=\"elementor-element elementor-element-a87853c elementor-grid-3 elementor-grid-tablet-2 elementor-grid-mobile-1 elementor-posts--thumbnail-top elementor-widget elementor-widget-posts\" data-id=\"a87853c\" data-element_type=\"widget\" data-settings=\"{&quot;classic_row_gap&quot;:{&quot;unit&quot;:&quot;px&quot;,&quot;size&quot;:30,&quot;sizes&quot;:[]},&quot;classic_columns&quot;:&quot;3&quot;,&quot;classic_columns_tablet&quot;:&quot;2&quot;,&quot;classic_columns_mobile&quot;:&quot;1&quot;}\" data-widget_type=\"posts.classic\">\n\t\t\t\t<div class=\"elementor-widget-container\">\n\t\t\t\t\t<div class=\"elementor-posts-container elementor-posts elementor-posts--skin-classic elementor-grid\">\n\t\t\t\t<article class=\"elementor-post elementor-grid-item post-133102 post type-post status-publish format-standard has-post-thumbnail hentry category-al-fiat category-quadros-decorativos tag-auto-livraria tag-carros-do-passado tag-fiat tag-palio tag-palio-adventure tag-palio-weekend tag-quadros-fiat tag-quadros-decorativos tag-strada tag-strada-adventure\">\n\t\t\t\t<a class=\"elementor-post__thumbnail__link\" href=\"https:\/\/autolivraria.com.br\/bc\/auto-livraria\/al-fiat\/fiat-palio-adventure-strada-quadros-decorativos\/\" >\n\t\t\t<div class=\"elementor-post__thumbnail\"><img decoding=\"async\" width=\"370\" height=\"247\" data-src=\"https:\/\/autolivraria.com.br\/bc\/wp-content\/uploads\/2025\/09\/Palio-370x247.jpg\" class=\"attachment-medium size-medium wp-image-152805 lazyload\" alt=\"\" data-srcset=\"https:\/\/autolivraria.com.br\/bc\/wp-content\/uploads\/2025\/09\/Palio-370x247.jpg 370w, https:\/\/autolivraria.com.br\/bc\/wp-content\/uploads\/2025\/09\/Palio-750x500.jpg 750w, https:\/\/autolivraria.com.br\/bc\/wp-content\/uploads\/2025\/09\/Palio-150x100.jpg 150w, https:\/\/autolivraria.com.br\/bc\/wp-content\/uploads\/2025\/09\/Palio-330x220.jpg 330w, https:\/\/autolivraria.com.br\/bc\/wp-content\/uploads\/2025\/09\/Palio-420x280.jpg 420w, https:\/\/autolivraria.com.br\/bc\/wp-content\/uploads\/2025\/09\/Palio-510x340.jpg 510w, https:\/\/autolivraria.com.br\/bc\/wp-content\/uploads\/2025\/09\/Palio.jpg 1024w\" data-sizes=\"(max-width: 370px) 100vw, 370px\" src=\"data:image\/svg+xml;base64,PHN2ZyB3aWR0aD0iMSIgaGVpZ2h0PSIxIiB4bWxucz0iaHR0cDovL3d3dy53My5vcmcvMjAwMC9zdmciPjwvc3ZnPg==\" style=\"--smush-placeholder-width: 370px; --smush-placeholder-aspect-ratio: 370\/247;\" \/><\/div>\n\t\t<\/a>\n\t\t\t\t<div class=\"elementor-post__text\">\n\t\t\t\t<h3 class=\"elementor-post__title\">\n\t\t\t<a href=\"https:\/\/autolivraria.com.br\/bc\/auto-livraria\/al-fiat\/fiat-palio-adventure-strada-quadros-decorativos\/\" >\n\t\t\t\tFiat Palio: quadros decorativos com hatch, Weekend e Strada\t\t\t<\/a>\n\t\t<\/h3>\n\t\t\t\t<div class=\"elementor-post__excerpt\">\n\t\t\t<p>Quadros com os tr\u00eas modelos em diversas vers\u00f5es e anos e em dois formatos &#8211; a partir de R$ 109<\/p>\n\t\t<\/div>\n\t\t\t\t<\/div>\n\t\t\t\t<\/article>\n\t\t\t\t<article class=\"elementor-post elementor-grid-item post-129460 post type-post status-publish format-standard has-post-thumbnail hentry category-al-fiat category-quadros-decorativos tag-147-pickup tag-auto-livraria tag-carros-do-passado tag-fiat tag-fiat-147 tag-fiat-city tag-fiorino tag-panorama tag-quadros-fiat tag-quadros-decorativos tag-spazio\">\n\t\t\t\t<a class=\"elementor-post__thumbnail__link\" href=\"https:\/\/autolivraria.com.br\/bc\/auto-livraria\/al-fiat\/fiat-147-pickup-spazio-oggi-quadros-decorativos\/\" >\n\t\t\t<div class=\"elementor-post__thumbnail\"><img decoding=\"async\" width=\"370\" height=\"247\" data-src=\"https:\/\/autolivraria.com.br\/bc\/wp-content\/uploads\/2024\/07\/147-370x247.jpg\" class=\"attachment-medium size-medium wp-image-147386 lazyload\" alt=\"\" data-srcset=\"https:\/\/autolivraria.com.br\/bc\/wp-content\/uploads\/2024\/07\/147-370x247.jpg 370w, https:\/\/autolivraria.com.br\/bc\/wp-content\/uploads\/2024\/07\/147-750x500.jpg 750w, https:\/\/autolivraria.com.br\/bc\/wp-content\/uploads\/2024\/07\/147.jpg 1024w\" data-sizes=\"(max-width: 370px) 100vw, 370px\" src=\"data:image\/svg+xml;base64,PHN2ZyB3aWR0aD0iMSIgaGVpZ2h0PSIxIiB4bWxucz0iaHR0cDovL3d3dy53My5vcmcvMjAwMC9zdmciPjwvc3ZnPg==\" style=\"--smush-placeholder-width: 370px; --smush-placeholder-aspect-ratio: 370\/247;\" \/><\/div>\n\t\t<\/a>\n\t\t\t\t<div class=\"elementor-post__text\">\n\t\t\t\t<h3 class=\"elementor-post__title\">\n\t\t\t<a href=\"https:\/\/autolivraria.com.br\/bc\/auto-livraria\/al-fiat\/fiat-147-pickup-spazio-oggi-quadros-decorativos\/\" >\n\t\t\t\tFiat 147: quadros decorativos de um pequeno pioneiro\t\t\t<\/a>\n\t\t<\/h3>\n\t\t\t\t<div class=\"elementor-post__excerpt\">\n\t\t\t<p>Quadros com propagandas e mat\u00e9rias da linha 147, incluindo picapes, Spazio e Panorama &#8211; a partir de R$ 109<\/p>\n\t\t<\/div>\n\t\t\t\t<\/div>\n\t\t\t\t<\/article>\n\t\t\t\t<article class=\"elementor-post elementor-grid-item post-130008 post type-post status-publish format-standard has-post-thumbnail hentry category-al-fiat category-quadros-decorativos tag-auto-livraria tag-carros-do-passado tag-elba tag-fiat tag-fiorino-pickup tag-mille tag-premio tag-quadros-fiat tag-quadros-decorativos tag-uno tag-uno-1-5r tag-uno-1-6r\">\n\t\t\t\t<a class=\"elementor-post__thumbnail__link\" href=\"https:\/\/autolivraria.com.br\/bc\/auto-livraria\/al-fiat\/fiat-uno-15r-16r-turbo-quadros-decorativos\/\" >\n\t\t\t<div class=\"elementor-post__thumbnail\"><img decoding=\"async\" width=\"370\" height=\"247\" data-src=\"https:\/\/autolivraria.com.br\/bc\/wp-content\/uploads\/2023\/08\/Uno-370x247.jpg\" class=\"attachment-medium size-medium wp-image-144783 lazyload\" alt=\"\" data-srcset=\"https:\/\/autolivraria.com.br\/bc\/wp-content\/uploads\/2023\/08\/Uno-370x247.jpg 370w, https:\/\/autolivraria.com.br\/bc\/wp-content\/uploads\/2023\/08\/Uno-750x500.jpg 750w, https:\/\/autolivraria.com.br\/bc\/wp-content\/uploads\/2023\/08\/Uno.jpg 1024w\" data-sizes=\"(max-width: 370px) 100vw, 370px\" src=\"data:image\/svg+xml;base64,PHN2ZyB3aWR0aD0iMSIgaGVpZ2h0PSIxIiB4bWxucz0iaHR0cDovL3d3dy53My5vcmcvMjAwMC9zdmciPjwvc3ZnPg==\" style=\"--smush-placeholder-width: 370px; --smush-placeholder-aspect-ratio: 370\/247;\" \/><\/div>\n\t\t<\/a>\n\t\t\t\t<div class=\"elementor-post__text\">\n\t\t\t\t<h3 class=\"elementor-post__title\">\n\t\t\t<a href=\"https:\/\/autolivraria.com.br\/bc\/auto-livraria\/al-fiat\/fiat-uno-15r-16r-turbo-quadros-decorativos\/\" >\n\t\t\t\tFiat Uno: quadros com Turbo, 1.5R e outras vers\u00f5es que marcaram\t\t\t<\/a>\n\t\t<\/h3>\n\t\t\t\t<div class=\"elementor-post__excerpt\">\n\t\t\t<p>Quadros com propagandas e mat\u00e9rias da fam\u00edlia Uno, incluindo Pr\u00eamio, Elba e Fiorino Pickup &#8211; a partir de R$ 109<\/p>\n\t\t<\/div>\n\t\t\t\t<\/div>\n\t\t\t\t<\/article>\n\t\t\t\t<\/div>\n\t\t\t\t<\/div>\n\t\t\t\t<\/div>\n\t\t\t\t<div class=\"elementor-element elementor-element-3f2643b elementor-align-center elementor-widget elementor-widget-button\" data-id=\"3f2643b\" data-element_type=\"widget\" data-widget_type=\"button.default\">\n\t\t\t\t<div class=\"elementor-widget-container\">\n\t\t\t\t\t\t\t<div class=\"elementor-button-wrapper\">\n\t\t\t\t\t<a class=\"elementor-button elementor-button-link elementor-size-sm\" href=\"https:\/\/autolivraria.com.br\/bc\/category\/al-fiat\/\">\n\t\t\t\t\t\t<span class=\"elementor-button-content-wrapper\">\n\t\t\t\t\t\t<span class=\"elementor-button-icon\">\n\t\t\t\t<i aria-hidden=\"true\" class=\"fas fa-angle-right\"><\/i>\t\t\t<\/span>\n\t\t\t\t\t\t\t\t\t<span class=\"elementor-button-text\">TUDO DE FIAT<\/span>\n\t\t\t\t\t<\/span>\n\t\t\t\t\t<\/a>\n\t\t\t\t<\/div>\n\t\t\t\t\t\t<\/div>\n\t\t\t\t<\/div>\n\t\t\t\t<div class=\"elementor-element elementor-element-b4f3944 elementor-widget elementor-widget-spacer\" data-id=\"b4f3944\" data-element_type=\"widget\" data-widget_type=\"spacer.default\">\n\t\t\t\t<div class=\"elementor-widget-container\">\n\t\t\t\t\t<div class=\"elementor-spacer\">\n\t\t\t<div class=\"elementor-spacer-inner\"><\/div>\n\t\t<\/div>\n\t\t\t\t<\/div>\n\t\t\t\t<\/div>\n\t\t\t\t\t<\/div>\n\t\t<\/div>\n\t\t\t\t\t<\/div>\n\t\t<\/section>\n\t\t\t\t<section class=\"elementor-section elementor-top-section elementor-element elementor-element-6e4044d elementor-section-boxed elementor-section-height-default elementor-section-height-default\" data-id=\"6e4044d\" data-element_type=\"section\" data-settings=\"{&quot;background_background&quot;:&quot;classic&quot;}\">\n\t\t\t\t\t\t<div class=\"elementor-container elementor-column-gap-default\">\n\t\t\t\t\t<div class=\"elementor-column elementor-col-100 elementor-top-column elementor-element elementor-element-ccaee28\" data-id=\"ccaee28\" data-element_type=\"column\">\n\t\t\t<div class=\"elementor-widget-wrap elementor-element-populated\">\n\t\t\t\t\t\t<section class=\"elementor-section elementor-inner-section elementor-element elementor-element-30d666a elementor-section-boxed elementor-section-height-default elementor-section-height-default\" data-id=\"30d666a\" data-element_type=\"section\">\n\t\t\t\t\t\t<div class=\"elementor-container elementor-column-gap-default\">\n\t\t\t\t\t<div class=\"elementor-column elementor-col-100 elementor-inner-column elementor-element elementor-element-4ef5c63\" data-id=\"4ef5c63\" data-element_type=\"column\">\n\t\t\t<div class=\"elementor-widget-wrap elementor-element-populated\">\n\t\t\t\t\t\t<div class=\"elementor-element elementor-element-908d3fd elementor-align-left elementor-widget elementor-widget-button\" data-id=\"908d3fd\" data-element_type=\"widget\" data-widget_type=\"button.default\">\n\t\t\t\t<div class=\"elementor-widget-container\">\n\t\t\t\t\t\t\t<div class=\"elementor-button-wrapper\">\n\t\t\t\t\t<a class=\"elementor-button elementor-button-link elementor-size-lg\" href=\"https:\/\/autolivraria.com.br\/bc\/category\/al-ford\/\">\n\t\t\t\t\t\t<span class=\"elementor-button-content-wrapper\">\n\t\t\t\t\t\t\t\t\t<span class=\"elementor-button-text\">FORD<\/span>\n\t\t\t\t\t<\/span>\n\t\t\t\t\t<\/a>\n\t\t\t\t<\/div>\n\t\t\t\t\t\t<\/div>\n\t\t\t\t<\/div>\n\t\t\t\t<div class=\"elementor-element elementor-element-35cefab elementor-grid-3 elementor-grid-tablet-2 elementor-grid-mobile-1 elementor-posts--thumbnail-top elementor-widget elementor-widget-posts\" data-id=\"35cefab\" data-element_type=\"widget\" data-settings=\"{&quot;classic_row_gap&quot;:{&quot;unit&quot;:&quot;px&quot;,&quot;size&quot;:30,&quot;sizes&quot;:[]},&quot;classic_columns&quot;:&quot;3&quot;,&quot;classic_columns_tablet&quot;:&quot;2&quot;,&quot;classic_columns_mobile&quot;:&quot;1&quot;}\" data-widget_type=\"posts.classic\">\n\t\t\t\t<div class=\"elementor-widget-container\">\n\t\t\t\t\t<div class=\"elementor-posts-container elementor-posts elementor-posts--skin-classic elementor-grid\">\n\t\t\t\t<article class=\"elementor-post elementor-grid-item post-151685 post type-post status-publish format-standard has-post-thumbnail hentry category-al-ford tag-auto-livraria tag-carros-do-passado tag-manuais-e-catalogos tag-catalogos-ford tag-courier tag-escort tag-escort-gl tag-escort-glx tag-fiesta tag-fiesta-clx tag-ford-3 tag-ka tag-mondeo\">\n\t\t\t\t<a class=\"elementor-post__thumbnail__link\" href=\"https:\/\/autolivraria.com.br\/bc\/auto-livraria\/al-ford\/ford-ka-fiesta-escort-mondeo-catalogos-folders\/\" >\n\t\t\t<div class=\"elementor-post__thumbnail\"><img decoding=\"async\" width=\"370\" height=\"247\" data-src=\"https:\/\/autolivraria.com.br\/bc\/wp-content\/uploads\/2026\/04\/Ford-370x247.jpg\" class=\"attachment-medium size-medium wp-image-155033 lazyload\" alt=\"\" data-srcset=\"https:\/\/autolivraria.com.br\/bc\/wp-content\/uploads\/2026\/04\/Ford-370x247.jpg 370w, https:\/\/autolivraria.com.br\/bc\/wp-content\/uploads\/2026\/04\/Ford-750x500.jpg 750w, https:\/\/autolivraria.com.br\/bc\/wp-content\/uploads\/2026\/04\/Ford-150x100.jpg 150w, https:\/\/autolivraria.com.br\/bc\/wp-content\/uploads\/2026\/04\/Ford-330x220.jpg 330w, https:\/\/autolivraria.com.br\/bc\/wp-content\/uploads\/2026\/04\/Ford-420x280.jpg 420w, https:\/\/autolivraria.com.br\/bc\/wp-content\/uploads\/2026\/04\/Ford-510x340.jpg 510w, https:\/\/autolivraria.com.br\/bc\/wp-content\/uploads\/2026\/04\/Ford.jpg 1024w\" data-sizes=\"(max-width: 370px) 100vw, 370px\" src=\"data:image\/svg+xml;base64,PHN2ZyB3aWR0aD0iMSIgaGVpZ2h0PSIxIiB4bWxucz0iaHR0cDovL3d3dy53My5vcmcvMjAwMC9zdmciPjwvc3ZnPg==\" style=\"--smush-placeholder-width: 370px; --smush-placeholder-aspect-ratio: 370\/247;\" \/><\/div>\n\t\t<\/a>\n\t\t\t\t<div class=\"elementor-post__text\">\n\t\t\t\t<h3 class=\"elementor-post__title\">\n\t\t\t<a href=\"https:\/\/autolivraria.com.br\/bc\/auto-livraria\/al-ford\/ford-ka-fiesta-escort-mondeo-catalogos-folders\/\" >\n\t\t\t\tFord: cat\u00e1logos de Ka, Fiesta, Mondeo e outros dos anos 90\t\t\t<\/a>\n\t\t<\/h3>\n\t\t\t\t<div class=\"elementor-post__excerpt\">\n\t\t\t<p>Prospectos originais das linhas 1997 e 1998 com variedade de modelos e vers\u00f5es &#8211; a partir de R$ 49<\/p>\n\t\t<\/div>\n\t\t\t\t<\/div>\n\t\t\t\t<\/article>\n\t\t\t\t<article class=\"elementor-post elementor-grid-item post-130703 post type-post status-publish format-standard has-post-thumbnail hentry category-al-ford category-quadros-decorativos tag-auto-livraria tag-carros-do-passado tag-ford-3 tag-picape tag-quadros-ford tag-quadros-decorativos tag-ranger tag-ranger-limited tag-ranger-sport tag-ranger-xlt\">\n\t\t\t\t<a class=\"elementor-post__thumbnail__link\" href=\"https:\/\/autolivraria.com.br\/bc\/auto-livraria\/al-ford\/ford-ranger-quadros-decorativos\/\" >\n\t\t\t<div class=\"elementor-post__thumbnail\"><img decoding=\"async\" width=\"370\" height=\"247\" data-src=\"https:\/\/autolivraria.com.br\/bc\/wp-content\/uploads\/2026\/08\/Ranger-370x247.jpg\" class=\"attachment-medium size-medium wp-image-154947 lazyload\" alt=\"\" data-srcset=\"https:\/\/autolivraria.com.br\/bc\/wp-content\/uploads\/2026\/08\/Ranger-370x247.jpg 370w, https:\/\/autolivraria.com.br\/bc\/wp-content\/uploads\/2026\/08\/Ranger-750x500.jpg 750w, https:\/\/autolivraria.com.br\/bc\/wp-content\/uploads\/2026\/08\/Ranger-150x100.jpg 150w, https:\/\/autolivraria.com.br\/bc\/wp-content\/uploads\/2026\/08\/Ranger-330x220.jpg 330w, https:\/\/autolivraria.com.br\/bc\/wp-content\/uploads\/2026\/08\/Ranger-420x280.jpg 420w, https:\/\/autolivraria.com.br\/bc\/wp-content\/uploads\/2026\/08\/Ranger-510x340.jpg 510w, https:\/\/autolivraria.com.br\/bc\/wp-content\/uploads\/2026\/08\/Ranger.jpg 1024w\" data-sizes=\"(max-width: 370px) 100vw, 370px\" src=\"data:image\/svg+xml;base64,PHN2ZyB3aWR0aD0iMSIgaGVpZ2h0PSIxIiB4bWxucz0iaHR0cDovL3d3dy53My5vcmcvMjAwMC9zdmciPjwvc3ZnPg==\" style=\"--smush-placeholder-width: 370px; --smush-placeholder-aspect-ratio: 370\/247;\" \/><\/div>\n\t\t<\/a>\n\t\t\t\t<div class=\"elementor-post__text\">\n\t\t\t\t<h3 class=\"elementor-post__title\">\n\t\t\t<a href=\"https:\/\/autolivraria.com.br\/bc\/auto-livraria\/al-ford\/ford-ranger-quadros-decorativos\/\" >\n\t\t\t\tFord Ranger: quadros com 25 anos de hist\u00f3ria da picape\t\t\t<\/a>\n\t\t<\/h3>\n\t\t\t\t<div class=\"elementor-post__excerpt\">\n\t\t\t<p>Quadros decorativos com propagandas e mat\u00e9rias de \u00e9poca desde os anos 90 &#8211; a partir de R$ 109<\/p>\n\t\t<\/div>\n\t\t\t\t<\/div>\n\t\t\t\t<\/article>\n\t\t\t\t<article class=\"elementor-post elementor-grid-item post-129405 post type-post status-publish format-standard has-post-thumbnail hentry category-al-ford category-quadros-decorativos tag-auto-livraria tag-carros-do-passado tag-conversivel tag-cosworth tag-escort tag-escort-glx tag-escort-xr3 tag-ford-3 tag-quadros-ford tag-quadros-decorativos\">\n\t\t\t\t<a class=\"elementor-post__thumbnail__link\" href=\"https:\/\/autolivraria.com.br\/bc\/auto-livraria\/al-ford\/ford-escort-ghia-xr3-rs-quadros-decorativos\/\" >\n\t\t\t<div class=\"elementor-post__thumbnail\"><img decoding=\"async\" width=\"370\" height=\"247\" data-src=\"https:\/\/autolivraria.com.br\/bc\/wp-content\/uploads\/2025\/03\/Escort-370x247.jpg\" class=\"attachment-medium size-medium wp-image-153619 lazyload\" alt=\"\" data-srcset=\"https:\/\/autolivraria.com.br\/bc\/wp-content\/uploads\/2025\/03\/Escort-370x247.jpg 370w, https:\/\/autolivraria.com.br\/bc\/wp-content\/uploads\/2025\/03\/Escort-750x500.jpg 750w, https:\/\/autolivraria.com.br\/bc\/wp-content\/uploads\/2025\/03\/Escort-150x100.jpg 150w, https:\/\/autolivraria.com.br\/bc\/wp-content\/uploads\/2025\/03\/Escort-330x220.jpg 330w, https:\/\/autolivraria.com.br\/bc\/wp-content\/uploads\/2025\/03\/Escort-420x280.jpg 420w, https:\/\/autolivraria.com.br\/bc\/wp-content\/uploads\/2025\/03\/Escort-510x340.jpg 510w, https:\/\/autolivraria.com.br\/bc\/wp-content\/uploads\/2025\/03\/Escort.jpg 1024w\" data-sizes=\"(max-width: 370px) 100vw, 370px\" src=\"data:image\/svg+xml;base64,PHN2ZyB3aWR0aD0iMSIgaGVpZ2h0PSIxIiB4bWxucz0iaHR0cDovL3d3dy53My5vcmcvMjAwMC9zdmciPjwvc3ZnPg==\" style=\"--smush-placeholder-width: 370px; --smush-placeholder-aspect-ratio: 370\/247;\" \/><\/div>\n\t\t<\/a>\n\t\t\t\t<div class=\"elementor-post__text\">\n\t\t\t\t<h3 class=\"elementor-post__title\">\n\t\t\t<a href=\"https:\/\/autolivraria.com.br\/bc\/auto-livraria\/al-ford\/ford-escort-ghia-xr3-rs-quadros-decorativos\/\" >\n\t\t\t\tFord Escort: quadros com XR3, Convers\u00edvel e outras vers\u00f5es\t\t\t<\/a>\n\t\t<\/h3>\n\t\t\t\t<div class=\"elementor-post__excerpt\">\n\t\t\t<p>V\u00e1rias gera\u00e7\u00f5es em quadros decorativos, incluindo os esportivos e o convers\u00edvel &#8211; a partir de R$ 109<\/p>\n\t\t<\/div>\n\t\t\t\t<\/div>\n\t\t\t\t<\/article>\n\t\t\t\t<\/div>\n\t\t\t\t<\/div>\n\t\t\t\t<\/div>\n\t\t\t\t\t<\/div>\n\t\t<\/div>\n\t\t\t\t\t<\/div>\n\t\t<\/section>\n\t\t\t\t<div class=\"elementor-element elementor-element-c7a380e elementor-align-center elementor-widget elementor-widget-button\" data-id=\"c7a380e\" data-element_type=\"widget\" data-widget_type=\"button.default\">\n\t\t\t\t<div class=\"elementor-widget-container\">\n\t\t\t\t\t\t\t<div class=\"elementor-button-wrapper\">\n\t\t\t\t\t<a class=\"elementor-button elementor-button-link elementor-size-sm\" href=\"https:\/\/autolivraria.com.br\/bc\/category\/al-ford\/\">\n\t\t\t\t\t\t<span class=\"elementor-button-content-wrapper\">\n\t\t\t\t\t\t<span class=\"elementor-button-icon\">\n\t\t\t\t<i aria-hidden=\"true\" class=\"fas fa-angle-right\"><\/i>\t\t\t<\/span>\n\t\t\t\t\t\t\t\t\t<span class=\"elementor-button-text\">TUDO DE FORD<\/span>\n\t\t\t\t\t<\/span>\n\t\t\t\t\t<\/a>\n\t\t\t\t<\/div>\n\t\t\t\t\t\t<\/div>\n\t\t\t\t<\/div>\n\t\t\t\t<div class=\"elementor-element elementor-element-f0e4c00 elementor-widget elementor-widget-spacer\" data-id=\"f0e4c00\" data-element_type=\"widget\" data-widget_type=\"spacer.default\">\n\t\t\t\t<div class=\"elementor-widget-container\">\n\t\t\t\t\t<div class=\"elementor-spacer\">\n\t\t\t<div class=\"elementor-spacer-inner\"><\/div>\n\t\t<\/div>\n\t\t\t\t<\/div>\n\t\t\t\t<\/div>\n\t\t\t\t\t<\/div>\n\t\t<\/div>\n\t\t\t\t\t<\/div>\n\t\t<\/section>\n\t\t\t\t<section class=\"elementor-section elementor-top-section elementor-element elementor-element-c0d1e27 elementor-section-boxed elementor-section-height-default elementor-section-height-default\" data-id=\"c0d1e27\" data-element_type=\"section\" data-settings=\"{&quot;background_background&quot;:&quot;classic&quot;}\">\n\t\t\t\t\t\t<div class=\"elementor-container elementor-column-gap-default\">\n\t\t\t\t\t<div class=\"elementor-column elementor-col-66 elementor-top-column elementor-element elementor-element-faf90a9\" data-id=\"faf90a9\" data-element_type=\"column\">\n\t\t\t<div class=\"elementor-widget-wrap elementor-element-populated\">\n\t\t\t\t\t\t<section class=\"elementor-section elementor-inner-section elementor-element elementor-element-d4853f1 elementor-section-boxed elementor-section-height-default elementor-section-height-default\" data-id=\"d4853f1\" data-element_type=\"section\">\n\t\t\t\t\t\t<div class=\"elementor-container elementor-column-gap-default\">\n\t\t\t\t\t<div class=\"elementor-column elementor-col-100 elementor-inner-column elementor-element elementor-element-f0d90dd\" data-id=\"f0d90dd\" data-element_type=\"column\">\n\t\t\t<div class=\"elementor-widget-wrap elementor-element-populated\">\n\t\t\t\t\t\t<div class=\"elementor-element elementor-element-c48425c elementor-align-left elementor-widget elementor-widget-button\" data-id=\"c48425c\" data-element_type=\"widget\" data-widget_type=\"button.default\">\n\t\t\t\t<div class=\"elementor-widget-container\">\n\t\t\t\t\t\t\t<div class=\"elementor-button-wrapper\">\n\t\t\t\t\t<a class=\"elementor-button elementor-button-link elementor-size-lg\" href=\"https:\/\/autolivraria.com.br\/bc\/category\/al-honda\/\">\n\t\t\t\t\t\t<span class=\"elementor-button-content-wrapper\">\n\t\t\t\t\t\t\t\t\t<span class=\"elementor-button-text\">HONDA (AUTOM\u00d3VEIS)<\/span>\n\t\t\t\t\t<\/span>\n\t\t\t\t\t<\/a>\n\t\t\t\t<\/div>\n\t\t\t\t\t\t<\/div>\n\t\t\t\t<\/div>\n\t\t\t\t\t<\/div>\n\t\t<\/div>\n\t\t\t\t\t<\/div>\n\t\t<\/section>\n\t\t\t\t<div class=\"elementor-element elementor-element-f73bbbc elementor-grid-2 elementor-grid-tablet-2 elementor-grid-mobile-1 elementor-posts--thumbnail-top elementor-widget elementor-widget-posts\" data-id=\"f73bbbc\" data-element_type=\"widget\" data-settings=\"{&quot;classic_row_gap&quot;:{&quot;unit&quot;:&quot;px&quot;,&quot;size&quot;:30,&quot;sizes&quot;:[]},&quot;classic_columns&quot;:&quot;2&quot;,&quot;classic_columns_tablet&quot;:&quot;2&quot;,&quot;classic_columns_mobile&quot;:&quot;1&quot;}\" data-widget_type=\"posts.classic\">\n\t\t\t\t<div class=\"elementor-widget-container\">\n\t\t\t\t\t<div class=\"elementor-posts-container elementor-posts elementor-posts--skin-classic elementor-grid\">\n\t\t\t\t<article class=\"elementor-post elementor-grid-item post-139579 post type-post status-publish format-standard has-post-thumbnail hentry category-al-honda tag-auto-livraria tag-carros-do-passado tag-civic tag-civic-si tag-honda tag-revista-quatro-rodas tag-revistas-nacionais\">\n\t\t\t\t<a class=\"elementor-post__thumbnail__link\" href=\"https:\/\/autolivraria.com.br\/bc\/auto-livraria\/al-honda\/honda-civic-si-nacional-revistas\/\" >\n\t\t\t<div class=\"elementor-post__thumbnail\"><img decoding=\"async\" width=\"370\" height=\"247\" data-src=\"https:\/\/autolivraria.com.br\/bc\/wp-content\/uploads\/2026\/10\/Civic-Si-370x247.jpg\" class=\"attachment-medium size-medium wp-image-153908 lazyload\" alt=\"\" data-srcset=\"https:\/\/autolivraria.com.br\/bc\/wp-content\/uploads\/2026\/10\/Civic-Si-370x247.jpg 370w, https:\/\/autolivraria.com.br\/bc\/wp-content\/uploads\/2026\/10\/Civic-Si-750x500.jpg 750w, https:\/\/autolivraria.com.br\/bc\/wp-content\/uploads\/2026\/10\/Civic-Si-150x100.jpg 150w, https:\/\/autolivraria.com.br\/bc\/wp-content\/uploads\/2026\/10\/Civic-Si-330x220.jpg 330w, https:\/\/autolivraria.com.br\/bc\/wp-content\/uploads\/2026\/10\/Civic-Si-420x280.jpg 420w, https:\/\/autolivraria.com.br\/bc\/wp-content\/uploads\/2026\/10\/Civic-Si-510x340.jpg 510w, https:\/\/autolivraria.com.br\/bc\/wp-content\/uploads\/2026\/10\/Civic-Si.jpg 800w\" data-sizes=\"(max-width: 370px) 100vw, 370px\" src=\"data:image\/svg+xml;base64,PHN2ZyB3aWR0aD0iMSIgaGVpZ2h0PSIxIiB4bWxucz0iaHR0cDovL3d3dy53My5vcmcvMjAwMC9zdmciPjwvc3ZnPg==\" style=\"--smush-placeholder-width: 370px; --smush-placeholder-aspect-ratio: 370\/247;\" \/><\/div>\n\t\t<\/a>\n\t\t\t\t<div class=\"elementor-post__text\">\n\t\t\t\t<h3 class=\"elementor-post__title\">\n\t\t\t<a href=\"https:\/\/autolivraria.com.br\/bc\/auto-livraria\/al-honda\/honda-civic-si-nacional-revistas\/\" >\n\t\t\t\tCivic Si: revistas com o saudoso sed\u00e3 esportivo nacional\t\t\t<\/a>\n\t\t<\/h3>\n\t\t\t\t<div class=\"elementor-post__excerpt\">\n\t\t\t<p>Auto Esporte, Quatro Rodas e Car and Driver com testes e comparativos &#8211; a partir de R$ 39<\/p>\n\t\t<\/div>\n\t\t\t\t<\/div>\n\t\t\t\t<\/article>\n\t\t\t\t<article class=\"elementor-post elementor-grid-item post-135830 post type-post status-publish format-standard has-post-thumbnail hentry category-al-honda tag-auto-livraria tag-carros-do-passado tag-civic tag-civic-exs tag-civic-lxs tag-honda tag-revista-auto-esporte tag-revista-car-and-driver tag-revista-carro tag-revista-quatro-rodas tag-revistas-nacionais\">\n\t\t\t\t<a class=\"elementor-post__thumbnail__link\" href=\"https:\/\/autolivraria.com.br\/bc\/auto-livraria\/al-honda\/revistas-honda-new-civic-exs-lxs-2007\/\" >\n\t\t\t<div class=\"elementor-post__thumbnail\"><img decoding=\"async\" width=\"370\" height=\"247\" data-src=\"https:\/\/autolivraria.com.br\/bc\/wp-content\/uploads\/2022\/12\/Civic-1-370x247.jpg\" class=\"attachment-medium size-medium wp-image-135831 lazyload\" alt=\"\" data-srcset=\"https:\/\/autolivraria.com.br\/bc\/wp-content\/uploads\/2022\/12\/Civic-1-370x247.jpg 370w, https:\/\/autolivraria.com.br\/bc\/wp-content\/uploads\/2022\/12\/Civic-1-750x500.jpg 750w, https:\/\/autolivraria.com.br\/bc\/wp-content\/uploads\/2022\/12\/Civic-1.jpg 1024w\" data-sizes=\"(max-width: 370px) 100vw, 370px\" src=\"data:image\/svg+xml;base64,PHN2ZyB3aWR0aD0iMSIgaGVpZ2h0PSIxIiB4bWxucz0iaHR0cDovL3d3dy53My5vcmcvMjAwMC9zdmciPjwvc3ZnPg==\" style=\"--smush-placeholder-width: 370px; --smush-placeholder-aspect-ratio: 370\/247;\" \/><\/div>\n\t\t<\/a>\n\t\t\t\t<div class=\"elementor-post__text\">\n\t\t\t\t<h3 class=\"elementor-post__title\">\n\t\t\t<a href=\"https:\/\/autolivraria.com.br\/bc\/auto-livraria\/al-honda\/revistas-honda-new-civic-exs-lxs-2007\/\" >\n\t\t\t\tHonda New Civic: revistas com o sed\u00e3 de oitava gera\u00e7\u00e3o\t\t\t<\/a>\n\t\t<\/h3>\n\t\t\t\t<div class=\"elementor-post__excerpt\">\n\t\t\t<p>Auto Esporte, Carro e Quatro Rodas com testes e comparativo de 2006 e 2007 &#8211; a partir de R$ 25<\/p>\n\t\t<\/div>\n\t\t\t\t<\/div>\n\t\t\t\t<\/article>\n\t\t\t\t<\/div>\n\t\t\t\t<\/div>\n\t\t\t\t<\/div>\n\t\t\t\t<div class=\"elementor-element elementor-element-11d7a31 elementor-align-center elementor-widget elementor-widget-button\" data-id=\"11d7a31\" data-element_type=\"widget\" data-widget_type=\"button.default\">\n\t\t\t\t<div class=\"elementor-widget-container\">\n\t\t\t\t\t\t\t<div class=\"elementor-button-wrapper\">\n\t\t\t\t\t<a class=\"elementor-button elementor-button-link elementor-size-sm\" href=\"https:\/\/autolivraria.com.br\/bc\/category\/al-honda\/\">\n\t\t\t\t\t\t<span class=\"elementor-button-content-wrapper\">\n\t\t\t\t\t\t<span class=\"elementor-button-icon\">\n\t\t\t\t<i aria-hidden=\"true\" class=\"fas fa-angle-right\"><\/i>\t\t\t<\/span>\n\t\t\t\t\t\t\t\t\t<span class=\"elementor-button-text\">TUDO DE HONDA<\/span>\n\t\t\t\t\t<\/span>\n\t\t\t\t\t<\/a>\n\t\t\t\t<\/div>\n\t\t\t\t\t\t<\/div>\n\t\t\t\t<\/div>\n\t\t\t\t<div class=\"elementor-element elementor-element-7bf8605 elementor-widget elementor-widget-spacer\" data-id=\"7bf8605\" data-element_type=\"widget\" data-widget_type=\"spacer.default\">\n\t\t\t\t<div class=\"elementor-widget-container\">\n\t\t\t\t\t<div class=\"elementor-spacer\">\n\t\t\t<div class=\"elementor-spacer-inner\"><\/div>\n\t\t<\/div>\n\t\t\t\t<\/div>\n\t\t\t\t<\/div>\n\t\t\t\t\t<\/div>\n\t\t<\/div>\n\t\t\t\t<div class=\"elementor-column elementor-col-33 elementor-top-column elementor-element elementor-element-7d5a089\" data-id=\"7d5a089\" data-element_type=\"column\">\n\t\t\t<div class=\"elementor-widget-wrap elementor-element-populated\">\n\t\t\t\t\t\t<section class=\"elementor-section elementor-inner-section elementor-element elementor-element-314cf71 elementor-section-boxed elementor-section-height-default elementor-section-height-default\" data-id=\"314cf71\" data-element_type=\"section\">\n\t\t\t\t\t\t<div class=\"elementor-container elementor-column-gap-default\">\n\t\t\t\t\t<div class=\"elementor-column elementor-col-100 elementor-inner-column elementor-element elementor-element-22257ed\" data-id=\"22257ed\" data-element_type=\"column\">\n\t\t\t<div class=\"elementor-widget-wrap elementor-element-populated\">\n\t\t\t\t\t\t<div class=\"elementor-element elementor-element-1629120 elementor-align-left elementor-widget elementor-widget-button\" data-id=\"1629120\" data-element_type=\"widget\" data-widget_type=\"button.default\">\n\t\t\t\t<div class=\"elementor-widget-container\">\n\t\t\t\t\t\t\t<div class=\"elementor-button-wrapper\">\n\t\t\t\t\t<a class=\"elementor-button elementor-button-link elementor-size-lg\" href=\"https:\/\/autolivraria.com.br\/bc\/category\/al-jaguar\/\">\n\t\t\t\t\t\t<span class=\"elementor-button-content-wrapper\">\n\t\t\t\t\t\t\t\t\t<span class=\"elementor-button-text\">JAGUAR<\/span>\n\t\t\t\t\t<\/span>\n\t\t\t\t\t<\/a>\n\t\t\t\t<\/div>\n\t\t\t\t\t\t<\/div>\n\t\t\t\t<\/div>\n\t\t\t\t\t<\/div>\n\t\t<\/div>\n\t\t\t\t\t<\/div>\n\t\t<\/section>\n\t\t\t\t<div class=\"elementor-element elementor-element-8c12141 elementor-grid-1 elementor-grid-tablet-2 elementor-grid-mobile-1 elementor-posts--thumbnail-top elementor-widget elementor-widget-posts\" data-id=\"8c12141\" data-element_type=\"widget\" data-settings=\"{&quot;classic_row_gap&quot;:{&quot;unit&quot;:&quot;px&quot;,&quot;size&quot;:30,&quot;sizes&quot;:[]},&quot;classic_columns&quot;:&quot;1&quot;,&quot;classic_columns_tablet&quot;:&quot;2&quot;,&quot;classic_columns_mobile&quot;:&quot;1&quot;}\" data-widget_type=\"posts.classic\">\n\t\t\t\t<div class=\"elementor-widget-container\">\n\t\t\t\t\t<div class=\"elementor-posts-container elementor-posts elementor-posts--skin-classic elementor-grid\">\n\t\t\t\t<article class=\"elementor-post elementor-grid-item post-144071 post type-post status-publish format-standard has-post-thumbnail hentry category-al-jaguar category-quadros-decorativos tag-auto-livraria tag-carros-do-passado tag-e-type tag-jaguar tag-q5 tag-quadros-outras-marcas tag-quadros-decorativos tag-supercarros tag-xj tag-xjr tag-xk tag-xk-120 tag-xkr\">\n\t\t\t\t<a class=\"elementor-post__thumbnail__link\" href=\"https:\/\/autolivraria.com.br\/bc\/auto-livraria\/al-jaguar\/quadros-decorativos-jaguar-etype-xk120-xj-xkr\/\" >\n\t\t\t<div class=\"elementor-post__thumbnail\"><img decoding=\"async\" width=\"370\" height=\"247\" data-src=\"https:\/\/autolivraria.com.br\/bc\/wp-content\/uploads\/2023\/08\/Jaguar-370x247.jpg\" class=\"attachment-medium size-medium wp-image-144810 lazyload\" alt=\"\" data-srcset=\"https:\/\/autolivraria.com.br\/bc\/wp-content\/uploads\/2023\/08\/Jaguar-370x247.jpg 370w, https:\/\/autolivraria.com.br\/bc\/wp-content\/uploads\/2023\/08\/Jaguar-750x500.jpg 750w, https:\/\/autolivraria.com.br\/bc\/wp-content\/uploads\/2023\/08\/Jaguar.jpg 1024w\" data-sizes=\"(max-width: 370px) 100vw, 370px\" src=\"data:image\/svg+xml;base64,PHN2ZyB3aWR0aD0iMSIgaGVpZ2h0PSIxIiB4bWxucz0iaHR0cDovL3d3dy53My5vcmcvMjAwMC9zdmciPjwvc3ZnPg==\" style=\"--smush-placeholder-width: 370px; --smush-placeholder-aspect-ratio: 370\/247;\" \/><\/div>\n\t\t<\/a>\n\t\t\t\t<div class=\"elementor-post__text\">\n\t\t\t\t<h3 class=\"elementor-post__title\">\n\t\t\t<a href=\"https:\/\/autolivraria.com.br\/bc\/auto-livraria\/al-jaguar\/quadros-decorativos-jaguar-etype-xk120-xj-xkr\/\" >\n\t\t\t\tJaguar: E-Type, XK 120, XJ e mais em quadros decorativos\t\t\t<\/a>\n\t\t<\/h3>\n\t\t\t\t<div class=\"elementor-post__excerpt\">\n\t\t\t<p>Quadros com cup\u00eas, sed\u00e3s e convers\u00edveis da marca em diferentes \u00e9pocas &#8211; a partir de R$ 79<\/p>\n\t\t<\/div>\n\t\t\t\t<\/div>\n\t\t\t\t<\/article>\n\t\t\t\t<\/div>\n\t\t\t\t<\/div>\n\t\t\t\t<\/div>\n\t\t\t\t<div class=\"elementor-element elementor-element-34b40a1 elementor-align-center elementor-widget elementor-widget-button\" data-id=\"34b40a1\" data-element_type=\"widget\" data-widget_type=\"button.default\">\n\t\t\t\t<div class=\"elementor-widget-container\">\n\t\t\t\t\t\t\t<div class=\"elementor-button-wrapper\">\n\t\t\t\t\t<a class=\"elementor-button elementor-button-link elementor-size-sm\" href=\"https:\/\/bestcars.com.br\/bc\/category\/livros-e-revistas-jaguar\/\">\n\t\t\t\t\t\t<span class=\"elementor-button-content-wrapper\">\n\t\t\t\t\t\t<span class=\"elementor-button-icon\">\n\t\t\t\t<i aria-hidden=\"true\" class=\"fas fa-angle-right\"><\/i>\t\t\t<\/span>\n\t\t\t\t\t\t\t\t\t<span class=\"elementor-button-text\">TUDO DE JAGUAR<\/span>\n\t\t\t\t\t<\/span>\n\t\t\t\t\t<\/a>\n\t\t\t\t<\/div>\n\t\t\t\t\t\t<\/div>\n\t\t\t\t<\/div>\n\t\t\t\t<div class=\"elementor-element elementor-element-a340bb7 elementor-widget elementor-widget-spacer\" data-id=\"a340bb7\" data-element_type=\"widget\" data-widget_type=\"spacer.default\">\n\t\t\t\t<div class=\"elementor-widget-container\">\n\t\t\t\t\t<div class=\"elementor-spacer\">\n\t\t\t<div class=\"elementor-spacer-inner\"><\/div>\n\t\t<\/div>\n\t\t\t\t<\/div>\n\t\t\t\t<\/div>\n\t\t\t\t\t<\/div>\n\t\t<\/div>\n\t\t\t\t\t<\/div>\n\t\t<\/section>\n\t\t\t\t<section class=\"elementor-section elementor-top-section elementor-element elementor-element-26ee3a3 elementor-section-boxed elementor-section-height-default elementor-section-height-default\" data-id=\"26ee3a3\" data-element_type=\"section\" data-settings=\"{&quot;background_background&quot;:&quot;classic&quot;}\">\n\t\t\t\t\t\t<div class=\"elementor-container elementor-column-gap-default\">\n\t\t\t\t\t<div class=\"elementor-column elementor-col-100 elementor-top-column elementor-element elementor-element-edb654b\" data-id=\"edb654b\" data-element_type=\"column\">\n\t\t\t<div class=\"elementor-widget-wrap elementor-element-populated\">\n\t\t\t\t\t\t<section class=\"elementor-section elementor-inner-section elementor-element elementor-element-148590d elementor-section-boxed elementor-section-height-default elementor-section-height-default\" data-id=\"148590d\" data-element_type=\"section\">\n\t\t\t\t\t\t<div class=\"elementor-container elementor-column-gap-default\">\n\t\t\t\t\t<div class=\"elementor-column elementor-col-100 elementor-inner-column elementor-element elementor-element-21a1274\" data-id=\"21a1274\" data-element_type=\"column\">\n\t\t\t<div class=\"elementor-widget-wrap elementor-element-populated\">\n\t\t\t\t\t\t<div class=\"elementor-element elementor-element-1456173 elementor-align-left elementor-widget elementor-widget-button\" data-id=\"1456173\" data-element_type=\"widget\" data-widget_type=\"button.default\">\n\t\t\t\t<div class=\"elementor-widget-container\">\n\t\t\t\t\t\t\t<div class=\"elementor-button-wrapper\">\n\t\t\t\t\t<a class=\"elementor-button elementor-button-link elementor-size-lg\" href=\"https:\/\/autolivraria.com.br\/bc\/category\/al-land-rover\/\">\n\t\t\t\t\t\t<span class=\"elementor-button-content-wrapper\">\n\t\t\t\t\t\t\t\t\t<span class=\"elementor-button-text\">LAND ROVER<\/span>\n\t\t\t\t\t<\/span>\n\t\t\t\t\t<\/a>\n\t\t\t\t<\/div>\n\t\t\t\t\t\t<\/div>\n\t\t\t\t<\/div>\n\t\t\t\t\t<\/div>\n\t\t<\/div>\n\t\t\t\t\t<\/div>\n\t\t<\/section>\n\t\t\t\t<div class=\"elementor-element elementor-element-1b005ed elementor-grid-3 elementor-grid-tablet-2 elementor-grid-mobile-1 elementor-posts--thumbnail-top elementor-widget elementor-widget-posts\" data-id=\"1b005ed\" data-element_type=\"widget\" data-settings=\"{&quot;classic_row_gap&quot;:{&quot;unit&quot;:&quot;px&quot;,&quot;size&quot;:30,&quot;sizes&quot;:[]},&quot;classic_columns&quot;:&quot;3&quot;,&quot;classic_columns_tablet&quot;:&quot;2&quot;,&quot;classic_columns_mobile&quot;:&quot;1&quot;}\" data-widget_type=\"posts.classic\">\n\t\t\t\t<div class=\"elementor-widget-container\">\n\t\t\t\t\t<div class=\"elementor-posts-container elementor-posts elementor-posts--skin-classic elementor-grid\">\n\t\t\t\t<article class=\"elementor-post elementor-grid-item post-132212 post type-post status-publish format-standard has-post-thumbnail hentry category-al-land-rover category-quadros-decorativos tag-4x4 tag-auto-livraria tag-camel-trophy tag-carros-do-passado tag-defender tag-discovery tag-land-rover tag-quadros-land-rover tag-quadros-decorativos tag-range-rover tag-utilitario-esporte\">\n\t\t\t\t<a class=\"elementor-post__thumbnail__link\" href=\"https:\/\/autolivraria.com.br\/bc\/auto-livraria\/quadros-decorativos\/land-rover-defender-discovery-range-rover-quadros-decorativos\/\" >\n\t\t\t<div class=\"elementor-post__thumbnail\"><img decoding=\"async\" width=\"370\" height=\"247\" data-src=\"https:\/\/autolivraria.com.br\/bc\/wp-content\/uploads\/2024\/01\/Land-Rover-370x247.jpg\" class=\"attachment-medium size-medium wp-image-146301 lazyload\" alt=\"\" data-srcset=\"https:\/\/autolivraria.com.br\/bc\/wp-content\/uploads\/2024\/01\/Land-Rover-370x247.jpg 370w, https:\/\/autolivraria.com.br\/bc\/wp-content\/uploads\/2024\/01\/Land-Rover-750x500.jpg 750w, https:\/\/autolivraria.com.br\/bc\/wp-content\/uploads\/2024\/01\/Land-Rover.jpg 1024w\" data-sizes=\"(max-width: 370px) 100vw, 370px\" src=\"data:image\/svg+xml;base64,PHN2ZyB3aWR0aD0iMSIgaGVpZ2h0PSIxIiB4bWxucz0iaHR0cDovL3d3dy53My5vcmcvMjAwMC9zdmciPjwvc3ZnPg==\" style=\"--smush-placeholder-width: 370px; --smush-placeholder-aspect-ratio: 370\/247;\" \/><\/div>\n\t\t<\/a>\n\t\t\t\t<div class=\"elementor-post__text\">\n\t\t\t\t<h3 class=\"elementor-post__title\">\n\t\t\t<a href=\"https:\/\/autolivraria.com.br\/bc\/auto-livraria\/quadros-decorativos\/land-rover-defender-discovery-range-rover-quadros-decorativos\/\" >\n\t\t\t\tLand Rover: quadros com Defender e outros valentes 4&#215;4\t\t\t<\/a>\n\t\t<\/h3>\n\t\t\t\t<div class=\"elementor-post__excerpt\">\n\t\t\t<p>Quadros grandes com Defender, Discovery, Range Rover e a competi\u00e7\u00e3o Camel Trophy &#8211; a partir de R$ 119<\/p>\n\t\t<\/div>\n\t\t\t\t<\/div>\n\t\t\t\t<\/article>\n\t\t\t\t<article class=\"elementor-post elementor-grid-item post-152214 post type-post status-publish format-standard has-post-thumbnail hentry category-al-land-rover tag-4x4 tag-manuais-e-catalogos tag-catalogos-land-rover tag-defender tag-land-rover tag-range-rover\">\n\t\t\t\t<a class=\"elementor-post__thumbnail__link\" href=\"https:\/\/autolivraria.com.br\/bc\/auto-livraria\/al-land-rover\/land-rover-defender-range-rover-catalogos-folders\/\" >\n\t\t\t<div class=\"elementor-post__thumbnail\"><img decoding=\"async\" width=\"370\" height=\"276\" data-src=\"https:\/\/autolivraria.com.br\/bc\/wp-content\/uploads\/2025\/07\/LR-Defender-2a-370x276.jpg\" class=\"attachment-medium size-medium wp-image-152224 lazyload\" alt=\"\" data-srcset=\"https:\/\/autolivraria.com.br\/bc\/wp-content\/uploads\/2025\/07\/LR-Defender-2a-370x276.jpg 370w, https:\/\/autolivraria.com.br\/bc\/wp-content\/uploads\/2025\/07\/LR-Defender-2a.jpg 696w\" data-sizes=\"(max-width: 370px) 100vw, 370px\" src=\"data:image\/svg+xml;base64,PHN2ZyB3aWR0aD0iMSIgaGVpZ2h0PSIxIiB4bWxucz0iaHR0cDovL3d3dy53My5vcmcvMjAwMC9zdmciPjwvc3ZnPg==\" style=\"--smush-placeholder-width: 370px; --smush-placeholder-aspect-ratio: 370\/276;\" \/><\/div>\n\t\t<\/a>\n\t\t\t\t<div class=\"elementor-post__text\">\n\t\t\t\t<h3 class=\"elementor-post__title\">\n\t\t\t<a href=\"https:\/\/autolivraria.com.br\/bc\/auto-livraria\/al-land-rover\/land-rover-defender-range-rover-catalogos-folders\/\" >\n\t\t\t\tLand Rover: cat\u00e1logos antigos com Defender e Range Rover\t\t\t<\/a>\n\t\t<\/h3>\n\t\t\t\t<div class=\"elementor-post__excerpt\">\n\t\t\t<p>Utilit\u00e1rios das s\u00e9ries 110 e 130 e o Range Rover em prospectos originais &#8211; a partir de R$ 99<\/p>\n\t\t<\/div>\n\t\t\t\t<\/div>\n\t\t\t\t<\/article>\n\t\t\t\t<article class=\"elementor-post elementor-grid-item post-133140 post type-post status-publish format-standard has-post-thumbnail hentry category-al-land-rover tag-4x4 tag-auto-livraria tag-carros-do-passado tag-defender tag-land-rover tag-revista-auto-esporte tag-revista-carro tag-revista-quatro-rodas tag-revistas-nacionais\">\n\t\t\t\t<a class=\"elementor-post__thumbnail__link\" href=\"https:\/\/autolivraria.com.br\/bc\/auto-livraria\/al-land-rover\/land-rover-defender-revistas\/\" >\n\t\t\t<div class=\"elementor-post__thumbnail\"><img decoding=\"async\" width=\"370\" height=\"273\" data-src=\"https:\/\/autolivraria.com.br\/bc\/wp-content\/uploads\/2023\/06\/QR-467-jun-1999-3-370x273.jpg\" class=\"attachment-medium size-medium wp-image-147940 lazyload\" alt=\"\" data-srcset=\"https:\/\/autolivraria.com.br\/bc\/wp-content\/uploads\/2023\/06\/QR-467-jun-1999-3-370x273.jpg 370w, https:\/\/autolivraria.com.br\/bc\/wp-content\/uploads\/2023\/06\/QR-467-jun-1999-3.jpg 683w\" data-sizes=\"(max-width: 370px) 100vw, 370px\" src=\"data:image\/svg+xml;base64,PHN2ZyB3aWR0aD0iMSIgaGVpZ2h0PSIxIiB4bWxucz0iaHR0cDovL3d3dy53My5vcmcvMjAwMC9zdmciPjwvc3ZnPg==\" style=\"--smush-placeholder-width: 370px; --smush-placeholder-aspect-ratio: 370\/273;\" \/><\/div>\n\t\t<\/a>\n\t\t\t\t<div class=\"elementor-post__text\">\n\t\t\t\t<h3 class=\"elementor-post__title\">\n\t\t\t<a href=\"https:\/\/autolivraria.com.br\/bc\/auto-livraria\/al-land-rover\/land-rover-defender-revistas\/\" >\n\t\t\t\tDefender: revistas com o mais tradicional 4&#215;4 da Land Rover\t\t\t<\/a>\n\t\t<\/h3>\n\t\t\t\t<div class=\"elementor-post__excerpt\">\n\t\t\t<p>Avalia\u00e7\u00f5es e viagens com o jipe nas revistas Auto Esporte e Quatro Rodas &#8211; a partir de R$ 25<\/p>\n\t\t<\/div>\n\t\t\t\t<\/div>\n\t\t\t\t<\/article>\n\t\t\t\t<\/div>\n\t\t\t\t<\/div>\n\t\t\t\t<\/div>\n\t\t\t\t<div class=\"elementor-element elementor-element-6fedb7e elementor-align-center elementor-widget elementor-widget-button\" data-id=\"6fedb7e\" data-element_type=\"widget\" data-widget_type=\"button.default\">\n\t\t\t\t<div class=\"elementor-widget-container\">\n\t\t\t\t\t\t\t<div class=\"elementor-button-wrapper\">\n\t\t\t\t\t<a class=\"elementor-button elementor-button-link elementor-size-sm\" href=\"https:\/\/autolivraria.com.br\/bc\/category\/al-land-rover\/\">\n\t\t\t\t\t\t<span class=\"elementor-button-content-wrapper\">\n\t\t\t\t\t\t<span class=\"elementor-button-icon\">\n\t\t\t\t<i aria-hidden=\"true\" class=\"fas fa-angle-right\"><\/i>\t\t\t<\/span>\n\t\t\t\t\t\t\t\t\t<span class=\"elementor-button-text\">TUDO DE LAND ROVER<\/span>\n\t\t\t\t\t<\/span>\n\t\t\t\t\t<\/a>\n\t\t\t\t<\/div>\n\t\t\t\t\t\t<\/div>\n\t\t\t\t<\/div>\n\t\t\t\t<div class=\"elementor-element elementor-element-fe9b257 elementor-widget elementor-widget-spacer\" data-id=\"fe9b257\" data-element_type=\"widget\" data-widget_type=\"spacer.default\">\n\t\t\t\t<div class=\"elementor-widget-container\">\n\t\t\t\t\t<div class=\"elementor-spacer\">\n\t\t\t<div class=\"elementor-spacer-inner\"><\/div>\n\t\t<\/div>\n\t\t\t\t<\/div>\n\t\t\t\t<\/div>\n\t\t\t\t\t<\/div>\n\t\t<\/div>\n\t\t\t\t\t<\/div>\n\t\t<\/section>\n\t\t\t\t<section class=\"elementor-section elementor-top-section elementor-element elementor-element-85df643 elementor-section-boxed elementor-section-height-default elementor-section-height-default\" data-id=\"85df643\" data-element_type=\"section\" data-settings=\"{&quot;background_background&quot;:&quot;classic&quot;}\">\n\t\t\t\t\t\t<div class=\"elementor-container elementor-column-gap-default\">\n\t\t\t\t\t<div class=\"elementor-column elementor-col-100 elementor-top-column elementor-element elementor-element-b63e9d6\" data-id=\"b63e9d6\" data-element_type=\"column\">\n\t\t\t<div class=\"elementor-widget-wrap elementor-element-populated\">\n\t\t\t\t\t\t<div class=\"elementor-element elementor-element-92ced34 elementor-widget elementor-widget-spacer\" data-id=\"92ced34\" data-element_type=\"widget\" data-widget_type=\"spacer.default\">\n\t\t\t\t<div class=\"elementor-widget-container\">\n\t\t\t\t\t<div class=\"elementor-spacer\">\n\t\t\t<div class=\"elementor-spacer-inner\"><\/div>\n\t\t<\/div>\n\t\t\t\t<\/div>\n\t\t\t\t<\/div>\n\t\t\t\t<div class=\"elementor-element elementor-element-57af8d4 elementor-align-left elementor-widget elementor-widget-button\" data-id=\"57af8d4\" data-element_type=\"widget\" data-widget_type=\"button.default\">\n\t\t\t\t<div class=\"elementor-widget-container\">\n\t\t\t\t\t\t\t<div class=\"elementor-button-wrapper\">\n\t\t\t\t\t<a class=\"elementor-button elementor-button-link elementor-size-lg\" href=\"https:\/\/autolivraria.com.br\/bc\/category\/al-mercedes-benz\/\">\n\t\t\t\t\t\t<span class=\"elementor-button-content-wrapper\">\n\t\t\t\t\t\t\t\t\t<span class=\"elementor-button-text\">MERCEDES-BENZ<\/span>\n\t\t\t\t\t<\/span>\n\t\t\t\t\t<\/a>\n\t\t\t\t<\/div>\n\t\t\t\t\t\t<\/div>\n\t\t\t\t<\/div>\n\t\t\t\t<div class=\"elementor-element elementor-element-40c619a elementor-grid-3 elementor-grid-tablet-2 elementor-grid-mobile-1 elementor-posts--thumbnail-top elementor-widget elementor-widget-posts\" data-id=\"40c619a\" data-element_type=\"widget\" data-settings=\"{&quot;classic_row_gap&quot;:{&quot;unit&quot;:&quot;px&quot;,&quot;size&quot;:30,&quot;sizes&quot;:[]},&quot;classic_columns&quot;:&quot;3&quot;,&quot;classic_columns_tablet&quot;:&quot;2&quot;,&quot;classic_columns_mobile&quot;:&quot;1&quot;}\" data-widget_type=\"posts.classic\">\n\t\t\t\t<div class=\"elementor-widget-container\">\n\t\t\t\t\t<div class=\"elementor-posts-container elementor-posts elementor-posts--skin-classic elementor-grid\">\n\t\t\t\t<article class=\"elementor-post elementor-grid-item post-145838 post type-post status-publish format-standard has-post-thumbnail hentry category-al-mercedes-benz tag-1738 tag-190-sl tag-300-sl tag-auto-livraria tag-carros-do-passado tag-classe-e tag-classe-s tag-fintail tag-mercedes-benz tag-mercedes-benz-600 tag-revista-quatro-rodas tag-revistas-nacionais\">\n\t\t\t\t<a class=\"elementor-post__thumbnail__link\" href=\"https:\/\/autolivraria.com.br\/bc\/auto-livraria\/al-mercedes-benz\/mercedes-benz-w100-w111-w116-w124-300sl-revistas\/\" >\n\t\t\t<div class=\"elementor-post__thumbnail\"><img decoding=\"async\" width=\"370\" height=\"247\" data-src=\"https:\/\/autolivraria.com.br\/bc\/wp-content\/uploads\/2026\/12\/Mercedes-370x247.jpg\" class=\"attachment-medium size-medium wp-image-154407 lazyload\" alt=\"\" data-srcset=\"https:\/\/autolivraria.com.br\/bc\/wp-content\/uploads\/2026\/12\/Mercedes-370x247.jpg 370w, https:\/\/autolivraria.com.br\/bc\/wp-content\/uploads\/2026\/12\/Mercedes-750x500.jpg 750w, https:\/\/autolivraria.com.br\/bc\/wp-content\/uploads\/2026\/12\/Mercedes-150x100.jpg 150w, https:\/\/autolivraria.com.br\/bc\/wp-content\/uploads\/2026\/12\/Mercedes-330x220.jpg 330w, https:\/\/autolivraria.com.br\/bc\/wp-content\/uploads\/2026\/12\/Mercedes-420x280.jpg 420w, https:\/\/autolivraria.com.br\/bc\/wp-content\/uploads\/2026\/12\/Mercedes-510x340.jpg 510w, https:\/\/autolivraria.com.br\/bc\/wp-content\/uploads\/2026\/12\/Mercedes.jpg 800w\" data-sizes=\"(max-width: 370px) 100vw, 370px\" src=\"data:image\/svg+xml;base64,PHN2ZyB3aWR0aD0iMSIgaGVpZ2h0PSIxIiB4bWxucz0iaHR0cDovL3d3dy53My5vcmcvMjAwMC9zdmciPjwvc3ZnPg==\" style=\"--smush-placeholder-width: 370px; --smush-placeholder-aspect-ratio: 370\/247;\" \/><\/div>\n\t\t<\/a>\n\t\t\t\t<div class=\"elementor-post__text\">\n\t\t\t\t<h3 class=\"elementor-post__title\">\n\t\t\t<a href=\"https:\/\/autolivraria.com.br\/bc\/auto-livraria\/al-mercedes-benz\/mercedes-benz-w100-w111-w116-w124-300sl-revistas\/\" >\n\t\t\t\tMercedes: 12 revistas com modelos que fizeram sua hist\u00f3ria\t\t\t<\/a>\n\t\t<\/h3>\n\t\t\t\t<div class=\"elementor-post__excerpt\">\n\t\t\t<p>Adenauer, 300 SL, limusine 600, Classe S e outros carros de destaque da marca &#8211; a partir de R$ 19<\/p>\n\t\t<\/div>\n\t\t\t\t<\/div>\n\t\t\t\t<\/article>\n\t\t\t\t<article class=\"elementor-post elementor-grid-item post-130830 post type-post status-publish format-standard has-post-thumbnail hentry category-al-mercedes-benz category-quadros-decorativos tag-300-sl tag-a160 tag-a250 tag-auto-livraria tag-c180 tag-carros-do-passado tag-classe-a tag-classe-c tag-classe-s tag-clk tag-glk tag-mercedes-benz tag-mercedes-benz-sl tag-ml-320 tag-quadros-mercedes-benz tag-quadros-decorativos\">\n\t\t\t\t<a class=\"elementor-post__thumbnail__link\" href=\"https:\/\/autolivraria.com.br\/bc\/auto-livraria\/al-mercedes-benz\/quadros-decorativos-mercedes-benz-w168-w202-w210-w126\/\" >\n\t\t\t<div class=\"elementor-post__thumbnail\"><img decoding=\"async\" width=\"370\" height=\"247\" data-src=\"https:\/\/autolivraria.com.br\/bc\/wp-content\/uploads\/2024\/08\/Mercedes-370x247.jpg\" class=\"attachment-medium size-medium wp-image-153154 lazyload\" alt=\"\" data-srcset=\"https:\/\/autolivraria.com.br\/bc\/wp-content\/uploads\/2024\/08\/Mercedes-370x247.jpg 370w, https:\/\/autolivraria.com.br\/bc\/wp-content\/uploads\/2024\/08\/Mercedes-750x500.jpg 750w, https:\/\/autolivraria.com.br\/bc\/wp-content\/uploads\/2024\/08\/Mercedes-150x100.jpg 150w, https:\/\/autolivraria.com.br\/bc\/wp-content\/uploads\/2024\/08\/Mercedes-330x220.jpg 330w, https:\/\/autolivraria.com.br\/bc\/wp-content\/uploads\/2024\/08\/Mercedes-420x280.jpg 420w, https:\/\/autolivraria.com.br\/bc\/wp-content\/uploads\/2024\/08\/Mercedes-510x340.jpg 510w, https:\/\/autolivraria.com.br\/bc\/wp-content\/uploads\/2024\/08\/Mercedes.jpg 1024w\" data-sizes=\"(max-width: 370px) 100vw, 370px\" src=\"data:image\/svg+xml;base64,PHN2ZyB3aWR0aD0iMSIgaGVpZ2h0PSIxIiB4bWxucz0iaHR0cDovL3d3dy53My5vcmcvMjAwMC9zdmciPjwvc3ZnPg==\" style=\"--smush-placeholder-width: 370px; --smush-placeholder-aspect-ratio: 370\/247;\" \/><\/div>\n\t\t<\/a>\n\t\t\t\t<div class=\"elementor-post__text\">\n\t\t\t\t<h3 class=\"elementor-post__title\">\n\t\t\t<a href=\"https:\/\/autolivraria.com.br\/bc\/auto-livraria\/al-mercedes-benz\/quadros-decorativos-mercedes-benz-w168-w202-w210-w126\/\" >\n\t\t\t\tMercedes-Benz: quadros com v\u00e1rios modelos e gera\u00e7\u00f5es\t\t\t<\/a>\n\t\t<\/h3>\n\t\t\t\t<div class=\"elementor-post__excerpt\">\n\t\t\t<p>Quadros decorativos com Classe A, C, S, utilit\u00e1rios, modelos hist\u00f3ricos e mais &#8211; a partir de R$ 109<\/p>\n\t\t<\/div>\n\t\t\t\t<\/div>\n\t\t\t\t<\/article>\n\t\t\t\t<article class=\"elementor-post elementor-grid-item post-133752 post type-post status-publish format-standard has-post-thumbnail hentry category-al-mercedes-benz category-quadros-decorativos tag-auto-livraria tag-caminhao tag-caminhoes-do-passado tag-carros-do-passado tag-mercedes-benz tag-onibus tag-quadros-mercedes-benz tag-quadros-decorativos\">\n\t\t\t\t<a class=\"elementor-post__thumbnail__link\" href=\"https:\/\/autolivraria.com.br\/bc\/auto-livraria\/al-mercedes-benz\/mercedes-benz-quadros-onibus-caminhoes\/\" >\n\t\t\t<div class=\"elementor-post__thumbnail\"><img decoding=\"async\" width=\"370\" height=\"247\" data-src=\"https:\/\/autolivraria.com.br\/bc\/wp-content\/uploads\/2024\/10\/Caminhoes-370x247.jpg\" class=\"attachment-medium size-medium wp-image-152656 lazyload\" alt=\"\" data-srcset=\"https:\/\/autolivraria.com.br\/bc\/wp-content\/uploads\/2024\/10\/Caminhoes-370x247.jpg 370w, https:\/\/autolivraria.com.br\/bc\/wp-content\/uploads\/2024\/10\/Caminhoes-750x500.jpg 750w, https:\/\/autolivraria.com.br\/bc\/wp-content\/uploads\/2024\/10\/Caminhoes-150x100.jpg 150w, https:\/\/autolivraria.com.br\/bc\/wp-content\/uploads\/2024\/10\/Caminhoes-330x220.jpg 330w, https:\/\/autolivraria.com.br\/bc\/wp-content\/uploads\/2024\/10\/Caminhoes-420x280.jpg 420w, https:\/\/autolivraria.com.br\/bc\/wp-content\/uploads\/2024\/10\/Caminhoes-510x340.jpg 510w, https:\/\/autolivraria.com.br\/bc\/wp-content\/uploads\/2024\/10\/Caminhoes.jpg 1024w\" data-sizes=\"(max-width: 370px) 100vw, 370px\" src=\"data:image\/svg+xml;base64,PHN2ZyB3aWR0aD0iMSIgaGVpZ2h0PSIxIiB4bWxucz0iaHR0cDovL3d3dy53My5vcmcvMjAwMC9zdmciPjwvc3ZnPg==\" style=\"--smush-placeholder-width: 370px; --smush-placeholder-aspect-ratio: 370\/247;\" \/><\/div>\n\t\t<\/a>\n\t\t\t\t<div class=\"elementor-post__text\">\n\t\t\t\t<h3 class=\"elementor-post__title\">\n\t\t\t<a href=\"https:\/\/autolivraria.com.br\/bc\/auto-livraria\/al-mercedes-benz\/mercedes-benz-quadros-onibus-caminhoes\/\" >\n\t\t\t\tMercedes-Benz: quadros com \u00f4nibus e caminh\u00f5es antigos e modernos\t\t\t<\/a>\n\t\t<\/h3>\n\t\t\t\t<div class=\"elementor-post__excerpt\">\n\t\t\t<p>Quadros decorativos com propagandas e mat\u00e9rias de modelos desde os anos 60 &#8211; a partir de R$ 109<\/p>\n\t\t<\/div>\n\t\t\t\t<\/div>\n\t\t\t\t<\/article>\n\t\t\t\t<\/div>\n\t\t\t\t<\/div>\n\t\t\t\t<\/div>\n\t\t\t\t<div class=\"elementor-element elementor-element-9e19021 elementor-align-center elementor-widget elementor-widget-button\" data-id=\"9e19021\" data-element_type=\"widget\" data-widget_type=\"button.default\">\n\t\t\t\t<div class=\"elementor-widget-container\">\n\t\t\t\t\t\t\t<div class=\"elementor-button-wrapper\">\n\t\t\t\t\t<a class=\"elementor-button elementor-button-link elementor-size-sm\" href=\"https:\/\/autolivraria.com.br\/bc\/category\/al-mercedes-benz\/\">\n\t\t\t\t\t\t<span class=\"elementor-button-content-wrapper\">\n\t\t\t\t\t\t<span class=\"elementor-button-icon\">\n\t\t\t\t<i aria-hidden=\"true\" class=\"fas fa-angle-right\"><\/i>\t\t\t<\/span>\n\t\t\t\t\t\t\t\t\t<span class=\"elementor-button-text\">TUDO DE MERCEDES-BENZ<\/span>\n\t\t\t\t\t<\/span>\n\t\t\t\t\t<\/a>\n\t\t\t\t<\/div>\n\t\t\t\t\t\t<\/div>\n\t\t\t\t<\/div>\n\t\t\t\t<div class=\"elementor-element elementor-element-09ed0fa elementor-widget elementor-widget-spacer\" data-id=\"09ed0fa\" data-element_type=\"widget\" data-widget_type=\"spacer.default\">\n\t\t\t\t<div class=\"elementor-widget-container\">\n\t\t\t\t\t<div class=\"elementor-spacer\">\n\t\t\t<div class=\"elementor-spacer-inner\"><\/div>\n\t\t<\/div>\n\t\t\t\t<\/div>\n\t\t\t\t<\/div>\n\t\t\t\t\t<\/div>\n\t\t<\/div>\n\t\t\t\t\t<\/div>\n\t\t<\/section>\n\t\t\t\t<section class=\"elementor-section elementor-top-section elementor-element elementor-element-f56894b elementor-section-boxed elementor-section-height-default elementor-section-height-default\" data-id=\"f56894b\" data-element_type=\"section\" data-settings=\"{&quot;background_background&quot;:&quot;classic&quot;}\">\n\t\t\t\t\t\t<div class=\"elementor-container elementor-column-gap-default\">\n\t\t\t\t\t<div class=\"elementor-column elementor-col-66 elementor-top-column elementor-element elementor-element-a0743c9\" data-id=\"a0743c9\" data-element_type=\"column\">\n\t\t\t<div class=\"elementor-widget-wrap elementor-element-populated\">\n\t\t\t\t\t\t<div class=\"elementor-element elementor-element-035841f elementor-align-left elementor-widget elementor-widget-button\" data-id=\"035841f\" data-element_type=\"widget\" data-widget_type=\"button.default\">\n\t\t\t\t<div class=\"elementor-widget-container\">\n\t\t\t\t\t\t\t<div class=\"elementor-button-wrapper\">\n\t\t\t\t\t<a class=\"elementor-button elementor-button-link elementor-size-lg\" href=\"https:\/\/autolivraria.com.br\/bc\/category\/al-mitsubishi\/\">\n\t\t\t\t\t\t<span class=\"elementor-button-content-wrapper\">\n\t\t\t\t\t\t\t\t\t<span class=\"elementor-button-text\">MITSUBISHI<\/span>\n\t\t\t\t\t<\/span>\n\t\t\t\t\t<\/a>\n\t\t\t\t<\/div>\n\t\t\t\t\t\t<\/div>\n\t\t\t\t<\/div>\n\t\t\t\t<div class=\"elementor-element elementor-element-c662e15 elementor-grid-2 elementor-grid-tablet-2 elementor-grid-mobile-1 elementor-posts--thumbnail-top elementor-widget elementor-widget-posts\" data-id=\"c662e15\" data-element_type=\"widget\" data-settings=\"{&quot;classic_row_gap&quot;:{&quot;unit&quot;:&quot;px&quot;,&quot;size&quot;:30,&quot;sizes&quot;:[]},&quot;classic_columns&quot;:&quot;2&quot;,&quot;classic_columns_tablet&quot;:&quot;2&quot;,&quot;classic_columns_mobile&quot;:&quot;1&quot;}\" data-widget_type=\"posts.classic\">\n\t\t\t\t<div class=\"elementor-widget-container\">\n\t\t\t\t\t<div class=\"elementor-posts-container elementor-posts elementor-posts--skin-classic elementor-grid\">\n\t\t\t\t<article class=\"elementor-post elementor-grid-item post-131795 post type-post status-publish format-standard has-post-thumbnail hentry category-al-mitsubishi category-quadros-decorativos tag-4x4 tag-auto-livraria tag-carros-do-passado tag-l200 tag-l200-gls tag-l200-outdoor tag-l200-savana tag-l200-sport tag-l200-triton tag-mitsubishi tag-picape tag-quadros-mitsubishi tag-quadros-decorativos\">\n\t\t\t\t<a class=\"elementor-post__thumbnail__link\" href=\"https:\/\/autolivraria.com.br\/bc\/auto-livraria\/al-mitsubishi\/quadros-decorativos-mitsubishi-l200-triton-outdoor-sport\/\" >\n\t\t\t<div class=\"elementor-post__thumbnail\"><img decoding=\"async\" width=\"370\" height=\"247\" data-src=\"https:\/\/autolivraria.com.br\/bc\/wp-content\/uploads\/2025\/10\/L200-370x247.jpg\" class=\"attachment-medium size-medium wp-image-155145 lazyload\" alt=\"\" data-srcset=\"https:\/\/autolivraria.com.br\/bc\/wp-content\/uploads\/2025\/10\/L200-370x247.jpg 370w, https:\/\/autolivraria.com.br\/bc\/wp-content\/uploads\/2025\/10\/L200-750x500.jpg 750w, https:\/\/autolivraria.com.br\/bc\/wp-content\/uploads\/2025\/10\/L200-150x100.jpg 150w, https:\/\/autolivraria.com.br\/bc\/wp-content\/uploads\/2025\/10\/L200-330x220.jpg 330w, https:\/\/autolivraria.com.br\/bc\/wp-content\/uploads\/2025\/10\/L200-420x280.jpg 420w, https:\/\/autolivraria.com.br\/bc\/wp-content\/uploads\/2025\/10\/L200-510x340.jpg 510w, https:\/\/autolivraria.com.br\/bc\/wp-content\/uploads\/2025\/10\/L200.jpg 1024w\" data-sizes=\"(max-width: 370px) 100vw, 370px\" src=\"data:image\/svg+xml;base64,PHN2ZyB3aWR0aD0iMSIgaGVpZ2h0PSIxIiB4bWxucz0iaHR0cDovL3d3dy53My5vcmcvMjAwMC9zdmciPjwvc3ZnPg==\" style=\"--smush-placeholder-width: 370px; --smush-placeholder-aspect-ratio: 370\/247;\" \/><\/div>\n\t\t<\/a>\n\t\t\t\t<div class=\"elementor-post__text\">\n\t\t\t\t<h3 class=\"elementor-post__title\">\n\t\t\t<a href=\"https:\/\/autolivraria.com.br\/bc\/auto-livraria\/al-mitsubishi\/quadros-decorativos-mitsubishi-l200-triton-outdoor-sport\/\" >\n\t\t\t\tMitsubishi L200: quadros decorativos da picape em v\u00e1rias gera\u00e7\u00f5es\t\t\t<\/a>\n\t\t<\/h3>\n\t\t\t\t<div class=\"elementor-post__excerpt\">\n\t\t\t<p>Propagandas e mat\u00e9rias da &#8220;quadrada&#8221;, Sport, Triton e outras em quadros de dois formatos &#8211; a partir de R$ 109<\/p>\n\t\t<\/div>\n\t\t\t\t<\/div>\n\t\t\t\t<\/article>\n\t\t\t\t<article class=\"elementor-post elementor-grid-item post-134131 post type-post status-publish format-standard has-post-thumbnail hentry category-al-mitsubishi category-quadros-decorativos tag-3000-gt tag-auto-livraria tag-carros-do-passado tag-eclipse tag-lancer tag-lancer-evolution tag-lancer-gt tag-mitsubishi tag-quadros-mitsubishi tag-quadros-decorativos\">\n\t\t\t\t<a class=\"elementor-post__thumbnail__link\" href=\"https:\/\/autolivraria.com.br\/bc\/auto-livraria\/al-mitsubishi\/quadros-decorativos-mitsubishi-lancer-eclipse-3000gt\/\" >\n\t\t\t<div class=\"elementor-post__thumbnail\"><img decoding=\"async\" width=\"370\" height=\"247\" data-src=\"https:\/\/autolivraria.com.br\/bc\/wp-content\/uploads\/2024\/08\/Mitsubishi-370x247.jpg\" class=\"attachment-medium size-medium wp-image-154558 lazyload\" alt=\"\" data-srcset=\"https:\/\/autolivraria.com.br\/bc\/wp-content\/uploads\/2024\/08\/Mitsubishi-370x247.jpg 370w, https:\/\/autolivraria.com.br\/bc\/wp-content\/uploads\/2024\/08\/Mitsubishi-750x500.jpg 750w, https:\/\/autolivraria.com.br\/bc\/wp-content\/uploads\/2024\/08\/Mitsubishi-150x100.jpg 150w, https:\/\/autolivraria.com.br\/bc\/wp-content\/uploads\/2024\/08\/Mitsubishi-330x220.jpg 330w, https:\/\/autolivraria.com.br\/bc\/wp-content\/uploads\/2024\/08\/Mitsubishi-420x280.jpg 420w, https:\/\/autolivraria.com.br\/bc\/wp-content\/uploads\/2024\/08\/Mitsubishi-510x340.jpg 510w, https:\/\/autolivraria.com.br\/bc\/wp-content\/uploads\/2024\/08\/Mitsubishi.jpg 1024w\" data-sizes=\"(max-width: 370px) 100vw, 370px\" src=\"data:image\/svg+xml;base64,PHN2ZyB3aWR0aD0iMSIgaGVpZ2h0PSIxIiB4bWxucz0iaHR0cDovL3d3dy53My5vcmcvMjAwMC9zdmciPjwvc3ZnPg==\" style=\"--smush-placeholder-width: 370px; --smush-placeholder-aspect-ratio: 370\/247;\" \/><\/div>\n\t\t<\/a>\n\t\t\t\t<div class=\"elementor-post__text\">\n\t\t\t\t<h3 class=\"elementor-post__title\">\n\t\t\t<a href=\"https:\/\/autolivraria.com.br\/bc\/auto-livraria\/al-mitsubishi\/quadros-decorativos-mitsubishi-lancer-eclipse-3000gt\/\" >\n\t\t\t\tMitsubishi: Eclipse, Lancer Evolution e at\u00e9 3000 GT em quadros\t\t\t<\/a>\n\t\t<\/h3>\n\t\t\t\t<div class=\"elementor-post__excerpt\">\n\t\t\t<p>Quadros decorativos dos esportivos e sed\u00e3s em propagandas e mat\u00e9rias originais &#8211; a partir de R$ 129<\/p>\n\t\t<\/div>\n\t\t\t\t<\/div>\n\t\t\t\t<\/article>\n\t\t\t\t<\/div>\n\t\t\t\t<\/div>\n\t\t\t\t<\/div>\n\t\t\t\t<div class=\"elementor-element elementor-element-d9a521a elementor-align-center elementor-widget elementor-widget-button\" data-id=\"d9a521a\" data-element_type=\"widget\" data-widget_type=\"button.default\">\n\t\t\t\t<div class=\"elementor-widget-container\">\n\t\t\t\t\t\t\t<div class=\"elementor-button-wrapper\">\n\t\t\t\t\t<a class=\"elementor-button elementor-button-link elementor-size-sm\" href=\"https:\/\/autolivraria.com.br\/bc\/category\/al-mitsubishi\/\">\n\t\t\t\t\t\t<span class=\"elementor-button-content-wrapper\">\n\t\t\t\t\t\t<span class=\"elementor-button-icon\">\n\t\t\t\t<i aria-hidden=\"true\" class=\"fas fa-angle-right\"><\/i>\t\t\t<\/span>\n\t\t\t\t\t\t\t\t\t<span class=\"elementor-button-text\">TUDO DE MITSUBISHI<\/span>\n\t\t\t\t\t<\/span>\n\t\t\t\t\t<\/a>\n\t\t\t\t<\/div>\n\t\t\t\t\t\t<\/div>\n\t\t\t\t<\/div>\n\t\t\t\t<div class=\"elementor-element elementor-element-7dffb8d elementor-widget elementor-widget-spacer\" data-id=\"7dffb8d\" data-element_type=\"widget\" data-widget_type=\"spacer.default\">\n\t\t\t\t<div class=\"elementor-widget-container\">\n\t\t\t\t\t<div class=\"elementor-spacer\">\n\t\t\t<div class=\"elementor-spacer-inner\"><\/div>\n\t\t<\/div>\n\t\t\t\t<\/div>\n\t\t\t\t<\/div>\n\t\t\t\t\t<\/div>\n\t\t<\/div>\n\t\t\t\t<div class=\"elementor-column elementor-col-33 elementor-top-column elementor-element elementor-element-19d0092\" data-id=\"19d0092\" data-element_type=\"column\">\n\t\t\t<div class=\"elementor-widget-wrap elementor-element-populated\">\n\t\t\t\t\t\t<div class=\"elementor-element elementor-element-24a7e3a elementor-align-left elementor-widget elementor-widget-button\" data-id=\"24a7e3a\" data-element_type=\"widget\" data-widget_type=\"button.default\">\n\t\t\t\t<div class=\"elementor-widget-container\">\n\t\t\t\t\t\t\t<div class=\"elementor-button-wrapper\">\n\t\t\t\t\t<a class=\"elementor-button elementor-button-link elementor-size-lg\" href=\"https:\/\/autolivraria.com.br\/bc\/category\/al-nissan\/\">\n\t\t\t\t\t\t<span class=\"elementor-button-content-wrapper\">\n\t\t\t\t\t\t\t\t\t<span class=\"elementor-button-text\">NISSAN<\/span>\n\t\t\t\t\t<\/span>\n\t\t\t\t\t<\/a>\n\t\t\t\t<\/div>\n\t\t\t\t\t\t<\/div>\n\t\t\t\t<\/div>\n\t\t\t\t<div class=\"elementor-element elementor-element-2ed6b54 elementor-grid-1 elementor-grid-tablet-2 elementor-grid-mobile-1 elementor-posts--thumbnail-top elementor-widget elementor-widget-posts\" data-id=\"2ed6b54\" data-element_type=\"widget\" data-settings=\"{&quot;classic_row_gap&quot;:{&quot;unit&quot;:&quot;px&quot;,&quot;size&quot;:30,&quot;sizes&quot;:[]},&quot;classic_columns&quot;:&quot;1&quot;,&quot;classic_columns_tablet&quot;:&quot;2&quot;,&quot;classic_columns_mobile&quot;:&quot;1&quot;}\" data-widget_type=\"posts.classic\">\n\t\t\t\t<div class=\"elementor-widget-container\">\n\t\t\t\t\t<div class=\"elementor-posts-container elementor-posts elementor-posts--skin-classic elementor-grid\">\n\t\t\t\t<article class=\"elementor-post elementor-grid-item post-147309 post type-post status-publish format-standard has-post-thumbnail hentry category-al-nissan category-quadros-decorativos tag-4x4 tag-auto-livraria tag-frontier tag-frontier-attack tag-frontier-le tag-nissan tag-picape tag-quadros-nissan tag-quadros-decorativos\">\n\t\t\t\t<a class=\"elementor-post__thumbnail__link\" href=\"https:\/\/autolivraria.com.br\/bc\/auto-livraria\/al-nissan\/quadros-decorativos-nissan-frontier\/\" >\n\t\t\t<div class=\"elementor-post__thumbnail\"><img decoding=\"async\" width=\"370\" height=\"247\" data-src=\"https:\/\/autolivraria.com.br\/bc\/wp-content\/uploads\/2024\/07\/Nissan-Frontier-370x247.jpg\" class=\"attachment-medium size-medium wp-image-147318 lazyload\" alt=\"\" data-srcset=\"https:\/\/autolivraria.com.br\/bc\/wp-content\/uploads\/2024\/07\/Nissan-Frontier-370x247.jpg 370w, https:\/\/autolivraria.com.br\/bc\/wp-content\/uploads\/2024\/07\/Nissan-Frontier-750x500.jpg 750w, https:\/\/autolivraria.com.br\/bc\/wp-content\/uploads\/2024\/07\/Nissan-Frontier.jpg 1024w\" data-sizes=\"(max-width: 370px) 100vw, 370px\" src=\"data:image\/svg+xml;base64,PHN2ZyB3aWR0aD0iMSIgaGVpZ2h0PSIxIiB4bWxucz0iaHR0cDovL3d3dy53My5vcmcvMjAwMC9zdmciPjwvc3ZnPg==\" style=\"--smush-placeholder-width: 370px; --smush-placeholder-aspect-ratio: 370\/247;\" \/><\/div>\n\t\t<\/a>\n\t\t\t\t<div class=\"elementor-post__text\">\n\t\t\t\t<h3 class=\"elementor-post__title\">\n\t\t\t<a href=\"https:\/\/autolivraria.com.br\/bc\/auto-livraria\/al-nissan\/quadros-decorativos-nissan-frontier\/\" >\n\t\t\t\tNissan Frontier: quadros com a terceira das picapes japonesas\t\t\t<\/a>\n\t\t<\/h3>\n\t\t\t\t<div class=\"elementor-post__excerpt\">\n\t\t\t<p>Quadros decorativos com propagandas e mat\u00e9rias da picape em v\u00e1rias gera\u00e7\u00f5es &#8211; a partir de R$ 79<\/p>\n\t\t<\/div>\n\t\t\t\t<\/div>\n\t\t\t\t<\/article>\n\t\t\t\t<\/div>\n\t\t\t\t<\/div>\n\t\t\t\t<\/div>\n\t\t\t\t<div class=\"elementor-element elementor-element-bd7d365 elementor-align-center elementor-widget elementor-widget-button\" data-id=\"bd7d365\" data-element_type=\"widget\" data-widget_type=\"button.default\">\n\t\t\t\t<div class=\"elementor-widget-container\">\n\t\t\t\t\t\t\t<div class=\"elementor-button-wrapper\">\n\t\t\t\t\t<a class=\"elementor-button elementor-button-link elementor-size-sm\" href=\"https:\/\/autolivraria.com.br\/bc\/category\/al-nissan\/\">\n\t\t\t\t\t\t<span class=\"elementor-button-content-wrapper\">\n\t\t\t\t\t\t<span class=\"elementor-button-icon\">\n\t\t\t\t<i aria-hidden=\"true\" class=\"fas fa-angle-right\"><\/i>\t\t\t<\/span>\n\t\t\t\t\t\t\t\t\t<span class=\"elementor-button-text\">TUDO DE NISSAN<\/span>\n\t\t\t\t\t<\/span>\n\t\t\t\t\t<\/a>\n\t\t\t\t<\/div>\n\t\t\t\t\t\t<\/div>\n\t\t\t\t<\/div>\n\t\t\t\t<div class=\"elementor-element elementor-element-4a05aa4 elementor-widget elementor-widget-spacer\" data-id=\"4a05aa4\" data-element_type=\"widget\" data-widget_type=\"spacer.default\">\n\t\t\t\t<div class=\"elementor-widget-container\">\n\t\t\t\t\t<div class=\"elementor-spacer\">\n\t\t\t<div class=\"elementor-spacer-inner\"><\/div>\n\t\t<\/div>\n\t\t\t\t<\/div>\n\t\t\t\t<\/div>\n\t\t\t\t\t<\/div>\n\t\t<\/div>\n\t\t\t\t\t<\/div>\n\t\t<\/section>\n\t\t\t\t<section class=\"elementor-section elementor-top-section elementor-element elementor-element-e2c006d elementor-section-boxed elementor-section-height-default elementor-section-height-default\" data-id=\"e2c006d\" data-element_type=\"section\" data-settings=\"{&quot;background_background&quot;:&quot;classic&quot;}\">\n\t\t\t\t\t\t<div class=\"elementor-container elementor-column-gap-default\">\n\t\t\t\t\t<div class=\"elementor-column elementor-col-100 elementor-top-column elementor-element elementor-element-f3b78ab\" data-id=\"f3b78ab\" data-element_type=\"column\">\n\t\t\t<div class=\"elementor-widget-wrap elementor-element-populated\">\n\t\t\t\t\t\t<div class=\"elementor-element elementor-element-eb961bc elementor-align-left elementor-widget elementor-widget-button\" data-id=\"eb961bc\" data-element_type=\"widget\" data-widget_type=\"button.default\">\n\t\t\t\t<div class=\"elementor-widget-container\">\n\t\t\t\t\t\t\t<div class=\"elementor-button-wrapper\">\n\t\t\t\t\t<a class=\"elementor-button elementor-button-link elementor-size-lg\" href=\"https:\/\/autolivraria.com.br\/bc\/category\/al-peugeot\/\">\n\t\t\t\t\t\t<span class=\"elementor-button-content-wrapper\">\n\t\t\t\t\t\t\t\t\t<span class=\"elementor-button-text\">PEUGEOT<\/span>\n\t\t\t\t\t<\/span>\n\t\t\t\t\t<\/a>\n\t\t\t\t<\/div>\n\t\t\t\t\t\t<\/div>\n\t\t\t\t<\/div>\n\t\t\t\t<div class=\"elementor-element elementor-element-fdad532 elementor-grid-3 elementor-grid-tablet-2 elementor-grid-mobile-1 elementor-posts--thumbnail-top elementor-widget elementor-widget-posts\" data-id=\"fdad532\" data-element_type=\"widget\" data-settings=\"{&quot;classic_row_gap&quot;:{&quot;unit&quot;:&quot;px&quot;,&quot;size&quot;:30,&quot;sizes&quot;:[]},&quot;classic_columns&quot;:&quot;3&quot;,&quot;classic_columns_tablet&quot;:&quot;2&quot;,&quot;classic_columns_mobile&quot;:&quot;1&quot;}\" data-widget_type=\"posts.classic\">\n\t\t\t\t<div class=\"elementor-widget-container\">\n\t\t\t\t\t<div class=\"elementor-posts-container elementor-posts elementor-posts--skin-classic elementor-grid\">\n\t\t\t\t<article class=\"elementor-post elementor-grid-item post-130133 post type-post status-publish format-standard has-post-thumbnail hentry category-al-peugeot tag-443 tag-442 tag-24-horas-de-le-mans tag-820 tag-446 tag-auto-livraria tag-carros-do-passado tag-competicao tag-livros tag-mundial-de-rali tag-peugeot tag-rali tag-rali-dakar\">\n\t\t\t\t<a class=\"elementor-post__thumbnail__link\" href=\"https:\/\/autolivraria.com.br\/bc\/auto-livraria\/al-peugeot\/livro-peugeot-sport-corridas-ralis-lemans\/\" >\n\t\t\t<div class=\"elementor-post__thumbnail\"><img decoding=\"async\" width=\"370\" height=\"370\" data-src=\"https:\/\/autolivraria.com.br\/bc\/wp-content\/uploads\/2021\/10\/Peugeot-Sport-1-370x370.jpg\" class=\"attachment-medium size-medium wp-image-130134 lazyload\" alt=\"\" data-srcset=\"https:\/\/autolivraria.com.br\/bc\/wp-content\/uploads\/2021\/10\/Peugeot-Sport-1-370x370.jpg 370w, https:\/\/autolivraria.com.br\/bc\/wp-content\/uploads\/2021\/10\/Peugeot-Sport-1-243x243.jpg 243w, https:\/\/autolivraria.com.br\/bc\/wp-content\/uploads\/2021\/10\/Peugeot-Sport-1-700x700.jpg 700w, https:\/\/autolivraria.com.br\/bc\/wp-content\/uploads\/2021\/10\/Peugeot-Sport-1-300x300.jpg 300w, https:\/\/autolivraria.com.br\/bc\/wp-content\/uploads\/2021\/10\/Peugeot-Sport-1-600x600.jpg 600w, https:\/\/autolivraria.com.br\/bc\/wp-content\/uploads\/2021\/10\/Peugeot-Sport-1-100x100.jpg 100w, https:\/\/autolivraria.com.br\/bc\/wp-content\/uploads\/2021\/10\/Peugeot-Sport-1-75x75.jpg 75w, https:\/\/autolivraria.com.br\/bc\/wp-content\/uploads\/2021\/10\/Peugeot-Sport-1.jpg 750w\" data-sizes=\"(max-width: 370px) 100vw, 370px\" src=\"data:image\/svg+xml;base64,PHN2ZyB3aWR0aD0iMSIgaGVpZ2h0PSIxIiB4bWxucz0iaHR0cDovL3d3dy53My5vcmcvMjAwMC9zdmciPjwvc3ZnPg==\" style=\"--smush-placeholder-width: 370px; --smush-placeholder-aspect-ratio: 370\/370;\" \/><\/div>\n\t\t<\/a>\n\t\t\t\t<div class=\"elementor-post__text\">\n\t\t\t\t<h3 class=\"elementor-post__title\">\n\t\t\t<a href=\"https:\/\/autolivraria.com.br\/bc\/auto-livraria\/al-peugeot\/livro-peugeot-sport-corridas-ralis-lemans\/\" >\n\t\t\t\tPeugeot: dos ralis a Le Mans, a trajet\u00f3ria de sucesso em competi\u00e7\u00f5es\t\t\t<\/a>\n\t\t<\/h3>\n\t\t\t\t<div class=\"elementor-post__excerpt\">\n\t\t\t<p>Livro em franc\u00eas com a grande carreira da marca em corridas de asfalto e provas fora de estrada &#8211; R$ 99<\/p>\n\t\t<\/div>\n\t\t\t\t<\/div>\n\t\t\t\t<\/article>\n\t\t\t\t<article class=\"elementor-post elementor-grid-item post-153105 post type-post status-publish format-standard has-post-thumbnail hentry category-al-peugeot tag-821 tag-auto-livraria tag-carros-do-passado tag-manuais-e-catalogos tag-catalogos-peugeot tag-peugeot\">\n\t\t\t\t<a class=\"elementor-post__thumbnail__link\" href=\"https:\/\/autolivraria.com.br\/bc\/auto-livraria\/al-peugeot\/catalogo-folder-peugeot-406-break\/\" >\n\t\t\t<div class=\"elementor-post__thumbnail\"><img decoding=\"async\" width=\"370\" height=\"247\" data-src=\"https:\/\/autolivraria.com.br\/bc\/wp-content\/uploads\/2025\/10\/406-370x247.jpg\" class=\"attachment-medium size-medium wp-image-153121 lazyload\" alt=\"\" data-srcset=\"https:\/\/autolivraria.com.br\/bc\/wp-content\/uploads\/2025\/10\/406-370x247.jpg 370w, https:\/\/autolivraria.com.br\/bc\/wp-content\/uploads\/2025\/10\/406-750x500.jpg 750w, https:\/\/autolivraria.com.br\/bc\/wp-content\/uploads\/2025\/10\/406-150x100.jpg 150w, https:\/\/autolivraria.com.br\/bc\/wp-content\/uploads\/2025\/10\/406-330x220.jpg 330w, https:\/\/autolivraria.com.br\/bc\/wp-content\/uploads\/2025\/10\/406-420x280.jpg 420w, https:\/\/autolivraria.com.br\/bc\/wp-content\/uploads\/2025\/10\/406-510x340.jpg 510w, https:\/\/autolivraria.com.br\/bc\/wp-content\/uploads\/2025\/10\/406.jpg 1024w\" data-sizes=\"(max-width: 370px) 100vw, 370px\" src=\"data:image\/svg+xml;base64,PHN2ZyB3aWR0aD0iMSIgaGVpZ2h0PSIxIiB4bWxucz0iaHR0cDovL3d3dy53My5vcmcvMjAwMC9zdmciPjwvc3ZnPg==\" style=\"--smush-placeholder-width: 370px; --smush-placeholder-aspect-ratio: 370\/247;\" \/><\/div>\n\t\t<\/a>\n\t\t\t\t<div class=\"elementor-post__text\">\n\t\t\t\t<h3 class=\"elementor-post__title\">\n\t\t\t<a href=\"https:\/\/autolivraria.com.br\/bc\/auto-livraria\/al-peugeot\/catalogo-folder-peugeot-406-break\/\" >\n\t\t\t\tPeugeot 406: cat\u00e1logos do belo sed\u00e3 franc\u00eas e sua vers\u00e3o Break\t\t\t<\/a>\n\t\t<\/h3>\n\t\t\t\t<div class=\"elementor-post__excerpt\">\n\t\t\t<p>Prospectos do Brasil e de Portugal com informa\u00e7\u00f5es dos modelos 1997 e 1998 &#8211; a partir de R$ 49<\/p>\n\t\t<\/div>\n\t\t\t\t<\/div>\n\t\t\t\t<\/article>\n\t\t\t\t<article class=\"elementor-post elementor-grid-item post-133126 post type-post status-publish format-standard has-post-thumbnail hentry category-al-peugeot category-quadros-decorativos tag-442 tag-1165 tag-819 tag-331 tag-821 tag-auto-livraria tag-carros-do-passado tag-peugeot tag-quadros-outras-marcas tag-quadros-decorativos\">\n\t\t\t\t<a class=\"elementor-post__thumbnail__link\" href=\"https:\/\/autolivraria.com.br\/bc\/auto-livraria\/al-peugeot\/peugeot-206-208-306-308-406-quadros-decorativos\/\" >\n\t\t\t<div class=\"elementor-post__thumbnail\"><img decoding=\"async\" width=\"370\" height=\"247\" data-src=\"https:\/\/autolivraria.com.br\/bc\/wp-content\/uploads\/2022\/06\/Peugeot-370x247.jpg\" class=\"attachment-medium size-medium wp-image-133136 lazyload\" alt=\"\" data-srcset=\"https:\/\/autolivraria.com.br\/bc\/wp-content\/uploads\/2022\/06\/Peugeot-370x247.jpg 370w, https:\/\/autolivraria.com.br\/bc\/wp-content\/uploads\/2022\/06\/Peugeot-750x500.jpg 750w, https:\/\/autolivraria.com.br\/bc\/wp-content\/uploads\/2022\/06\/Peugeot.jpg 1024w\" data-sizes=\"(max-width: 370px) 100vw, 370px\" src=\"data:image\/svg+xml;base64,PHN2ZyB3aWR0aD0iMSIgaGVpZ2h0PSIxIiB4bWxucz0iaHR0cDovL3d3dy53My5vcmcvMjAwMC9zdmciPjwvc3ZnPg==\" style=\"--smush-placeholder-width: 370px; --smush-placeholder-aspect-ratio: 370\/247;\" \/><\/div>\n\t\t<\/a>\n\t\t\t\t<div class=\"elementor-post__text\">\n\t\t\t\t<h3 class=\"elementor-post__title\">\n\t\t\t<a href=\"https:\/\/autolivraria.com.br\/bc\/auto-livraria\/al-peugeot\/peugeot-206-208-306-308-406-quadros-decorativos\/\" >\n\t\t\t\tPeugeot: quadros com 206, 308 CC, 406 Coup\u00e9 e outros\t\t\t<\/a>\n\t\t<\/h3>\n\t\t\t\t<div class=\"elementor-post__excerpt\">\n\t\t\t<p>Quadros com diversos modelos e anos da linha francesa em tr\u00eas tamanhos &#8211; a partir de R$ 59<\/p>\n\t\t<\/div>\n\t\t\t\t<\/div>\n\t\t\t\t<\/article>\n\t\t\t\t<\/div>\n\t\t\t\t<\/div>\n\t\t\t\t<\/div>\n\t\t\t\t<div class=\"elementor-element elementor-element-ab77cc7 elementor-align-center elementor-widget elementor-widget-button\" data-id=\"ab77cc7\" data-element_type=\"widget\" data-widget_type=\"button.default\">\n\t\t\t\t<div class=\"elementor-widget-container\">\n\t\t\t\t\t\t\t<div class=\"elementor-button-wrapper\">\n\t\t\t\t\t<a class=\"elementor-button elementor-button-link elementor-size-sm\" href=\"https:\/\/autolivraria.com.br\/bc\/category\/al-peugeot\/\">\n\t\t\t\t\t\t<span class=\"elementor-button-content-wrapper\">\n\t\t\t\t\t\t<span class=\"elementor-button-icon\">\n\t\t\t\t<i aria-hidden=\"true\" class=\"fas fa-angle-right\"><\/i>\t\t\t<\/span>\n\t\t\t\t\t\t\t\t\t<span class=\"elementor-button-text\">TUDO DE PEUGEOT<\/span>\n\t\t\t\t\t<\/span>\n\t\t\t\t\t<\/a>\n\t\t\t\t<\/div>\n\t\t\t\t\t\t<\/div>\n\t\t\t\t<\/div>\n\t\t\t\t<div class=\"elementor-element elementor-element-30f746c elementor-widget elementor-widget-spacer\" data-id=\"30f746c\" data-element_type=\"widget\" data-widget_type=\"spacer.default\">\n\t\t\t\t<div class=\"elementor-widget-container\">\n\t\t\t\t\t<div class=\"elementor-spacer\">\n\t\t\t<div class=\"elementor-spacer-inner\"><\/div>\n\t\t<\/div>\n\t\t\t\t<\/div>\n\t\t\t\t<\/div>\n\t\t\t\t\t<\/div>\n\t\t<\/div>\n\t\t\t\t\t<\/div>\n\t\t<\/section>\n\t\t\t\t<section class=\"elementor-section elementor-top-section elementor-element elementor-element-0178fbc elementor-section-boxed elementor-section-height-default elementor-section-height-default\" data-id=\"0178fbc\" data-element_type=\"section\" data-settings=\"{&quot;background_background&quot;:&quot;classic&quot;}\">\n\t\t\t\t\t\t<div class=\"elementor-container elementor-column-gap-default\">\n\t\t\t\t\t<div class=\"elementor-column elementor-col-100 elementor-top-column elementor-element elementor-element-08e13a0\" data-id=\"08e13a0\" data-element_type=\"column\">\n\t\t\t<div class=\"elementor-widget-wrap elementor-element-populated\">\n\t\t\t\t\t\t<div class=\"elementor-element elementor-element-2d094e3 elementor-align-left elementor-widget elementor-widget-button\" data-id=\"2d094e3\" data-element_type=\"widget\" data-widget_type=\"button.default\">\n\t\t\t\t<div class=\"elementor-widget-container\">\n\t\t\t\t\t\t\t<div class=\"elementor-button-wrapper\">\n\t\t\t\t\t<a class=\"elementor-button elementor-button-link elementor-size-lg\" href=\"https:\/\/autolivraria.com.br\/bc\/category\/al-porsche\/\">\n\t\t\t\t\t\t<span class=\"elementor-button-content-wrapper\">\n\t\t\t\t\t\t\t\t\t<span class=\"elementor-button-text\">PORSCHE<\/span>\n\t\t\t\t\t<\/span>\n\t\t\t\t\t<\/a>\n\t\t\t\t<\/div>\n\t\t\t\t\t\t<\/div>\n\t\t\t\t<\/div>\n\t\t\t\t<div class=\"elementor-element elementor-element-41d044b elementor-grid-3 elementor-grid-tablet-2 elementor-grid-mobile-1 elementor-posts--thumbnail-top elementor-widget elementor-widget-posts\" data-id=\"41d044b\" data-element_type=\"widget\" data-settings=\"{&quot;classic_row_gap&quot;:{&quot;unit&quot;:&quot;px&quot;,&quot;size&quot;:30,&quot;sizes&quot;:[]},&quot;classic_columns&quot;:&quot;3&quot;,&quot;classic_columns_tablet&quot;:&quot;2&quot;,&quot;classic_columns_mobile&quot;:&quot;1&quot;}\" data-widget_type=\"posts.classic\">\n\t\t\t\t<div class=\"elementor-widget-container\">\n\t\t\t\t\t<div class=\"elementor-posts-container elementor-posts elementor-posts--skin-classic elementor-grid\">\n\t\t\t\t<article class=\"elementor-post elementor-grid-item post-129444 post type-post status-publish format-standard has-post-thumbnail hentry category-al-porsche tag-461 tag-auto-livraria tag-carros-do-passado tag-manuais-e-catalogos tag-catalogos-porsche tag-porsche\">\n\t\t\t\t<a class=\"elementor-post__thumbnail__link\" href=\"https:\/\/autolivraria.com.br\/bc\/auto-livraria\/al-porsche\/porsche-968-catalogo-folder-brochura\/\" >\n\t\t\t<div class=\"elementor-post__thumbnail\"><img decoding=\"async\" width=\"370\" height=\"266\" data-src=\"https:\/\/autolivraria.com.br\/bc\/wp-content\/uploads\/2021\/08\/Porsche-968-05-370x266.jpg\" class=\"attachment-medium size-medium wp-image-129445 lazyload\" alt=\"\" data-srcset=\"https:\/\/autolivraria.com.br\/bc\/wp-content\/uploads\/2021\/08\/Porsche-968-05-370x266.jpg 370w, https:\/\/autolivraria.com.br\/bc\/wp-content\/uploads\/2021\/08\/Porsche-968-05-600x431.jpg 600w, https:\/\/autolivraria.com.br\/bc\/wp-content\/uploads\/2021\/08\/Porsche-968-05-120x86.jpg 120w, https:\/\/autolivraria.com.br\/bc\/wp-content\/uploads\/2021\/08\/Porsche-968-05.jpg 696w\" data-sizes=\"(max-width: 370px) 100vw, 370px\" src=\"data:image\/svg+xml;base64,PHN2ZyB3aWR0aD0iMSIgaGVpZ2h0PSIxIiB4bWxucz0iaHR0cDovL3d3dy53My5vcmcvMjAwMC9zdmciPjwvc3ZnPg==\" style=\"--smush-placeholder-width: 370px; --smush-placeholder-aspect-ratio: 370\/266;\" \/><\/div>\n\t\t<\/a>\n\t\t\t\t<div class=\"elementor-post__text\">\n\t\t\t\t<h3 class=\"elementor-post__title\">\n\t\t\t<a href=\"https:\/\/autolivraria.com.br\/bc\/auto-livraria\/al-porsche\/porsche-968-catalogo-folder-brochura\/\" >\n\t\t\t\tPorsche 968: cat\u00e1logo do \u00faltimo esportivo de motor dianteiro\t\t\t<\/a>\n\t\t<\/h3>\n\t\t\t\t<div class=\"elementor-post__excerpt\">\n\t\t\t<p>Prospecto de 34 p\u00e1ginas com fartas informa\u00e7\u00f5es sobre o 968 cup\u00ea e o convers\u00edvel de 1992 &#8211; R$ 119<\/p>\n\t\t<\/div>\n\t\t\t\t<\/div>\n\t\t\t\t<\/article>\n\t\t\t\t<article class=\"elementor-post elementor-grid-item post-128854 post type-post status-publish format-standard has-post-thumbnail hentry category-al-porsche tag-auto-livraria tag-carros-do-passado tag-manuais-e-catalogos tag-catalogos-porsche tag-cayman tag-macan tag-porsche tag-utilitario-esporte\">\n\t\t\t\t<a class=\"elementor-post__thumbnail__link\" href=\"https:\/\/autolivraria.com.br\/bc\/auto-livraria\/al-porsche\/catalogos-brochuras-porsche-cayman-macan\/\" >\n\t\t\t<div class=\"elementor-post__thumbnail\"><img decoding=\"async\" width=\"370\" height=\"247\" data-src=\"https:\/\/autolivraria.com.br\/bc\/wp-content\/uploads\/2021\/06\/Macan-e-Cayman-370x247.jpg\" class=\"attachment-medium size-medium wp-image-128869 lazyload\" alt=\"\" data-srcset=\"https:\/\/autolivraria.com.br\/bc\/wp-content\/uploads\/2021\/06\/Macan-e-Cayman-370x247.jpg 370w, https:\/\/autolivraria.com.br\/bc\/wp-content\/uploads\/2021\/06\/Macan-e-Cayman-750x500.jpg 750w, https:\/\/autolivraria.com.br\/bc\/wp-content\/uploads\/2021\/06\/Macan-e-Cayman.jpg 1024w\" data-sizes=\"(max-width: 370px) 100vw, 370px\" src=\"data:image\/svg+xml;base64,PHN2ZyB3aWR0aD0iMSIgaGVpZ2h0PSIxIiB4bWxucz0iaHR0cDovL3d3dy53My5vcmcvMjAwMC9zdmciPjwvc3ZnPg==\" style=\"--smush-placeholder-width: 370px; --smush-placeholder-aspect-ratio: 370\/247;\" \/><\/div>\n\t\t<\/a>\n\t\t\t\t<div class=\"elementor-post__text\">\n\t\t\t\t<h3 class=\"elementor-post__title\">\n\t\t\t<a href=\"https:\/\/autolivraria.com.br\/bc\/auto-livraria\/al-porsche\/catalogos-brochuras-porsche-cayman-macan\/\" >\n\t\t\t\tCat\u00e1logos Porsche: escolha entre cup\u00ea Cayman e SUV Macan\t\t\t<\/a>\n\t\t<\/h3>\n\t\t\t\t<div class=\"elementor-post__excerpt\">\n\t\t\t<p>Cat\u00e1logos em formato brochura de dois segmentos: o do cup\u00ea Cayman de primeira gera\u00e7\u00e3o e o do SUV Macan &#8211; R$ 79 cada<\/p>\n\t\t<\/div>\n\t\t\t\t<\/div>\n\t\t\t\t<\/article>\n\t\t\t\t<article class=\"elementor-post elementor-grid-item post-116966 post type-post status-publish format-standard has-post-thumbnail hentry category-al-porsche tag-456 tag-911-carrera tag-911-turbo tag-auto-livraria tag-carros-do-passado tag-manuais-e-catalogos tag-catalogos-porsche tag-porsche\">\n\t\t\t\t<a class=\"elementor-post__thumbnail__link\" href=\"https:\/\/autolivraria.com.br\/bc\/auto-livraria\/al-porsche\/porsche-911-catalogos-prospectos-folders-brochuras-antigos-2\/\" >\n\t\t\t<div class=\"elementor-post__thumbnail\"><img decoding=\"async\" width=\"340\" height=\"244\" data-src=\"https:\/\/autolivraria.com.br\/bc\/wp-content\/uploads\/2020\/08\/911-Idea-3-340x244.jpg\" class=\"attachment-medium size-medium wp-image-116968 lazyload\" alt=\"\" data-srcset=\"https:\/\/autolivraria.com.br\/bc\/wp-content\/uploads\/2020\/08\/911-Idea-3-340x244.jpg 340w, https:\/\/autolivraria.com.br\/bc\/wp-content\/uploads\/2020\/08\/911-Idea-3.jpg 696w\" data-sizes=\"(max-width: 340px) 100vw, 340px\" src=\"data:image\/svg+xml;base64,PHN2ZyB3aWR0aD0iMSIgaGVpZ2h0PSIxIiB4bWxucz0iaHR0cDovL3d3dy53My5vcmcvMjAwMC9zdmciPjwvc3ZnPg==\" style=\"--smush-placeholder-width: 340px; --smush-placeholder-aspect-ratio: 340\/244;\" \/><\/div>\n\t\t<\/a>\n\t\t\t\t<div class=\"elementor-post__text\">\n\t\t\t\t<h3 class=\"elementor-post__title\">\n\t\t\t<a href=\"https:\/\/autolivraria.com.br\/bc\/auto-livraria\/al-porsche\/porsche-911-catalogos-prospectos-folders-brochuras-antigos-2\/\" >\n\t\t\t\tPorsche 911: cat\u00e1logos dos anos 90 do grande esportivo\t\t\t<\/a>\n\t\t<\/h3>\n\t\t\t\t<div class=\"elementor-post__excerpt\">\n\t\t\t<p>Prospectos do carro esporte com belas fotos e informa\u00e7\u00f5es detalhadas, incluindo modelos de corrida &#8211; a partir de R$ 29<\/p>\n\t\t<\/div>\n\t\t\t\t<\/div>\n\t\t\t\t<\/article>\n\t\t\t\t<\/div>\n\t\t\t\t<\/div>\n\t\t\t\t<\/div>\n\t\t\t\t<div class=\"elementor-element elementor-element-483adc9 elementor-align-center elementor-widget elementor-widget-button\" data-id=\"483adc9\" data-element_type=\"widget\" data-widget_type=\"button.default\">\n\t\t\t\t<div class=\"elementor-widget-container\">\n\t\t\t\t\t\t\t<div class=\"elementor-button-wrapper\">\n\t\t\t\t\t<a class=\"elementor-button elementor-button-link elementor-size-sm\" href=\"https:\/\/autolivraria.com.br\/bc\/category\/al-porsche\/\">\n\t\t\t\t\t\t<span class=\"elementor-button-content-wrapper\">\n\t\t\t\t\t\t<span class=\"elementor-button-icon\">\n\t\t\t\t<i aria-hidden=\"true\" class=\"fas fa-angle-right\"><\/i>\t\t\t<\/span>\n\t\t\t\t\t\t\t\t\t<span class=\"elementor-button-text\">TUDO DE PORSCHE<\/span>\n\t\t\t\t\t<\/span>\n\t\t\t\t\t<\/a>\n\t\t\t\t<\/div>\n\t\t\t\t\t\t<\/div>\n\t\t\t\t<\/div>\n\t\t\t\t<div class=\"elementor-element elementor-element-15c4587 elementor-widget elementor-widget-spacer\" data-id=\"15c4587\" data-element_type=\"widget\" data-widget_type=\"spacer.default\">\n\t\t\t\t<div class=\"elementor-widget-container\">\n\t\t\t\t\t<div class=\"elementor-spacer\">\n\t\t\t<div class=\"elementor-spacer-inner\"><\/div>\n\t\t<\/div>\n\t\t\t\t<\/div>\n\t\t\t\t<\/div>\n\t\t\t\t\t<\/div>\n\t\t<\/div>\n\t\t\t\t\t<\/div>\n\t\t<\/section>\n\t\t\t\t<section class=\"elementor-section elementor-top-section elementor-element elementor-element-e2afce6 elementor-section-boxed elementor-section-height-default elementor-section-height-default\" data-id=\"e2afce6\" data-element_type=\"section\" data-settings=\"{&quot;background_background&quot;:&quot;classic&quot;}\">\n\t\t\t\t\t\t<div class=\"elementor-container elementor-column-gap-default\">\n\t\t\t\t\t<div class=\"elementor-column elementor-col-100 elementor-top-column elementor-element elementor-element-6cb03c3\" data-id=\"6cb03c3\" data-element_type=\"column\">\n\t\t\t<div class=\"elementor-widget-wrap elementor-element-populated\">\n\t\t\t\t\t\t<div class=\"elementor-element elementor-element-13baede elementor-align-left elementor-widget elementor-widget-button\" data-id=\"13baede\" data-element_type=\"widget\" data-widget_type=\"button.default\">\n\t\t\t\t<div class=\"elementor-widget-container\">\n\t\t\t\t\t\t\t<div class=\"elementor-button-wrapper\">\n\t\t\t\t\t<a class=\"elementor-button elementor-button-link elementor-size-lg\" href=\"https:\/\/autolivraria.com.br\/bc\/category\/al-renault\/\">\n\t\t\t\t\t\t<span class=\"elementor-button-content-wrapper\">\n\t\t\t\t\t\t\t\t\t<span class=\"elementor-button-text\">RENAULT<\/span>\n\t\t\t\t\t<\/span>\n\t\t\t\t\t<\/a>\n\t\t\t\t<\/div>\n\t\t\t\t\t\t<\/div>\n\t\t\t\t<\/div>\n\t\t\t\t<div class=\"elementor-element elementor-element-1c29fee elementor-grid-3 elementor-grid-tablet-2 elementor-grid-mobile-1 elementor-posts--thumbnail-top elementor-widget elementor-widget-posts\" data-id=\"1c29fee\" data-element_type=\"widget\" data-settings=\"{&quot;classic_row_gap&quot;:{&quot;unit&quot;:&quot;px&quot;,&quot;size&quot;:30,&quot;sizes&quot;:[]},&quot;classic_columns&quot;:&quot;3&quot;,&quot;classic_columns_tablet&quot;:&quot;2&quot;,&quot;classic_columns_mobile&quot;:&quot;1&quot;}\" data-widget_type=\"posts.classic\">\n\t\t\t\t<div class=\"elementor-widget-container\">\n\t\t\t\t\t<div class=\"elementor-posts-container elementor-posts elementor-posts--skin-classic elementor-grid\">\n\t\t\t\t<article class=\"elementor-post elementor-grid-item post-136476 post type-post status-publish format-standard has-post-thumbnail hentry category-al-renault category-quadros-decorativos tag-auto-livraria tag-quadros-renault tag-quadros-decorativos tag-renault tag-sandero tag-sandero-gt-line tag-sandero-rs tag-sandero-stepway\">\n\t\t\t\t<a class=\"elementor-post__thumbnail__link\" href=\"https:\/\/autolivraria.com.br\/bc\/auto-livraria\/al-renault\/quadros-decorativos-renault-sandero-rs-stepway\/\" >\n\t\t\t<div class=\"elementor-post__thumbnail\"><img decoding=\"async\" width=\"370\" height=\"247\" data-src=\"https:\/\/autolivraria.com.br\/bc\/wp-content\/uploads\/2023\/01\/Sandero-370x247.jpg\" class=\"attachment-medium size-medium wp-image-136482 lazyload\" alt=\"\" data-srcset=\"https:\/\/autolivraria.com.br\/bc\/wp-content\/uploads\/2023\/01\/Sandero-370x247.jpg 370w, https:\/\/autolivraria.com.br\/bc\/wp-content\/uploads\/2023\/01\/Sandero-750x500.jpg 750w, https:\/\/autolivraria.com.br\/bc\/wp-content\/uploads\/2023\/01\/Sandero.jpg 1024w\" data-sizes=\"(max-width: 370px) 100vw, 370px\" src=\"data:image\/svg+xml;base64,PHN2ZyB3aWR0aD0iMSIgaGVpZ2h0PSIxIiB4bWxucz0iaHR0cDovL3d3dy53My5vcmcvMjAwMC9zdmciPjwvc3ZnPg==\" style=\"--smush-placeholder-width: 370px; --smush-placeholder-aspect-ratio: 370\/247;\" \/><\/div>\n\t\t<\/a>\n\t\t\t\t<div class=\"elementor-post__text\">\n\t\t\t\t<h3 class=\"elementor-post__title\">\n\t\t\t<a href=\"https:\/\/autolivraria.com.br\/bc\/auto-livraria\/al-renault\/quadros-decorativos-renault-sandero-rs-stepway\/\" >\n\t\t\t\tRenault Sandero: quadros com vers\u00f5es RS, Stepway e outras\t\t\t<\/a>\n\t\t<\/h3>\n\t\t\t\t<div class=\"elementor-post__excerpt\">\n\t\t\t<p>Quadros com propagandas do hatch, incluindo vers\u00f5es esportivas e de aventura &#8211; a partir de R$ 119<\/p>\n\t\t<\/div>\n\t\t\t\t<\/div>\n\t\t\t\t<\/article>\n\t\t\t\t<article class=\"elementor-post elementor-grid-item post-151191 post type-post status-publish format-standard has-post-thumbnail hentry category-al-renault category-quadros-decorativos tag-auto-livraria tag-carros-do-passado tag-clio tag-duster tag-fluence-gt tag-kwid tag-laguna tag-megane tag-quadros-renault tag-quadros-decorativos tag-renault tag-twingo\">\n\t\t\t\t<a class=\"elementor-post__thumbnail__link\" href=\"https:\/\/autolivraria.com.br\/bc\/auto-livraria\/al-renault\/renault-twingo-clio-megane-fluence-quadros-decorativos\/\" >\n\t\t\t<div class=\"elementor-post__thumbnail\"><img decoding=\"async\" width=\"370\" height=\"247\" data-src=\"https:\/\/autolivraria.com.br\/bc\/wp-content\/uploads\/2025\/06\/Renault-370x247.jpg\" class=\"attachment-medium size-medium wp-image-151204 lazyload\" alt=\"\" data-srcset=\"https:\/\/autolivraria.com.br\/bc\/wp-content\/uploads\/2025\/06\/Renault-370x247.jpg 370w, https:\/\/autolivraria.com.br\/bc\/wp-content\/uploads\/2025\/06\/Renault-750x500.jpg 750w, https:\/\/autolivraria.com.br\/bc\/wp-content\/uploads\/2025\/06\/Renault.jpg 1024w\" data-sizes=\"(max-width: 370px) 100vw, 370px\" src=\"data:image\/svg+xml;base64,PHN2ZyB3aWR0aD0iMSIgaGVpZ2h0PSIxIiB4bWxucz0iaHR0cDovL3d3dy53My5vcmcvMjAwMC9zdmciPjwvc3ZnPg==\" style=\"--smush-placeholder-width: 370px; --smush-placeholder-aspect-ratio: 370\/247;\" \/><\/div>\n\t\t<\/a>\n\t\t\t\t<div class=\"elementor-post__text\">\n\t\t\t\t<h3 class=\"elementor-post__title\">\n\t\t\t<a href=\"https:\/\/autolivraria.com.br\/bc\/auto-livraria\/al-renault\/renault-twingo-clio-megane-fluence-quadros-decorativos\/\" >\n\t\t\t\tRenault: quadros com Twingo, Fluence GT, M\u00e9gane e outros\t\t\t<\/a>\n\t\t<\/h3>\n\t\t\t\t<div class=\"elementor-post__excerpt\">\n\t\t\t<p>Coloque na parede modelos elegantes, esportivos ou originais da marca francesa &#8211; a partir de R$ 69<\/p>\n\t\t<\/div>\n\t\t\t\t<\/div>\n\t\t\t\t<\/article>\n\t\t\t\t<article class=\"elementor-post elementor-grid-item post-153734 post type-post status-publish format-standard has-post-thumbnail hentry category-al-renault tag-auto-livraria tag-carros-do-passado tag-manuais-e-catalogos tag-catalogos-renault tag-clio tag-espace tag-laguna tag-megane tag-renault tag-renault-19 tag-scenic tag-twingo\">\n\t\t\t\t<a class=\"elementor-post__thumbnail__link\" href=\"https:\/\/autolivraria.com.br\/bc\/auto-livraria\/al-renault\/renault-clio-twingo-laguna-scenic-megane-catalogos-folders\/\" >\n\t\t\t<div class=\"elementor-post__thumbnail\"><img decoding=\"async\" width=\"370\" height=\"247\" data-src=\"https:\/\/autolivraria.com.br\/bc\/wp-content\/uploads\/2026\/05\/Renault-370x247.jpg\" class=\"attachment-medium size-medium wp-image-153768 lazyload\" alt=\"\" data-srcset=\"https:\/\/autolivraria.com.br\/bc\/wp-content\/uploads\/2026\/05\/Renault-370x247.jpg 370w, https:\/\/autolivraria.com.br\/bc\/wp-content\/uploads\/2026\/05\/Renault-750x500.jpg 750w, https:\/\/autolivraria.com.br\/bc\/wp-content\/uploads\/2026\/05\/Renault-150x100.jpg 150w, https:\/\/autolivraria.com.br\/bc\/wp-content\/uploads\/2026\/05\/Renault-330x220.jpg 330w, https:\/\/autolivraria.com.br\/bc\/wp-content\/uploads\/2026\/05\/Renault-420x280.jpg 420w, https:\/\/autolivraria.com.br\/bc\/wp-content\/uploads\/2026\/05\/Renault-510x340.jpg 510w, https:\/\/autolivraria.com.br\/bc\/wp-content\/uploads\/2026\/05\/Renault.jpg 1024w\" data-sizes=\"(max-width: 370px) 100vw, 370px\" src=\"data:image\/svg+xml;base64,PHN2ZyB3aWR0aD0iMSIgaGVpZ2h0PSIxIiB4bWxucz0iaHR0cDovL3d3dy53My5vcmcvMjAwMC9zdmciPjwvc3ZnPg==\" style=\"--smush-placeholder-width: 370px; --smush-placeholder-aspect-ratio: 370\/247;\" \/><\/div>\n\t\t<\/a>\n\t\t\t\t<div class=\"elementor-post__text\">\n\t\t\t\t<h3 class=\"elementor-post__title\">\n\t\t\t<a href=\"https:\/\/autolivraria.com.br\/bc\/auto-livraria\/al-renault\/renault-clio-twingo-laguna-scenic-megane-catalogos-folders\/\" >\n\t\t\t\tRenault: cat\u00e1logos de Laguna, Twingo, Clio e outros dos anos 90\t\t\t<\/a>\n\t\t<\/h3>\n\t\t\t\t<div class=\"elementor-post__excerpt\">\n\t\t\t<p>Prospectos de modelos importados da Fran\u00e7a e da Argentina, assim como da Sc\u00e9nic nacional &#8211; a partir de R$ 39<\/p>\n\t\t<\/div>\n\t\t\t\t<\/div>\n\t\t\t\t<\/article>\n\t\t\t\t<\/div>\n\t\t\t\t<\/div>\n\t\t\t\t<\/div>\n\t\t\t\t<div class=\"elementor-element elementor-element-7f186ad elementor-align-center elementor-widget elementor-widget-button\" data-id=\"7f186ad\" data-element_type=\"widget\" data-widget_type=\"button.default\">\n\t\t\t\t<div class=\"elementor-widget-container\">\n\t\t\t\t\t\t\t<div class=\"elementor-button-wrapper\">\n\t\t\t\t\t<a class=\"elementor-button elementor-button-link elementor-size-sm\" href=\"https:\/\/autolivraria.com.br\/bc\/category\/al-renault\/\">\n\t\t\t\t\t\t<span class=\"elementor-button-content-wrapper\">\n\t\t\t\t\t\t<span class=\"elementor-button-icon\">\n\t\t\t\t<i aria-hidden=\"true\" class=\"fas fa-angle-right\"><\/i>\t\t\t<\/span>\n\t\t\t\t\t\t\t\t\t<span class=\"elementor-button-text\">TUDO DE RENAULT<\/span>\n\t\t\t\t\t<\/span>\n\t\t\t\t\t<\/a>\n\t\t\t\t<\/div>\n\t\t\t\t\t\t<\/div>\n\t\t\t\t<\/div>\n\t\t\t\t<div class=\"elementor-element elementor-element-5970194 elementor-widget elementor-widget-spacer\" data-id=\"5970194\" data-element_type=\"widget\" data-widget_type=\"spacer.default\">\n\t\t\t\t<div class=\"elementor-widget-container\">\n\t\t\t\t\t<div class=\"elementor-spacer\">\n\t\t\t<div class=\"elementor-spacer-inner\"><\/div>\n\t\t<\/div>\n\t\t\t\t<\/div>\n\t\t\t\t<\/div>\n\t\t\t\t\t<\/div>\n\t\t<\/div>\n\t\t\t\t\t<\/div>\n\t\t<\/section>\n\t\t\t\t<section class=\"elementor-section elementor-top-section elementor-element elementor-element-509a7c3 elementor-section-boxed elementor-section-height-default elementor-section-height-default\" data-id=\"509a7c3\" data-element_type=\"section\" data-settings=\"{&quot;background_background&quot;:&quot;classic&quot;}\">\n\t\t\t\t\t\t<div class=\"elementor-container elementor-column-gap-default\">\n\t\t\t\t\t<div class=\"elementor-column elementor-col-100 elementor-top-column elementor-element elementor-element-c1a7843\" data-id=\"c1a7843\" data-element_type=\"column\">\n\t\t\t<div class=\"elementor-widget-wrap elementor-element-populated\">\n\t\t\t\t\t\t<div class=\"elementor-element elementor-element-9e8588f elementor-align-left elementor-widget elementor-widget-button\" data-id=\"9e8588f\" data-element_type=\"widget\" data-widget_type=\"button.default\">\n\t\t\t\t<div class=\"elementor-widget-container\">\n\t\t\t\t\t\t\t<div class=\"elementor-button-wrapper\">\n\t\t\t\t\t<a class=\"elementor-button elementor-button-link elementor-size-lg\" href=\"https:\/\/autolivraria.com.br\/bc\/category\/al-scania\/\">\n\t\t\t\t\t\t<span class=\"elementor-button-content-wrapper\">\n\t\t\t\t\t\t\t\t\t<span class=\"elementor-button-text\">SCANIA<\/span>\n\t\t\t\t\t<\/span>\n\t\t\t\t\t<\/a>\n\t\t\t\t<\/div>\n\t\t\t\t\t\t<\/div>\n\t\t\t\t<\/div>\n\t\t\t\t<div class=\"elementor-element elementor-element-8a537ba elementor-grid-3 elementor-grid-tablet-2 elementor-grid-mobile-1 elementor-posts--thumbnail-top elementor-widget elementor-widget-posts\" data-id=\"8a537ba\" data-element_type=\"widget\" data-settings=\"{&quot;classic_row_gap&quot;:{&quot;unit&quot;:&quot;px&quot;,&quot;size&quot;:30,&quot;sizes&quot;:[]},&quot;classic_columns&quot;:&quot;3&quot;,&quot;classic_columns_tablet&quot;:&quot;2&quot;,&quot;classic_columns_mobile&quot;:&quot;1&quot;}\" data-widget_type=\"posts.classic\">\n\t\t\t\t<div class=\"elementor-widget-container\">\n\t\t\t\t\t<div class=\"elementor-posts-container elementor-posts elementor-posts--skin-classic elementor-grid\">\n\t\t\t\t<article class=\"elementor-post elementor-grid-item post-155050 post type-post status-publish format-standard has-post-thumbnail hentry category-al-scania tag-auto-livraria tag-caminhao tag-caminhoes-do-passado tag-manuais-e-catalogos tag-catalogos-scania tag-scania\">\n\t\t\t\t<a class=\"elementor-post__thumbnail__link\" href=\"https:\/\/autolivraria.com.br\/bc\/auto-livraria\/al-scania\/scania-caminhoes-l76-ls76-catalogos-folders\/\" >\n\t\t\t<div class=\"elementor-post__thumbnail\"><img decoding=\"async\" width=\"370\" height=\"247\" data-src=\"https:\/\/autolivraria.com.br\/bc\/wp-content\/uploads\/2026\/08\/Scania-L76-4-370x247.jpg\" class=\"attachment-medium size-medium wp-image-155057 lazyload\" alt=\"\" data-srcset=\"https:\/\/autolivraria.com.br\/bc\/wp-content\/uploads\/2026\/08\/Scania-L76-4-370x247.jpg 370w, https:\/\/autolivraria.com.br\/bc\/wp-content\/uploads\/2026\/08\/Scania-L76-4-750x500.jpg 750w, https:\/\/autolivraria.com.br\/bc\/wp-content\/uploads\/2026\/08\/Scania-L76-4-150x100.jpg 150w, https:\/\/autolivraria.com.br\/bc\/wp-content\/uploads\/2026\/08\/Scania-L76-4-330x220.jpg 330w, https:\/\/autolivraria.com.br\/bc\/wp-content\/uploads\/2026\/08\/Scania-L76-4-420x280.jpg 420w, https:\/\/autolivraria.com.br\/bc\/wp-content\/uploads\/2026\/08\/Scania-L76-4-510x340.jpg 510w, https:\/\/autolivraria.com.br\/bc\/wp-content\/uploads\/2026\/08\/Scania-L76-4.jpg 1024w\" data-sizes=\"(max-width: 370px) 100vw, 370px\" src=\"data:image\/svg+xml;base64,PHN2ZyB3aWR0aD0iMSIgaGVpZ2h0PSIxIiB4bWxucz0iaHR0cDovL3d3dy53My5vcmcvMjAwMC9zdmciPjwvc3ZnPg==\" style=\"--smush-placeholder-width: 370px; --smush-placeholder-aspect-ratio: 370\/247;\" \/><\/div>\n\t\t<\/a>\n\t\t\t\t<div class=\"elementor-post__text\">\n\t\t\t\t<h3 class=\"elementor-post__title\">\n\t\t\t<a href=\"https:\/\/autolivraria.com.br\/bc\/auto-livraria\/al-scania\/scania-caminhoes-l76-ls76-catalogos-folders\/\" >\n\t\t\t\tScania: cat\u00e1logos dos caminh\u00f5es L76 e LS76 da s\u00e9rie &#8220;Jacar\u00e9&#8221;\t\t\t<\/a>\n\t\t<\/h3>\n\t\t\t\t<div class=\"elementor-post__excerpt\">\n\t\t\t<p>Muitos dados t\u00e9cnicos sobre os pesados que marcaram presen\u00e7a nos anos 60 e 70 &#8211; a partir de R$ 149<\/p>\n\t\t<\/div>\n\t\t\t\t<\/div>\n\t\t\t\t<\/article>\n\t\t\t\t<article class=\"elementor-post elementor-grid-item post-129905 post type-post status-publish format-standard has-post-thumbnail hentry category-al-scania category-quadros-decorativos tag-auto-livraria tag-caminhao tag-caminhoes-do-passado tag-carros-do-passado tag-onibus tag-quadros-scania tag-quadros-decorativos tag-scania\">\n\t\t\t\t<a class=\"elementor-post__thumbnail__link\" href=\"https:\/\/autolivraria.com.br\/bc\/auto-livraria\/quadros-decorativos\/scania-quadros-decorativos-caminhoes-onibus-antigos\/\" >\n\t\t\t<div class=\"elementor-post__thumbnail\"><img decoding=\"async\" width=\"370\" height=\"247\" data-src=\"https:\/\/autolivraria.com.br\/bc\/wp-content\/uploads\/2024\/11\/Scania-370x247.jpg\" class=\"attachment-medium size-medium wp-image-151789 lazyload\" alt=\"\" data-srcset=\"https:\/\/autolivraria.com.br\/bc\/wp-content\/uploads\/2024\/11\/Scania-370x247.jpg 370w, https:\/\/autolivraria.com.br\/bc\/wp-content\/uploads\/2024\/11\/Scania-750x500.jpg 750w, https:\/\/autolivraria.com.br\/bc\/wp-content\/uploads\/2024\/11\/Scania.jpg 1024w\" data-sizes=\"(max-width: 370px) 100vw, 370px\" src=\"data:image\/svg+xml;base64,PHN2ZyB3aWR0aD0iMSIgaGVpZ2h0PSIxIiB4bWxucz0iaHR0cDovL3d3dy53My5vcmcvMjAwMC9zdmciPjwvc3ZnPg==\" style=\"--smush-placeholder-width: 370px; --smush-placeholder-aspect-ratio: 370\/247;\" \/><\/div>\n\t\t<\/a>\n\t\t\t\t<div class=\"elementor-post__text\">\n\t\t\t\t<h3 class=\"elementor-post__title\">\n\t\t\t<a href=\"https:\/\/autolivraria.com.br\/bc\/auto-livraria\/quadros-decorativos\/scania-quadros-decorativos-caminhoes-onibus-antigos\/\" >\n\t\t\t\tScania: quadros decorativos com caminh\u00f5es e \u00f4nibus antigos\t\t\t<\/a>\n\t\t<\/h3>\n\t\t\t\t<div class=\"elementor-post__excerpt\">\n\t\t\t<p>Quadros dos pesados em propagandas originais, mat\u00e9rias de revistas e p\u00e1ginas de livro &#8211; a partir de R$ 109<\/p>\n\t\t<\/div>\n\t\t\t\t<\/div>\n\t\t\t\t<\/article>\n\t\t\t\t<article class=\"elementor-post elementor-grid-item post-126654 post type-post status-publish format-standard has-post-thumbnail hentry category-al-scania tag-auto-livraria tag-caminhao tag-caminhoes-do-passado tag-carros-do-passado tag-manuais-e-catalogos tag-catalogos-scania tag-scania\">\n\t\t\t\t<a class=\"elementor-post__thumbnail__link\" href=\"https:\/\/autolivraria.com.br\/bc\/auto-livraria\/al-scania\/scania-catalogos-folders-caminhoes\/\" >\n\t\t\t<div class=\"elementor-post__thumbnail\"><img decoding=\"async\" width=\"370\" height=\"247\" data-src=\"https:\/\/autolivraria.com.br\/bc\/wp-content\/uploads\/2024\/10\/Scania-1-370x247.jpg\" class=\"attachment-medium size-medium wp-image-149420 lazyload\" alt=\"\" data-srcset=\"https:\/\/autolivraria.com.br\/bc\/wp-content\/uploads\/2024\/10\/Scania-1-370x247.jpg 370w, https:\/\/autolivraria.com.br\/bc\/wp-content\/uploads\/2024\/10\/Scania-1-750x500.jpg 750w, https:\/\/autolivraria.com.br\/bc\/wp-content\/uploads\/2024\/10\/Scania-1.jpg 1024w\" data-sizes=\"(max-width: 370px) 100vw, 370px\" src=\"data:image\/svg+xml;base64,PHN2ZyB3aWR0aD0iMSIgaGVpZ2h0PSIxIiB4bWxucz0iaHR0cDovL3d3dy53My5vcmcvMjAwMC9zdmciPjwvc3ZnPg==\" style=\"--smush-placeholder-width: 370px; --smush-placeholder-aspect-ratio: 370\/247;\" \/><\/div>\n\t\t<\/a>\n\t\t\t\t<div class=\"elementor-post__text\">\n\t\t\t\t<h3 class=\"elementor-post__title\">\n\t\t\t<a href=\"https:\/\/autolivraria.com.br\/bc\/auto-livraria\/al-scania\/scania-catalogos-folders-caminhoes\/\" >\n\t\t\t\tScania: cat\u00e1logos de caminh\u00f5es de v\u00e1rias \u00e9pocas\t\t\t<\/a>\n\t\t<\/h3>\n\t\t\t\t<div class=\"elementor-post__excerpt\">\n\t\t\t<p>Prospectos originais de caminh\u00f5es da marca sueca desde os anos 90 &#8211; a partir de R$ 59<\/p>\n\t\t<\/div>\n\t\t\t\t<\/div>\n\t\t\t\t<\/article>\n\t\t\t\t<\/div>\n\t\t\t\t<\/div>\n\t\t\t\t<\/div>\n\t\t\t\t<div class=\"elementor-element elementor-element-4935d9d elementor-align-center elementor-widget elementor-widget-button\" data-id=\"4935d9d\" data-element_type=\"widget\" data-widget_type=\"button.default\">\n\t\t\t\t<div class=\"elementor-widget-container\">\n\t\t\t\t\t\t\t<div class=\"elementor-button-wrapper\">\n\t\t\t\t\t<a class=\"elementor-button elementor-button-link elementor-size-sm\" href=\"https:\/\/autolivraria.com.br\/bc\/category\/al-scania\/\">\n\t\t\t\t\t\t<span class=\"elementor-button-content-wrapper\">\n\t\t\t\t\t\t<span class=\"elementor-button-icon\">\n\t\t\t\t<i aria-hidden=\"true\" class=\"fas fa-angle-right\"><\/i>\t\t\t<\/span>\n\t\t\t\t\t\t\t\t\t<span class=\"elementor-button-text\">TUDO DE SCANIA<\/span>\n\t\t\t\t\t<\/span>\n\t\t\t\t\t<\/a>\n\t\t\t\t<\/div>\n\t\t\t\t\t\t<\/div>\n\t\t\t\t<\/div>\n\t\t\t\t<div class=\"elementor-element elementor-element-f6218e6 elementor-widget elementor-widget-spacer\" data-id=\"f6218e6\" data-element_type=\"widget\" data-widget_type=\"spacer.default\">\n\t\t\t\t<div class=\"elementor-widget-container\">\n\t\t\t\t\t<div class=\"elementor-spacer\">\n\t\t\t<div class=\"elementor-spacer-inner\"><\/div>\n\t\t<\/div>\n\t\t\t\t<\/div>\n\t\t\t\t<\/div>\n\t\t\t\t\t<\/div>\n\t\t<\/div>\n\t\t\t\t\t<\/div>\n\t\t<\/section>\n\t\t\t\t<section class=\"elementor-section elementor-top-section elementor-element elementor-element-263e23e elementor-section-boxed elementor-section-height-default elementor-section-height-default\" data-id=\"263e23e\" data-element_type=\"section\" data-settings=\"{&quot;background_background&quot;:&quot;classic&quot;}\">\n\t\t\t\t\t\t<div class=\"elementor-container elementor-column-gap-default\">\n\t\t\t\t\t<div class=\"elementor-column elementor-col-100 elementor-top-column elementor-element elementor-element-b829f44\" data-id=\"b829f44\" data-element_type=\"column\">\n\t\t\t<div class=\"elementor-widget-wrap elementor-element-populated\">\n\t\t\t\t\t\t<div class=\"elementor-element elementor-element-642c53f elementor-align-left elementor-widget elementor-widget-button\" data-id=\"642c53f\" data-element_type=\"widget\" data-widget_type=\"button.default\">\n\t\t\t\t<div class=\"elementor-widget-container\">\n\t\t\t\t\t\t\t<div class=\"elementor-button-wrapper\">\n\t\t\t\t\t<a class=\"elementor-button elementor-button-link elementor-size-lg\" href=\"https:\/\/autolivraria.com.br\/bc\/category\/al-simca\/\">\n\t\t\t\t\t\t<span class=\"elementor-button-content-wrapper\">\n\t\t\t\t\t\t\t\t\t<span class=\"elementor-button-text\">SIMCA<\/span>\n\t\t\t\t\t<\/span>\n\t\t\t\t\t<\/a>\n\t\t\t\t<\/div>\n\t\t\t\t\t\t<\/div>\n\t\t\t\t<\/div>\n\t\t\t\t<div class=\"elementor-element elementor-element-f6988a7 elementor-grid-3 elementor-grid-tablet-2 elementor-grid-mobile-1 elementor-posts--thumbnail-top elementor-widget elementor-widget-posts\" data-id=\"f6988a7\" data-element_type=\"widget\" data-settings=\"{&quot;classic_row_gap&quot;:{&quot;unit&quot;:&quot;px&quot;,&quot;size&quot;:30,&quot;sizes&quot;:[]},&quot;classic_columns&quot;:&quot;3&quot;,&quot;classic_columns_tablet&quot;:&quot;2&quot;,&quot;classic_columns_mobile&quot;:&quot;1&quot;}\" data-widget_type=\"posts.classic\">\n\t\t\t\t<div class=\"elementor-widget-container\">\n\t\t\t\t\t<div class=\"elementor-posts-container elementor-posts elementor-posts--skin-classic elementor-grid\">\n\t\t\t\t<article class=\"elementor-post elementor-grid-item post-136871 post type-post status-publish format-standard has-post-thumbnail hentry category-al-simca tag-auto-livraria tag-carros-do-passado tag-manuais-e-catalogos tag-catalogos-simca tag-chambord tag-esplanada tag-jangada tag-simca\">\n\t\t\t\t<a class=\"elementor-post__thumbnail__link\" href=\"https:\/\/autolivraria.com.br\/bc\/auto-livraria\/al-simca\/simca-esplanada-jangada-catalogo-folder\/\" >\n\t\t\t<div class=\"elementor-post__thumbnail\"><img decoding=\"async\" width=\"370\" height=\"266\" data-src=\"https:\/\/autolivraria.com.br\/bc\/wp-content\/uploads\/2023\/02\/Simca-Esplanada-1966-2-370x266.jpg\" class=\"attachment-medium size-medium wp-image-136873 lazyload\" alt=\"\" data-srcset=\"https:\/\/autolivraria.com.br\/bc\/wp-content\/uploads\/2023\/02\/Simca-Esplanada-1966-2-370x266.jpg 370w, https:\/\/autolivraria.com.br\/bc\/wp-content\/uploads\/2023\/02\/Simca-Esplanada-1966-2-120x86.jpg 120w, https:\/\/autolivraria.com.br\/bc\/wp-content\/uploads\/2023\/02\/Simca-Esplanada-1966-2.jpg 696w\" data-sizes=\"(max-width: 370px) 100vw, 370px\" src=\"data:image\/svg+xml;base64,PHN2ZyB3aWR0aD0iMSIgaGVpZ2h0PSIxIiB4bWxucz0iaHR0cDovL3d3dy53My5vcmcvMjAwMC9zdmciPjwvc3ZnPg==\" style=\"--smush-placeholder-width: 370px; --smush-placeholder-aspect-ratio: 370\/266;\" \/><\/div>\n\t\t<\/a>\n\t\t\t\t<div class=\"elementor-post__text\">\n\t\t\t\t<h3 class=\"elementor-post__title\">\n\t\t\t<a href=\"https:\/\/autolivraria.com.br\/bc\/auto-livraria\/al-simca\/simca-esplanada-jangada-catalogo-folder\/\" >\n\t\t\t\tSimca: Esplanada, Jangada e mais em cat\u00e1logo de 1966\t\t\t<\/a>\n\t\t<\/h3>\n\t\t\t\t<div class=\"elementor-post__excerpt\">\n\t\t\t<p>Encarte com ilustra\u00e7\u00f5es do lan\u00e7amento da Simca, assim como Chambord e Jangada &#8211; R$ 59<\/p>\n\t\t<\/div>\n\t\t\t\t<\/div>\n\t\t\t\t<\/article>\n\t\t\t\t<article class=\"elementor-post elementor-grid-item post-129337 post type-post status-publish format-standard has-post-thumbnail hentry category-al-simca category-quadros-decorativos tag-auto-livraria tag-carros-do-passado tag-chambord tag-chrysler-gtx tag-esplanada tag-quadros-simca tag-quadros-decorativos tag-regente tag-simca\">\n\t\t\t\t<a class=\"elementor-post__thumbnail__link\" href=\"https:\/\/autolivraria.com.br\/bc\/auto-livraria\/quadros-decorativos\/quadros-simca-chambord-tufao-presidence-jangada-gtx\/\" >\n\t\t\t<div class=\"elementor-post__thumbnail\"><img decoding=\"async\" width=\"370\" height=\"247\" data-src=\"https:\/\/autolivraria.com.br\/bc\/wp-content\/uploads\/2023\/01\/Simca-370x247.jpg\" class=\"attachment-medium size-medium wp-image-136779 lazyload\" alt=\"\" data-srcset=\"https:\/\/autolivraria.com.br\/bc\/wp-content\/uploads\/2023\/01\/Simca-370x247.jpg 370w, https:\/\/autolivraria.com.br\/bc\/wp-content\/uploads\/2023\/01\/Simca-750x500.jpg 750w, https:\/\/autolivraria.com.br\/bc\/wp-content\/uploads\/2023\/01\/Simca.jpg 1024w\" data-sizes=\"(max-width: 370px) 100vw, 370px\" src=\"data:image\/svg+xml;base64,PHN2ZyB3aWR0aD0iMSIgaGVpZ2h0PSIxIiB4bWxucz0iaHR0cDovL3d3dy53My5vcmcvMjAwMC9zdmciPjwvc3ZnPg==\" style=\"--smush-placeholder-width: 370px; --smush-placeholder-aspect-ratio: 370\/247;\" \/><\/div>\n\t\t<\/a>\n\t\t\t\t<div class=\"elementor-post__text\">\n\t\t\t\t<h3 class=\"elementor-post__title\">\n\t\t\t<a href=\"https:\/\/autolivraria.com.br\/bc\/auto-livraria\/quadros-decorativos\/quadros-simca-chambord-tufao-presidence-jangada-gtx\/\" >\n\t\t\t\tSimca: quadros com Chambord, Jangada, GTX e outros\t\t\t<\/a>\n\t\t<\/h3>\n\t\t\t\t<div class=\"elementor-post__excerpt\">\n\t\t\t<p>Vers\u00f5es dos sed\u00e3s e a Jangada em quadros com propagandas originais de \u00e9poca &#8211; a partir de R$ 59<\/p>\n\t\t<\/div>\n\t\t\t\t<\/div>\n\t\t\t\t<\/article>\n\t\t\t\t<article class=\"elementor-post elementor-grid-item post-122003 post type-post status-publish format-standard has-post-thumbnail hentry category-al-simca tag-auto-livraria tag-carros-do-passado tag-chambord tag-jangada tag-revista-quatro-rodas tag-revistas-nacionais tag-simca\">\n\t\t\t\t<a class=\"elementor-post__thumbnail__link\" href=\"https:\/\/autolivraria.com.br\/bc\/auto-livraria\/al-simca\/revistas-simca-chambord-rallye-presidence-jangada\/\" >\n\t\t\t<div class=\"elementor-post__thumbnail\"><img decoding=\"async\" width=\"370\" height=\"266\" data-src=\"https:\/\/autolivraria.com.br\/bc\/wp-content\/uploads\/2023\/07\/Classic-Show-47-Simca-a-370x266.jpg\" class=\"attachment-medium size-medium wp-image-143731 lazyload\" alt=\"\" data-srcset=\"https:\/\/autolivraria.com.br\/bc\/wp-content\/uploads\/2023\/07\/Classic-Show-47-Simca-a-370x266.jpg 370w, https:\/\/autolivraria.com.br\/bc\/wp-content\/uploads\/2023\/07\/Classic-Show-47-Simca-a-120x86.jpg 120w, https:\/\/autolivraria.com.br\/bc\/wp-content\/uploads\/2023\/07\/Classic-Show-47-Simca-a.jpg 696w\" data-sizes=\"(max-width: 370px) 100vw, 370px\" src=\"data:image\/svg+xml;base64,PHN2ZyB3aWR0aD0iMSIgaGVpZ2h0PSIxIiB4bWxucz0iaHR0cDovL3d3dy53My5vcmcvMjAwMC9zdmciPjwvc3ZnPg==\" style=\"--smush-placeholder-width: 370px; --smush-placeholder-aspect-ratio: 370\/266;\" \/><\/div>\n\t\t<\/a>\n\t\t\t\t<div class=\"elementor-post__text\">\n\t\t\t\t<h3 class=\"elementor-post__title\">\n\t\t\t<a href=\"https:\/\/autolivraria.com.br\/bc\/auto-livraria\/al-simca\/revistas-simca-chambord-rallye-presidence-jangada\/\" >\n\t\t\t\tSimca: revistas com Chambord, Rallye, Pr\u00e9sidence e Jangada\t\t\t<\/a>\n\t\t<\/h3>\n\t\t\t\t<div class=\"elementor-post__excerpt\">\n\t\t\t<p>Classic Show e Quatro Rodas contam a hist\u00f3ria dos sed\u00e3s e da perua dos anos 60 &#8211; a partir de R$ 19<\/p>\n\t\t<\/div>\n\t\t\t\t<\/div>\n\t\t\t\t<\/article>\n\t\t\t\t<\/div>\n\t\t\t\t<\/div>\n\t\t\t\t<\/div>\n\t\t\t\t<div class=\"elementor-element elementor-element-3f95257 elementor-align-center elementor-widget elementor-widget-button\" data-id=\"3f95257\" data-element_type=\"widget\" data-widget_type=\"button.default\">\n\t\t\t\t<div class=\"elementor-widget-container\">\n\t\t\t\t\t\t\t<div class=\"elementor-button-wrapper\">\n\t\t\t\t\t<a class=\"elementor-button elementor-button-link elementor-size-sm\" href=\"https:\/\/autolivraria.com.br\/bc\/category\/al-simca\/\">\n\t\t\t\t\t\t<span class=\"elementor-button-content-wrapper\">\n\t\t\t\t\t\t<span class=\"elementor-button-icon\">\n\t\t\t\t<i aria-hidden=\"true\" class=\"fas fa-angle-right\"><\/i>\t\t\t<\/span>\n\t\t\t\t\t\t\t\t\t<span class=\"elementor-button-text\">TUDO DE SIMCA<\/span>\n\t\t\t\t\t<\/span>\n\t\t\t\t\t<\/a>\n\t\t\t\t<\/div>\n\t\t\t\t\t\t<\/div>\n\t\t\t\t<\/div>\n\t\t\t\t<div class=\"elementor-element elementor-element-7c52d41 elementor-widget elementor-widget-spacer\" data-id=\"7c52d41\" data-element_type=\"widget\" data-widget_type=\"spacer.default\">\n\t\t\t\t<div class=\"elementor-widget-container\">\n\t\t\t\t\t<div class=\"elementor-spacer\">\n\t\t\t<div class=\"elementor-spacer-inner\"><\/div>\n\t\t<\/div>\n\t\t\t\t<\/div>\n\t\t\t\t<\/div>\n\t\t\t\t\t<\/div>\n\t\t<\/div>\n\t\t\t\t\t<\/div>\n\t\t<\/section>\n\t\t\t\t<section class=\"elementor-section elementor-top-section elementor-element elementor-element-cd0eef4 elementor-section-boxed elementor-section-height-default elementor-section-height-default\" data-id=\"cd0eef4\" data-element_type=\"section\" data-settings=\"{&quot;background_background&quot;:&quot;classic&quot;}\">\n\t\t\t\t\t\t<div class=\"elementor-container elementor-column-gap-default\">\n\t\t\t\t\t<div class=\"elementor-column elementor-col-100 elementor-top-column elementor-element elementor-element-0096ffd\" data-id=\"0096ffd\" data-element_type=\"column\">\n\t\t\t<div class=\"elementor-widget-wrap elementor-element-populated\">\n\t\t\t\t\t\t<div class=\"elementor-element elementor-element-5518e84 elementor-align-left elementor-widget elementor-widget-button\" data-id=\"5518e84\" data-element_type=\"widget\" data-widget_type=\"button.default\">\n\t\t\t\t<div class=\"elementor-widget-container\">\n\t\t\t\t\t\t\t<div class=\"elementor-button-wrapper\">\n\t\t\t\t\t<a class=\"elementor-button elementor-button-link elementor-size-lg\" href=\"https:\/\/autolivraria.com.br\/bc\/category\/al-subaru\/\">\n\t\t\t\t\t\t<span class=\"elementor-button-content-wrapper\">\n\t\t\t\t\t\t\t\t\t<span class=\"elementor-button-text\">SUBARU<\/span>\n\t\t\t\t\t<\/span>\n\t\t\t\t\t<\/a>\n\t\t\t\t<\/div>\n\t\t\t\t\t\t<\/div>\n\t\t\t\t<\/div>\n\t\t\t\t<div class=\"elementor-element elementor-element-d7ca66d elementor-grid-3 elementor-grid-tablet-2 elementor-grid-mobile-1 elementor-posts--thumbnail-top elementor-widget elementor-widget-posts\" data-id=\"d7ca66d\" data-element_type=\"widget\" data-settings=\"{&quot;classic_row_gap&quot;:{&quot;unit&quot;:&quot;px&quot;,&quot;size&quot;:30,&quot;sizes&quot;:[]},&quot;classic_columns&quot;:&quot;3&quot;,&quot;classic_columns_tablet&quot;:&quot;2&quot;,&quot;classic_columns_mobile&quot;:&quot;1&quot;}\" data-widget_type=\"posts.classic\">\n\t\t\t\t<div class=\"elementor-widget-container\">\n\t\t\t\t\t<div class=\"elementor-posts-container elementor-posts elementor-posts--skin-classic elementor-grid\">\n\t\t\t\t<article class=\"elementor-post elementor-grid-item post-133911 post type-post status-publish format-standard has-post-thumbnail hentry category-al-subaru category-quadros-decorativos tag-auto-livraria tag-carros-do-passado tag-forester tag-impreza tag-impreza-sti tag-impreza-wrx tag-legacy tag-outback tag-quadros-subaru tag-quadros-decorativos tag-subaru\">\n\t\t\t\t<a class=\"elementor-post__thumbnail__link\" href=\"https:\/\/autolivraria.com.br\/bc\/auto-livraria\/al-subaru\/quadros-decorativos-subaru-impreza-wrx-sti-legacy-outback\/\" >\n\t\t\t<div class=\"elementor-post__thumbnail\"><img decoding=\"async\" width=\"370\" height=\"247\" data-src=\"https:\/\/autolivraria.com.br\/bc\/wp-content\/uploads\/2024\/06\/Subaru-370x247.jpg\" class=\"attachment-medium size-medium wp-image-147104 lazyload\" alt=\"\" data-srcset=\"https:\/\/autolivraria.com.br\/bc\/wp-content\/uploads\/2024\/06\/Subaru-370x247.jpg 370w, https:\/\/autolivraria.com.br\/bc\/wp-content\/uploads\/2024\/06\/Subaru-750x500.jpg 750w, https:\/\/autolivraria.com.br\/bc\/wp-content\/uploads\/2024\/06\/Subaru.jpg 1024w\" data-sizes=\"(max-width: 370px) 100vw, 370px\" src=\"data:image\/svg+xml;base64,PHN2ZyB3aWR0aD0iMSIgaGVpZ2h0PSIxIiB4bWxucz0iaHR0cDovL3d3dy53My5vcmcvMjAwMC9zdmciPjwvc3ZnPg==\" style=\"--smush-placeholder-width: 370px; --smush-placeholder-aspect-ratio: 370\/247;\" \/><\/div>\n\t\t<\/a>\n\t\t\t\t<div class=\"elementor-post__text\">\n\t\t\t\t<h3 class=\"elementor-post__title\">\n\t\t\t<a href=\"https:\/\/autolivraria.com.br\/bc\/auto-livraria\/al-subaru\/quadros-decorativos-subaru-impreza-wrx-sti-legacy-outback\/\" >\n\t\t\t\tSubaru: quadros com Impreza STI, Legacy, Outback e mais\t\t\t<\/a>\n\t\t<\/h3>\n\t\t\t\t<div class=\"elementor-post__excerpt\">\n\t\t\t<p>Quadros decorativos dos esportivos e outras vers\u00f5es em propagandas e mat\u00e9rias &#8211; a partir de R$ 79<\/p>\n\t\t<\/div>\n\t\t\t\t<\/div>\n\t\t\t\t<\/article>\n\t\t\t\t<article class=\"elementor-post elementor-grid-item post-132974 post type-post status-publish format-standard has-post-thumbnail hentry category-al-subaru tag-auto-livraria tag-carros-do-passado tag-impreza tag-impreza-wrx tag-revista-car-and-driver tag-revista-quatro-rodas tag-revistas-nacionais tag-subaru tag-wrx tag-wrx-sti\">\n\t\t\t\t<a class=\"elementor-post__thumbnail__link\" href=\"https:\/\/autolivraria.com.br\/bc\/auto-livraria\/al-subaru\/subaru-impreza-wrx-sti-revistas-quatro-rodas-caranddriver\/\" >\n\t\t\t<div class=\"elementor-post__thumbnail\"><img decoding=\"async\" width=\"370\" height=\"247\" data-src=\"https:\/\/autolivraria.com.br\/bc\/wp-content\/uploads\/2026\/06\/Impreza-370x247.jpg\" class=\"attachment-medium size-medium wp-image-153797 lazyload\" alt=\"\" data-srcset=\"https:\/\/autolivraria.com.br\/bc\/wp-content\/uploads\/2026\/06\/Impreza-370x247.jpg 370w, https:\/\/autolivraria.com.br\/bc\/wp-content\/uploads\/2026\/06\/Impreza-750x501.jpg 750w, https:\/\/autolivraria.com.br\/bc\/wp-content\/uploads\/2026\/06\/Impreza-150x100.jpg 150w, https:\/\/autolivraria.com.br\/bc\/wp-content\/uploads\/2026\/06\/Impreza-330x220.jpg 330w, https:\/\/autolivraria.com.br\/bc\/wp-content\/uploads\/2026\/06\/Impreza-420x280.jpg 420w, https:\/\/autolivraria.com.br\/bc\/wp-content\/uploads\/2026\/06\/Impreza-510x340.jpg 510w, https:\/\/autolivraria.com.br\/bc\/wp-content\/uploads\/2026\/06\/Impreza.jpg 800w\" data-sizes=\"(max-width: 370px) 100vw, 370px\" src=\"data:image\/svg+xml;base64,PHN2ZyB3aWR0aD0iMSIgaGVpZ2h0PSIxIiB4bWxucz0iaHR0cDovL3d3dy53My5vcmcvMjAwMC9zdmciPjwvc3ZnPg==\" style=\"--smush-placeholder-width: 370px; --smush-placeholder-aspect-ratio: 370\/247;\" \/><\/div>\n\t\t<\/a>\n\t\t\t\t<div class=\"elementor-post__text\">\n\t\t\t\t<h3 class=\"elementor-post__title\">\n\t\t\t<a href=\"https:\/\/autolivraria.com.br\/bc\/auto-livraria\/al-subaru\/subaru-impreza-wrx-sti-revistas-quatro-rodas-caranddriver\/\" >\n\t\t\t\tSubaru: revistas com os esportivos Impreza WRX e STI\t\t\t<\/a>\n\t\t<\/h3>\n\t\t\t\t<div class=\"elementor-post__excerpt\">\n\t\t\t<p>Edi\u00e7\u00f5es de Quatro Rodas e Car and Driver com avalia\u00e7\u00f5es dos potentes sed\u00e3s japoneses &#8211; a partir de R$ 29<\/p>\n\t\t<\/div>\n\t\t\t\t<\/div>\n\t\t\t\t<\/article>\n\t\t\t\t<article class=\"elementor-post elementor-grid-item post-152318 post type-post status-publish format-standard has-post-thumbnail hentry category-al-subaru tag-4x4 tag-auto-livraria tag-manuais-e-catalogos tag-catalogos-outras-marcas tag-legacy tag-subaru\">\n\t\t\t\t<a class=\"elementor-post__thumbnail__link\" href=\"https:\/\/autolivraria.com.br\/bc\/auto-livraria\/al-subaru\/subaru-impreza-legacy-catalogo-folder\/\" >\n\t\t\t<div class=\"elementor-post__thumbnail\"><img decoding=\"async\" width=\"370\" height=\"266\" data-src=\"https:\/\/autolivraria.com.br\/bc\/wp-content\/uploads\/2025\/10\/Legacy-a-1-370x266.jpg\" class=\"attachment-medium size-medium wp-image-152321 lazyload\" alt=\"\" data-srcset=\"https:\/\/autolivraria.com.br\/bc\/wp-content\/uploads\/2025\/10\/Legacy-a-1-370x266.jpg 370w, https:\/\/autolivraria.com.br\/bc\/wp-content\/uploads\/2025\/10\/Legacy-a-1.jpg 696w\" data-sizes=\"(max-width: 370px) 100vw, 370px\" src=\"data:image\/svg+xml;base64,PHN2ZyB3aWR0aD0iMSIgaGVpZ2h0PSIxIiB4bWxucz0iaHR0cDovL3d3dy53My5vcmcvMjAwMC9zdmciPjwvc3ZnPg==\" style=\"--smush-placeholder-width: 370px; --smush-placeholder-aspect-ratio: 370\/266;\" \/><\/div>\n\t\t<\/a>\n\t\t\t\t<div class=\"elementor-post__text\">\n\t\t\t\t<h3 class=\"elementor-post__title\">\n\t\t\t<a href=\"https:\/\/autolivraria.com.br\/bc\/auto-livraria\/al-subaru\/subaru-impreza-legacy-catalogo-folder\/\" >\n\t\t\t\tSubaru: cat\u00e1logos com sed\u00e3 e perua Legacy dos anos 90\t\t\t<\/a>\n\t\t<\/h3>\n\t\t\t\t<div class=\"elementor-post__excerpt\">\n\t\t\t<p>Prospectos originais sobre o sed\u00e3 e a perua &#8211; R$ 49 cada<\/p>\n\t\t<\/div>\n\t\t\t\t<\/div>\n\t\t\t\t<\/article>\n\t\t\t\t<\/div>\n\t\t\t\t<\/div>\n\t\t\t\t<\/div>\n\t\t\t\t<div class=\"elementor-element elementor-element-821c468 elementor-align-center elementor-widget elementor-widget-button\" data-id=\"821c468\" data-element_type=\"widget\" data-widget_type=\"button.default\">\n\t\t\t\t<div class=\"elementor-widget-container\">\n\t\t\t\t\t\t\t<div class=\"elementor-button-wrapper\">\n\t\t\t\t\t<a class=\"elementor-button elementor-button-link elementor-size-sm\" href=\"https:\/\/autolivraria.com.br\/bc\/category\/al-subaru\/\">\n\t\t\t\t\t\t<span class=\"elementor-button-content-wrapper\">\n\t\t\t\t\t\t<span class=\"elementor-button-icon\">\n\t\t\t\t<i aria-hidden=\"true\" class=\"fas fa-angle-right\"><\/i>\t\t\t<\/span>\n\t\t\t\t\t\t\t\t\t<span class=\"elementor-button-text\">TUDO DE SUBARU<\/span>\n\t\t\t\t\t<\/span>\n\t\t\t\t\t<\/a>\n\t\t\t\t<\/div>\n\t\t\t\t\t\t<\/div>\n\t\t\t\t<\/div>\n\t\t\t\t<div class=\"elementor-element elementor-element-1552308 elementor-widget elementor-widget-spacer\" data-id=\"1552308\" data-element_type=\"widget\" data-widget_type=\"spacer.default\">\n\t\t\t\t<div class=\"elementor-widget-container\">\n\t\t\t\t\t<div class=\"elementor-spacer\">\n\t\t\t<div class=\"elementor-spacer-inner\"><\/div>\n\t\t<\/div>\n\t\t\t\t<\/div>\n\t\t\t\t<\/div>\n\t\t\t\t\t<\/div>\n\t\t<\/div>\n\t\t\t\t\t<\/div>\n\t\t<\/section>\n\t\t\t\t<section class=\"elementor-section elementor-top-section elementor-element elementor-element-d4d831a elementor-section-boxed elementor-section-height-default elementor-section-height-default\" data-id=\"d4d831a\" data-element_type=\"section\" data-settings=\"{&quot;background_background&quot;:&quot;classic&quot;}\">\n\t\t\t\t\t\t<div class=\"elementor-container elementor-column-gap-default\">\n\t\t\t\t\t<div class=\"elementor-column elementor-col-100 elementor-top-column elementor-element elementor-element-a4e8c5d\" data-id=\"a4e8c5d\" data-element_type=\"column\">\n\t\t\t<div class=\"elementor-widget-wrap elementor-element-populated\">\n\t\t\t\t\t\t<div class=\"elementor-element elementor-element-e8f50d3 elementor-align-left elementor-widget elementor-widget-button\" data-id=\"e8f50d3\" data-element_type=\"widget\" data-widget_type=\"button.default\">\n\t\t\t\t<div class=\"elementor-widget-container\">\n\t\t\t\t\t\t\t<div class=\"elementor-button-wrapper\">\n\t\t\t\t\t<a class=\"elementor-button elementor-button-link elementor-size-lg\" href=\"https:\/\/autolivraria.com.br\/bc\/category\/al-toyota\/\">\n\t\t\t\t\t\t<span class=\"elementor-button-content-wrapper\">\n\t\t\t\t\t\t\t\t\t<span class=\"elementor-button-text\">TOYOTA E LEXUS<\/span>\n\t\t\t\t\t<\/span>\n\t\t\t\t\t<\/a>\n\t\t\t\t<\/div>\n\t\t\t\t\t\t<\/div>\n\t\t\t\t<\/div>\n\t\t\t\t<div class=\"elementor-element elementor-element-55fc530 elementor-grid-3 elementor-grid-tablet-2 elementor-grid-mobile-1 elementor-posts--thumbnail-top elementor-widget elementor-widget-posts\" data-id=\"55fc530\" data-element_type=\"widget\" data-settings=\"{&quot;classic_row_gap&quot;:{&quot;unit&quot;:&quot;px&quot;,&quot;size&quot;:30,&quot;sizes&quot;:[]},&quot;classic_columns&quot;:&quot;3&quot;,&quot;classic_columns_tablet&quot;:&quot;2&quot;,&quot;classic_columns_mobile&quot;:&quot;1&quot;}\" data-widget_type=\"posts.classic\">\n\t\t\t\t<div class=\"elementor-widget-container\">\n\t\t\t\t\t<div class=\"elementor-posts-container elementor-posts elementor-posts--skin-classic elementor-grid\">\n\t\t\t\t<article class=\"elementor-post elementor-grid-item post-136241 post type-post status-publish format-standard has-post-thumbnail hentry category-al-toyota tag-4x4 tag-auto-livraria tag-manuais-e-catalogos tag-catalogos-toyota tag-hilux tag-hilux-srv tag-hilux-srx tag-sw4 tag-toyota\">\n\t\t\t\t<a class=\"elementor-post__thumbnail__link\" href=\"https:\/\/autolivraria.com.br\/bc\/auto-livraria\/al-toyota\/toyota-hilux-sw4-catalogo-folder\/\" >\n\t\t\t<div class=\"elementor-post__thumbnail\"><img decoding=\"async\" width=\"370\" height=\"247\" data-src=\"https:\/\/autolivraria.com.br\/bc\/wp-content\/uploads\/2024\/12\/Hilux-370x247.jpg\" class=\"attachment-medium size-medium wp-image-149760 lazyload\" alt=\"\" data-srcset=\"https:\/\/autolivraria.com.br\/bc\/wp-content\/uploads\/2024\/12\/Hilux-370x247.jpg 370w, https:\/\/autolivraria.com.br\/bc\/wp-content\/uploads\/2024\/12\/Hilux-750x500.jpg 750w, https:\/\/autolivraria.com.br\/bc\/wp-content\/uploads\/2024\/12\/Hilux.jpg 1024w\" data-sizes=\"(max-width: 370px) 100vw, 370px\" src=\"data:image\/svg+xml;base64,PHN2ZyB3aWR0aD0iMSIgaGVpZ2h0PSIxIiB4bWxucz0iaHR0cDovL3d3dy53My5vcmcvMjAwMC9zdmciPjwvc3ZnPg==\" style=\"--smush-placeholder-width: 370px; --smush-placeholder-aspect-ratio: 370\/247;\" \/><\/div>\n\t\t<\/a>\n\t\t\t\t<div class=\"elementor-post__text\">\n\t\t\t\t<h3 class=\"elementor-post__title\">\n\t\t\t<a href=\"https:\/\/autolivraria.com.br\/bc\/auto-livraria\/al-toyota\/toyota-hilux-sw4-catalogo-folder\/\" >\n\t\t\t\tToyota: cat\u00e1logos da picape Hilux e do utilit\u00e1rio SW4\t\t\t<\/a>\n\t\t<\/h3>\n\t\t\t\t<div class=\"elementor-post__excerpt\">\n\t\t\t<p>Modelos de 2014 a 2019 dos utilit\u00e1rios em prospectos originais detalhados &#8211; a partir de R$ 49<\/p>\n\t\t<\/div>\n\t\t\t\t<\/div>\n\t\t\t\t<\/article>\n\t\t\t\t<article class=\"elementor-post elementor-grid-item post-128660 post type-post status-publish format-standard has-post-thumbnail hentry category-al-toyota category-quadros-decorativos tag-4x4 tag-auto-livraria tag-bandeirante tag-carros-do-passado tag-propagandas-antigas tag-quadros-toyota tag-quadros-decorativos tag-toyota\">\n\t\t\t\t<a class=\"elementor-post__thumbnail__link\" href=\"https:\/\/autolivraria.com.br\/bc\/auto-livraria\/al-toyota\/toyota-bandeirante-quadros-propagandas-antigas\/\" >\n\t\t\t<div class=\"elementor-post__thumbnail\"><img decoding=\"async\" width=\"370\" height=\"247\" data-src=\"https:\/\/autolivraria.com.br\/bc\/wp-content\/uploads\/2024\/09\/Bandeirante-370x247.jpg\" class=\"attachment-medium size-medium wp-image-151661 lazyload\" alt=\"\" data-srcset=\"https:\/\/autolivraria.com.br\/bc\/wp-content\/uploads\/2024\/09\/Bandeirante-370x247.jpg 370w, https:\/\/autolivraria.com.br\/bc\/wp-content\/uploads\/2024\/09\/Bandeirante-750x500.jpg 750w, https:\/\/autolivraria.com.br\/bc\/wp-content\/uploads\/2024\/09\/Bandeirante.jpg 1024w\" data-sizes=\"(max-width: 370px) 100vw, 370px\" src=\"data:image\/svg+xml;base64,PHN2ZyB3aWR0aD0iMSIgaGVpZ2h0PSIxIiB4bWxucz0iaHR0cDovL3d3dy53My5vcmcvMjAwMC9zdmciPjwvc3ZnPg==\" style=\"--smush-placeholder-width: 370px; --smush-placeholder-aspect-ratio: 370\/247;\" \/><\/div>\n\t\t<\/a>\n\t\t\t\t<div class=\"elementor-post__text\">\n\t\t\t\t<h3 class=\"elementor-post__title\">\n\t\t\t<a href=\"https:\/\/autolivraria.com.br\/bc\/auto-livraria\/al-toyota\/toyota-bandeirante-quadros-propagandas-antigas\/\" >\n\t\t\t\tToyota Bandeirante: quadros com propagandas e mat\u00e9rias do 4&#215;4\t\t\t<\/a>\n\t\t<\/h3>\n\t\t\t\t<div class=\"elementor-post__excerpt\">\n\t\t\t<p>Quadros grandes com publicidades e mat\u00e9rias de revistas das d\u00e9cadas de 1960 a 1990 &#8211; a partir de R$ 109<\/p>\n\t\t<\/div>\n\t\t\t\t<\/div>\n\t\t\t\t<\/article>\n\t\t\t\t<article class=\"elementor-post elementor-grid-item post-152983 post type-post status-publish format-standard has-post-thumbnail hentry category-al-toyota tag-auto-livraria tag-carros-do-passado tag-manuais-e-catalogos tag-catalogos-toyota tag-corolla tag-corolla-altis tag-corolla-gli tag-corolla-xei tag-toyota\">\n\t\t\t\t<a class=\"elementor-post__thumbnail__link\" href=\"https:\/\/autolivraria.com.br\/bc\/auto-livraria\/al-toyota\/toyota-corolla-catalogos-folders\/\" >\n\t\t\t<div class=\"elementor-post__thumbnail\"><img decoding=\"async\" width=\"370\" height=\"247\" data-src=\"https:\/\/autolivraria.com.br\/bc\/wp-content\/uploads\/2025\/10\/Corolla-370x247.jpg\" class=\"attachment-medium size-medium wp-image-153004 lazyload\" alt=\"\" data-srcset=\"https:\/\/autolivraria.com.br\/bc\/wp-content\/uploads\/2025\/10\/Corolla-370x247.jpg 370w, https:\/\/autolivraria.com.br\/bc\/wp-content\/uploads\/2025\/10\/Corolla-750x500.jpg 750w, https:\/\/autolivraria.com.br\/bc\/wp-content\/uploads\/2025\/10\/Corolla-150x100.jpg 150w, https:\/\/autolivraria.com.br\/bc\/wp-content\/uploads\/2025\/10\/Corolla-330x220.jpg 330w, https:\/\/autolivraria.com.br\/bc\/wp-content\/uploads\/2025\/10\/Corolla-420x280.jpg 420w, https:\/\/autolivraria.com.br\/bc\/wp-content\/uploads\/2025\/10\/Corolla-510x340.jpg 510w, https:\/\/autolivraria.com.br\/bc\/wp-content\/uploads\/2025\/10\/Corolla.jpg 1024w\" data-sizes=\"(max-width: 370px) 100vw, 370px\" src=\"data:image\/svg+xml;base64,PHN2ZyB3aWR0aD0iMSIgaGVpZ2h0PSIxIiB4bWxucz0iaHR0cDovL3d3dy53My5vcmcvMjAwMC9zdmciPjwvc3ZnPg==\" style=\"--smush-placeholder-width: 370px; --smush-placeholder-aspect-ratio: 370\/247;\" \/><\/div>\n\t\t<\/a>\n\t\t\t\t<div class=\"elementor-post__text\">\n\t\t\t\t<h3 class=\"elementor-post__title\">\n\t\t\t<a href=\"https:\/\/autolivraria.com.br\/bc\/auto-livraria\/al-toyota\/toyota-corolla-catalogos-folders\/\" >\n\t\t\t\tCorolla: o grande l\u00edder da Toyota em cat\u00e1logos de 2015 a 2023\t\t\t<\/a>\n\t\t<\/h3>\n\t\t\t\t<div class=\"elementor-post__excerpt\">\n\t\t\t<p>O sed\u00e3 mais vendido em prospectos de duas gera\u00e7\u00f5es em variados anos-modelo &#8211; a partir de R$ 29<\/p>\n\t\t<\/div>\n\t\t\t\t<\/div>\n\t\t\t\t<\/article>\n\t\t\t\t<\/div>\n\t\t\t\t<\/div>\n\t\t\t\t<\/div>\n\t\t\t\t<div class=\"elementor-element elementor-element-c709b9f elementor-align-center elementor-widget elementor-widget-button\" data-id=\"c709b9f\" data-element_type=\"widget\" data-widget_type=\"button.default\">\n\t\t\t\t<div class=\"elementor-widget-container\">\n\t\t\t\t\t\t\t<div class=\"elementor-button-wrapper\">\n\t\t\t\t\t<a class=\"elementor-button elementor-button-link elementor-size-sm\" href=\"https:\/\/autolivraria.com.br\/bc\/category\/al-toyota\/\">\n\t\t\t\t\t\t<span class=\"elementor-button-content-wrapper\">\n\t\t\t\t\t\t<span class=\"elementor-button-icon\">\n\t\t\t\t<i aria-hidden=\"true\" class=\"fas fa-angle-right\"><\/i>\t\t\t<\/span>\n\t\t\t\t\t\t\t\t\t<span class=\"elementor-button-text\">TUDO DE TOYOTA E LEXUS<\/span>\n\t\t\t\t\t<\/span>\n\t\t\t\t\t<\/a>\n\t\t\t\t<\/div>\n\t\t\t\t\t\t<\/div>\n\t\t\t\t<\/div>\n\t\t\t\t<div class=\"elementor-element elementor-element-85979c3 elementor-widget elementor-widget-spacer\" data-id=\"85979c3\" data-element_type=\"widget\" data-widget_type=\"spacer.default\">\n\t\t\t\t<div class=\"elementor-widget-container\">\n\t\t\t\t\t<div class=\"elementor-spacer\">\n\t\t\t<div class=\"elementor-spacer-inner\"><\/div>\n\t\t<\/div>\n\t\t\t\t<\/div>\n\t\t\t\t<\/div>\n\t\t\t\t\t<\/div>\n\t\t<\/div>\n\t\t\t\t\t<\/div>\n\t\t<\/section>\n\t\t\t\t<section class=\"elementor-section elementor-top-section elementor-element elementor-element-737a8ee elementor-section-boxed elementor-section-height-default elementor-section-height-default\" data-id=\"737a8ee\" data-element_type=\"section\" data-settings=\"{&quot;background_background&quot;:&quot;classic&quot;}\">\n\t\t\t\t\t\t<div class=\"elementor-container elementor-column-gap-default\">\n\t\t\t\t\t<div class=\"elementor-column elementor-col-100 elementor-top-column elementor-element elementor-element-5f243c0\" data-id=\"5f243c0\" data-element_type=\"column\">\n\t\t\t<div class=\"elementor-widget-wrap elementor-element-populated\">\n\t\t\t\t\t\t<div class=\"elementor-element elementor-element-e9a6b98 elementor-align-left elementor-widget elementor-widget-button\" data-id=\"e9a6b98\" data-element_type=\"widget\" data-widget_type=\"button.default\">\n\t\t\t\t<div class=\"elementor-widget-container\">\n\t\t\t\t\t\t\t<div class=\"elementor-button-wrapper\">\n\t\t\t\t\t<a class=\"elementor-button elementor-button-link elementor-size-lg\" href=\"https:\/\/autolivraria.com.br\/bc\/category\/al-volvo\/\">\n\t\t\t\t\t\t<span class=\"elementor-button-content-wrapper\">\n\t\t\t\t\t\t\t\t\t<span class=\"elementor-button-text\">VOLVO<\/span>\n\t\t\t\t\t<\/span>\n\t\t\t\t\t<\/a>\n\t\t\t\t<\/div>\n\t\t\t\t\t\t<\/div>\n\t\t\t\t<\/div>\n\t\t\t\t<div class=\"elementor-element elementor-element-3d85dbc elementor-grid-3 elementor-grid-tablet-2 elementor-grid-mobile-1 elementor-posts--thumbnail-top elementor-widget elementor-widget-posts\" data-id=\"3d85dbc\" data-element_type=\"widget\" data-settings=\"{&quot;classic_row_gap&quot;:{&quot;unit&quot;:&quot;px&quot;,&quot;size&quot;:30,&quot;sizes&quot;:[]},&quot;classic_columns&quot;:&quot;3&quot;,&quot;classic_columns_tablet&quot;:&quot;2&quot;,&quot;classic_columns_mobile&quot;:&quot;1&quot;}\" data-widget_type=\"posts.classic\">\n\t\t\t\t<div class=\"elementor-widget-container\">\n\t\t\t\t\t<div class=\"elementor-posts-container elementor-posts elementor-posts--skin-classic elementor-grid\">\n\t\t\t\t<article class=\"elementor-post elementor-grid-item post-135963 post type-post status-publish format-standard has-post-thumbnail hentry category-al-volvo category-quadros-decorativos tag-auto-livraria tag-c30 tag-c70 tag-carros-do-passado tag-quadros-volvo tag-quadros-decorativos tag-s60 tag-s80 tag-v50 tag-volvo tag-xc60 tag-xc90\">\n\t\t\t\t<a class=\"elementor-post__thumbnail__link\" href=\"https:\/\/autolivraria.com.br\/bc\/auto-livraria\/al-volvo\/volvo-v50-s60-s80-xc40-xc60-xc90-quadros-decorativos\/\" >\n\t\t\t<div class=\"elementor-post__thumbnail\"><img decoding=\"async\" width=\"370\" height=\"247\" data-src=\"https:\/\/autolivraria.com.br\/bc\/wp-content\/uploads\/2024\/01\/Volvo-370x247.jpg\" class=\"attachment-medium size-medium wp-image-146264 lazyload\" alt=\"\" data-srcset=\"https:\/\/autolivraria.com.br\/bc\/wp-content\/uploads\/2024\/01\/Volvo-370x247.jpg 370w, https:\/\/autolivraria.com.br\/bc\/wp-content\/uploads\/2024\/01\/Volvo-750x500.jpg 750w, https:\/\/autolivraria.com.br\/bc\/wp-content\/uploads\/2024\/01\/Volvo.jpg 1024w\" data-sizes=\"(max-width: 370px) 100vw, 370px\" src=\"data:image\/svg+xml;base64,PHN2ZyB3aWR0aD0iMSIgaGVpZ2h0PSIxIiB4bWxucz0iaHR0cDovL3d3dy53My5vcmcvMjAwMC9zdmciPjwvc3ZnPg==\" style=\"--smush-placeholder-width: 370px; --smush-placeholder-aspect-ratio: 370\/247;\" \/><\/div>\n\t\t<\/a>\n\t\t\t\t<div class=\"elementor-post__text\">\n\t\t\t\t<h3 class=\"elementor-post__title\">\n\t\t\t<a href=\"https:\/\/autolivraria.com.br\/bc\/auto-livraria\/al-volvo\/volvo-v50-s60-s80-xc40-xc60-xc90-quadros-decorativos\/\" >\n\t\t\t\tVolvo: quadros decorativos com C30, S60 R, XC60 e outros\t\t\t<\/a>\n\t\t<\/h3>\n\t\t\t\t<div class=\"elementor-post__excerpt\">\n\t\t\t<p>Mat\u00e9ria e propagandas originais de v\u00e1rios modelos em quadros decorativos &#8211; a partir de R$ 119<\/p>\n\t\t<\/div>\n\t\t\t\t<\/div>\n\t\t\t\t<\/article>\n\t\t\t\t<article class=\"elementor-post elementor-grid-item post-141139 post type-post status-publish format-standard has-post-thumbnail hentry category-al-volvo category-quadros-decorativos tag-auto-livraria tag-caminhao tag-caminhoes-do-passado tag-quadros-volvo tag-quadros-decorativos tag-volvo\">\n\t\t\t\t<a class=\"elementor-post__thumbnail__link\" href=\"https:\/\/autolivraria.com.br\/bc\/auto-livraria\/al-volvo\/volvo-caminhoes-quadros-decorativos\/\" >\n\t\t\t<div class=\"elementor-post__thumbnail\"><img decoding=\"async\" width=\"370\" height=\"279\" data-src=\"https:\/\/autolivraria.com.br\/bc\/wp-content\/uploads\/2023\/04\/Volvo-N10-N12-370x279.jpg\" class=\"attachment-medium size-medium wp-image-141141 lazyload\" alt=\"\" data-srcset=\"https:\/\/autolivraria.com.br\/bc\/wp-content\/uploads\/2023\/04\/Volvo-N10-N12-370x279.jpg 370w, https:\/\/autolivraria.com.br\/bc\/wp-content\/uploads\/2023\/04\/Volvo-N10-N12.jpg 750w\" data-sizes=\"(max-width: 370px) 100vw, 370px\" src=\"data:image\/svg+xml;base64,PHN2ZyB3aWR0aD0iMSIgaGVpZ2h0PSIxIiB4bWxucz0iaHR0cDovL3d3dy53My5vcmcvMjAwMC9zdmciPjwvc3ZnPg==\" style=\"--smush-placeholder-width: 370px; --smush-placeholder-aspect-ratio: 370\/279;\" \/><\/div>\n\t\t<\/a>\n\t\t\t\t<div class=\"elementor-post__text\">\n\t\t\t\t<h3 class=\"elementor-post__title\">\n\t\t\t<a href=\"https:\/\/autolivraria.com.br\/bc\/auto-livraria\/al-volvo\/volvo-caminhoes-quadros-decorativos\/\" >\n\t\t\t\tVolvo: quadros com caminh\u00f5es N10, NL12 e outros\t\t\t<\/a>\n\t\t<\/h3>\n\t\t\t\t<div class=\"elementor-post__excerpt\">\n\t\t\t<p>Mat\u00e9rias e propagandas originais dos pesados em quadros decorativos &#8211; a partir de R$ 69<\/p>\n\t\t<\/div>\n\t\t\t\t<\/div>\n\t\t\t\t<\/article>\n\t\t\t\t<article class=\"elementor-post elementor-grid-item post-128340 post type-post status-publish format-standard has-post-thumbnail hentry category-al-volvo tag-auto-livraria tag-caminhao tag-caminhoes-do-passado tag-carros-do-passado tag-manuais-e-catalogos tag-catalogos-volvo tag-volvo\">\n\t\t\t\t<a class=\"elementor-post__thumbnail__link\" href=\"https:\/\/autolivraria.com.br\/bc\/auto-livraria\/al-volvo\/volvo-catalogos-folders-caminhoes-nl12-globetrotter\/\" >\n\t\t\t<div class=\"elementor-post__thumbnail\"><img decoding=\"async\" width=\"370\" height=\"247\" data-src=\"https:\/\/autolivraria.com.br\/bc\/wp-content\/uploads\/2023\/02\/Volvo-caminhoes-370x247.jpg\" class=\"attachment-medium size-medium wp-image-150684 lazyload\" alt=\"\" data-srcset=\"https:\/\/autolivraria.com.br\/bc\/wp-content\/uploads\/2023\/02\/Volvo-caminhoes-370x247.jpg 370w, https:\/\/autolivraria.com.br\/bc\/wp-content\/uploads\/2023\/02\/Volvo-caminhoes-750x500.jpg 750w, https:\/\/autolivraria.com.br\/bc\/wp-content\/uploads\/2023\/02\/Volvo-caminhoes.jpg 1024w\" data-sizes=\"(max-width: 370px) 100vw, 370px\" src=\"data:image\/svg+xml;base64,PHN2ZyB3aWR0aD0iMSIgaGVpZ2h0PSIxIiB4bWxucz0iaHR0cDovL3d3dy53My5vcmcvMjAwMC9zdmciPjwvc3ZnPg==\" style=\"--smush-placeholder-width: 370px; --smush-placeholder-aspect-ratio: 370\/247;\" \/><\/div>\n\t\t<\/a>\n\t\t\t\t<div class=\"elementor-post__text\">\n\t\t\t\t<h3 class=\"elementor-post__title\">\n\t\t\t<a href=\"https:\/\/autolivraria.com.br\/bc\/auto-livraria\/al-volvo\/volvo-catalogos-folders-caminhoes-nl12-globetrotter\/\" >\n\t\t\t\tVolvo: cat\u00e1logos de caminh\u00f5es NL 12, Globetrotter e outros\t\t\t<\/a>\n\t\t<\/h3>\n\t\t\t\t<div class=\"elementor-post__excerpt\">\n\t\t\t<p>V\u00e1rias op\u00e7\u00f5es de prospectos dos pesados da marca sueca em diferentes \u00e9pocas &#8211; a partir de R$ 59<\/p>\n\t\t<\/div>\n\t\t\t\t<\/div>\n\t\t\t\t<\/article>\n\t\t\t\t<\/div>\n\t\t\t\t<\/div>\n\t\t\t\t<\/div>\n\t\t\t\t<div class=\"elementor-element elementor-element-23e4977 elementor-align-center elementor-widget elementor-widget-button\" data-id=\"23e4977\" data-element_type=\"widget\" data-widget_type=\"button.default\">\n\t\t\t\t<div class=\"elementor-widget-container\">\n\t\t\t\t\t\t\t<div class=\"elementor-button-wrapper\">\n\t\t\t\t\t<a class=\"elementor-button elementor-button-link elementor-size-sm\" href=\"https:\/\/autolivraria.com.br\/bc\/category\/al-volvo\/\">\n\t\t\t\t\t\t<span class=\"elementor-button-content-wrapper\">\n\t\t\t\t\t\t<span class=\"elementor-button-icon\">\n\t\t\t\t<i aria-hidden=\"true\" class=\"fas fa-angle-right\"><\/i>\t\t\t<\/span>\n\t\t\t\t\t\t\t\t\t<span class=\"elementor-button-text\">TUDO DE VOLVO<\/span>\n\t\t\t\t\t<\/span>\n\t\t\t\t\t<\/a>\n\t\t\t\t<\/div>\n\t\t\t\t\t\t<\/div>\n\t\t\t\t<\/div>\n\t\t\t\t<div class=\"elementor-element elementor-element-63907cc elementor-widget elementor-widget-spacer\" data-id=\"63907cc\" data-element_type=\"widget\" data-widget_type=\"spacer.default\">\n\t\t\t\t<div class=\"elementor-widget-container\">\n\t\t\t\t\t<div class=\"elementor-spacer\">\n\t\t\t<div class=\"elementor-spacer-inner\"><\/div>\n\t\t<\/div>\n\t\t\t\t<\/div>\n\t\t\t\t<\/div>\n\t\t\t\t\t<\/div>\n\t\t<\/div>\n\t\t\t\t\t<\/div>\n\t\t<\/section>\n\t\t\t\t<section class=\"elementor-section elementor-top-section elementor-element elementor-element-c5d086a elementor-section-boxed elementor-section-height-default elementor-section-height-default\" data-id=\"c5d086a\" data-element_type=\"section\" data-settings=\"{&quot;background_background&quot;:&quot;classic&quot;}\">\n\t\t\t\t\t\t<div class=\"elementor-container elementor-column-gap-default\">\n\t\t\t\t\t<div class=\"elementor-column elementor-col-100 elementor-top-column elementor-element elementor-element-ad05af7\" data-id=\"ad05af7\" data-element_type=\"column\">\n\t\t\t<div class=\"elementor-widget-wrap elementor-element-populated\">\n\t\t\t\t\t\t<div class=\"elementor-element elementor-element-16d700a elementor-align-left elementor-widget elementor-widget-button\" data-id=\"16d700a\" data-element_type=\"widget\" data-widget_type=\"button.default\">\n\t\t\t\t<div class=\"elementor-widget-container\">\n\t\t\t\t\t\t\t<div class=\"elementor-button-wrapper\">\n\t\t\t\t\t<a class=\"elementor-button elementor-button-link elementor-size-lg\" href=\"https:\/\/autolivraria.com.br\/bc\/category\/al-volkswagen\/\">\n\t\t\t\t\t\t<span class=\"elementor-button-content-wrapper\">\n\t\t\t\t\t\t\t\t\t<span class=\"elementor-button-text\">VOLKSWAGEN<\/span>\n\t\t\t\t\t<\/span>\n\t\t\t\t\t<\/a>\n\t\t\t\t<\/div>\n\t\t\t\t\t\t<\/div>\n\t\t\t\t<\/div>\n\t\t\t\t<div class=\"elementor-element elementor-element-f256e25 elementor-grid-3 elementor-grid-tablet-2 elementor-grid-mobile-1 elementor-posts--thumbnail-top elementor-widget elementor-widget-posts\" data-id=\"f256e25\" data-element_type=\"widget\" data-settings=\"{&quot;classic_row_gap&quot;:{&quot;unit&quot;:&quot;px&quot;,&quot;size&quot;:30,&quot;sizes&quot;:[]},&quot;classic_columns&quot;:&quot;3&quot;,&quot;classic_columns_tablet&quot;:&quot;2&quot;,&quot;classic_columns_mobile&quot;:&quot;1&quot;}\" data-widget_type=\"posts.classic\">\n\t\t\t\t<div class=\"elementor-widget-container\">\n\t\t\t\t\t<div class=\"elementor-posts-container elementor-posts elementor-posts--skin-classic elementor-grid\">\n\t\t\t\t<article class=\"elementor-post elementor-grid-item post-132116 post type-post status-publish format-standard has-post-thumbnail hentry category-al-volkswagen category-quadros-decorativos tag-auto-livraria tag-carros-do-passado tag-passat tag-passat-gts-pointer tag-passat-ts tag-quadros-volkswagen tag-quadros-decorativos tag-volkswagen\">\n\t\t\t\t<a class=\"elementor-post__thumbnail__link\" href=\"https:\/\/autolivraria.com.br\/bc\/auto-livraria\/al-volkswagen\/quadros-decorativos-vw-passat-ls-lse-ts-gts-pointer\/\" >\n\t\t\t<div class=\"elementor-post__thumbnail\"><img decoding=\"async\" width=\"370\" height=\"247\" data-src=\"https:\/\/autolivraria.com.br\/bc\/wp-content\/uploads\/2025\/09\/Passat-370x247.jpg\" class=\"attachment-medium size-medium wp-image-155347 lazyload\" alt=\"\" data-srcset=\"https:\/\/autolivraria.com.br\/bc\/wp-content\/uploads\/2025\/09\/Passat-370x247.jpg 370w, https:\/\/autolivraria.com.br\/bc\/wp-content\/uploads\/2025\/09\/Passat-750x500.jpg 750w, https:\/\/autolivraria.com.br\/bc\/wp-content\/uploads\/2025\/09\/Passat-150x100.jpg 150w, https:\/\/autolivraria.com.br\/bc\/wp-content\/uploads\/2025\/09\/Passat-330x220.jpg 330w, https:\/\/autolivraria.com.br\/bc\/wp-content\/uploads\/2025\/09\/Passat-420x280.jpg 420w, https:\/\/autolivraria.com.br\/bc\/wp-content\/uploads\/2025\/09\/Passat-510x340.jpg 510w, https:\/\/autolivraria.com.br\/bc\/wp-content\/uploads\/2025\/09\/Passat.jpg 1024w\" data-sizes=\"(max-width: 370px) 100vw, 370px\" src=\"data:image\/svg+xml;base64,PHN2ZyB3aWR0aD0iMSIgaGVpZ2h0PSIxIiB4bWxucz0iaHR0cDovL3d3dy53My5vcmcvMjAwMC9zdmciPjwvc3ZnPg==\" style=\"--smush-placeholder-width: 370px; --smush-placeholder-aspect-ratio: 370\/247;\" \/><\/div>\n\t\t<\/a>\n\t\t\t\t<div class=\"elementor-post__text\">\n\t\t\t\t<h3 class=\"elementor-post__title\">\n\t\t\t<a href=\"https:\/\/autolivraria.com.br\/bc\/auto-livraria\/al-volkswagen\/quadros-decorativos-vw-passat-ls-lse-ts-gts-pointer\/\" >\n\t\t\t\tPassat: quadros do Volkswagen que causou uma revolu\u00e7\u00e3o\t\t\t<\/a>\n\t\t<\/h3>\n\t\t\t\t<div class=\"elementor-post__excerpt\">\n\t\t\t<p>Coloque na parede o Passat nacional com propagandas e mat\u00e9rias de 1974 a 1988 &#8211; a partir de R$ 109<\/p>\n\t\t<\/div>\n\t\t\t\t<\/div>\n\t\t\t\t<\/article>\n\t\t\t\t<article class=\"elementor-post elementor-grid-item post-155195 post type-post status-publish format-standard has-post-thumbnail hentry category-al-volkswagen category-outras-revistas-nacionais tag-amarok tag-auto-livraria tag-beetle tag-bora tag-carros-do-passado tag-fox tag-fusca tag-jetta tag-jetta-highline-tsi tag-kombi tag-parati tag-passat-cc tag-passat-tsi tag-revistas-nacionais tag-saveiro tag-sp2 tag-touareg tag-volkswagen tag-voyage\">\n\t\t\t\t<a class=\"elementor-post__thumbnail__link\" href=\"https:\/\/autolivraria.com.br\/bc\/auto-livraria\/al-volkswagen\/revistas-volkswagen-noticias\/\" >\n\t\t\t<div class=\"elementor-post__thumbnail\"><img decoding=\"async\" width=\"370\" height=\"247\" data-src=\"https:\/\/autolivraria.com.br\/bc\/wp-content\/uploads\/2026\/08\/VW-Oficina-370x247.jpg\" class=\"attachment-medium size-medium wp-image-155264 lazyload\" alt=\"\" data-srcset=\"https:\/\/autolivraria.com.br\/bc\/wp-content\/uploads\/2026\/08\/VW-Oficina-370x247.jpg 370w, https:\/\/autolivraria.com.br\/bc\/wp-content\/uploads\/2026\/08\/VW-Oficina-750x500.jpg 750w, https:\/\/autolivraria.com.br\/bc\/wp-content\/uploads\/2026\/08\/VW-Oficina-150x100.jpg 150w, https:\/\/autolivraria.com.br\/bc\/wp-content\/uploads\/2026\/08\/VW-Oficina-330x220.jpg 330w, https:\/\/autolivraria.com.br\/bc\/wp-content\/uploads\/2026\/08\/VW-Oficina-420x280.jpg 420w, https:\/\/autolivraria.com.br\/bc\/wp-content\/uploads\/2026\/08\/VW-Oficina-510x340.jpg 510w, https:\/\/autolivraria.com.br\/bc\/wp-content\/uploads\/2026\/08\/VW-Oficina.jpg 1024w\" data-sizes=\"(max-width: 370px) 100vw, 370px\" src=\"data:image\/svg+xml;base64,PHN2ZyB3aWR0aD0iMSIgaGVpZ2h0PSIxIiB4bWxucz0iaHR0cDovL3d3dy53My5vcmcvMjAwMC9zdmciPjwvc3ZnPg==\" style=\"--smush-placeholder-width: 370px; --smush-placeholder-aspect-ratio: 370\/247;\" \/><\/div>\n\t\t<\/a>\n\t\t\t\t<div class=\"elementor-post__text\">\n\t\t\t\t<h3 class=\"elementor-post__title\">\n\t\t\t<a href=\"https:\/\/autolivraria.com.br\/bc\/auto-livraria\/al-volkswagen\/revistas-volkswagen-noticias\/\" >\n\t\t\t\tVolkswagen Not\u00edcias: revistas com lan\u00e7amentos marcantes da empresa\t\t\t<\/a>\n\t\t<\/h3>\n\t\t\t\t<div class=\"elementor-post__excerpt\">\n\t\t\t<p>Edi\u00e7\u00f5es da pr\u00f3pria VW com Kombi Last Edition, Passat CC, Amarok e outros &#8211; a partir de R$ 39<\/p>\n\t\t<\/div>\n\t\t\t\t<\/div>\n\t\t\t\t<\/article>\n\t\t\t\t<article class=\"elementor-post elementor-grid-item post-154811 post type-post status-publish format-standard has-post-thumbnail hentry category-al-volkswagen category-quadros-decorativos tag-auto-livraria tag-carros-do-passado tag-polo tag-polo-gti tag-polo-highline tag-quadros-volkswagen tag-quadros-decorativos tag-virtus tag-volkswagen\">\n\t\t\t\t<a class=\"elementor-post__thumbnail__link\" href=\"https:\/\/autolivraria.com.br\/bc\/auto-livraria\/al-volkswagen\/volkswagen-polo-virtus-quadros-propagandas\/\" >\n\t\t\t<div class=\"elementor-post__thumbnail\"><img decoding=\"async\" width=\"370\" height=\"247\" data-src=\"https:\/\/autolivraria.com.br\/bc\/wp-content\/uploads\/2026\/12\/Polo-370x247.jpg\" class=\"attachment-medium size-medium wp-image-154821 lazyload\" alt=\"\" data-srcset=\"https:\/\/autolivraria.com.br\/bc\/wp-content\/uploads\/2026\/12\/Polo-370x247.jpg 370w, https:\/\/autolivraria.com.br\/bc\/wp-content\/uploads\/2026\/12\/Polo-750x500.jpg 750w, https:\/\/autolivraria.com.br\/bc\/wp-content\/uploads\/2026\/12\/Polo-150x100.jpg 150w, https:\/\/autolivraria.com.br\/bc\/wp-content\/uploads\/2026\/12\/Polo-330x220.jpg 330w, https:\/\/autolivraria.com.br\/bc\/wp-content\/uploads\/2026\/12\/Polo-420x280.jpg 420w, https:\/\/autolivraria.com.br\/bc\/wp-content\/uploads\/2026\/12\/Polo-510x340.jpg 510w, https:\/\/autolivraria.com.br\/bc\/wp-content\/uploads\/2026\/12\/Polo.jpg 1024w\" data-sizes=\"(max-width: 370px) 100vw, 370px\" src=\"data:image\/svg+xml;base64,PHN2ZyB3aWR0aD0iMSIgaGVpZ2h0PSIxIiB4bWxucz0iaHR0cDovL3d3dy53My5vcmcvMjAwMC9zdmciPjwvc3ZnPg==\" style=\"--smush-placeholder-width: 370px; --smush-placeholder-aspect-ratio: 370\/247;\" \/><\/div>\n\t\t<\/a>\n\t\t\t\t<div class=\"elementor-post__text\">\n\t\t\t\t<h3 class=\"elementor-post__title\">\n\t\t\t<a href=\"https:\/\/autolivraria.com.br\/bc\/auto-livraria\/al-volkswagen\/volkswagen-polo-virtus-quadros-propagandas\/\" >\n\t\t\t\tVW Polo: quadros decorativos com duas gera\u00e7\u00f5es e o Virtus\t\t\t<\/a>\n\t\t<\/h3>\n\t\t\t\t<div class=\"elementor-post__excerpt\">\n\t\t\t<p>Quadros grandes com Polo hatch, GTI, Sedan e Virtus em mat\u00e9rias e propagandas &#8211; a partir de R$ 109<\/p>\n\t\t<\/div>\n\t\t\t\t<\/div>\n\t\t\t\t<\/article>\n\t\t\t\t<\/div>\n\t\t\t\t<\/div>\n\t\t\t\t<\/div>\n\t\t\t\t<div class=\"elementor-element elementor-element-d4e0958 elementor-align-center elementor-widget elementor-widget-button\" data-id=\"d4e0958\" data-element_type=\"widget\" data-widget_type=\"button.default\">\n\t\t\t\t<div class=\"elementor-widget-container\">\n\t\t\t\t\t\t\t<div class=\"elementor-button-wrapper\">\n\t\t\t\t\t<a class=\"elementor-button elementor-button-link elementor-size-sm\" href=\"https:\/\/autolivraria.com.br\/bc\/category\/al-volkswagen\/\">\n\t\t\t\t\t\t<span class=\"elementor-button-content-wrapper\">\n\t\t\t\t\t\t<span class=\"elementor-button-icon\">\n\t\t\t\t<i aria-hidden=\"true\" class=\"fas fa-angle-right\"><\/i>\t\t\t<\/span>\n\t\t\t\t\t\t\t\t\t<span class=\"elementor-button-text\">TUDO DE VOLKSWAGEN<\/span>\n\t\t\t\t\t<\/span>\n\t\t\t\t\t<\/a>\n\t\t\t\t<\/div>\n\t\t\t\t\t\t<\/div>\n\t\t\t\t<\/div>\n\t\t\t\t<div class=\"elementor-element elementor-element-43c726c elementor-widget elementor-widget-spacer\" data-id=\"43c726c\" data-element_type=\"widget\" data-widget_type=\"spacer.default\">\n\t\t\t\t<div class=\"elementor-widget-container\">\n\t\t\t\t\t<div class=\"elementor-spacer\">\n\t\t\t<div class=\"elementor-spacer-inner\"><\/div>\n\t\t<\/div>\n\t\t\t\t<\/div>\n\t\t\t\t<\/div>\n\t\t\t\t\t<\/div>\n\t\t<\/div>\n\t\t\t\t\t<\/div>\n\t\t<\/section>\n\t\t\t\t<section class=\"elementor-section elementor-top-section elementor-element elementor-element-d485f7e elementor-section-boxed elementor-section-height-default elementor-section-height-default\" data-id=\"d485f7e\" data-element_type=\"section\" data-settings=\"{&quot;background_background&quot;:&quot;classic&quot;}\">\n\t\t\t\t\t\t<div class=\"elementor-container elementor-column-gap-default\">\n\t\t\t\t\t<div class=\"elementor-column elementor-col-100 elementor-top-column elementor-element elementor-element-99ab623\" data-id=\"99ab623\" data-element_type=\"column\">\n\t\t\t<div class=\"elementor-widget-wrap elementor-element-populated\">\n\t\t\t\t\t\t<div class=\"elementor-element elementor-element-7615d85 elementor-align-left elementor-widget elementor-widget-button\" data-id=\"7615d85\" data-element_type=\"widget\" data-widget_type=\"button.default\">\n\t\t\t\t<div class=\"elementor-widget-container\">\n\t\t\t\t\t\t\t<div class=\"elementor-button-wrapper\">\n\t\t\t\t\t<a class=\"elementor-button elementor-button-link elementor-size-lg\" href=\"https:\/\/autolivraria.com.br\/bc\/category\/al-willys-overland\/\">\n\t\t\t\t\t\t<span class=\"elementor-button-content-wrapper\">\n\t\t\t\t\t\t\t\t\t<span class=\"elementor-button-text\">WILLYS-OVERLAND<\/span>\n\t\t\t\t\t<\/span>\n\t\t\t\t\t<\/a>\n\t\t\t\t<\/div>\n\t\t\t\t\t\t<\/div>\n\t\t\t\t<\/div>\n\t\t\t\t<div class=\"elementor-element elementor-element-599e976 elementor-grid-3 elementor-grid-tablet-2 elementor-grid-mobile-1 elementor-posts--thumbnail-top elementor-widget elementor-widget-posts\" data-id=\"599e976\" data-element_type=\"widget\" data-settings=\"{&quot;classic_row_gap&quot;:{&quot;unit&quot;:&quot;px&quot;,&quot;size&quot;:30,&quot;sizes&quot;:[]},&quot;classic_columns&quot;:&quot;3&quot;,&quot;classic_columns_tablet&quot;:&quot;2&quot;,&quot;classic_columns_mobile&quot;:&quot;1&quot;}\" data-widget_type=\"posts.classic\">\n\t\t\t\t<div class=\"elementor-widget-container\">\n\t\t\t\t\t<div class=\"elementor-posts-container elementor-posts elementor-posts--skin-classic elementor-grid\">\n\t\t\t\t<article class=\"elementor-post elementor-grid-item post-128365 post type-post status-publish format-standard has-post-thumbnail hentry category-al-willys-overland category-quadros-decorativos tag-4x4 tag-auto-livraria tag-carros-do-passado tag-jeep tag-quadros-willys-overland tag-quadros-decorativos tag-rural tag-willys tag-willys-overland\">\n\t\t\t\t<a class=\"elementor-post__thumbnail__link\" href=\"https:\/\/autolivraria.com.br\/bc\/auto-livraria\/al-willys-overland\/willys-quadros-decorativos-rural-picape-jeep\/\" >\n\t\t\t<div class=\"elementor-post__thumbnail\"><img decoding=\"async\" width=\"370\" height=\"247\" data-src=\"https:\/\/autolivraria.com.br\/bc\/wp-content\/uploads\/2024\/10\/Rural-370x247.jpg\" class=\"attachment-medium size-medium wp-image-154711 lazyload\" alt=\"\" data-srcset=\"https:\/\/autolivraria.com.br\/bc\/wp-content\/uploads\/2024\/10\/Rural-370x247.jpg 370w, https:\/\/autolivraria.com.br\/bc\/wp-content\/uploads\/2024\/10\/Rural-750x500.jpg 750w, https:\/\/autolivraria.com.br\/bc\/wp-content\/uploads\/2024\/10\/Rural-150x100.jpg 150w, https:\/\/autolivraria.com.br\/bc\/wp-content\/uploads\/2024\/10\/Rural-330x220.jpg 330w, https:\/\/autolivraria.com.br\/bc\/wp-content\/uploads\/2024\/10\/Rural-420x280.jpg 420w, https:\/\/autolivraria.com.br\/bc\/wp-content\/uploads\/2024\/10\/Rural-510x340.jpg 510w, https:\/\/autolivraria.com.br\/bc\/wp-content\/uploads\/2024\/10\/Rural.jpg 1024w\" data-sizes=\"(max-width: 370px) 100vw, 370px\" src=\"data:image\/svg+xml;base64,PHN2ZyB3aWR0aD0iMSIgaGVpZ2h0PSIxIiB4bWxucz0iaHR0cDovL3d3dy53My5vcmcvMjAwMC9zdmciPjwvc3ZnPg==\" style=\"--smush-placeholder-width: 370px; --smush-placeholder-aspect-ratio: 370\/247;\" \/><\/div>\n\t\t<\/a>\n\t\t\t\t<div class=\"elementor-post__text\">\n\t\t\t\t<h3 class=\"elementor-post__title\">\n\t\t\t<a href=\"https:\/\/autolivraria.com.br\/bc\/auto-livraria\/al-willys-overland\/willys-quadros-decorativos-rural-picape-jeep\/\" >\n\t\t\t\tWillys: quadros decorativos com Rural e picape Jeep\t\t\t<\/a>\n\t\t<\/h3>\n\t\t\t\t<div class=\"elementor-post__excerpt\">\n\t\t\t<p>Quadros com publicidades e mat\u00e9rias dos valentes utilit\u00e1rios dos anos 50 aos 70 &#8211; a partir de R$ 109<\/p>\n\t\t<\/div>\n\t\t\t\t<\/div>\n\t\t\t\t<\/article>\n\t\t\t\t<article class=\"elementor-post elementor-grid-item post-146234 post type-post status-publish format-standard has-post-thumbnail hentry category-al-willys-overland category-quadros-decorativos tag-4x4 tag-auto-livraria tag-carros-do-passado tag-jeep-willys tag-quadros-willys-overland tag-quadros-decorativos tag-willys-overland\">\n\t\t\t\t<a class=\"elementor-post__thumbnail__link\" href=\"https:\/\/autolivraria.com.br\/bc\/auto-livraria\/al-willys-overland\/quadros-decorativos-jeep-willys\/\" >\n\t\t\t<div class=\"elementor-post__thumbnail\"><img decoding=\"async\" width=\"370\" height=\"247\" data-src=\"https:\/\/autolivraria.com.br\/bc\/wp-content\/uploads\/2024\/10\/Jeep-370x247.jpg\" class=\"attachment-medium size-medium wp-image-154728 lazyload\" alt=\"\" data-srcset=\"https:\/\/autolivraria.com.br\/bc\/wp-content\/uploads\/2024\/10\/Jeep-370x247.jpg 370w, https:\/\/autolivraria.com.br\/bc\/wp-content\/uploads\/2024\/10\/Jeep-750x500.jpg 750w, https:\/\/autolivraria.com.br\/bc\/wp-content\/uploads\/2024\/10\/Jeep-150x100.jpg 150w, https:\/\/autolivraria.com.br\/bc\/wp-content\/uploads\/2024\/10\/Jeep-330x220.jpg 330w, https:\/\/autolivraria.com.br\/bc\/wp-content\/uploads\/2024\/10\/Jeep-420x280.jpg 420w, https:\/\/autolivraria.com.br\/bc\/wp-content\/uploads\/2024\/10\/Jeep-510x340.jpg 510w, https:\/\/autolivraria.com.br\/bc\/wp-content\/uploads\/2024\/10\/Jeep.jpg 1024w\" data-sizes=\"(max-width: 370px) 100vw, 370px\" src=\"data:image\/svg+xml;base64,PHN2ZyB3aWR0aD0iMSIgaGVpZ2h0PSIxIiB4bWxucz0iaHR0cDovL3d3dy53My5vcmcvMjAwMC9zdmciPjwvc3ZnPg==\" style=\"--smush-placeholder-width: 370px; --smush-placeholder-aspect-ratio: 370\/247;\" \/><\/div>\n\t\t<\/a>\n\t\t\t\t<div class=\"elementor-post__text\">\n\t\t\t\t<h3 class=\"elementor-post__title\">\n\t\t\t<a href=\"https:\/\/autolivraria.com.br\/bc\/auto-livraria\/al-willys-overland\/quadros-decorativos-jeep-willys\/\" >\n\t\t\t\tJeep: quadros com o 4&#215;4 da Willys que foi pai de todos\t\t\t<\/a>\n\t\t<\/h3>\n\t\t\t\t<div class=\"elementor-post__excerpt\">\n\t\t\t<p>Quadros decorativos com an\u00fancios e mat\u00e9rias do valente fora de estrada &#8211; a partir de R$ 119<\/p>\n\t\t<\/div>\n\t\t\t\t<\/div>\n\t\t\t\t<\/article>\n\t\t\t\t<article class=\"elementor-post elementor-grid-item post-134567 post type-post status-publish format-standard has-post-thumbnail hentry category-al-willys-overland tag-aero-willys tag-auto-livraria tag-carros-do-passado tag-manuais-e-catalogos tag-catalogos-willys-overland tag-dauphine tag-gordini tag-interlagos tag-itamaraty tag-jeep tag-rural tag-willys tag-willys-overland\">\n\t\t\t\t<a class=\"elementor-post__thumbnail__link\" href=\"https:\/\/autolivraria.com.br\/bc\/auto-livraria\/al-willys-overland\/catalogo-folder-willys-overland-interlagos-rural-jeep-1963-1966-1967\/\" >\n\t\t\t<div class=\"elementor-post__thumbnail\"><img decoding=\"async\" width=\"370\" height=\"247\" data-src=\"https:\/\/autolivraria.com.br\/bc\/wp-content\/uploads\/2026\/04\/Willys-370x247.jpg\" class=\"attachment-medium size-medium wp-image-153037 lazyload\" alt=\"\" data-srcset=\"https:\/\/autolivraria.com.br\/bc\/wp-content\/uploads\/2026\/04\/Willys-370x247.jpg 370w, https:\/\/autolivraria.com.br\/bc\/wp-content\/uploads\/2026\/04\/Willys-750x500.jpg 750w, https:\/\/autolivraria.com.br\/bc\/wp-content\/uploads\/2026\/04\/Willys-150x100.jpg 150w, https:\/\/autolivraria.com.br\/bc\/wp-content\/uploads\/2026\/04\/Willys-330x220.jpg 330w, https:\/\/autolivraria.com.br\/bc\/wp-content\/uploads\/2026\/04\/Willys-420x280.jpg 420w, https:\/\/autolivraria.com.br\/bc\/wp-content\/uploads\/2026\/04\/Willys-510x340.jpg 510w, https:\/\/autolivraria.com.br\/bc\/wp-content\/uploads\/2026\/04\/Willys.jpg 1024w\" data-sizes=\"(max-width: 370px) 100vw, 370px\" src=\"data:image\/svg+xml;base64,PHN2ZyB3aWR0aD0iMSIgaGVpZ2h0PSIxIiB4bWxucz0iaHR0cDovL3d3dy53My5vcmcvMjAwMC9zdmciPjwvc3ZnPg==\" style=\"--smush-placeholder-width: 370px; --smush-placeholder-aspect-ratio: 370\/247;\" \/><\/div>\n\t\t<\/a>\n\t\t\t\t<div class=\"elementor-post__text\">\n\t\t\t\t<h3 class=\"elementor-post__title\">\n\t\t\t<a href=\"https:\/\/autolivraria.com.br\/bc\/auto-livraria\/al-willys-overland\/catalogo-folder-willys-overland-interlagos-rural-jeep-1963-1966-1967\/\" >\n\t\t\t\tWillys: encartes com Rural, Jeep, Aero, Interlagos e mais\t\t\t<\/a>\n\t\t<\/h3>\n\t\t\t\t<div class=\"elementor-post__excerpt\">\n\t\t\t<p>Materiais originais de \u00e9poca com os autom\u00f3veis e utilit\u00e1rios da empresa &#8211; a partir de R$ 59<\/p>\n\t\t<\/div>\n\t\t\t\t<\/div>\n\t\t\t\t<\/article>\n\t\t\t\t<\/div>\n\t\t\t\t<\/div>\n\t\t\t\t<\/div>\n\t\t\t\t<div class=\"elementor-element elementor-element-4aaacca elementor-align-center elementor-widget elementor-widget-button\" data-id=\"4aaacca\" data-element_type=\"widget\" data-widget_type=\"button.default\">\n\t\t\t\t<div class=\"elementor-widget-container\">\n\t\t\t\t\t\t\t<div class=\"elementor-button-wrapper\">\n\t\t\t\t\t<a class=\"elementor-button elementor-button-link elementor-size-sm\" href=\"https:\/\/autolivraria.com.br\/bc\/category\/al-willys-overland\/\">\n\t\t\t\t\t\t<span class=\"elementor-button-content-wrapper\">\n\t\t\t\t\t\t<span class=\"elementor-button-icon\">\n\t\t\t\t<i aria-hidden=\"true\" class=\"fas fa-angle-right\"><\/i>\t\t\t<\/span>\n\t\t\t\t\t\t\t\t\t<span class=\"elementor-button-text\">TUDO DE WILLYS-OVERLAND<\/span>\n\t\t\t\t\t<\/span>\n\t\t\t\t\t<\/a>\n\t\t\t\t<\/div>\n\t\t\t\t\t\t<\/div>\n\t\t\t\t<\/div>\n\t\t\t\t<div class=\"elementor-element elementor-element-fdc423e elementor-widget elementor-widget-spacer\" data-id=\"fdc423e\" data-element_type=\"widget\" data-widget_type=\"spacer.default\">\n\t\t\t\t<div class=\"elementor-widget-container\">\n\t\t\t\t\t<div class=\"elementor-spacer\">\n\t\t\t<div class=\"elementor-spacer-inner\"><\/div>\n\t\t<\/div>\n\t\t\t\t<\/div>\n\t\t\t\t<\/div>\n\t\t\t\t\t<\/div>\n\t\t<\/div>\n\t\t\t\t\t<\/div>\n\t\t<\/section>\n\t\t\t\t<section class=\"elementor-section elementor-top-section elementor-element elementor-element-a1a62f1 elementor-section-boxed elementor-section-height-default elementor-section-height-default\" data-id=\"a1a62f1\" data-element_type=\"section\" data-settings=\"{&quot;background_background&quot;:&quot;classic&quot;}\">\n\t\t\t\t\t\t<div class=\"elementor-container elementor-column-gap-default\">\n\t\t\t\t\t<div class=\"elementor-column elementor-col-100 elementor-top-column elementor-element elementor-element-ebc8fc0\" data-id=\"ebc8fc0\" data-element_type=\"column\">\n\t\t\t<div class=\"elementor-widget-wrap elementor-element-populated\">\n\t\t\t\t\t\t<div class=\"elementor-element elementor-element-c430984 elementor-align-left elementor-widget elementor-widget-button\" data-id=\"c430984\" data-element_type=\"widget\" data-widget_type=\"button.default\">\n\t\t\t\t<div class=\"elementor-widget-container\">\n\t\t\t\t\t\t\t<div class=\"elementor-button-wrapper\">\n\t\t\t\t\t<a class=\"elementor-button elementor-button-link elementor-size-lg\" href=\"https:\/\/autolivraria.com.br\/bc\/category\/al-outras-marcas\/\">\n\t\t\t\t\t\t<span class=\"elementor-button-content-wrapper\">\n\t\t\t\t\t\t\t\t\t<span class=\"elementor-button-text\">OUTRAS MARCAS<\/span>\n\t\t\t\t\t<\/span>\n\t\t\t\t\t<\/a>\n\t\t\t\t<\/div>\n\t\t\t\t\t\t<\/div>\n\t\t\t\t<\/div>\n\t\t\t\t<div class=\"elementor-element elementor-element-bd95ed9 elementor-grid-3 elementor-grid-tablet-2 elementor-grid-mobile-1 elementor-posts--thumbnail-top elementor-widget elementor-widget-posts\" data-id=\"bd95ed9\" data-element_type=\"widget\" data-settings=\"{&quot;classic_row_gap&quot;:{&quot;unit&quot;:&quot;px&quot;,&quot;size&quot;:30,&quot;sizes&quot;:[]},&quot;classic_columns&quot;:&quot;3&quot;,&quot;classic_columns_tablet&quot;:&quot;2&quot;,&quot;classic_columns_mobile&quot;:&quot;1&quot;}\" data-widget_type=\"posts.classic\">\n\t\t\t\t<div class=\"elementor-widget-container\">\n\t\t\t\t\t<div class=\"elementor-posts-container elementor-posts elementor-posts--skin-classic elementor-grid\">\n\t\t\t\t<article class=\"elementor-post elementor-grid-item post-141589 post type-post status-publish format-standard has-post-thumbnail hentry category-al-outras-marcas category-quadros-decorativos tag-auto-livraria tag-carajas tag-carro-fora-de-serie tag-carros-do-passado tag-gurgel tag-quadros-outras-marcas tag-quadros-decorativos tag-supermini tag-x12 tag-xavante\">\n\t\t\t\t<a class=\"elementor-post__thumbnail__link\" href=\"https:\/\/autolivraria.com.br\/bc\/auto-livraria\/al-outras-marcas\/gurgel-x12-xavante-carajas-br800-supermini\/\" >\n\t\t\t<div class=\"elementor-post__thumbnail\"><img decoding=\"async\" width=\"370\" height=\"247\" data-src=\"https:\/\/autolivraria.com.br\/bc\/wp-content\/uploads\/2023\/05\/Gurgel-370x247.jpg\" class=\"attachment-medium size-medium wp-image-141604 lazyload\" alt=\"\" data-srcset=\"https:\/\/autolivraria.com.br\/bc\/wp-content\/uploads\/2023\/05\/Gurgel-370x247.jpg 370w, https:\/\/autolivraria.com.br\/bc\/wp-content\/uploads\/2023\/05\/Gurgel-750x500.jpg 750w, https:\/\/autolivraria.com.br\/bc\/wp-content\/uploads\/2023\/05\/Gurgel.jpg 1024w\" data-sizes=\"(max-width: 370px) 100vw, 370px\" src=\"data:image\/svg+xml;base64,PHN2ZyB3aWR0aD0iMSIgaGVpZ2h0PSIxIiB4bWxucz0iaHR0cDovL3d3dy53My5vcmcvMjAwMC9zdmciPjwvc3ZnPg==\" style=\"--smush-placeholder-width: 370px; --smush-placeholder-aspect-ratio: 370\/247;\" \/><\/div>\n\t\t<\/a>\n\t\t\t\t<div class=\"elementor-post__text\">\n\t\t\t\t<h3 class=\"elementor-post__title\">\n\t\t\t<a href=\"https:\/\/autolivraria.com.br\/bc\/auto-livraria\/al-outras-marcas\/gurgel-x12-xavante-carajas-br800-supermini\/\" >\n\t\t\t\tGurgel: X-12, Caraj\u00e1s, BR-800 e outros em quadros decorativos\t\t\t<\/a>\n\t\t<\/h3>\n\t\t\t\t<div class=\"elementor-post__excerpt\">\n\t\t\t<p>Quadros decorativos com carros e jipes de uma empresa 100% brasileira &#8211; a partir de R$ 109<\/p>\n\t\t<\/div>\n\t\t\t\t<\/div>\n\t\t\t\t<\/article>\n\t\t\t\t<article class=\"elementor-post elementor-grid-item post-117614 post type-post status-publish format-standard has-post-thumbnail hentry category-al-outras-marcas tag-auto-livraria tag-carros-do-passado tag-chevrolet tag-commodore tag-holden tag-hsv tag-omega tag-v8\">\n\t\t\t\t<a class=\"elementor-post__thumbnail__link\" href=\"https:\/\/autolivraria.com.br\/bc\/auto-livraria\/al-outras-marcas\/hsv-holden-omega-catalogo-folder\/\" >\n\t\t\t<div class=\"elementor-post__thumbnail\"><img decoding=\"async\" width=\"340\" height=\"227\" data-src=\"https:\/\/autolivraria.com.br\/bc\/wp-content\/uploads\/2020\/08\/HSV-4-340x227.jpg\" class=\"attachment-medium size-medium wp-image-117615 lazyload\" alt=\"\" data-srcset=\"https:\/\/autolivraria.com.br\/bc\/wp-content\/uploads\/2020\/08\/HSV-4-340x227.jpg 340w, https:\/\/autolivraria.com.br\/bc\/wp-content\/uploads\/2020\/08\/HSV-4-696x464.jpg 696w, https:\/\/autolivraria.com.br\/bc\/wp-content\/uploads\/2020\/08\/HSV-4.jpg 1024w\" data-sizes=\"(max-width: 340px) 100vw, 340px\" src=\"data:image\/svg+xml;base64,PHN2ZyB3aWR0aD0iMSIgaGVpZ2h0PSIxIiB4bWxucz0iaHR0cDovL3d3dy53My5vcmcvMjAwMC9zdmciPjwvc3ZnPg==\" style=\"--smush-placeholder-width: 340px; --smush-placeholder-aspect-ratio: 340\/227;\" \/><\/div>\n\t\t<\/a>\n\t\t\t\t<div class=\"elementor-post__text\">\n\t\t\t\t<h3 class=\"elementor-post__title\">\n\t\t\t<a href=\"https:\/\/autolivraria.com.br\/bc\/auto-livraria\/al-outras-marcas\/hsv-holden-omega-catalogo-folder\/\" >\n\t\t\t\tHolden HSV: cat\u00e1logo australiano com &#8220;Omegas&#8221; muito potentes\t\t\t<\/a>\n\t\t<\/h3>\n\t\t\t\t<div class=\"elementor-post__excerpt\">\n\t\t\t<p>Prospecto da linha HSV 2001 com op\u00e7\u00f5es esportivas de nosso Omega com at\u00e9 408 cv &#8211; R$ 99<\/p>\n\t\t<\/div>\n\t\t\t\t<\/div>\n\t\t\t\t<\/article>\n\t\t\t\t<article class=\"elementor-post elementor-grid-item post-150485 post type-post status-publish format-standard has-post-thumbnail hentry category-al-outras-marcas tag-auto-livraria tag-manuais-e-catalogos tag-catalogos-outras-marcas tag-marcopolo tag-onibus\">\n\t\t\t\t<a class=\"elementor-post__thumbnail__link\" href=\"https:\/\/autolivraria.com.br\/bc\/auto-livraria\/al-outras-marcas\/onibus-antigos-marcopolo-catalogos-folders\/\" >\n\t\t\t<div class=\"elementor-post__thumbnail\"><img decoding=\"async\" width=\"370\" height=\"247\" data-src=\"https:\/\/autolivraria.com.br\/bc\/wp-content\/uploads\/2024\/12\/Marcopolo-Viale-cat3-2-370x247.jpg\" class=\"attachment-medium size-medium wp-image-150513 lazyload\" alt=\"\" data-srcset=\"https:\/\/autolivraria.com.br\/bc\/wp-content\/uploads\/2024\/12\/Marcopolo-Viale-cat3-2-370x247.jpg 370w, https:\/\/autolivraria.com.br\/bc\/wp-content\/uploads\/2024\/12\/Marcopolo-Viale-cat3-2.jpg 750w\" data-sizes=\"(max-width: 370px) 100vw, 370px\" src=\"data:image\/svg+xml;base64,PHN2ZyB3aWR0aD0iMSIgaGVpZ2h0PSIxIiB4bWxucz0iaHR0cDovL3d3dy53My5vcmcvMjAwMC9zdmciPjwvc3ZnPg==\" style=\"--smush-placeholder-width: 370px; --smush-placeholder-aspect-ratio: 370\/247;\" \/><\/div>\n\t\t<\/a>\n\t\t\t\t<div class=\"elementor-post__text\">\n\t\t\t\t<h3 class=\"elementor-post__title\">\n\t\t\t<a href=\"https:\/\/autolivraria.com.br\/bc\/auto-livraria\/al-outras-marcas\/onibus-antigos-marcopolo-catalogos-folders\/\" >\n\t\t\t\tMarcopolo: cat\u00e1logos de Viale, Sanremo, Senior e outros \u00f4nibus\t\t\t<\/a>\n\t\t<\/h3>\n\t\t\t\t<div class=\"elementor-post__excerpt\">\n\t\t\t<p>\u00d4nibus antigos do maior fabricante de carrocerias do Pa\u00eds em raros prospectos &#8211; a partir de R$ 59<\/p>\n\t\t<\/div>\n\t\t\t\t<\/div>\n\t\t\t\t<\/article>\n\t\t\t\t<\/div>\n\t\t\t\t<\/div>\n\t\t\t\t<\/div>\n\t\t\t\t<div class=\"elementor-element elementor-element-670bd56 elementor-align-center elementor-widget elementor-widget-button\" data-id=\"670bd56\" data-element_type=\"widget\" data-widget_type=\"button.default\">\n\t\t\t\t<div class=\"elementor-widget-container\">\n\t\t\t\t\t\t\t<div class=\"elementor-button-wrapper\">\n\t\t\t\t\t<a class=\"elementor-button elementor-button-link elementor-size-sm\" href=\"https:\/\/autolivraria.com.br\/bc\/category\/al-outras-marcas\/\">\n\t\t\t\t\t\t<span class=\"elementor-button-content-wrapper\">\n\t\t\t\t\t\t<span class=\"elementor-button-icon\">\n\t\t\t\t<i aria-hidden=\"true\" class=\"fas fa-angle-right\"><\/i>\t\t\t<\/span>\n\t\t\t\t\t\t\t\t\t<span class=\"elementor-button-text\">TUDO DE OUTRAS MARCAS<\/span>\n\t\t\t\t\t<\/span>\n\t\t\t\t\t<\/a>\n\t\t\t\t<\/div>\n\t\t\t\t\t\t<\/div>\n\t\t\t\t<\/div>\n\t\t\t\t<div class=\"elementor-element elementor-element-1cf7e78 elementor-widget elementor-widget-spacer\" data-id=\"1cf7e78\" data-element_type=\"widget\" data-widget_type=\"spacer.default\">\n\t\t\t\t<div class=\"elementor-widget-container\">\n\t\t\t\t\t<div class=\"elementor-spacer\">\n\t\t\t<div class=\"elementor-spacer-inner\"><\/div>\n\t\t<\/div>\n\t\t\t\t<\/div>\n\t\t\t\t<\/div>\n\t\t\t\t\t<\/div>\n\t\t<\/div>\n\t\t\t\t\t<\/div>\n\t\t<\/section>\n\t\t\t\t<section class=\"elementor-section elementor-top-section elementor-element elementor-element-f7be938 elementor-section-boxed elementor-section-height-default elementor-section-height-default\" data-id=\"f7be938\" data-element_type=\"section\" data-settings=\"{&quot;background_background&quot;:&quot;classic&quot;}\">\n\t\t\t\t\t\t<div class=\"elementor-container elementor-column-gap-default\">\n\t\t\t\t\t<div class=\"elementor-column elementor-col-100 elementor-top-column elementor-element elementor-element-8a4f11d\" data-id=\"8a4f11d\" data-element_type=\"column\">\n\t\t\t<div class=\"elementor-widget-wrap elementor-element-populated\">\n\t\t\t\t\t\t<div class=\"elementor-element elementor-element-1f697e5 elementor-align-left elementor-widget elementor-widget-button\" data-id=\"1f697e5\" data-element_type=\"widget\" data-widget_type=\"button.default\">\n\t\t\t\t<div class=\"elementor-widget-container\">\n\t\t\t\t\t\t\t<div class=\"elementor-button-wrapper\">\n\t\t\t\t\t<a class=\"elementor-button elementor-button-link elementor-size-lg\" href=\"https:\/\/autolivraria.com.br\/bc\/category\/al-motos\/\">\n\t\t\t\t\t\t<span class=\"elementor-button-content-wrapper\">\n\t\t\t\t\t\t\t\t\t<span class=\"elementor-button-text\">MOTOS<\/span>\n\t\t\t\t\t<\/span>\n\t\t\t\t\t<\/a>\n\t\t\t\t<\/div>\n\t\t\t\t\t\t<\/div>\n\t\t\t\t<\/div>\n\t\t\t\t<div class=\"elementor-element elementor-element-875bd33 elementor-grid-3 elementor-grid-tablet-2 elementor-grid-mobile-1 elementor-posts--thumbnail-top elementor-widget elementor-widget-posts\" data-id=\"875bd33\" data-element_type=\"widget\" data-settings=\"{&quot;classic_row_gap&quot;:{&quot;unit&quot;:&quot;px&quot;,&quot;size&quot;:30,&quot;sizes&quot;:[]},&quot;classic_columns&quot;:&quot;3&quot;,&quot;classic_columns_tablet&quot;:&quot;2&quot;,&quot;classic_columns_mobile&quot;:&quot;1&quot;}\" data-widget_type=\"posts.classic\">\n\t\t\t\t<div class=\"elementor-widget-container\">\n\t\t\t\t\t<div class=\"elementor-posts-container elementor-posts elementor-posts--skin-classic elementor-grid\">\n\t\t\t\t<article class=\"elementor-post elementor-grid-item post-131512 post type-post status-publish format-standard has-post-thumbnail hentry category-al-motos tag-auto-livraria tag-cbr-1100-xx-super-blackbird tag-cbr-600-f tag-cbr-600-rr tag-dt-200 tag-ducati tag-fat-boy tag-gsx-1300-hayabusa tag-gsx-r-1000 tag-harley-davidson tag-honda-motos tag-k-1200-r tag-kawasaki tag-ninja-650-r tag-revista-motociclismo tag-revistas-nacionais tag-rocket tag-shadow-750 tag-suzuki-motos tag-triumph tag-yamaha tag-yzf-r1 tag-yzf-r6 tag-zx-6r\">\n\t\t\t\t<a class=\"elementor-post__thumbnail__link\" href=\"https:\/\/autolivraria.com.br\/bc\/auto-livraria\/al-motos\/revistas-motociclismo\/\" >\n\t\t\t<div class=\"elementor-post__thumbnail\"><img decoding=\"async\" width=\"370\" height=\"247\" data-src=\"https:\/\/autolivraria.com.br\/bc\/wp-content\/uploads\/2026\/12\/Motociclismo-370x247.jpg\" class=\"attachment-medium size-medium wp-image-155192 lazyload\" alt=\"\" data-srcset=\"https:\/\/autolivraria.com.br\/bc\/wp-content\/uploads\/2026\/12\/Motociclismo-370x247.jpg 370w, https:\/\/autolivraria.com.br\/bc\/wp-content\/uploads\/2026\/12\/Motociclismo-750x500.jpg 750w, https:\/\/autolivraria.com.br\/bc\/wp-content\/uploads\/2026\/12\/Motociclismo-150x100.jpg 150w, https:\/\/autolivraria.com.br\/bc\/wp-content\/uploads\/2026\/12\/Motociclismo-330x220.jpg 330w, https:\/\/autolivraria.com.br\/bc\/wp-content\/uploads\/2026\/12\/Motociclismo-420x280.jpg 420w, https:\/\/autolivraria.com.br\/bc\/wp-content\/uploads\/2026\/12\/Motociclismo-510x340.jpg 510w, https:\/\/autolivraria.com.br\/bc\/wp-content\/uploads\/2026\/12\/Motociclismo.jpg 1024w\" data-sizes=\"(max-width: 370px) 100vw, 370px\" src=\"data:image\/svg+xml;base64,PHN2ZyB3aWR0aD0iMSIgaGVpZ2h0PSIxIiB4bWxucz0iaHR0cDovL3d3dy53My5vcmcvMjAwMC9zdmciPjwvc3ZnPg==\" style=\"--smush-placeholder-width: 370px; --smush-placeholder-aspect-ratio: 370\/247;\" \/><\/div>\n\t\t<\/a>\n\t\t\t\t<div class=\"elementor-post__text\">\n\t\t\t\t<h3 class=\"elementor-post__title\">\n\t\t\t<a href=\"https:\/\/autolivraria.com.br\/bc\/auto-livraria\/al-motos\/revistas-motociclismo\/\" >\n\t\t\t\tMotociclismo: revistas com grandes motos do mundo todo\t\t\t<\/a>\n\t\t<\/h3>\n\t\t\t\t<div class=\"elementor-post__excerpt\">\n\t\t\t<p>Edi\u00e7\u00f5es desde os anos 90 com motos esportivas, custom, uso-misto e outras &#8211; a partir de R$ 29<\/p>\n\t\t<\/div>\n\t\t\t\t<\/div>\n\t\t\t\t<\/article>\n\t\t\t\t<article class=\"elementor-post elementor-grid-item post-148925 post type-post status-publish format-standard has-post-thumbnail hentry category-al-motos category-quadros-decorativos tag-auto-livraria tag-cb-125 tag-cb-50 tag-cb-750 tag-honda-motos tag-motos-2 tag-motos-do-passado tag-quadros-honda-motos tag-quadros-decorativos\">\n\t\t\t\t<a class=\"elementor-post__thumbnail__link\" href=\"https:\/\/autolivraria.com.br\/bc\/auto-livraria\/al-motos\/honda-cb50-cb350-cb750f-quadros-decorativos\/\" >\n\t\t\t<div class=\"elementor-post__thumbnail\"><img decoding=\"async\" width=\"370\" height=\"247\" data-src=\"https:\/\/autolivraria.com.br\/bc\/wp-content\/uploads\/2024\/12\/Honda-imp-370x247.jpg\" class=\"attachment-medium size-medium wp-image-152431 lazyload\" alt=\"\" data-srcset=\"https:\/\/autolivraria.com.br\/bc\/wp-content\/uploads\/2024\/12\/Honda-imp-370x247.jpg 370w, https:\/\/autolivraria.com.br\/bc\/wp-content\/uploads\/2024\/12\/Honda-imp-750x500.jpg 750w, https:\/\/autolivraria.com.br\/bc\/wp-content\/uploads\/2024\/12\/Honda-imp-150x100.jpg 150w, https:\/\/autolivraria.com.br\/bc\/wp-content\/uploads\/2024\/12\/Honda-imp-330x220.jpg 330w, https:\/\/autolivraria.com.br\/bc\/wp-content\/uploads\/2024\/12\/Honda-imp-420x280.jpg 420w, https:\/\/autolivraria.com.br\/bc\/wp-content\/uploads\/2024\/12\/Honda-imp-510x340.jpg 510w, https:\/\/autolivraria.com.br\/bc\/wp-content\/uploads\/2024\/12\/Honda-imp.jpg 1024w\" data-sizes=\"(max-width: 370px) 100vw, 370px\" src=\"data:image\/svg+xml;base64,PHN2ZyB3aWR0aD0iMSIgaGVpZ2h0PSIxIiB4bWxucz0iaHR0cDovL3d3dy53My5vcmcvMjAwMC9zdmciPjwvc3ZnPg==\" style=\"--smush-placeholder-width: 370px; --smush-placeholder-aspect-ratio: 370\/247;\" \/><\/div>\n\t\t<\/a>\n\t\t\t\t<div class=\"elementor-post__text\">\n\t\t\t\t<h3 class=\"elementor-post__title\">\n\t\t\t<a href=\"https:\/\/autolivraria.com.br\/bc\/auto-livraria\/al-motos\/honda-cb50-cb350-cb750f-quadros-decorativos\/\" >\n\t\t\t\tHonda: quadros com CB 50, CB 750 Four e outras motos antigas\t\t\t<\/a>\n\t\t<\/h3>\n\t\t\t\t<div class=\"elementor-post__excerpt\">\n\t\t\t<p>Modelos importados dos anos 70 em quadros decorativos com propagandas e mat\u00e9rias &#8211; a partir de R$ 109<\/p>\n\t\t<\/div>\n\t\t\t\t<\/div>\n\t\t\t\t<\/article>\n\t\t\t\t<article class=\"elementor-post elementor-grid-item post-133402 post type-post status-publish format-standard has-post-thumbnail hentry category-al-motos tag-auto-livraria tag-manuais-e-catalogos tag-catalogos-motos tag-cb-500-f tag-honda-motos tag-motos-2 tag-motos-do-passado\">\n\t\t\t\t<a class=\"elementor-post__thumbnail__link\" href=\"https:\/\/autolivraria.com.br\/bc\/auto-livraria\/al-motos\/honda-cb500-four-catalogo-folder\/\" >\n\t\t\t<div class=\"elementor-post__thumbnail\"><img decoding=\"async\" width=\"370\" height=\"266\" data-src=\"https:\/\/autolivraria.com.br\/bc\/wp-content\/uploads\/2022\/07\/Honda-CB-500-F-1972-2-370x266.jpg\" class=\"attachment-medium size-medium wp-image-133403 lazyload\" alt=\"\" data-srcset=\"https:\/\/autolivraria.com.br\/bc\/wp-content\/uploads\/2022\/07\/Honda-CB-500-F-1972-2-370x266.jpg 370w, https:\/\/autolivraria.com.br\/bc\/wp-content\/uploads\/2022\/07\/Honda-CB-500-F-1972-2-120x86.jpg 120w, https:\/\/autolivraria.com.br\/bc\/wp-content\/uploads\/2022\/07\/Honda-CB-500-F-1972-2.jpg 696w\" data-sizes=\"(max-width: 370px) 100vw, 370px\" src=\"data:image\/svg+xml;base64,PHN2ZyB3aWR0aD0iMSIgaGVpZ2h0PSIxIiB4bWxucz0iaHR0cDovL3d3dy53My5vcmcvMjAwMC9zdmciPjwvc3ZnPg==\" style=\"--smush-placeholder-width: 370px; --smush-placeholder-aspect-ratio: 370\/266;\" \/><\/div>\n\t\t<\/a>\n\t\t\t\t<div class=\"elementor-post__text\">\n\t\t\t\t<h3 class=\"elementor-post__title\">\n\t\t\t<a href=\"https:\/\/autolivraria.com.br\/bc\/auto-livraria\/al-motos\/honda-cb500-four-catalogo-folder\/\" >\n\t\t\t\tCB 500 Four: uma grande moto antiga da Honda em cat\u00e1logo\t\t\t<\/a>\n\t\t<\/h3>\n\t\t\t\t<div class=\"elementor-post__excerpt\">\n\t\t\t<p>Encarte original com a moto da fase de importa\u00e7\u00f5es da Honda nos anos 70 &#8211; R$ 179<\/p>\n\t\t<\/div>\n\t\t\t\t<\/div>\n\t\t\t\t<\/article>\n\t\t\t\t<\/div>\n\t\t\t\t<\/div>\n\t\t\t\t<\/div>\n\t\t\t\t<div class=\"elementor-element elementor-element-0a31080 elementor-align-center elementor-widget elementor-widget-button\" data-id=\"0a31080\" data-element_type=\"widget\" data-widget_type=\"button.default\">\n\t\t\t\t<div class=\"elementor-widget-container\">\n\t\t\t\t\t\t\t<div class=\"elementor-button-wrapper\">\n\t\t\t\t\t<a class=\"elementor-button elementor-button-link elementor-size-sm\" href=\"https:\/\/autolivraria.com.br\/bc\/category\/al-motos\/\">\n\t\t\t\t\t\t<span class=\"elementor-button-content-wrapper\">\n\t\t\t\t\t\t<span class=\"elementor-button-icon\">\n\t\t\t\t<i aria-hidden=\"true\" class=\"fas fa-angle-right\"><\/i>\t\t\t<\/span>\n\t\t\t\t\t\t\t\t\t<span class=\"elementor-button-text\">TUDO DE MOTOS<\/span>\n\t\t\t\t\t<\/span>\n\t\t\t\t\t<\/a>\n\t\t\t\t<\/div>\n\t\t\t\t\t\t<\/div>\n\t\t\t\t<\/div>\n\t\t\t\t<div class=\"elementor-element elementor-element-667dc87 elementor-widget elementor-widget-spacer\" data-id=\"667dc87\" data-element_type=\"widget\" data-widget_type=\"spacer.default\">\n\t\t\t\t<div class=\"elementor-widget-container\">\n\t\t\t\t\t<div class=\"elementor-spacer\">\n\t\t\t<div class=\"elementor-spacer-inner\"><\/div>\n\t\t<\/div>\n\t\t\t\t<\/div>\n\t\t\t\t<\/div>\n\t\t\t\t\t<\/div>\n\t\t<\/div>\n\t\t\t\t\t<\/div>\n\t\t<\/section>\n\t\t\t\t<\/div>\n\t\t","protected":false},"excerpt":{"rendered":"<p>Quem gosta de carros, motos, \u00f4nibus e caminh\u00f5es n\u00e3o se contenta em ler sobre eles na internet: livros, revistas, cat\u00e1logos e quadros decorativos trazem informa\u00e7\u00e3o e entretenimento. Na\u00a0Auto Livraria\u00a0voc\u00ea encontra itens de literatura e decora\u00e7\u00e3o raros com variedade, pre\u00e7o justo, atendimento pessoal e a qualidade que voc\u00ea reconhece, desde 1997, no site\u00a0Best Cars. N\u00e3o perca<\/p>\n","protected":false},"author":6,"featured_media":0,"parent":0,"menu_order":0,"comment_status":"closed","ping_status":"closed","template":"elementor_header_footer","meta":{"_joinchat":[],"footnotes":""},"class_list":["post-127798","page","type-page","status-publish","hentry"],"amp_enabled":false,"_links":{"self":[{"href":"https:\/\/autolivraria.com.br\/bc\/wp-json\/wp\/v2\/pages\/127798","targetHints":{"allow":["GET"]}}],"collection":[{"href":"https:\/\/autolivraria.com.br\/bc\/wp-json\/wp\/v2\/pages"}],"about":[{"href":"https:\/\/autolivraria.com.br\/bc\/wp-json\/wp\/v2\/types\/page"}],"author":[{"embeddable":true,"href":"https:\/\/autolivraria.com.br\/bc\/wp-json\/wp\/v2\/users\/6"}],"replies":[{"embeddable":true,"href":"https:\/\/autolivraria.com.br\/bc\/wp-json\/wp\/v2\/comments?post=127798"}],"version-history":[{"count":0,"href":"https:\/\/autolivraria.com.br\/bc\/wp-json\/wp\/v2\/pages\/127798\/revisions"}],"wp:attachment":[{"href":"https:\/\/autolivraria.com.br\/bc\/wp-json\/wp\/v2\/media?parent=127798"}],"curies":[{"name":"wp","href":"https:\/\/api.w.org\/{rel}","templated":true}]}}